{"id":15597,"date":"2026-04-07T20:44:57","date_gmt":"2026-04-07T20:44:57","guid":{"rendered":"http:\/\/www.poderjudicialcdmx.gob.mx\/cja\/?page_id=15597"},"modified":"2026-04-07T20:44:57","modified_gmt":"2026-04-07T20:44:57","slug":"cja-preguntas-frecuentes","status":"publish","type":"page","link":"https:\/\/www.poderjudicialcdmx.gob.mx\/cja\/cja-preguntas-frecuentes\/","title":{"rendered":"CJA preguntas frecuentes"},"content":{"rendered":"<p>[vc_row row_type=&#8221;row&#8221; use_row_as_full_screen_section=&#8221;no&#8221; type=&#8221;full_width&#8221; oblique_section=&#8221;no&#8221; text_align=&#8221;center&#8221; Overflow=&#8221;&#8221; triangle_shape=&#8221;no&#8221; background_image=&#8221;16776&#8243; background_color=&#8221;#ffffff&#8221; css_animation=&#8221;&#8221; overflow=&#8221;&#8221; el_id=&#8221;imagen_cabeza&#8221;][vc_column][vc_separator type=&#8221;transparent&#8221; up_style=&#8221;px&#8221; down_style=&#8221;px&#8221;][vc_empty_space height=&#8221;175px&#8221; image_repeat=&#8221;no-repeat&#8221;]<div class=\"custom_font_holder  \" style=\"font-family: Lato; font-size: 80px; line-height: 95px; font-style: normal; font-weight: 600; color: #ffffff; text-decoration: none; text-shadow: 1px 1px 2px rgba(0, 0, 0, 0.4);; letter-spacing: 0px;; text-transform: uppercase; text-align: center\" data-font-size=80 data-line-height=95 ><div  ><p style=\"color: white;font-weight: bold;text-align: center\">Preguntas frecuentes<\/p>\n<h2><\/h2>\n<\/div><\/div>[vc_empty_space height=&#8221;122px&#8221; image_repeat=&#8221;no-repeat&#8221;][vc_row_inner row_type=&#8221;row&#8221; type=&#8221;full_width&#8221; use_row_as_full_screen_section_slide=&#8221;no&#8221; text_align=&#8221;left&#8221; css_animation=&#8221;&#8221;][vc_column_inner][\/vc_column_inner][\/vc_row_inner][\/vc_column][\/vc_row][vc_row row_type=&#8221;parallax&#8221; type=&#8221;grid&#8221; text_align=&#8221;center&#8221; triangle_shape=&#8221;no&#8221; background_image=&#8221;12432&#8243; full_screen_section_height=&#8221;no&#8221; section_height=&#8221;100&#8243; zoom_effect=&#8221;no&#8221; el_id=&#8221;pregunta1_pregunta2_pregunta3&#8243; el_class=&#8221;preguntas_frecuentes&#8221;][vc_column][vc_empty_space height=&#8221;25px&#8221; image_repeat=&#8221;no-repeat&#8221;][vc_empty_space height=&#8221;25px&#8221; image_repeat=&#8221;no-repeat&#8221;][vc_empty_space height=&#8221;62px&#8221; image_repeat=&#8221;no-repeat&#8221;][vc_row_inner row_type=&#8221;row&#8221; type=&#8221;grid&#8221; use_row_as_full_screen_section_slide=&#8221;no&#8221; text_align=&#8221;left&#8221; css_animation=&#8221;element_from_left&#8221; transition_delay=&#8221;.1&#8243;][vc_column_inner width=&#8221;1\/3&#8243;][vc_empty_space image_repeat=&#8221;no-repeat&#8221;]<div class=\"custom_font_holder  \" style=\"font-family: LATO; font-size: 22px; font-style: normal; font-weight: 600; color: #557522; text-decoration: none; text-transform: none; text-align: left\" data-font-size=22 ><div  ><p>1.- \u00bfQu\u00e9\u00a0es el CJA?<\/p>\n<\/div><\/div>[\/vc_column_inner][vc_column_inner width=&#8221;2\/3&#8243;]<div class=\"custom_font_holder  \" style=\"font-family: LATO; font-size: 18px; font-style: normal; font-weight: 400; color: #6d6d6d; text-decoration: none; text-transform: none; text-align: left\" data-font-size=18 ><div  ><p style=\"text-align: justify\">El Centro de Justicia Alternativa (CJA) es una dependencia del Tribunal que cuenta con autonom\u00eda t\u00e9cnica y de gesti\u00f3n, y se instituye para administrar y substanciar los m\u00e9todos alternos de soluci\u00f3n de controversias, particularmente la mediaci\u00f3n, para la atenci\u00f3n de los conflictos de naturaleza civil, mercantil, familiar, penal y de justicia para adolescentes, entre particulares, as\u00ed como para su desarrollo.<\/p>\n<\/div><\/div>[\/vc_column_inner][\/vc_row_inner][vc_empty_space height=&#8221;52px&#8221; image_repeat=&#8221;no-repeat&#8221;][vc_row_inner row_type=&#8221;row&#8221; type=&#8221;grid&#8221; use_row_as_full_screen_section_slide=&#8221;no&#8221; text_align=&#8221;left&#8221; css_animation=&#8221;element_from_left&#8221; transition_delay=&#8221;.2&#8243;][vc_column_inner width=&#8221;1\/3&#8243;]<div class=\"custom_font_holder  \" style=\"font-family: LATO; font-size: 22px; font-style: normal; font-weight: 600; color: #557522; text-decoration: none; text-transform: none; text-align: left\" data-font-size=22 ><div  ><p>2.- \u00bfCu\u00e1l\u00a0es el domicilio y horario de atenci\u00f3n del CJA?<\/p>\n<\/div><\/div>[\/vc_column_inner][vc_column_inner width=&#8221;2\/3&#8243;]<div class=\"custom_font_holder  \" style=\"font-family: LATO; font-size: 18px; font-style: normal; font-weight: 400; color: #6d6d6d; text-decoration: none; text-transform: none; text-align: left\" data-font-size=18 ><div  ><p style=\"text-align: justify\">El Centro de Justicia Alternativa del Tribunal Superior de Justicia del Poder Judicial de la Ciudad de M\u00e9xico, se encuentra ubicado en Avenida Ni\u00f1os H\u00e9roes #133 esquina Dr. Navarro, Colonia Doctores, Alcald\u00eda Cuauht\u00e9moc, C.P. 06720, CDMX, a una cuadra del Metro Ni\u00f1os H\u00e9roes \/ Poder Judicial CDMX, L\u00ednea 3. Horario de atenci\u00f3n de 9:00 a 17:00 horas, de lunes a viernes. Tel\u00e9fono 55 9156 4997, extensiones 111241, 111242 y 111245.<\/p>\n<\/div><\/div>[\/vc_column_inner][\/vc_row_inner][vc_empty_space height=&#8221;52px&#8221; image_repeat=&#8221;no-repeat&#8221;][vc_row_inner row_type=&#8221;row&#8221; type=&#8221;grid&#8221; use_row_as_full_screen_section_slide=&#8221;no&#8221; text_align=&#8221;left&#8221; css_animation=&#8221;element_from_left&#8221; transition_delay=&#8221;.3&#8243;][vc_column_inner width=&#8221;1\/3&#8243;]<div class=\"custom_font_holder  \" style=\"font-family: LATO; font-size: 22px; font-style: normal; font-weight: 600; color: #557522; text-decoration: none; text-transform: none; text-align: left\" data-font-size=22 ><div  ><p style=\"text-align: justify\">3.- \u00bfEs necesario tener abogado para participar en el procedimiento de mediaci\u00f3n?<\/p>\n<\/div><\/div>[vc_empty_space height=&#8221;52px&#8221; image_repeat=&#8221;no-repeat&#8221;]<div class=\"custom_font_holder  \" style=\"font-family: LATO; font-size: 22px; font-style: normal; font-weight: 600; color: #557522; text-decoration: none; text-transform: none; text-align: left\" data-font-size=22 ><div  ><p style=\"text-align: justify\">4.-\u00bfCu\u00e1nto cuesta el procedimiento de mediaci\u00f3n?<\/p>\n<\/div><\/div>[\/vc_column_inner][vc_column_inner width=&#8221;2\/3&#8243;][vc_empty_space height=&#8221;12px&#8221; image_repeat=&#8221;no-repeat&#8221;]<div class=\"custom_font_holder  \" style=\"font-family: LATO; font-size: 18px; font-style: normal; font-weight: 400; color: #6d6d6d; text-decoration: none; text-transform: none; text-align: left\" data-font-size=18 ><div  ><p style=\"text-align: justify\">Los participantes acuden de manera personal y podr\u00e1n ser asesorados en todo momento por su abogado particular de forma externa al Centro de Justicia Alternativa o servicio de mediaci\u00f3n privada.<\/p>\n<\/div><\/div>[vc_empty_space height=&#8221;52px&#8221; image_repeat=&#8221;no-repeat&#8221;]<div class=\"custom_font_holder  \" style=\"font-family: LATO; font-size: 18px; font-style: normal; font-weight: 400; color: #6d6d6d; text-decoration: none; text-transform: none; text-align: left\" data-font-size=18 ><div  ><p style=\"text-align: justify\">El servicio que brinda el\u00a0 Centro de Justicia Alternativa del Tribunal Superior de Justicia del Poder Judicial de la Ciudad de M\u00e9xico es totalmente gratuito. En el caso de requerir los servicios la Mediaci\u00f3n Privada, deber\u00e1 convenir con la persona Mediadora Privada, el pago de sus honorarios.<\/p>\n<\/div><\/div>[\/vc_column_inner][\/vc_row_inner][vc_empty_space height=&#8221;52px&#8221; image_repeat=&#8221;no-repeat&#8221;][vc_row_inner row_type=&#8221;row&#8221; type=&#8221;grid&#8221; use_row_as_full_screen_section_slide=&#8221;no&#8221; text_align=&#8221;left&#8221; css_animation=&#8221;element_from_left&#8221; transition_delay=&#8221;.5&#8243;][vc_column_inner width=&#8221;1\/3&#8243;][vc_empty_space height=&#8221;42px&#8221; image_repeat=&#8221;no-repeat&#8221;]<div class=\"custom_font_holder  \" style=\"font-family: LATO; font-size: 22px; font-style: normal; font-weight: 600; color: #557522; text-decoration: none; text-transform: none; text-align: left\" data-font-size=22 ><div  ><p style=\"text-align: justify\">5.- \u00bfQu\u00e9 efectos jur\u00eddicos tiene el convenio de mediaci\u00f3n?<\/p>\n<\/div><\/div>[\/vc_column_inner][vc_column_inner width=&#8221;2\/3&#8243;]<div class=\"custom_font_holder  \" style=\"font-family: LATO; font-size: 18px; font-style: normal; font-weight: 400; color: #6d6d6d; text-decoration: none; text-transform: none; text-align: left\" data-font-size=18 ><div  ><p style=\"text-align: justify\">El convenio celebrado entre los mediados ante la fe p\u00fablica del Director actuante, con las formalidades que se\u00f1ala la Ley de Justicia Alternativa del Tribunal Superior de Justicia para el Distrito Federal, ser\u00e1 v\u00e1lido y exigible en sus t\u00e9rminos, trayendo aparejada ejecuci\u00f3n para su exigibilidad en v\u00eda de apremio ante la autoridad jurisdiccional. Por acuerdo de los mediados los convenios podr\u00e1n ser anotados en el Registro P\u00fablico de la Propiedad y del Comercio de conformidad con las leyes respectivas.<\/p>\n<\/div><\/div>[\/vc_column_inner][\/vc_row_inner][vc_empty_space height=&#8221;52px&#8221; image_repeat=&#8221;no-repeat&#8221;][vc_row_inner row_type=&#8221;row&#8221; type=&#8221;grid&#8221; use_row_as_full_screen_section_slide=&#8221;no&#8221; text_align=&#8221;left&#8221; css_animation=&#8221;element_from_left&#8221; transition_delay=&#8221;.6&#8243;][vc_column_inner width=&#8221;1\/3&#8243;][vc_empty_space height=&#8221;22px&#8221; image_repeat=&#8221;no-repeat&#8221;]<div class=\"custom_font_holder  \" style=\"font-family: LATO; font-size: 22px; font-style: normal; font-weight: 600; color: #557522; text-decoration: none; text-transform: none; text-align: left\" data-font-size=22 ><div  ><p style=\"text-align: justify\">6.- \u00bfPuede el CJA obligar a las partes a que cumplan el convenio?<\/p>\n<\/div><\/div>[\/vc_column_inner][vc_column_inner width=&#8221;2\/3&#8243;]<div class=\"custom_font_holder  \" style=\"font-family: LATO; font-size: 18px; font-style: normal; font-weight: 400; color: #6d6d6d; text-decoration: none; text-transform: none; text-align: left\" data-font-size=18 ><div  ><p style=\"text-align: justify\">No. En caso de incumplimiento del convenio por alguna de las partes, la parte que se considere afectada podr\u00e1 solicitar la ejecuci\u00f3n del convenio por v\u00eda de apremio ante la autoridad jurisdiccional o bien ejercer los derechos que le correspondan para hacerlos valer por la v\u00eda y forma correspondientes, de acuerdo a cada caso en particular.<\/p>\n<\/div><\/div>[\/vc_column_inner][\/vc_row_inner][vc_empty_space height=&#8221;52px&#8221; image_repeat=&#8221;no-repeat&#8221;][vc_row_inner row_type=&#8221;row&#8221; type=&#8221;grid&#8221; use_row_as_full_screen_section_slide=&#8221;no&#8221; text_align=&#8221;left&#8221; css_animation=&#8221;element_from_left&#8221; transition_delay=&#8221;.7&#8243;][vc_column_inner width=&#8221;1\/3&#8243;][vc_empty_space height=&#8221;25px&#8221; image_repeat=&#8221;no-repeat&#8221;]<div class=\"custom_font_holder  \" style=\"font-family: LATO; font-size: 22px; font-style: normal; font-weight: 600; color: #557522; text-decoration: none; text-transform: none; text-align: left\" data-font-size=22 ><div  ><p style=\"text-align: justify\">7.- \u00bfCu\u00e1nto tiempo dura una mediaci\u00f3n?<\/p>\n<\/div><\/div>[\/vc_column_inner][vc_column_inner width=&#8221;2\/3&#8243;]<div class=\"custom_font_holder  \" style=\"font-family: LATO; font-size: 18px; font-style: normal; font-weight: 400; color: #6d6d6d; text-decoration: none; text-transform: none; text-align: left\" data-font-size=18 ><div  ><p style=\"text-align: justify\">Las mediaciones se llevan a cabo a trav\u00e9s de sesiones, las cuales tienen una duraci\u00f3n aproximada de una hora y media cada una, tiempo que podr\u00e1 extenderse o reducirse de com\u00fan acuerdo, en raz\u00f3n de la din\u00e1mica del caso y de la carga de trabajo del mediador, pudiendo llevarse a cabo varias sesiones, las que se programan atendiendo a cada asunto en particular y a las necesidades de los mediados.<\/p>\n<\/div><\/div>[\/vc_column_inner][\/vc_row_inner][vc_empty_space height=&#8221;52px&#8221; image_repeat=&#8221;no-repeat&#8221;][vc_row_inner row_type=&#8221;row&#8221; type=&#8221;grid&#8221; use_row_as_full_screen_section_slide=&#8221;no&#8221; text_align=&#8221;left&#8221; css_animation=&#8221;element_from_left&#8221; transition_delay=&#8221;.7&#8243;][vc_column_inner width=&#8221;1\/3&#8243;]<div class=\"custom_font_holder  \" style=\"font-family: LATO; font-size: 22px; font-style: normal; font-weight: 600; color: #557522; text-decoration: none; text-transform: none; text-align: left\" data-font-size=22 ><div  ><p style=\"text-align: justify\">8.- \u00bfQu\u00e9 es el\u00a0\u00d3rgano Especializado en Mecanismos Alternativos de Soluci\u00f3n de Controversias en Materia Penal y de Justicia para Adolescentes (OEMASC) del CJA?<\/p>\n<\/div><\/div>[\/vc_column_inner][vc_column_inner width=&#8221;2\/3&#8243;][vc_empty_space height=&#8221;15px&#8221; image_repeat=&#8221;no-repeat&#8221;]<div class=\"custom_font_holder  \" style=\"font-family: LATO; font-size: 18px; font-style: normal; font-weight: 400; color: #6d6d6d; text-decoration: none; text-transform: none; text-align: left\" data-font-size=18 ><div  ><p style=\"text-align: justify\">Es el \u00d3rgano Especializado en Mecanismos Alternativos de Soluci\u00f3n de Controversias en Materia Penal y de Justicia para Adolescentes, encargado de tramitar los mecanismos alternativos (mediaci\u00f3n, conciliaci\u00f3n o junta restaurativa), que conduzcan a las soluciones alternas.<\/p>\n<\/div><\/div>[\/vc_column_inner][\/vc_row_inner][vc_empty_space height=&#8221;52px&#8221; image_repeat=&#8221;no-repeat&#8221;][vc_row_inner row_type=&#8221;row&#8221; type=&#8221;grid&#8221; use_row_as_full_screen_section_slide=&#8221;no&#8221; text_align=&#8221;left&#8221; css_animation=&#8221;element_from_left&#8221; transition_delay=&#8221;.7&#8243;][vc_column_inner width=&#8221;1\/3&#8243;][vc_empty_space height=&#8221;52px&#8221; image_repeat=&#8221;no-repeat&#8221;]<div class=\"custom_font_holder  \" style=\"font-family: LATO; font-size: 22px; font-style: normal; font-weight: 600; color: #557522; text-decoration: none; text-transform: none; text-align: left\" data-font-size=22 ><div  ><p style=\"text-align: justify\">9.- \u00bfCu\u00e1l\u00a0es el domicilio y horario de atenci\u00f3n del OEMASC del CJA?<\/p>\n<\/div><\/div>[\/vc_column_inner][vc_column_inner width=&#8221;2\/3&#8243;]<div class=\"custom_font_holder  \" style=\"font-family: LATO; font-size: 18px; font-style: normal; font-weight: 400; color: #6d6d6d; text-decoration: none; text-transform: none; text-align: left\" data-font-size=18 ><div  ><p style=\"text-align: justify\">Avenida Ni\u00f1os H\u00e9roes 133, cuarto piso, Colonia Doctores, Alcald\u00eda Cuauht\u00e9moc, C.P. 06720, Ciudad de M\u00e9xico, horario de atenci\u00f3n de 9:00 a 17:00 horas, de lunes a viernes. Tel\u00e9fono\u00a0 55 9156 4997, extensiones 111211, 111212 y 111210.<\/p>\n<p style=\"text-align: justify\">Calle Doctor Lavista 114, planta baja, Colonia Doctores, Alcald\u00eda Cuauht\u00e9moc, C.P. 06720, Ciudad de M\u00e9xico, horario de atenci\u00f3n de 9:00 a 15:00 horas, de lunes a viernes. Tel\u00e9fono 55 9156 4997, extensi\u00f3n 111252.<\/p>\n<\/div><\/div>[\/vc_column_inner][\/vc_row_inner][vc_empty_space height=&#8221;52px&#8221; image_repeat=&#8221;no-repeat&#8221;][vc_row_inner row_type=&#8221;row&#8221; type=&#8221;grid&#8221; use_row_as_full_screen_section_slide=&#8221;no&#8221; text_align=&#8221;left&#8221; css_animation=&#8221;element_from_left&#8221; transition_delay=&#8221;.7&#8243;][vc_column_inner width=&#8221;1\/3&#8243;][vc_empty_space height=&#8221;20px&#8221; image_repeat=&#8221;no-repeat&#8221;]<div class=\"custom_font_holder  \" style=\"font-family: LATO; font-size: 22px; font-style: normal; font-weight: 600; color: #557522; text-decoration: none; text-transform: none; text-align: left\" data-font-size=22 ><div  ><p style=\"text-align: justify\">10.- \u00bfQu\u00e9 es un Facilitador P\u00fablico?<\/p>\n<\/div><\/div>[\/vc_column_inner][vc_column_inner width=&#8221;2\/3&#8243;]<div class=\"custom_font_holder  \" style=\"font-family: LATO; font-size: 18px; font-style: normal; font-weight: 400; color: #6d6d6d; text-decoration: none; text-transform: none; text-align: left\" data-font-size=18 ><div  ><p style=\"text-align: justify\">Es el profesional certificado del OEMASC, cuya funci\u00f3n es propiciar la participaci\u00f3n de los intervinientes en los mecanismos alternativos.<\/p>\n<\/div><\/div>[\/vc_column_inner][\/vc_row_inner][vc_empty_space height=&#8221;52px&#8221; image_repeat=&#8221;no-repeat&#8221;][vc_row_inner row_type=&#8221;row&#8221; type=&#8221;grid&#8221; use_row_as_full_screen_section_slide=&#8221;no&#8221; text_align=&#8221;left&#8221; css_animation=&#8221;element_from_left&#8221; transition_delay=&#8221;.7&#8243;][vc_column_inner width=&#8221;1\/3&#8243;][vc_empty_space height=&#8221;20px&#8221; image_repeat=&#8221;no-repeat&#8221;]<div class=\"custom_font_holder  \" style=\"font-family: LATO; font-size: 22px; font-style: normal; font-weight: 600; color: #557522; text-decoration: none; text-transform: none; text-align: left\" data-font-size=22 ><div  ><p style=\"text-align: justify\">11.- \u00bfDe qu\u00e9 manera se solicita un Mecanismo Alternativo de Soluci\u00f3n de Controversias (MASC) en materia Penal?<\/p>\n<\/div><\/div>[\/vc_column_inner][vc_column_inner width=&#8221;2\/3&#8243;]<div class=\"custom_font_holder  \" style=\"font-family: LATO; font-size: 18px; font-style: normal; font-weight: 400; color: #6d6d6d; text-decoration: none; text-transform: none; text-align: left\" data-font-size=18 ><div  ><p style=\"text-align: justify\">Se solicita la salida alterna (acuerdo reparatorio o suspensi\u00f3n condicional) ante un Juez de Control, quien derivar\u00e1 el asunto al \u00d3rgano Especializado en Mecanismos Alternativos de Soluci\u00f3n de Controversias (OEMASC), a trav\u00e9s de la Unidad de Gesti\u00f3n Judicial, para que el imputado y la v\u00edctima u ofendido se presenten al OEMASC a recibir el servicio.<\/p>\n<\/div><\/div>[\/vc_column_inner][\/vc_row_inner][vc_empty_space height=&#8221;52px&#8221; image_repeat=&#8221;no-repeat&#8221;][vc_row_inner row_type=&#8221;row&#8221; type=&#8221;grid&#8221; use_row_as_full_screen_section_slide=&#8221;no&#8221; text_align=&#8221;left&#8221; css_animation=&#8221;element_from_left&#8221; transition_delay=&#8221;.7&#8243;][vc_column_inner width=&#8221;1\/3&#8243;][vc_empty_space height=&#8221;15px&#8221; image_repeat=&#8221;no-repeat&#8221;]<div class=\"custom_font_holder  \" style=\"font-family: LATO; font-size: 22px; font-style: normal; font-weight: 600; color: #557522; text-decoration: none; text-transform: none; text-align: left\" data-font-size=22 ><div  ><p style=\"text-align: justify\">12.- \u00bfEn qu\u00e9 casos procede un MASC para celebrar un acuerdo reparatorio?<\/p>\n<\/div><\/div>[\/vc_column_inner][vc_column_inner width=&#8221;2\/3&#8243;]<div class=\"custom_font_holder  \" style=\"font-family: LATO; font-size: 18px; font-style: normal; font-weight: 400; color: #6d6d6d; text-decoration: none; text-transform: none; text-align: left\" data-font-size=18 ><div  ><p style=\"text-align: justify\">En materia penal cuando se trate de un delito de querella, culposo, patrimonial sin violencia sobre las personas, exceptuando la violencia familiar, asimismo en materia de adolescentes es procedente en todas las conductas que no ameriten medida de internamiento.<\/p>\n<\/div><\/div>[\/vc_column_inner][\/vc_row_inner][vc_empty_space height=&#8221;52px&#8221; image_repeat=&#8221;no-repeat&#8221;][vc_row_inner row_type=&#8221;row&#8221; type=&#8221;grid&#8221; use_row_as_full_screen_section_slide=&#8221;no&#8221; text_align=&#8221;left&#8221; css_animation=&#8221;element_from_left&#8221; transition_delay=&#8221;.7&#8243;][vc_column_inner width=&#8221;1\/3&#8243;][vc_empty_space height=&#8221;18px&#8221; image_repeat=&#8221;no-repeat&#8221;]<div class=\"custom_font_holder  \" style=\"font-family: LATO; font-size: 22px; font-style: normal; font-weight: 600; color: #557522; text-decoration: none; text-transform: none; text-align: left\" data-font-size=22 ><div  ><p style=\"text-align: justify\">13.- \u00bfQu\u00e9 efectos tiene un Acuerdo Reparatorio emanado de la aplicaci\u00f3n de un MASC?<\/p>\n<\/div><\/div>[\/vc_column_inner][vc_column_inner width=&#8221;2\/3&#8243;]<div class=\"custom_font_holder  \" style=\"font-family: LATO; font-size: 18px; font-style: normal; font-weight: 400; color: #6d6d6d; text-decoration: none; text-transform: none; text-align: left\" data-font-size=18 ><div  ><p style=\"text-align: justify\">Una vez que el Juez de Control aprueba el Acuerdo Reparatorio en t\u00e9rminos del C\u00f3digo Nacional de Procedimientos Penales, se extingue la acci\u00f3n penal.<\/p>\n<\/div><\/div>[\/vc_column_inner][\/vc_row_inner][vc_empty_space height=&#8221;52px&#8221; image_repeat=&#8221;no-repeat&#8221;][vc_row_inner row_type=&#8221;row&#8221; type=&#8221;grid&#8221; use_row_as_full_screen_section_slide=&#8221;no&#8221; text_align=&#8221;left&#8221; css_animation=&#8221;element_from_left&#8221; transition_delay=&#8221;.7&#8243;][vc_column_inner width=&#8221;1\/3&#8243;][vc_empty_space height=&#8221;18px&#8221; image_repeat=&#8221;no-repeat&#8221;]<div class=\"custom_font_holder  \" style=\"font-family: LATO; font-size: 22px; font-style: normal; font-weight: 600; color: #557522; text-decoration: none; text-transform: none; text-align: left\" data-font-size=22 ><div  ><p style=\"text-align: justify\">14.- \u00bfQu\u00e9 sucede si el imputado o acusado incumple el Acuerdo Reparatorio?<\/p>\n<\/div><\/div>[\/vc_column_inner][vc_column_inner width=&#8221;2\/3&#8243;]<div class=\"custom_font_holder  \" style=\"font-family: LATO; font-size: 18px; font-style: normal; font-weight: 400; color: #6d6d6d; text-decoration: none; text-transform: none; text-align: left\" data-font-size=18 ><div  ><p style=\"text-align: justify\">Inmediatamente se informa al Juez de Control, a trav\u00e9s de la Unidad de Gesti\u00f3n Judicial, a efecto de que decrete el incumplimiento y se retome el proceso penal.<\/p>\n<\/div><\/div>[\/vc_column_inner][\/vc_row_inner][vc_empty_space height=&#8221;52px&#8221; image_repeat=&#8221;no-repeat&#8221;][vc_row_inner row_type=&#8221;row&#8221; type=&#8221;grid&#8221; use_row_as_full_screen_section_slide=&#8221;no&#8221; text_align=&#8221;left&#8221; css_animation=&#8221;element_from_left&#8221; transition_delay=&#8221;.7&#8243;][vc_column_inner width=&#8221;1\/3&#8243;][vc_empty_space height=&#8221;18px&#8221; image_repeat=&#8221;no-repeat&#8221;]<div class=\"custom_font_holder  \" style=\"font-family: LATO; font-size: 22px; font-style: normal; font-weight: 600; color: #557522; text-decoration: none; text-transform: none; text-align: left\" data-font-size=22 ><div  ><p style=\"text-align: justify\">15.- \u00bfQu\u00e9 efectos tiene un Plan de Reparaci\u00f3n emanado de la aplicaci\u00f3n de un MASC?<\/p>\n<\/div><\/div>[\/vc_column_inner][vc_column_inner width=&#8221;2\/3&#8243;]<div class=\"custom_font_holder  \" style=\"font-family: LATO; font-size: 18px; font-style: normal; font-weight: 400; color: #6d6d6d; text-decoration: none; text-transform: none; text-align: left\" data-font-size=18 ><div  ><p style=\"text-align: justify\">Es un elemento necesario para la procedencia de una suspensi\u00f3n condicional del proceso en t\u00e9rminos del C\u00f3digo Nacional de Procedimientos Penales.<\/p>\n<\/div><\/div>[\/vc_column_inner][\/vc_row_inner][vc_empty_space height=&#8221;52px&#8221; image_repeat=&#8221;no-repeat&#8221;][\/vc_column][\/vc_row][vc_row row_type=&#8221;row&#8221; use_row_as_full_screen_section=&#8221;no&#8221; type=&#8221;full_width&#8221; oblique_section=&#8221;no&#8221; text_align=&#8221;left&#8221; Overflow=&#8221;&#8221; triangle_shape=&#8221;no&#8221; css_animation=&#8221;&#8221; overflow=&#8221;&#8221;][vc_column][vc_empty_space height=&#8221;20px&#8221; image_repeat=&#8221;no-repeat&#8221;][\/vc_column][\/vc_row][vc_row row_type=&#8221;row&#8221; use_row_as_full_screen_section=&#8221;no&#8221; type=&#8221;full_width&#8221; oblique_section=&#8221;no&#8221; text_align=&#8221;left&#8221; Overflow=&#8221;&#8221; triangle_shape=&#8221;no&#8221; css_animation=&#8221;&#8221; overflow=&#8221;&#8221;][vc_column][vc_column_text]<\/p>\n<p style=\"text-align: right\">\u00daltima fecha de actualizaci\u00f3n: abril 2026.<\/p>\n<p>[\/vc_column_text][\/vc_column][\/vc_row][vc_row row_type=&#8221;row&#8221; use_row_as_full_screen_section=&#8221;no&#8221; type=&#8221;full_width&#8221; oblique_section=&#8221;no&#8221; text_align=&#8221;left&#8221; Overflow=&#8221;&#8221; triangle_shape=&#8221;no&#8221; css_animation=&#8221;&#8221; overflow=&#8221;&#8221;][vc_column][vc_empty_space height=&#8221;20px&#8221; image_repeat=&#8221;no-repeat&#8221;][\/vc_column][\/vc_row]<\/p>\n","protected":false},"excerpt":{"rendered":"<p>[vc_row row_type=&#8221;row&#8221; use_row_as_full_screen_section=&#8221;no&#8221; type=&#8221;full_width&#8221; oblique_section=&#8221;no&#8221; text_align=&#8221;center&#8221; Overflow=&#8221;&#8221; triangle_shape=&#8221;no&#8221; background_image=&#8221;16776&#8243; background_color=&#8221;#ffffff&#8221; css_animation=&#8221;&#8221; overflow=&#8221;&#8221; el_id=&#8221;imagen_cabeza&#8221;][vc_column][vc_separator type=&#8221;transparent&#8221; up_style=&#8221;px&#8221; down_style=&#8221;px&#8221;][vc_empty_space height=&#8221;175px&#8221; image_repeat=&#8221;no-repeat&#8221;][vc_empty_space height=&#8221;122px&#8221; image_repeat=&#8221;no-repeat&#8221;][vc_row_inner row_type=&#8221;row&#8221; type=&#8221;full_width&#8221; use_row_as_full_screen_section_slide=&#8221;no&#8221; text_align=&#8221;left&#8221; css_animation=&#8221;&#8221;][vc_column_inner][\/vc_column_inner][\/vc_row_inner][\/vc_column][\/vc_row][vc_row row_type=&#8221;parallax&#8221; type=&#8221;grid&#8221; text_align=&#8221;center&#8221; triangle_shape=&#8221;no&#8221; background_image=&#8221;12432&#8243; full_screen_section_height=&#8221;no&#8221; section_height=&#8221;100&#8243; zoom_effect=&#8221;no&#8221; el_id=&#8221;pregunta1_pregunta2_pregunta3&#8243; el_class=&#8221;preguntas_frecuentes&#8221;][vc_column][vc_empty_space height=&#8221;25px&#8221; image_repeat=&#8221;no-repeat&#8221;][vc_empty_space height=&#8221;25px&#8221; image_repeat=&#8221;no-repeat&#8221;][vc_empty_space height=&#8221;62px&#8221; image_repeat=&#8221;no-repeat&#8221;][vc_row_inner row_type=&#8221;row&#8221; type=&#8221;grid&#8221; use_row_as_full_screen_section_slide=&#8221;no&#8221; text_align=&#8221;left&#8221;&#8230;<\/p>\n","protected":false},"author":22,"featured_media":0,"parent":0,"menu_order":0,"comment_status":"closed","ping_status":"closed","template":"","meta":{"footnotes":""},"class_list":["post-15597","page","type-page","status-publish","hentry"],"_links":{"self":[{"href":"https:\/\/www.poderjudicialcdmx.gob.mx\/cja\/wp-json\/wp\/v2\/pages\/15597"}],"collection":[{"href":"https:\/\/www.poderjudicialcdmx.gob.mx\/cja\/wp-json\/wp\/v2\/pages"}],"about":[{"href":"https:\/\/www.poderjudicialcdmx.gob.mx\/cja\/wp-json\/wp\/v2\/types\/page"}],"author":[{"embeddable":true,"href":"https:\/\/www.poderjudicialcdmx.gob.mx\/cja\/wp-json\/wp\/v2\/users\/22"}],"replies":[{"embeddable":true,"href":"https:\/\/www.poderjudicialcdmx.gob.mx\/cja\/wp-json\/wp\/v2\/comments?post=15597"}],"version-history":[{"count":61,"href":"https:\/\/www.poderjudicialcdmx.gob.mx\/cja\/wp-json\/wp\/v2\/pages\/15597\/revisions"}],"predecessor-version":[{"id":19822,"href":"https:\/\/www.poderjudicialcdmx.gob.mx\/cja\/wp-json\/wp\/v2\/pages\/15597\/revisions\/19822"}],"wp:attachment":[{"href":"https:\/\/www.poderjudicialcdmx.gob.mx\/cja\/wp-json\/wp\/v2\/media?parent=15597"}],"curies":[{"name":"wp","href":"https:\/\/api.w.org\/{rel}","templated":true}]}}