{"id":18431,"date":"2024-05-07T16:41:40","date_gmt":"2024-05-07T16:41:40","guid":{"rendered":"https:\/\/www.poderjudicialcdmx.gob.mx\/cja\/?page_id=18431"},"modified":"2024-05-07T16:41:40","modified_gmt":"2024-05-07T16:41:40","slug":"mediacion-facilitacion","status":"publish","type":"page","link":"https:\/\/www.poderjudicialcdmx.gob.mx\/cja\/mediacion-facilitacion\/","title":{"rendered":"Mediaci\u00f3n y Facilitaci\u00f3n en l\u00ednea"},"content":{"rendered":"<p>[vc_row row_type=&#8221;row&#8221; use_row_as_full_screen_section=&#8221;no&#8221; type=&#8221;full_width&#8221; oblique_section=&#8221;no&#8221; text_align=&#8221;left&#8221; Overflow=&#8221;&#8221; triangle_shape=&#8221;no&#8221; background_image=&#8221;18437&#8243; css_animation=&#8221;element_from_right&#8221; overflow=&#8221;&#8221;][vc_column][vc_row_inner row_type=&#8221;row&#8221; type=&#8221;grid&#8221; use_row_as_full_screen_section_slide=&#8221;no&#8221; text_align=&#8221;left&#8221; css_animation=&#8221;&#8221;][vc_column_inner][vc_empty_space height=&#8221;62px&#8221; image_repeat=&#8221;no-repeat&#8221;]<div class=\"custom_font_holder  \" style=\"font-family: LATO; font-size: 30px; line-height: 32px; font-style: normal; font-weight: 400; color: #ffffff; text-decoration: none; text-transform: none; text-align: left\" data-font-size=30 data-line-height=32 ><div  ><p>Comun\u00edcate al<\/p>\n<\/div><\/div><div class=\"custom_font_holder  \" style=\"font-family: LATO; font-size: 30px; line-height: 32px; font-style: normal; font-weight: 800; color: #ffffff; text-decoration: none; text-transform: none; text-align: left\" data-font-size=30 data-line-height=32 ><div  ><p>55 9156 4997 Ext. 8080<\/p>\n<\/div><\/div><div class=\"custom_font_holder  \" style=\"font-family: LATO; font-size: 30px; line-height: 32px; font-style: normal; font-weight: 400; color: #ffffff; text-decoration: none; text-transform: none; text-align: left\" data-font-size=30 data-line-height=32 ><div  ><p>de lunes a viernes de 9:00 a 17:00 horas<\/p>\n<\/div><\/div>[vc_empty_space height=&#8221;62px&#8221; image_repeat=&#8221;no-repeat&#8221;][\/vc_column_inner][\/vc_row_inner][\/vc_column][\/vc_row][vc_row row_type=&#8221;row&#8221; use_row_as_full_screen_section=&#8221;no&#8221; type=&#8221;full_width&#8221; oblique_section=&#8221;no&#8221; text_align=&#8221;left&#8221; Overflow=&#8221;&#8221; triangle_shape=&#8221;no&#8221; css_animation=&#8221;&#8221; overflow=&#8221;&#8221;][vc_column][vc_empty_space height=&#8221;62px&#8221; image_repeat=&#8221;no-repeat&#8221;][vc_row_inner row_type=&#8221;row&#8221; type=&#8221;grid&#8221; use_row_as_full_screen_section_slide=&#8221;no&#8221; text_align=&#8221;left&#8221; css_animation=&#8221;element_from_left&#8221;][vc_column_inner width=&#8221;1\/2&#8243;][vc_single_image image=&#8221;18525&#8243; img_size=&#8221;full&#8221; mkd_css_animation=&#8221;&#8221; set_shader=&#8221;no&#8221; set_popup=&#8221;no&#8221; animate_image_on_hover=&#8221;no&#8221;][\/vc_column_inner][vc_column_inner width=&#8221;1\/2&#8243; css=&#8221;.vc_custom_1590608785493{border-right-width: 20px !important;border-left-width: 20px !important;background-color: #f5f5f5 !important;}&#8221;]<div class=\"custom_font_holder  \" style=\"font-family: LATO; font-size: 20px; line-height: 24px; font-style: normal; font-weight: 600; color: #336633; text-decoration: none; text-transform: none; text-align: left\" data-font-size=20 data-line-height=24 ><div  ><p style=\"text-align: justify\">El Centro de Justicia Alternativa (CJA) pone a tu disposici\u00f3n sus servicios de Mediaci\u00f3n y Facilitaci\u00f3n en l\u00ednea.<\/p>\n<\/div><\/div>[vc_empty_space height=&#8221;15px&#8221; image_repeat=&#8221;no-repeat&#8221;]<div class=\"custom_font_holder  \" style=\"font-family: LATO; font-size: 19px; line-height: 23px; font-style: normal; font-weight: 400; text-decoration: none; text-transform: none; text-align: left\" data-font-size=19 data-line-height=23 ><div  ><p>A <span style=\"font-weight: 400\">cargo de personas mediadoras p\u00fablicas especializadas en materia <\/span>Civil- Mercantil y en materia Familiar; y<span style=\"font-weight: 400\"> personas Facilitadoras p\u00fablicas especializadas en materia Penal y de Justicia para Adolescentes<\/span>.<\/p>\n<p>Si tienes alg\u00fan conflicto en alguna de estas materias, con gusto te ayudaremos para saber si a trav\u00e9s del Centro de Justicia Alternativa se puede solucionar.<\/p>\n<\/div><\/div>[vc_empty_space height=&#8221;30px&#8221; image_repeat=&#8221;no-repeat&#8221;][\/vc_column_inner][\/vc_row_inner][\/vc_column][\/vc_row][vc_row row_type=&#8221;row&#8221; use_row_as_full_screen_section=&#8221;no&#8221; type=&#8221;grid&#8221; oblique_section=&#8221;no&#8221; text_align=&#8221;left&#8221; Overflow=&#8221;&#8221; triangle_shape=&#8221;no&#8221; css_animation=&#8221;&#8221; overflow=&#8221;&#8221;][vc_column][vc_empty_space height=&#8221;40px&#8221; image_repeat=&#8221;no-repeat&#8221;][\/vc_column][\/vc_row][vc_row row_type=&#8221;row&#8221; use_row_as_full_screen_section=&#8221;no&#8221; type=&#8221;grid&#8221; oblique_section=&#8221;no&#8221; text_align=&#8221;left&#8221; Overflow=&#8221;&#8221; triangle_shape=&#8221;no&#8221; background_color=&#8221;#f7f7f7&#8243; css_animation=&#8221;&#8221; overflow=&#8221;&#8221;][vc_column][vc_empty_space height=&#8221;40px&#8221; image_repeat=&#8221;no-repeat&#8221;]<div class=\"custom_font_holder  \" style=\"font-family: LATO; font-size: 25px; line-height: 27px; font-style: normal; font-weight: 800; text-decoration: none; text-transform: none; text-align: center\" data-font-size=25 data-line-height=27 ><div  ><p><span style=\"font-weight: 400\">\u00bfQu\u00e9 son la Mediaci\u00f3n o Facilitaci\u00f3n en l\u00ednea<\/span><span style=\"font-weight: 400\">?<\/span><\/p>\n<\/div><\/div>[vc_empty_space height=&#8221;15px&#8221; image_repeat=&#8221;no-repeat&#8221;]<div class=\"custom_font_holder  \" style=\"font-family: LATO; font-size: 19px; line-height: 22px; font-style: normal; font-weight: 400; text-decoration: none; text-transform: none; text-align: center\" data-font-size=19 data-line-height=22 ><div  ><p>Son\u00a0procedimientos\u00a0voluntarios\u00a0por\u00a0los\u00a0cual dos o m\u00e1s personas involucradas en una controversia, a las cuales se les denomina mediados\u00a0(en Mediaci\u00f3n) o intervinientes (en Facilitaci\u00f3n), buscan y construyen acuerdos mutuamente satisfactorios, mediante la asistencia de un tercero imparcial y neutral denominado mediador\u00a0o facilitador, seg\u00fan el caso, quien facilitar\u00e1 a distancia y por medios electr\u00f3nicos el procedimiento.<\/p>\n<\/div><\/div>[vc_empty_space height=&#8221;40px&#8221; image_repeat=&#8221;no-repeat&#8221;][\/vc_column][\/vc_row][vc_row row_type=&#8221;row&#8221; use_row_as_full_screen_section=&#8221;no&#8221; type=&#8221;full_width&#8221; oblique_section=&#8221;no&#8221; text_align=&#8221;left&#8221; Overflow=&#8221;&#8221; triangle_shape=&#8221;no&#8221; css_animation=&#8221;&#8221; overflow=&#8221;&#8221;][vc_column][vc_empty_space height=&#8221;40px&#8221; image_repeat=&#8221;no-repeat&#8221;]<div class=\"custom_font_holder  \" style=\"font-family: LATO; font-size: 25px; line-height: 27px; font-style: normal; font-weight: 800; text-decoration: none; text-transform: none; text-align: center\" data-font-size=25 data-line-height=27 ><div  ><p><span style=\"font-weight: 400\">\u00bfC\u00f3mo puede ayudarme la Mediaci\u00f3n o Facilitaci\u00f3n<\/span><span style=\"font-weight: 400\"> en l\u00ednea?<\/span><\/p>\n<\/div><\/div>[\/vc_column][\/vc_row][vc_row row_type=&#8221;row&#8221; use_row_as_full_screen_section=&#8221;no&#8221; type=&#8221;grid&#8221; oblique_section=&#8221;no&#8221; text_align=&#8221;left&#8221; Overflow=&#8221;&#8221; triangle_shape=&#8221;no&#8221; css_animation=&#8221;&#8221; overflow=&#8221;&#8221;][vc_column css_animation=&#8221;fadeInLeft&#8221;][vc_empty_space height=&#8221;30px&#8221; image_repeat=&#8221;no-repeat&#8221;]<div class=\"custom_font_holder  \" style=\"font-family: LATO; font-size: 25px; line-height: 27px; font-style: normal; font-weight: 500; text-decoration: none; text-transform: none; text-align: center\" data-font-size=25 data-line-height=27 ><div  ><p>Mediaci\u00f3n Familiar o Civil-Mercantil<\/p>\n<\/div><\/div>[vc_empty_space height=&#8221;30px&#8221; image_repeat=&#8221;no-repeat&#8221;][no_accordion active_tab=&#8221;1&#8243; style=&#8221;boxed_accordion&#8221; hide_icon=&#8221;no&#8221; title_icon_alignment=&#8221;icon_left_text_left&#8221;][no_accordion_section title=&#8221;\u00bfA qui\u00e9n va dirigido el servicio?&#8221; title_color=&#8221;#ffffff&#8221; title_hover_color=&#8221;#ffffff&#8221; background_color=&#8221;#789904&#8243; background_hover_color=&#8221;#667c02&#8243;]<div class=\"custom_font_holder  \" style=\"font-family: lato; font-size: 18px; line-height: 22px; font-style: normal; font-weight: 400; color: #606060; text-decoration: none; text-transform: none; text-align: left\" data-font-size=18 data-line-height=22 ><div  ><p>A <span style=\"font-weight: 400\">toda la ciudadan\u00eda <\/span><span style=\"font-weight: 400\">de la Ciudad de M\u00e9xico<\/span><span style=\"font-weight: 400\"> interesada en resolver una controversia legal.<\/span><\/p>\n<\/div><\/div>[\/no_accordion_section][no_accordion_section title=&#8221;\u00bfQu\u00e9 asuntos se pueden atender en Materia Familiar?&#8221; title_color=&#8221;#ffffff&#8221; title_hover_color=&#8221;#ffffff&#8221; background_color=&#8221;#789904&#8243; background_hover_color=&#8221;#667c02&#8243;]<div class=\"custom_font_holder  \" style=\"font-family: lato; font-size: 18px; line-height: 22px; font-style: normal; font-weight: 400; color: #606060; text-decoration: none; text-transform: none; text-align: left\" data-font-size=18 data-line-height=22 ><div  ><p>Las controversias que deriven de las relaciones entre las personas que se encuentren unidas en matrimonio, concubinato, sociedad de convivencia o, aun cuando no se encuentren en dichos supuestos, tengan hijos en com\u00fan; entre personas unidas por alg\u00fan lazo de parentesco por consanguinidad, por afinidad o civil; las que surjan de esas relaciones con terceros, as\u00ed como por sucesiones testamentarias e intestamentarias, si existe nombramiento de herederos y LA RELACI\u00d3N NO SEA DE VIOLENCIA FAMILIAR, debido a que por ley, asuntos de violencia familiar no son mediables.<\/p>\n<\/div><\/div>[\/no_accordion_section][no_accordion_section title=&#8221;\u00bfQu\u00e9 asuntos se pueden atender en Materia Civil?&#8221; title_color=&#8221;#ffffff&#8221; title_hover_color=&#8221;#ffffff&#8221; background_color=&#8221;#00a8bf&#8221; background_hover_color=&#8221;#0094a8&#8243;]<div class=\"custom_font_holder  \" style=\"font-family: lato; font-size: 18px; line-height: 22px; font-style: normal; font-weight: 400; color: #606060; text-decoration: none; text-transform: none; text-align: left\" data-font-size=18 data-line-height=22 ><div  ><p>Las controversias que deriven de relaciones entre particulares, sean personas f\u00edsicas o morales, en tanto no involucren cuestiones de derecho familiar; es decir, aquellos conflictos derivados de la celebraci\u00f3n por escrito o verbal de un contrato, p.e: arrendamiento, comodato, compraventa de muebles o inmuebles, prestaci\u00f3n de servicios, copropiedad, otorgamiento de un cr\u00e9dito, administraci\u00f3n de un inmueble, alguna obligaci\u00f3n pendiente de pago, desocupaci\u00f3n de un inmueble derivado del incumplimiento de alguna obligaci\u00f3n o terminaci\u00f3n de la misma, reparaci\u00f3n del da\u00f1o, devoluci\u00f3n de documentos derivado de un contrato.<\/p>\n<\/div><\/div>[\/no_accordion_section][no_accordion_section title=&#8221;\u00bfQu\u00e9 asuntos se pueden atender en Materia Mercantil?&#8221; title_color=&#8221;#ffffff&#8221; title_hover_color=&#8221;#ffffff&#8221; background_color=&#8221;#00a8bf&#8221; background_hover_color=&#8221;#0094a8&#8243;]<div class=\"custom_font_holder  \" style=\"font-family: lato; font-size: 18px; line-height: 22px; font-style: normal; font-weight: 400; color: #606060; text-decoration: none; text-transform: none; text-align: left\" data-font-size=18 data-line-height=22 ><div  ><p>Las que deriven de relaciones entre comerciantes, en raz\u00f3n de su participaci\u00f3n en actos de comercio, considerados as\u00ed por las leyes correspondiente, como p.e: comisi\u00f3n mercantil, pagar\u00e9s, cheques o contratos de otorgamiento de cr\u00e9dito, de arrendamiento o factoraje financiero por entidades financieras, reclamo en el pago de alg\u00fan tipo de seguro, incumplimiento en el pago de derechos de autor.<\/p>\n<\/div><\/div>[\/no_accordion_section][\/no_accordion][vc_empty_space height=&#8221;30px&#8221; image_repeat=&#8221;no-repeat&#8221;]<div class=\"custom_font_holder  \" style=\"font-family: LATO; font-size: 25px; line-height: 27px; font-style: normal; font-weight: 500; text-decoration: none; text-transform: none; text-align: center\" data-font-size=25 data-line-height=27 ><div  ><p>Facilitaci\u00f3n Penal y Justicia para Adolescentes<\/p>\n<\/div><\/div>[vc_empty_space height=&#8221;30px&#8221; image_repeat=&#8221;no-repeat&#8221;][no_accordion active_tab=&#8221;1&#8243; style=&#8221;boxed_accordion&#8221; hide_icon=&#8221;no&#8221; title_icon_alignment=&#8221;icon_left_text_left&#8221;][no_accordion_section title=&#8221;\u00bfA qui\u00e9n va dirigido el servicio?&#8221; title_color=&#8221;#ffffff&#8221; title_hover_color=&#8221;#ffffff&#8221; background_color=&#8221;#336633&#8243; background_hover_color=&#8221;#234720&#8243;]<div class=\"custom_font_holder  \" style=\"font-family: lato; font-size: 18px; line-height: 22px; font-style: normal; font-weight: 400; color: #606060; text-decoration: none; text-transform: none; text-align: left\" data-font-size=18 data-line-height=22 ><div  ><p><span style=\"font-weight: 400\">Dirigido a las personas <\/span><span style=\"font-weight: 400\">que en una carpeta judicial tienen la <\/span><b>calidad de v\u00edctima u ofendido (a), imputado (a) o acusado (a)<\/b><span style=\"font-weight: 400\">.<\/span><\/p>\n<\/div><\/div>[\/no_accordion_section][no_accordion_section title=&#8221;\u00bfCu\u00e1l es el prop\u00f3sito del servicio?&#8221; title_color=&#8221;#ffffff&#8221; title_hover_color=&#8221;#ffffff&#8221; background_color=&#8221;#336633&#8243; background_hover_color=&#8221;#234720&#8243;]<div class=\"custom_font_holder  \" style=\"font-family: lato; font-size: 18px; line-height: 22px; font-style: normal; font-weight: 400; color: #606060; text-decoration: none; text-transform: none; text-align: left\" data-font-size=18 data-line-height=22 ><div  ><p>Brindarles a las personas relacionadas con un conflicto de naturaleza penal o de justicia para adolescentes, la posibilidad de que\u00a0<b>participen en un mecanismo alternativo<\/b>\u00a0y, si as\u00ed es su deseo, establezcan un\u00a0<b>acuerdo reparatorio o un plan de reparaci\u00f3n o para que se cumpla con una sentencia condenatoria por lo que hace a la reparaci\u00f3n del da\u00f1o<\/b>.<\/p>\n<\/div><\/div>[\/no_accordion_section][no_accordion_section title=&#8221;\u00bfQu\u00e9 asuntos se pueden atender en Materia Penal?&#8221; title_color=&#8221;#ffffff&#8221; title_hover_color=&#8221;#ffffff&#8221; background_color=&#8221;#336633&#8243; background_hover_color=&#8221;#234720&#8243;]<div class=\"custom_font_holder  \" style=\"font-family: lato; font-size: 18px; line-height: 22px; font-style: normal; font-weight: 400; color: #606060; text-decoration: none; text-transform: none; text-align: left\" data-font-size=18 data-line-height=22 ><div  ><ul>\n<li style=\"font-weight: 400\"><span style=\"font-weight: 400\">Para un <\/span><b>acuerdo reparatorio<\/b><span style=\"font-weight: 400\">, los hechos delictuosos de querella, culposos o patrimoniales sin violencia sobre las personas,\u00a0<\/span><b>excepto la violencia familiar<\/b><span style=\"font-weight: 400\"><span style=\"font-weight: 400\">.<\/span><\/span><\/li>\n<li style=\"font-weight: 400\"><span style=\"font-weight: 400\">Para un <\/span><b>plan de reparaci\u00f3n<\/b><span style=\"font-weight: 400\">, que el auto de vinculaci\u00f3n a proceso del imputado se haya dictado por un delito cuya media aritm\u00e9tica de la pena de prisi\u00f3n no exceda de cinco a\u00f1os, y que no exista oposici\u00f3n fundada de la v\u00edctima u ofendido.<br \/>\n<\/span><\/li>\n<li style=\"font-weight: 400\">En la etapa de <b>ejecuci\u00f3n de sentencias<\/b>, una vez que cause ejecutoria la sentencia.<\/li>\n<\/ul>\n<\/div><\/div>[\/no_accordion_section][no_accordion_section title=&#8221;\u00bfQu\u00e9 asuntos se pueden atender en Materia de Justicia para Adolescentes?&#8221; title_color=&#8221;#ffffff&#8221; title_hover_color=&#8221;#ffffff&#8221; background_color=&#8221;#336633&#8243; background_hover_color=&#8221;#234720&#8243;]<div class=\"custom_font_holder  \" style=\"font-family: lato; font-size: 18px; line-height: 22px; font-style: normal; font-weight: 400; color: #606060; text-decoration: none; text-transform: none; text-align: left\" data-font-size=18 data-line-height=22 ><div  ><ul>\n<li style=\"font-weight: 400\">Para un\u00a0<b>acuerdo reparatorio<\/b>, los casos en que se atribuyan hechos previstos como delitos, en los que no procede la medida de sanci\u00f3n de internamiento,\u00a0<b>excepto la violencia familiar<\/b>.<\/li>\n<li>Para un <strong>plan de reparaci\u00f3n<\/strong>, que se haya dictado un auto de vinculaci\u00f3n a proceso y por hechos previstos como delito en los que no procede la medida de sanci\u00f3n de internamiento\u00a0y que no exista oposici\u00f3n fundada de la v\u00edctima u ofendido.<\/li>\n<li>En la etapa de <strong>ejecuci\u00f3n de medidas de sanci\u00f3n<\/strong>, por todos los hechos se\u00f1alados como delito,\u00a0una vez que cause ejecutoria la sentencia.<\/li>\n<\/ul>\n<\/div><\/div>[\/no_accordion_section][\/no_accordion][vc_empty_space height=&#8221;40px&#8221; image_repeat=&#8221;no-repeat&#8221;][\/vc_column][\/vc_row][vc_row row_type=&#8221;row&#8221; use_row_as_full_screen_section=&#8221;no&#8221; type=&#8221;full_width&#8221; oblique_section=&#8221;no&#8221; text_align=&#8221;left&#8221; Overflow=&#8221;&#8221; triangle_shape=&#8221;no&#8221; css_animation=&#8221;&#8221; overflow=&#8221;&#8221;][vc_column][vc_empty_space height=&#8221;60px&#8221; image_repeat=&#8221;no-repeat&#8221;][\/vc_column][\/vc_row][vc_row row_type=&#8221;row&#8221; use_row_as_full_screen_section=&#8221;no&#8221; type=&#8221;full_width&#8221; oblique_section=&#8221;no&#8221; text_align=&#8221;left&#8221; Overflow=&#8221;&#8221; triangle_shape=&#8221;no&#8221; background_color=&#8221;#f7f7f7&#8243; css_animation=&#8221;&#8221; overflow=&#8221;&#8221;][vc_column][vc_row_inner row_type=&#8221;row&#8221; type=&#8221;grid&#8221; use_row_as_full_screen_section_slide=&#8221;no&#8221; text_align=&#8221;left&#8221; css_animation=&#8221;&#8221;][vc_column_inner][vc_empty_space height=&#8221;30px&#8221; image_repeat=&#8221;no-repeat&#8221;]<div class=\"custom_font_holder  \" style=\"font-family: LATO; font-size: 25px; line-height: 27px; font-style: normal; font-weight: 800; text-decoration: none; text-transform: none; text-align: left\" data-font-size=25 data-line-height=27 ><div  ><p>Conoce el\u00a0procedimiento:<\/p>\n<\/div><\/div>[vc_empty_space height=&#8221;30px&#8221; image_repeat=&#8221;no-repeat&#8221;][\/vc_column_inner][\/vc_row_inner][\/vc_column][\/vc_row][vc_row row_type=&#8221;row&#8221; use_row_as_full_screen_section=&#8221;no&#8221; type=&#8221;grid&#8221; oblique_section=&#8221;no&#8221; text_align=&#8221;left&#8221; Overflow=&#8221;&#8221; triangle_shape=&#8221;no&#8221; background_color=&#8221;#f7f7f7&#8243; css_animation=&#8221;&#8221; overflow=&#8221;&#8221;][vc_column css_animation=&#8221;fadeInDown&#8221; width=&#8221;1\/2&#8243;][vc_single_image image=&#8221;18502&#8243; img_size=&#8221;full&#8221; mkd_css_animation=&#8221;&#8221; set_shader=&#8221;no&#8221; set_popup=&#8221;no&#8221; animate_image_on_hover=&#8221;no&#8221;][vc_empty_space height=&#8221;20px&#8221; image_repeat=&#8221;no-repeat&#8221;]<div class=\"custom_font_holder  \" style=\"font-family: LATO; font-size: 22px; line-height: 25px; font-style: normal; font-weight: 800; text-decoration: none; text-transform: none; text-align: center\" data-font-size=22 data-line-height=25 ><div  ><p style=\"text-align: justify\">Comun\u00edcate al 55 9156 4997 Ext. 8080<\/p>\n<\/div><\/div>[vc_empty_space height=&#8221;45px&#8221; image_repeat=&#8221;no-repeat&#8221;][vc_single_image image=&#8221;18503&#8243; img_size=&#8221;full&#8221; mkd_css_animation=&#8221;&#8221; set_shader=&#8221;no&#8221; set_popup=&#8221;no&#8221; animate_image_on_hover=&#8221;no&#8221;][vc_empty_space height=&#8221;20px&#8221; image_repeat=&#8221;no-repeat&#8221;]<div class=\"custom_font_holder  \" style=\"font-family: LATO; font-size: 20px; line-height: 23px; font-style: normal; font-weight: 400; text-decoration: none; text-transform: none; text-align: center\" data-font-size=20 data-line-height=23 ><div  ><p style=\"text-align: justify\">Personal especializado\u00a0del\u00a0Centro de Justicia Alternativa te indicar\u00e1 si tu caso\u00a0es susceptible de resolverse a trav\u00e9s de una mediaci\u00f3n o facilitaci\u00f3n,\u00a0a qu\u00e9 materia pertenece y la cita para\u00a0una\u00a0pre-mediaci\u00f3n\u00a0o sesi\u00f3n preliminar.<\/p>\n<\/div><\/div>[\/vc_column][vc_column css_animation=&#8221;fadeInDown&#8221; width=&#8221;1\/2&#8243;][vc_single_image image=&#8221;18504&#8243; img_size=&#8221;full&#8221; mkd_css_animation=&#8221;&#8221; set_shader=&#8221;no&#8221; set_popup=&#8221;no&#8221; animate_image_on_hover=&#8221;no&#8221;][vc_empty_space height=&#8221;15px&#8221; image_repeat=&#8221;no-repeat&#8221;]<div class=\"custom_font_holder  \" style=\"font-family: LATO; font-size: 20px; line-height: 23px; font-style: normal; font-weight: 400; text-decoration: none; text-transform: none; text-align: center\" data-font-size=20 data-line-height=23 ><div  ><p style=\"text-align: justify\">Si el asunto se valora como mediable\u00a0o procedente, participar\u00e1s en una pre-mediaci\u00f3n\u00a0o sesi\u00f3n preliminar,\u00a0donde se te explicar\u00e1 el\u00a0procedimiento\u00a0completo y los alcances del mismo.<\/p>\n<\/div><\/div>[vc_empty_space height=&#8221;10px&#8221; image_repeat=&#8221;no-repeat&#8221;][vc_single_image image=&#8221;18505&#8243; mkd_css_animation=&#8221;&#8221; set_shader=&#8221;no&#8221; set_popup=&#8221;no&#8221; animate_image_on_hover=&#8221;no&#8221;][vc_empty_space height=&#8221;15px&#8221; image_repeat=&#8221;no-repeat&#8221;]<div class=\"custom_font_holder  \" style=\"font-family: LATO; font-size: 20px; line-height: 23px; font-style: normal; font-weight: 400; text-decoration: none; text-transform: none; text-align: center\" data-font-size=20 data-line-height=23 ><div  ><p style=\"text-align: justify\">Se llevar\u00e1 a cabo la Mediaci\u00f3n o Facilitaci\u00f3n en l\u00ednea y en caso de llegar a un acuerdo con la otra parte, quedar\u00e1 plasmado en un convenio o acuerdo reparatorio. En las materias civil, mercantil o familiar, el convenio tiene el efecto equivalente a una sentencia definitiva.<\/p>\n<\/div><\/div>[\/vc_column][\/vc_row][vc_row row_type=&#8221;row&#8221; use_row_as_full_screen_section=&#8221;no&#8221; type=&#8221;full_width&#8221; oblique_section=&#8221;no&#8221; text_align=&#8221;left&#8221; Overflow=&#8221;&#8221; triangle_shape=&#8221;no&#8221; background_color=&#8221;#f7f7f7&#8243; css_animation=&#8221;&#8221; overflow=&#8221;&#8221;][vc_column][vc_empty_space height=&#8221;40px&#8221; image_repeat=&#8221;no-repeat&#8221;][\/vc_column][\/vc_row][vc_row row_type=&#8221;row&#8221; use_row_as_full_screen_section=&#8221;no&#8221; type=&#8221;full_width&#8221; oblique_section=&#8221;no&#8221; text_align=&#8221;left&#8221; Overflow=&#8221;&#8221; triangle_shape=&#8221;no&#8221; css_animation=&#8221;&#8221; overflow=&#8221;&#8221;][vc_column][vc_row_inner row_type=&#8221;row&#8221; type=&#8221;grid&#8221; use_row_as_full_screen_section_slide=&#8221;no&#8221; text_align=&#8221;left&#8221; css_animation=&#8221;&#8221;][vc_column_inner][vc_empty_space height=&#8221;30px&#8221; image_repeat=&#8221;no-repeat&#8221;]<div class=\"custom_font_holder  \" style=\"font-family: LATO; font-size: 25px; line-height: 27px; font-style: normal; font-weight: 800; text-decoration: none; text-transform: none; text-align: left\" data-font-size=25 data-line-height=27 ><div  ><p>\u00bfQu\u00e9 necesito?<\/p>\n<\/div><\/div>[vc_empty_space height=&#8221;30px&#8221; image_repeat=&#8221;no-repeat&#8221;][\/vc_column_inner][\/vc_row_inner][\/vc_column][\/vc_row][vc_row row_type=&#8221;row&#8221; use_row_as_full_screen_section=&#8221;no&#8221; type=&#8221;grid&#8221; oblique_section=&#8221;no&#8221; text_align=&#8221;left&#8221; Overflow=&#8221;&#8221; triangle_shape=&#8221;no&#8221; css_animation=&#8221;&#8221; overflow=&#8221;&#8221;][vc_column css_animation=&#8221;fadeInDown&#8221; width=&#8221;1\/3&#8243;][vc_single_image image=&#8221;18463&#8243; alignment=&#8221;center&#8221; mkd_css_animation=&#8221;&#8221; set_shader=&#8221;no&#8221; set_popup=&#8221;no&#8221; animate_image_on_hover=&#8221;no&#8221;][vc_empty_space height=&#8221;15px&#8221; image_repeat=&#8221;no-repeat&#8221;]<div class=\"custom_font_holder  \" style=\"font-family: LATO; font-size: 19px; line-height: 22px; font-style: normal; font-weight: 400; text-decoration: none; text-transform: none; text-align: center\" data-font-size=19 data-line-height=22 ><div  ><p>Identificaci\u00f3n Oficial Original.<\/p>\n<\/div><\/div>[\/vc_column][vc_column css_animation=&#8221;fadeInDown&#8221; width=&#8221;1\/3&#8243;][vc_single_image image=&#8221;18462&#8243; alignment=&#8221;center&#8221; mkd_css_animation=&#8221;&#8221; set_shader=&#8221;no&#8221; set_popup=&#8221;no&#8221; animate_image_on_hover=&#8221;no&#8221;][vc_empty_space height=&#8221;15px&#8221; image_repeat=&#8221;no-repeat&#8221;]<div class=\"custom_font_holder  \" style=\"font-family: LATO; font-size: 19px; line-height: 22px; font-style: normal; font-weight: 400; text-decoration: none; text-transform: none; text-align: center\" data-font-size=19 data-line-height=22 ><div  ><p><span style=\"font-weight: 400\">Equipo de c\u00f3mputo, <\/span><span style=\"font-weight: 400\">con videoc\u00e1mara, audio<\/span><span style=\"font-weight: 400\"> y contar<\/span><span style=\"font-weight: 400\"> con servicio de internet.<\/span><\/p>\n<\/div><\/div>[\/vc_column][vc_column css_animation=&#8221;fadeInDown&#8221; width=&#8221;1\/3&#8243;][vc_single_image image=&#8221;18464&#8243; alignment=&#8221;center&#8221; mkd_css_animation=&#8221;&#8221; set_shader=&#8221;no&#8221; set_popup=&#8221;no&#8221; animate_image_on_hover=&#8221;no&#8221;][vc_empty_space height=&#8221;15px&#8221; image_repeat=&#8221;no-repeat&#8221;]<div class=\"custom_font_holder  \" style=\"font-family: LATO; font-size: 19px; line-height: 22px; font-style: normal; font-weight: 400; text-decoration: none; text-transform: none; text-align: center\" data-font-size=19 data-line-height=22 ><div  ><p><span style=\"font-weight: 400\">Datos de localizaci\u00f3n electr\u00f3nicos de la otra parte involucrada en el conflicto, <\/span><span style=\"font-weight: 400\">tales como correo electr\u00f3nico y n\u00fameros telef\u00f3nicos local y m\u00f3vil<\/span><span style=\"font-weight: 400\">.<\/span><\/p>\n<\/div><\/div>[\/vc_column][\/vc_row][vc_row row_type=&#8221;row&#8221; use_row_as_full_screen_section=&#8221;no&#8221; type=&#8221;full_width&#8221; oblique_section=&#8221;no&#8221; text_align=&#8221;left&#8221; Overflow=&#8221;&#8221; triangle_shape=&#8221;no&#8221; css_animation=&#8221;&#8221; overflow=&#8221;&#8221;][vc_column][vc_empty_space height=&#8221;40px&#8221; image_repeat=&#8221;no-repeat&#8221;][\/vc_column][\/vc_row][vc_row row_type=&#8221;row&#8221; use_row_as_full_screen_section=&#8221;no&#8221; type=&#8221;full_width&#8221; oblique_section=&#8221;no&#8221; text_align=&#8221;left&#8221; Overflow=&#8221;&#8221; triangle_shape=&#8221;no&#8221; background_color=&#8221;#f7f7f7&#8243; css_animation=&#8221;&#8221; overflow=&#8221;&#8221;][vc_column][vc_empty_space image_repeat=&#8221;no-repeat&#8221;][\/vc_column][\/vc_row]<\/p>\n","protected":false},"excerpt":{"rendered":"<p>[vc_row row_type=&#8221;row&#8221; use_row_as_full_screen_section=&#8221;no&#8221; type=&#8221;full_width&#8221; oblique_section=&#8221;no&#8221; text_align=&#8221;left&#8221; Overflow=&#8221;&#8221; triangle_shape=&#8221;no&#8221; background_image=&#8221;18437&#8243; css_animation=&#8221;element_from_right&#8221; overflow=&#8221;&#8221;][vc_column][vc_row_inner row_type=&#8221;row&#8221; type=&#8221;grid&#8221; use_row_as_full_screen_section_slide=&#8221;no&#8221; text_align=&#8221;left&#8221; css_animation=&#8221;&#8221;][vc_column_inner][vc_empty_space height=&#8221;62px&#8221; image_repeat=&#8221;no-repeat&#8221;][vc_empty_space height=&#8221;62px&#8221; image_repeat=&#8221;no-repeat&#8221;][\/vc_column_inner][\/vc_row_inner][\/vc_column][\/vc_row][vc_row row_type=&#8221;row&#8221; use_row_as_full_screen_section=&#8221;no&#8221; type=&#8221;full_width&#8221; oblique_section=&#8221;no&#8221; text_align=&#8221;left&#8221; Overflow=&#8221;&#8221; triangle_shape=&#8221;no&#8221; css_animation=&#8221;&#8221; overflow=&#8221;&#8221;][vc_column][vc_empty_space height=&#8221;62px&#8221; image_repeat=&#8221;no-repeat&#8221;][vc_row_inner row_type=&#8221;row&#8221; type=&#8221;grid&#8221; use_row_as_full_screen_section_slide=&#8221;no&#8221; text_align=&#8221;left&#8221; css_animation=&#8221;element_from_left&#8221;][vc_column_inner width=&#8221;1\/2&#8243;][vc_single_image image=&#8221;18525&#8243; img_size=&#8221;full&#8221; mkd_css_animation=&#8221;&#8221; set_shader=&#8221;no&#8221; set_popup=&#8221;no&#8221; animate_image_on_hover=&#8221;no&#8221;][\/vc_column_inner][vc_column_inner width=&#8221;1\/2&#8243; css=&#8221;.vc_custom_1590608785493{border-right-width:&#8230;<\/p>\n","protected":false},"author":19,"featured_media":0,"parent":0,"menu_order":0,"comment_status":"closed","ping_status":"closed","template":"full_width.php","meta":{"footnotes":""},"class_list":["post-18431","page","type-page","status-publish","hentry"],"_links":{"self":[{"href":"https:\/\/www.poderjudicialcdmx.gob.mx\/cja\/wp-json\/wp\/v2\/pages\/18431"}],"collection":[{"href":"https:\/\/www.poderjudicialcdmx.gob.mx\/cja\/wp-json\/wp\/v2\/pages"}],"about":[{"href":"https:\/\/www.poderjudicialcdmx.gob.mx\/cja\/wp-json\/wp\/v2\/types\/page"}],"author":[{"embeddable":true,"href":"https:\/\/www.poderjudicialcdmx.gob.mx\/cja\/wp-json\/wp\/v2\/users\/19"}],"replies":[{"embeddable":true,"href":"https:\/\/www.poderjudicialcdmx.gob.mx\/cja\/wp-json\/wp\/v2\/comments?post=18431"}],"version-history":[{"count":37,"href":"https:\/\/www.poderjudicialcdmx.gob.mx\/cja\/wp-json\/wp\/v2\/pages\/18431\/revisions"}],"predecessor-version":[{"id":18949,"href":"https:\/\/www.poderjudicialcdmx.gob.mx\/cja\/wp-json\/wp\/v2\/pages\/18431\/revisions\/18949"}],"wp:attachment":[{"href":"https:\/\/www.poderjudicialcdmx.gob.mx\/cja\/wp-json\/wp\/v2\/media?parent=18431"}],"curies":[{"name":"wp","href":"https:\/\/api.w.org\/{rel}","templated":true}]}}