{"id":17622,"date":"2025-03-13T19:20:25","date_gmt":"2025-03-13T19:20:25","guid":{"rendered":"http:\/\/www.poderjudicialcdmx.gob.mx\/estadistica\/?page_id=17622"},"modified":"2025-03-13T19:20:25","modified_gmt":"2025-03-13T19:20:25","slug":"justicia-penal","status":"publish","type":"page","link":"https:\/\/www.poderjudicialcdmx.gob.mx\/estadistica\/justicia-penal\/","title":{"rendered":"Justicia penal"},"content":{"rendered":"<p>[vc_row row_type=\u00bbrow\u00bb use_row_as_full_screen_section=\u00bbno\u00bb type=\u00bbfull_width\u00bb oblique_section=\u00bbno\u00bb text_align=\u00bbcenter\u00bb Overflow=\u00bb\u00bb triangle_shape=\u00bbno\u00bb background_image=\u00bb18845&#8243; padding_top=\u00bb150&#8243; padding_bottom=\u00bb50&#8243; css_animation=\u00bb\u00bb overflow=\u00bb\u00bb box_shadow_on_row=\u00bbno\u00bb el_id=\u00bbimagen_cabeza\u00bb][vc_column][vc_separator type=\u00bbtransparent\u00bb up=\u00bb100&#8243; up_style=\u00bbpx\u00bb down=\u00bb0&#8243; down_style=\u00bbpx\u00bb][\/vc_column][\/vc_row][vc_row row_type=\u00bbrow\u00bb use_row_as_full_screen_section=\u00bbno\u00bb type=\u00bbgrid\u00bb oblique_section=\u00bbno\u00bb text_align=\u00bbcenter\u00bb Overflow=\u00bb\u00bb triangle_shape=\u00bbno\u00bb padding_top=\u00bb50&#8243; padding_bottom=\u00bb25&#8243; css_animation=\u00bb\u00bb overflow=\u00bb\u00bb box_shadow_on_row=\u00bbno\u00bb el_id=\u00bbnombre_indicador\u00bb][vc_column][vc_column_text]<\/p>\n<h1 style=\"text-align: center\"><span style=\"color: #923844\"><strong>Justicia penal<\/strong><\/span><\/h1>\n<p>[\/vc_column_text][\/vc_column][\/vc_row][vc_row row_type=\u00bbrow\u00bb use_row_as_full_screen_section=\u00bbno\u00bb type=\u00bbgrid\u00bb oblique_section=\u00bbno\u00bb text_align=\u00bbcenter\u00bb Overflow=\u00bb\u00bb triangle_shape=\u00bbno\u00bb padding_top=\u00bb50&#8243; padding_bottom=\u00bb25&#8243; css_animation=\u00bb\u00bb overflow=\u00bb\u00bb box_shadow_on_row=\u00bbno\u00bb el_id=\u00bbsubtitulo_1&#8243;][vc_column][vc_column_text]<\/p>\n<h3 style=\"text-align: center\"><span style=\"color: #923844\"><strong>Promedio de a\u00f1os de sentencia con pena privativa de la libertad impuesta por las y los jueces de juzgados penales y de delitos no graves del sistema tradicional del TSJCDMX, seg\u00fan principales delitos y sexo de la persona sentenciada, 2023<\/strong><\/span><\/h3>\n<p>[\/vc_column_text][vc_separator type=\u00bbtransparent\u00bb up_style=\u00bbpx\u00bb down=\u00bb0&#8243; down_style=\u00bbpx\u00bb][\/vc_column][\/vc_row][vc_row row_type=\u00bbrow\u00bb use_row_as_full_screen_section=\u00bbno\u00bb type=\u00bbfull_width\u00bb oblique_section=\u00bbno\u00bb text_align=\u00bbleft\u00bb Overflow=\u00bb\u00bb triangle_shape=\u00bbno\u00bb css_animation=\u00bb\u00bb overflow=\u00bb\u00bb el_id=\u00bbgrafica_1&#8243;][vc_column][vc_single_image image=\u00bb22374&#8243; img_size=\u00bbfull\u00bb alignment=\u00bbcenter\u00bb onclick=\u00bblink_image\u00bb mkd_css_animation=\u00bb\u00bb set_shader=\u00bbno\u00bb set_popup=\u00bbno\u00bb animate_image_on_hover=\u00bbno\u00bb][vc_separator type=\u00bbtransparent\u00bb thickness=\u00bb50&#8243; up_style=\u00bbpx\u00bb down=\u00bb0&#8243; down_style=\u00bbpx\u00bb][\/vc_column][\/vc_row][vc_row row_type=\u00bbrow\u00bb use_row_as_full_screen_section=\u00bbno\u00bb type=\u00bbgrid\u00bb oblique_section=\u00bbno\u00bb text_align=\u00bbleft\u00bb Overflow=\u00bb\u00bb triangle_shape=\u00bbno\u00bb css_animation=\u00bb\u00bb overflow=\u00bb\u00bb el_id=\u00bbmetadatos_formula_1&#8243;][vc_column width=\u00bb1\/2&#8243;][no_accordion active_tab=\u00bbfalse\u00bb collapsible=\u00bbyes\u00bb style=\u00bbboxed_accordion\u00bb hide_icon=\u00bbyes\u00bb title_alignment=\u00bbcenter\u00bb][no_accordion_section title=\u00bbMetadatos\u00bb title_color=\u00bb#651420&#8243; mark_icon_color_hover=\u00bb#ffffff\u00bb background_color=\u00bb#d9a3a1&#8243; title_tag=\u00bbh2&#8243;][vc_column_text]<\/p>\n<p style=\"text-align: left\"><span style=\"color: #000000\"><strong>Fuente:<\/strong> Direcci\u00f3n de Estad\u00edstica de la Presidencia, con informaci\u00f3n de juzgados penales y de delitos no graves, todos del TSJCDMX.<\/span><br \/>\n<span style=\"color: #000000\"><strong>Periodicidad:<\/strong> Anual.<\/span><br \/>\n<span style=\"color: #000000\"><strong>Cobertura:<\/strong> Ciudad de M\u00e9xico.<\/span><br \/>\n<span style=\"color: #000000\"><strong>Unidad de observaci\u00f3n:<\/strong> Promedio de a\u00f1os de sentencias condenatorias con pena privativa de la libertad.<\/span><br \/>\n<span style=\"color: #000000\"><strong>Desagregaci\u00f3n:<\/strong> Delito y sexo.<\/span><br \/>\n<span style=\"color: #000000\"><strong>Periodo de reporte:<\/strong> 2023.<\/span><br \/>\n<span style=\"color: #000000\"><strong>Notas:<\/strong> El promedio de tiempo de sentencia se obtiene de la suma de todos los tiempos de sentencia emitidos en el a\u00f1o, divididos entre el n\u00famero anual de sentencias.<br \/>\nPara este indicador s\u00f3lo se tomaron en cuenta las sentencias condenatorias con pena privativa de libertad impuestas a las personas que fueron procesadas por un solo delito. Se presentan \u00fanicamente aquellos delitos en los cuales se cuenta con sentencias con pena privativa de la libertad dictadas tanto a hombres como a mujeres. Este universo represent\u00f3 el 58.2% del total de las sentencias condenatorias con pena privativa de la libertad dictadas en juzgados penales y penales de delitos no graves durante 2023.<\/span><\/p>\n<p>[\/vc_column_text][vc_separator type=\u00bbtransparent\u00bb up_style=\u00bbpx\u00bb down_style=\u00bbpx\u00bb][vc_column_text]<\/p>\n<p style=\"text-align: left\"><span style=\"color: #000000\"><a style=\"color: #000000\" href=\"https:\/\/www.poderjudicialcdmx.gob.mx\/estadistica\/wp-content\/uploads\/4.1_JP_24.xlsx\" target=\"_blank\" rel=\"noopener noreferrer\"><strong>Ver documento Excel<\/strong><\/a><\/span><\/p>\n<p>[\/vc_column_text][\/no_accordion_section][\/no_accordion][\/vc_column][vc_column width=\u00bb1\/2&#8243;][no_accordion active_tab=\u00bbfalse\u00bb collapsible=\u00bbyes\u00bb style=\u00bbboxed_accordion\u00bb hide_icon=\u00bbyes\u00bb title_alignment=\u00bbcenter\u00bb][no_accordion_section title=\u00bbF\u00d3RMULA\u00bb title_color=\u00bb#651420&#8243; mark_icon_color_hover=\u00bb#ffffff\u00bb background_color=\u00bb#d9a3a1&#8243; title_tag=\u00bbh2&#8243;][vc_column_text]<\/p>\n<p style=\"text-align: left\"><img loading=\"lazy\" decoding=\"async\" class=\"alignnone wp-image-17629 aligncenter\" src=\"http:\/\/www.poderjudicialcdmx.gob.mx\/estadistica\/wp-content\/uploads\/1.Promedio-sentencias.png\" alt=\"\" width=\"101\" height=\"93\" \/><\/p>\n<p>[\/vc_column_text][vc_column_text]<\/p>\n<p style=\"text-align: left\"><span style=\"color: #000000\"><strong>Donde:<\/strong><\/span><br \/>\n<span style=\"color: #000000\"><strong>PS =<\/strong> Promedio de tiempo de sentencia.<\/span><\/p>\n<p style=\"text-align: left\"><span style=\"color: #000000\"><img loading=\"lazy\" decoding=\"async\" class=\"alignnone wp-image-17631\" src=\"http:\/\/www.poderjudicialcdmx.gob.mx\/estadistica\/wp-content\/uploads\/Promedio.png\" alt=\"\" width=\"52\" height=\"63\" \/><strong>=<\/strong> Suma de todos los tiempos de sentencia desde el t = 1 hasta t = n.<\/span><\/p>\n<p style=\"text-align: left\"><span style=\"color: #000000\"><strong>NS =<\/strong> N\u00famero de sentencias.<\/span><\/p>\n<p>[\/vc_column_text][\/no_accordion_section][\/no_accordion][\/vc_column][\/vc_row][vc_row row_type=\u00bbrow\u00bb use_row_as_full_screen_section=\u00bbno\u00bb type=\u00bbgrid\u00bb oblique_section=\u00bbno\u00bb text_align=\u00bbleft\u00bb Overflow=\u00bb\u00bb triangle_shape=\u00bbno\u00bb css_animation=\u00bb\u00bb overflow=\u00bb\u00bb el_id=\u00bbsubtitulo_2&#8243;][vc_column][vc_separator type=\u00bbtransparent\u00bb thickness=\u00bb100&#8243; up_style=\u00bbpx\u00bb down_style=\u00bbpx\u00bb][vc_column_text]<\/p>\n<h3 style=\"text-align: center\"><span style=\"color: #923844\"><strong>Promedio de a\u00f1os de sentencia con pena privativa de la libertad impuesta por las y los jueces de las Unidades de Gesti\u00f3n Judicial del TSJCDMX, seg\u00fan principales delitos y sexo de la persona sentenciada, 2023<\/strong><\/span><\/h3>\n<p>[\/vc_column_text][vc_separator type=\u00bbtransparent\u00bb up_style=\u00bbpx\u00bb down=\u00bb0&#8243; down_style=\u00bbpx\u00bb][\/vc_column][\/vc_row][vc_row row_type=\u00bbrow\u00bb use_row_as_full_screen_section=\u00bbno\u00bb type=\u00bbfull_width\u00bb oblique_section=\u00bbno\u00bb text_align=\u00bbleft\u00bb Overflow=\u00bb\u00bb triangle_shape=\u00bbno\u00bb css_animation=\u00bb\u00bb overflow=\u00bb\u00bb el_id=\u00bbgrafica_2&#8243;][vc_column][vc_single_image image=\u00bb22375&#8243; img_size=\u00bbfull\u00bb alignment=\u00bbcenter\u00bb onclick=\u00bblink_image\u00bb mkd_css_animation=\u00bb\u00bb set_shader=\u00bbno\u00bb set_popup=\u00bbno\u00bb animate_image_on_hover=\u00bbno\u00bb][vc_single_image image=\u00bb22376&#8243; img_size=\u00bbfull\u00bb alignment=\u00bbcenter\u00bb onclick=\u00bblink_image\u00bb mkd_css_animation=\u00bb\u00bb set_shader=\u00bbno\u00bb set_popup=\u00bbno\u00bb animate_image_on_hover=\u00bbno\u00bb][vc_separator type=\u00bbtransparent\u00bb thickness=\u00bb50&#8243; up_style=\u00bbpx\u00bb down=\u00bb0&#8243; down_style=\u00bbpx\u00bb][\/vc_column][\/vc_row][vc_row row_type=\u00bbrow\u00bb use_row_as_full_screen_section=\u00bbno\u00bb type=\u00bbgrid\u00bb oblique_section=\u00bbno\u00bb text_align=\u00bbleft\u00bb Overflow=\u00bb\u00bb triangle_shape=\u00bbno\u00bb css_animation=\u00bb\u00bb overflow=\u00bb\u00bb el_id=\u00bbmetadatos_formula_2&#8243;][vc_column width=\u00bb1\/2&#8243;][no_accordion active_tab=\u00bbfalse\u00bb collapsible=\u00bbyes\u00bb style=\u00bbboxed_accordion\u00bb hide_icon=\u00bbyes\u00bb title_alignment=\u00bbcenter\u00bb][no_accordion_section title=\u00bbMetadatos\u00bb title_color=\u00bb#651420&#8243; mark_icon_color_hover=\u00bb#ffffff\u00bb background_color=\u00bb#d9a3a1&#8243; title_tag=\u00bbh2&#8243;][vc_column_text]<\/p>\n<p style=\"text-align: left\"><span style=\"color: #000000\"><strong>Fuente:<\/strong> Direcci\u00f3n de Estad\u00edstica de la Presidencia, con informaci\u00f3n de las unidades de gesti\u00f3n judicial [Materia Penal Oral], todas del TSJCDMX.<\/span><br \/>\n<span style=\"color: #000000\"><strong>Periodicidad:<\/strong> Anual.<\/span><br \/>\n<span style=\"color: #000000\"><strong>Cobertura:<\/strong> Ciudad de M\u00e9xico.<\/span><br \/>\n<span style=\"color: #000000\"><strong>Unidad de observaci\u00f3n:<\/strong> Promedio de a\u00f1os de sentencias condenatorias.<\/span><br \/>\n<span style=\"color: #000000\"><strong>Desagregaci\u00f3n:<\/strong> Delito, sexo y tipo de juicio.<\/span><br \/>\n<span style=\"color: #000000\"><strong>Periodo de reporte:<\/strong> 2023.<\/span><br \/>\n<span style=\"color: #000000\"><strong>Notas:<\/strong> El promedio de tiempo de sentencia se obtiene de la suma de todos los tiempos de sentencia emitidos en el a\u00f1o por tipo de delito, divididos entre el n\u00famero anual de sentencias por tipo de delito.<br \/>\nPara este indicador solo se tomaron en cuenta las sentencias condenatorias con pena privativa de libertad impuestas a las personas que fueron procesadas por un solo delito. Este universo represent\u00f3 el 54.8% del total de las sentencias condenatorias con pena privativa de la libertad dictadas en las Unidades de Gesti\u00f3n Judicial durante 2023.<\/span><\/p>\n<p>[\/vc_column_text][vc_separator type=\u00bbtransparent\u00bb up_style=\u00bbpx\u00bb down_style=\u00bbpx\u00bb][vc_column_text]<\/p>\n<p style=\"text-align: left\"><span style=\"color: #000000\"><a style=\"color: #000000\" href=\"https:\/\/www.poderjudicialcdmx.gob.mx\/estadistica\/wp-content\/uploads\/4.2_JP_24.xlsx\" target=\"_blank\" rel=\"noopener noreferrer\"><strong>Ver documento Excel<\/strong><\/a><\/span><\/p>\n<p>[\/vc_column_text][\/no_accordion_section][\/no_accordion][\/vc_column][vc_column width=\u00bb1\/2&#8243;][no_accordion active_tab=\u00bbfalse\u00bb collapsible=\u00bbyes\u00bb style=\u00bbboxed_accordion\u00bb hide_icon=\u00bbyes\u00bb title_alignment=\u00bbcenter\u00bb][no_accordion_section title=\u00bbF\u00d3RMULA\u00bb title_color=\u00bb#651420&#8243; mark_icon_color_hover=\u00bb#ffffff\u00bb background_color=\u00bb#d9a3a1&#8243; title_tag=\u00bbh2&#8243;][vc_column_text]<img loading=\"lazy\" decoding=\"async\" class=\"wp-image-17629 aligncenter\" src=\"http:\/\/www.poderjudicialcdmx.gob.mx\/estadistica\/wp-content\/uploads\/1.Promedio-sentencias.png\" alt=\"\" width=\"119\" height=\"110\" \/><\/p>\n<p style=\"text-align: left\"><span style=\"color: #000000\"><strong>Donde:<br \/>\nPS = <\/strong>Promedio de tiempo de sentencia.<strong><br \/>\n<img loading=\"lazy\" decoding=\"async\" class=\"alignnone wp-image-17631\" src=\"http:\/\/www.poderjudicialcdmx.gob.mx\/estadistica\/wp-content\/uploads\/Promedio.png\" alt=\"\" width=\"51\" height=\"61\" \/><\/strong><strong>=<\/strong> Suma de todos los tiempos de sentencia desde el t = 1 hasta t = n.<\/span><\/p>\n<p style=\"text-align: left\"><span style=\"color: #000000\"><strong>NS = <\/strong>N\u00famero de sentencias.<\/span><\/p>\n<p>[\/vc_column_text][\/no_accordion_section][\/no_accordion][\/vc_column][\/vc_row][vc_row row_type=\u00bbrow\u00bb use_row_as_full_screen_section=\u00bbno\u00bb type=\u00bbgrid\u00bb oblique_section=\u00bbno\u00bb text_align=\u00bbleft\u00bb Overflow=\u00bb\u00bb triangle_shape=\u00bbno\u00bb css_animation=\u00bb\u00bb overflow=\u00bb\u00bb el_id=\u00bbsubtitulo_5&#8243;][vc_column][vc_separator type=\u00bbtransparent\u00bb thickness=\u00bb100&#8243; up_style=\u00bbpx\u00bb down_style=\u00bbpx\u00bb][vc_column_text]<\/p>\n<h3 style=\"text-align: center\"><span style=\"color: #923844\"><strong>Promedio de a\u00f1os de sentencia con pena privativa de la libertad impuesta por las y los jueces de las Unidades de Gesti\u00f3n Judicial del TSJCDMX, seg\u00fan principales modalidades del delito de robo y sexo de la persona sentenciada, 2023<\/strong><\/span><\/h3>\n<p>[\/vc_column_text][vc_separator type=\u00bbtransparent\u00bb up_style=\u00bbpx\u00bb down=\u00bb0&#8243; down_style=\u00bbpx\u00bb][\/vc_column][\/vc_row][vc_row row_type=\u00bbrow\u00bb use_row_as_full_screen_section=\u00bbno\u00bb type=\u00bbfull_width\u00bb oblique_section=\u00bbno\u00bb text_align=\u00bbleft\u00bb Overflow=\u00bb\u00bb triangle_shape=\u00bbno\u00bb css_animation=\u00bb\u00bb overflow=\u00bb\u00bb el_id=\u00bbgrafica_5&#8243;][vc_column][vc_single_image image=\u00bb22377&#8243; img_size=\u00bbfull\u00bb alignment=\u00bbcenter\u00bb onclick=\u00bblink_image\u00bb mkd_css_animation=\u00bb\u00bb set_shader=\u00bbno\u00bb set_popup=\u00bbno\u00bb animate_image_on_hover=\u00bbno\u00bb][vc_separator type=\u00bbtransparent\u00bb thickness=\u00bb50&#8243; up_style=\u00bbpx\u00bb down=\u00bb0&#8243; down_style=\u00bbpx\u00bb][\/vc_column][\/vc_row][vc_row row_type=\u00bbrow\u00bb use_row_as_full_screen_section=\u00bbno\u00bb type=\u00bbgrid\u00bb oblique_section=\u00bbno\u00bb text_align=\u00bbleft\u00bb Overflow=\u00bb\u00bb triangle_shape=\u00bbno\u00bb css_animation=\u00bb\u00bb overflow=\u00bb\u00bb el_id=\u00bbmetadatos_formula_5&#8243;][vc_column width=\u00bb1\/2&#8243;][no_accordion active_tab=\u00bbfalse\u00bb collapsible=\u00bbyes\u00bb style=\u00bbboxed_accordion\u00bb hide_icon=\u00bbyes\u00bb title_alignment=\u00bbcenter\u00bb][no_accordion_section title=\u00bbMetadatos\u00bb title_color=\u00bb#651420&#8243; mark_icon_color_hover=\u00bb#ffffff\u00bb background_color=\u00bb#d9a3a1&#8243; title_tag=\u00bbh2&#8243;][vc_column_text]<\/p>\n<p style=\"text-align: left\"><span style=\"color: #000000\"><strong>Fuente:<\/strong> Direcci\u00f3n de Estad\u00edstica de la Presidencia, con informaci\u00f3n de las unidades de gesti\u00f3n judicial [Materia Penal Oral], todas del TSJCDMX.<\/span><br \/>\n<span style=\"color: #000000\"><strong>Periodicidad:<\/strong> Anual.<\/span><br \/>\n<span style=\"color: #000000\"><strong>Cobertura:<\/strong> Ciudad de M\u00e9xico.<\/span><br \/>\n<span style=\"color: #000000\"><strong>Unidad de observaci\u00f3n:<\/strong> Promedio de a\u00f1os de sentencias condenatorias.<\/span><br \/>\n<span style=\"color: #000000\"><strong>Desagregaci\u00f3n:<\/strong> Delito, sexo y tipo de juicio.<\/span><br \/>\n<span style=\"color: #000000\"><strong>Periodo de reporte:<\/strong> 2023.<\/span><br \/>\n<span style=\"color: #000000\"><strong>Notas:<\/strong> El promedio de tiempo de sentencia se obtiene de la suma de todos los tiempos de sentencia por tipo de delito emitidos en el a\u00f1o, divididos entre el n\u00famero anual de sentencias por tipo de delito en el periodo.<br \/>\nPara este indicador s\u00f3lo se tomaron en cuenta las sentencias condenatorias con pena privativa de libertad impuestas a las personas que fueron procesadas por un solo delito, este universo represent\u00f3 el 69.4% del total de sentencias condenatorias con pena privativa de la libertad por los delitos de robo dictadas en Unidades de Gesti\u00f3n Judicial.<\/span><\/p>\n<p>[\/vc_column_text][vc_separator type=\u00bbtransparent\u00bb up_style=\u00bbpx\u00bb down_style=\u00bbpx\u00bb][vc_column_text]<\/p>\n<p style=\"text-align: left\"><span style=\"color: #000000\"><a style=\"color: #000000\" href=\"https:\/\/www.poderjudicialcdmx.gob.mx\/estadistica\/wp-content\/uploads\/4.3_JP_24.xlsx\" target=\"_blank\" rel=\"noopener noreferrer\"><strong>Ver documento Excel<\/strong><\/a><\/span><\/p>\n<p>[\/vc_column_text][\/no_accordion_section][\/no_accordion][\/vc_column][vc_column width=\u00bb1\/2&#8243;][no_accordion active_tab=\u00bbfalse\u00bb collapsible=\u00bbyes\u00bb style=\u00bbboxed_accordion\u00bb hide_icon=\u00bbyes\u00bb title_alignment=\u00bbcenter\u00bb][no_accordion_section title=\u00bbF\u00d3RMULA\u00bb title_color=\u00bb#651420&#8243; mark_icon_color_hover=\u00bb#ffffff\u00bb background_color=\u00bb#d9a3a1&#8243; title_tag=\u00bbh2&#8243;][vc_column_text]<img loading=\"lazy\" decoding=\"async\" class=\"wp-image-17629 aligncenter\" src=\"http:\/\/www.poderjudicialcdmx.gob.mx\/estadistica\/wp-content\/uploads\/1.Promedio-sentencias.png\" alt=\"\" width=\"117\" height=\"108\" \/>[\/vc_column_text][vc_separator type=\u00bbtransparent\u00bb thickness=\u00bb10&#8243; up_style=\u00bbpx\u00bb down=\u00bb0&#8243; down_style=\u00bbpx\u00bb][vc_column_text]<\/p>\n<p style=\"text-align: left\"><span style=\"color: #000000\"><strong>Donde:<br \/>\nPS = <\/strong>Promedio de tiempo de sentencia.<strong><br \/>\n<img loading=\"lazy\" decoding=\"async\" class=\"alignnone size-full wp-image-17631\" src=\"http:\/\/www.poderjudicialcdmx.gob.mx\/estadistica\/wp-content\/uploads\/Promedio.png\" alt=\"\" width=\"56\" height=\"67\" \/>=<\/strong> Suma de todos los tiempos de sentencia desde el t = 1 hasta t = n.<\/span><\/p>\n<p style=\"text-align: left\"><span style=\"color: #000000\"><strong>NS =<\/strong>N\u00famero de sentencias.<\/span><\/p>\n<p>[\/vc_column_text][\/no_accordion_section][\/no_accordion][\/vc_column][\/vc_row][vc_row row_type=\u00bbrow\u00bb use_row_as_full_screen_section=\u00bbno\u00bb type=\u00bbgrid\u00bb oblique_section=\u00bbno\u00bb text_align=\u00bbleft\u00bb Overflow=\u00bb\u00bb triangle_shape=\u00bbno\u00bb css_animation=\u00bb\u00bb overflow=\u00bb\u00bb][vc_column][vc_separator type=\u00bbtransparent\u00bb thickness=\u00bb100&#8243; up_style=\u00bbpx\u00bb down_style=\u00bbpx\u00bb][vc_column_text]<\/p>\n<h3 style=\"text-align: center\"><span style=\"color: #923844\"><strong>N\u00famero y distribuci\u00f3n porcentual del estado psicof\u00edsico en que se encontraban las personas que recibieron vinculaci\u00f3n a proceso al momento en el que supuestamente cometieron conductas delictivas seg\u00fan sexo, 2023<\/strong><\/span><\/h3>\n<p>[\/vc_column_text][vc_separator type=\u00bbtransparent\u00bb up_style=\u00bbpx\u00bb down=\u00bb0&#8243; down_style=\u00bbpx\u00bb][\/vc_column][\/vc_row][vc_row row_type=\u00bbrow\u00bb use_row_as_full_screen_section=\u00bbno\u00bb type=\u00bbfull_width\u00bb oblique_section=\u00bbno\u00bb text_align=\u00bbleft\u00bb Overflow=\u00bb\u00bb triangle_shape=\u00bbno\u00bb css_animation=\u00bb\u00bb overflow=\u00bb\u00bb][vc_column][vc_single_image image=\u00bb22378&#8243; img_size=\u00bbfull\u00bb alignment=\u00bbcenter\u00bb onclick=\u00bblink_image\u00bb mkd_css_animation=\u00bb\u00bb set_shader=\u00bbno\u00bb set_popup=\u00bbno\u00bb animate_image_on_hover=\u00bbno\u00bb][vc_separator type=\u00bbtransparent\u00bb thickness=\u00bb50&#8243; up_style=\u00bbpx\u00bb down=\u00bb0&#8243; down_style=\u00bbpx\u00bb][\/vc_column][\/vc_row][vc_row row_type=\u00bbrow\u00bb use_row_as_full_screen_section=\u00bbno\u00bb type=\u00bbgrid\u00bb oblique_section=\u00bbno\u00bb text_align=\u00bbleft\u00bb Overflow=\u00bb\u00bb triangle_shape=\u00bbno\u00bb css_animation=\u00bb\u00bb overflow=\u00bb\u00bb][vc_column width=\u00bb1\/2&#8243;][no_accordion active_tab=\u00bbfalse\u00bb collapsible=\u00bbyes\u00bb style=\u00bbboxed_accordion\u00bb hide_icon=\u00bbyes\u00bb title_alignment=\u00bbcenter\u00bb][no_accordion_section title=\u00bbMetadatos\u00bb title_color=\u00bb#651420&#8243; mark_icon_color_hover=\u00bb#ffffff\u00bb background_color=\u00bb#d9a3a1&#8243; title_tag=\u00bbh2&#8243;][vc_column_text]<\/p>\n<p style=\"text-align: left\"><span style=\"color: #000000\"><strong>Fuente:<\/strong> Direcci\u00f3n de Estad\u00edstica de la Presidencia, con informaci\u00f3n de las Unidades de Gesti\u00f3n Judicial [materia Penal Oral], todas del TSJCDMX.<\/span><br \/>\n<span style=\"color: #000000\"><strong>Periodicidad:<\/strong> Mensual.<\/span><br \/>\n<span style=\"color: #000000\"><strong>Cobertura:<\/strong> Ciudad de M\u00e9xico.<\/span><br \/>\n<span style=\"color: #000000\"><strong>Unidad de observaci\u00f3n:<\/strong> Personas que recibieron vinculaci\u00f3n a proceso.<\/span><br \/>\n<span style=\"color: #000000\"><strong>Desagregaci\u00f3n:<\/strong> Estado psicof\u00edsico en que se encontraban las personas procesadas al momento en el que supuestamente cometieron conductas delictivas y sexo.<\/span><br \/>\n<span style=\"color: #000000\"><strong>Periodo de reporte:<\/strong> 2023.<\/span><br \/>\n<span style=\"color: #000000\"><strong>Notas:<\/strong> Se consideran las personas imputadas que llegaron a audiencia inicial y que recibieron vinculaci\u00f3n a proceso. Para la construcci\u00f3n de este indicador se consider\u00f3 el 26% de los casos judicializados en los cuales se cont\u00f3 con la informaci\u00f3n, en este sentido las cifras deber\u00e1n considerarse en t\u00e9rminos inferenciales.<br \/>\n*Casos en los que las personas procesadas se encontraban en estado tanto de ebriedad como de drogadicci\u00f3n.<\/span><\/p>\n<p>[\/vc_column_text][vc_separator type=\u00bbtransparent\u00bb up_style=\u00bbpx\u00bb down_style=\u00bbpx\u00bb][vc_column_text]<\/p>\n<p style=\"text-align: left\"><span style=\"color: #000000\"><a style=\"color: #000000\" href=\"https:\/\/www.poderjudicialcdmx.gob.mx\/estadistica\/wp-content\/uploads\/4.4_JP_24.xlsx\" target=\"_blank\" rel=\"noopener noreferrer\"><strong>Ver documento Excel<\/strong><\/a><\/span><\/p>\n<p>[\/vc_column_text][\/no_accordion_section][\/no_accordion][\/vc_column][vc_column width=\u00bb1\/2&#8243;][no_accordion active_tab=\u00bbfalse\u00bb collapsible=\u00bbyes\u00bb style=\u00bbboxed_accordion\u00bb hide_icon=\u00bbyes\u00bb title_alignment=\u00bbcenter\u00bb][no_accordion_section title=\u00bbF\u00d3RMULA\u00bb title_color=\u00bb#651420&#8243; mark_icon_color_hover=\u00bb#ffffff\u00bb background_color=\u00bb#d9a3a1&#8243; title_tag=\u00bbh2&#8243;][vc_column_text]<img loading=\"lazy\" decoding=\"async\" class=\"alignnone size-full wp-image-17632 aligncenter\" src=\"http:\/\/www.poderjudicialcdmx.gob.mx\/estadistica\/wp-content\/uploads\/Prorcentaje-estado-psico.png\" alt=\"\" width=\"213\" height=\"84\" \/>[\/vc_column_text][vc_separator type=\u00bbtransparent\u00bb thickness=\u00bb10&#8243; up_style=\u00bbpx\u00bb down=\u00bb0&#8243; down_style=\u00bbpx\u00bb][vc_column_text]<\/p>\n<p style=\"text-align: left\"><span style=\"color: #000000\"><strong>Donde:<br \/>\n<\/strong><strong>%Pf = <\/strong>Porcentaje de personas procesadas seg\u00fan el estado psicof\u00edsico en que se encontraban al supuestamente haber cometido un delito.<\/span><\/p>\n<p style=\"text-align: left\"><span style=\"color: #000000\"><strong><img loading=\"lazy\" decoding=\"async\" class=\"alignnone size-full wp-image-17630\" src=\"http:\/\/www.poderjudicialcdmx.gob.mx\/estadistica\/wp-content\/uploads\/Porcentaje-edopsico.png\" alt=\"\" width=\"37\" height=\"46\" \/>=<\/strong> N\u00famero de personas procesadas seg\u00fan estado psicof\u00edsico y sexo.<\/span><\/p>\n<p style=\"text-align: left\"><span style=\"color: #000000\"><strong>Te =<\/strong> N\u00famero total de personas que recibieron vinculaci\u00f3n a proceso seg\u00fan estado psicof\u00edsico<strong>.<\/strong><\/span><\/p>\n<p>[\/vc_column_text][\/no_accordion_section][\/no_accordion][\/vc_column][\/vc_row][vc_row row_type=\u00bbrow\u00bb use_row_as_full_screen_section=\u00bbno\u00bb type=\u00bbgrid\u00bb oblique_section=\u00bbno\u00bb text_align=\u00bbcenter\u00bb Overflow=\u00bb\u00bb triangle_shape=\u00bbno\u00bb padding_top=\u00bb50&#8243; padding_bottom=\u00bb25&#8243; css_animation=\u00bb\u00bb overflow=\u00bb\u00bb box_shadow_on_row=\u00bbno\u00bb][vc_column][vc_separator type=\u00bbtransparent\u00bb up=\u00bb18&#8243; up_style=\u00bbpx\u00bb down=\u00bb0&#8243; down_style=\u00bbpx\u00bb][\/vc_column][\/vc_row][vc_row row_type=\u00bbrow\u00bb use_row_as_full_screen_section=\u00bbno\u00bb type=\u00bbgrid\u00bb oblique_section=\u00bbno\u00bb text_align=\u00bbcenter\u00bb Overflow=\u00bb\u00bb triangle_shape=\u00bbno\u00bb padding_top=\u00bb50&#8243; padding_bottom=\u00bb25&#8243; css_animation=\u00bb\u00bb overflow=\u00bb\u00bb box_shadow_on_row=\u00bbno\u00bb][vc_column width=\u00bb1\/4&#8243;][\/vc_column][vc_column width=\u00bb1\/2&#8243;]<a href=\"http:\/\/www.poderjudicialcdmx.gob.mx\/estadistica\/\" target=\"_self\" data-hover-background-color=#d9a3a1 data-hover-border-color=#651420 data-hover-color=#651420  class=\"qbutton  icon_right\" style=\"color: #651420; border-color: #ffffff; background-color: #d9a3a1;\">Regresar al Micrositio de Estad\u00edstica<\/a>[\/vc_column][vc_column width=\u00bb1\/4&#8243;][\/vc_column][\/vc_row][vc_row row_type=\u00bbrow\u00bb use_row_as_full_screen_section=\u00bbno\u00bb type=\u00bbgrid\u00bb oblique_section=\u00bbno\u00bb text_align=\u00bbcenter\u00bb Overflow=\u00bb\u00bb triangle_shape=\u00bbno\u00bb padding_top=\u00bb50&#8243; padding_bottom=\u00bb25&#8243; css_animation=\u00bb\u00bb overflow=\u00bb\u00bb box_shadow_on_row=\u00bbno\u00bb][vc_column][vc_separator type=\u00bbtransparent\u00bb up=\u00bb18&#8243; up_style=\u00bbpx\u00bb down=\u00bb0&#8243; down_style=\u00bbpx\u00bb][\/vc_column][\/vc_row][vc_row row_type=\u00bbrow\u00bb use_row_as_full_screen_section=\u00bbno\u00bb type=\u00bbfull_width\u00bb oblique_section=\u00bbno\u00bb text_align=\u00bbleft\u00bb Overflow=\u00bb\u00bb triangle_shape=\u00bbno\u00bb css_animation=\u00bb\u00bb overflow=\u00bb\u00bb][vc_column][vc_empty_space height=\u00bb20px\u00bb image_repeat=\u00bbno-repeat\u00bb][\/vc_column][\/vc_row][vc_row row_type=\u00bbrow\u00bb use_row_as_full_screen_section=\u00bbno\u00bb type=\u00bbfull_width\u00bb oblique_section=\u00bbno\u00bb text_align=\u00bbleft\u00bb Overflow=\u00bb\u00bb triangle_shape=\u00bbno\u00bb css_animation=\u00bb\u00bb overflow=\u00bb\u00bb][vc_column][vc_column_text]<\/p>\n<p style=\"text-align: right\">\u00daltima fecha de actualizaci\u00f3n: octubre 2018.<\/p>\n<p>[\/vc_column_text][\/vc_column][\/vc_row][vc_row row_type=\u00bbrow\u00bb use_row_as_full_screen_section=\u00bbno\u00bb type=\u00bbfull_width\u00bb oblique_section=\u00bbno\u00bb text_align=\u00bbleft\u00bb Overflow=\u00bb\u00bb triangle_shape=\u00bbno\u00bb css_animation=\u00bb\u00bb overflow=\u00bb\u00bb][vc_column][vc_empty_space height=\u00bb20px\u00bb image_repeat=\u00bbno-repeat\u00bb][\/vc_column][\/vc_row]<\/p>\n","protected":false},"excerpt":{"rendered":"<p>[vc_row row_type=\u00bbrow\u00bb use_row_as_full_screen_section=\u00bbno\u00bb type=\u00bbfull_width\u00bb oblique_section=\u00bbno\u00bb text_align=\u00bbcenter\u00bb Overflow=\u00bb\u00bb triangle_shape=\u00bbno\u00bb background_image=\u00bb18845&#8243; padding_top=\u00bb150&#8243; padding_bottom=\u00bb50&#8243; css_animation=\u00bb\u00bb overflow=\u00bb\u00bb box_shadow_on_row=\u00bbno\u00bb el_id=\u00bbimagen_cabeza\u00bb][vc_column][vc_separator type=\u00bbtransparent\u00bb up=\u00bb100&#8243; up_style=\u00bbpx\u00bb down=\u00bb0&#8243; down_style=\u00bbpx\u00bb][\/vc_column][\/vc_row][vc_row row_type=\u00bbrow\u00bb use_row_as_full_screen_section=\u00bbno\u00bb type=\u00bbgrid\u00bb oblique_section=\u00bbno\u00bb text_align=\u00bbcenter\u00bb Overflow=\u00bb\u00bb triangle_shape=\u00bbno\u00bb padding_top=\u00bb50&#8243; padding_bottom=\u00bb25&#8243; css_animation=\u00bb\u00bb overflow=\u00bb\u00bb box_shadow_on_row=\u00bbno\u00bb el_id=\u00bbnombre_indicador\u00bb][vc_column][vc_column_text] Justicia penal [\/vc_column_text][\/vc_column][\/vc_row][vc_row row_type=\u00bbrow\u00bb use_row_as_full_screen_section=\u00bbno\u00bb type=\u00bbgrid\u00bb oblique_section=\u00bbno\u00bb text_align=\u00bbcenter\u00bb Overflow=\u00bb\u00bb triangle_shape=\u00bbno\u00bb padding_top=\u00bb50&#8243; padding_bottom=\u00bb25&#8243;&#8230;<\/p>\n","protected":false},"author":15,"featured_media":0,"parent":0,"menu_order":0,"comment_status":"closed","ping_status":"closed","template":"","meta":{"footnotes":""},"class_list":["post-17622","page","type-page","status-publish","hentry"],"_links":{"self":[{"href":"https:\/\/www.poderjudicialcdmx.gob.mx\/estadistica\/wp-json\/wp\/v2\/pages\/17622"}],"collection":[{"href":"https:\/\/www.poderjudicialcdmx.gob.mx\/estadistica\/wp-json\/wp\/v2\/pages"}],"about":[{"href":"https:\/\/www.poderjudicialcdmx.gob.mx\/estadistica\/wp-json\/wp\/v2\/types\/page"}],"author":[{"embeddable":true,"href":"https:\/\/www.poderjudicialcdmx.gob.mx\/estadistica\/wp-json\/wp\/v2\/users\/15"}],"replies":[{"embeddable":true,"href":"https:\/\/www.poderjudicialcdmx.gob.mx\/estadistica\/wp-json\/wp\/v2\/comments?post=17622"}],"version-history":[{"count":29,"href":"https:\/\/www.poderjudicialcdmx.gob.mx\/estadistica\/wp-json\/wp\/v2\/pages\/17622\/revisions"}],"predecessor-version":[{"id":22160,"href":"https:\/\/www.poderjudicialcdmx.gob.mx\/estadistica\/wp-json\/wp\/v2\/pages\/17622\/revisions\/22160"}],"wp:attachment":[{"href":"https:\/\/www.poderjudicialcdmx.gob.mx\/estadistica\/wp-json\/wp\/v2\/media?parent=17622"}],"curies":[{"name":"wp","href":"https:\/\/api.w.org\/{rel}","templated":true}]}}