{"id":18696,"date":"2025-03-13T19:26:06","date_gmt":"2025-03-13T19:26:06","guid":{"rendered":"https:\/\/www.poderjudicialcdmx.gob.mx\/estadistica\/?page_id=18696"},"modified":"2025-03-13T19:26:06","modified_gmt":"2025-03-13T19:26:06","slug":"victimas_penales","status":"publish","type":"page","link":"https:\/\/www.poderjudicialcdmx.gob.mx\/estadistica\/victimas_penales\/","title":{"rendered":"V\u00edctimas en procesos penales"},"content":{"rendered":"<p>[vc_row row_type=\u00bbrow\u00bb use_row_as_full_screen_section=\u00bbno\u00bb type=\u00bbfull_width\u00bb oblique_section=\u00bbno\u00bb text_align=\u00bbcenter\u00bb Overflow=\u00bb\u00bb triangle_shape=\u00bbno\u00bb background_image=\u00bb18845&#8243; padding_top=\u00bb150&#8243; padding_bottom=\u00bb50&#8243; css_animation=\u00bb\u00bb overflow=\u00bb\u00bb box_shadow_on_row=\u00bbno\u00bb el_id=\u00bbimagen_cabeza\u00bb][vc_column][vc_separator type=\u00bbtransparent\u00bb up=\u00bb100&#8243; up_style=\u00bbpx\u00bb down=\u00bb0&#8243; down_style=\u00bbpx\u00bb][\/vc_column][\/vc_row][vc_row row_type=\u00bbrow\u00bb use_row_as_full_screen_section=\u00bbno\u00bb type=\u00bbgrid\u00bb oblique_section=\u00bbno\u00bb text_align=\u00bbcenter\u00bb Overflow=\u00bb\u00bb triangle_shape=\u00bbno\u00bb padding_top=\u00bb50&#8243; padding_bottom=\u00bb25&#8243; css_animation=\u00bb\u00bb overflow=\u00bb\u00bb box_shadow_on_row=\u00bbno\u00bb el_id=\u00bbnombre_indicador\u00bb][vc_column][vc_column_text]<\/p>\n<h1 style=\"text-align: center\"><span style=\"color: #923844\">V\u00edctimas en procesos penales<\/span><\/h1>\n<p>[\/vc_column_text][\/vc_column][\/vc_row][vc_row row_type=\u00bbrow\u00bb use_row_as_full_screen_section=\u00bbno\u00bb type=\u00bbgrid\u00bb oblique_section=\u00bbno\u00bb text_align=\u00bbcenter\u00bb Overflow=\u00bb\u00bb triangle_shape=\u00bbno\u00bb padding_top=\u00bb50&#8243; padding_bottom=\u00bb25&#8243; css_animation=\u00bb\u00bb overflow=\u00bb\u00bb box_shadow_on_row=\u00bbno\u00bb el_id=\u00bbsubtitulo_1&#8243;][vc_column][vc_column_text]<\/p>\n<h3 style=\"text-align: center\"><span style=\"color: #923844\">N\u00famero y distribuci\u00f3n porcentual de presuntas v\u00edctimas en procesos de la materia Penal y de Delitos no Graves, seg\u00fan sexo, 2019-2023<\/span><\/h3>\n<p>[\/vc_column_text][vc_separator type=\u00bbtransparent\u00bb up_style=\u00bbpx\u00bb down=\u00bb0&#8243; down_style=\u00bbpx\u00bb][\/vc_column][\/vc_row][vc_row row_type=\u00bbrow\u00bb use_row_as_full_screen_section=\u00bbno\u00bb type=\u00bbfull_width\u00bb oblique_section=\u00bbno\u00bb text_align=\u00bbleft\u00bb Overflow=\u00bb\u00bb triangle_shape=\u00bbno\u00bb css_animation=\u00bb\u00bb overflow=\u00bb\u00bb el_id=\u00bbgrafica_1&#8243;][vc_column][vc_single_image image=\u00bb22382&#8243; img_size=\u00bbfull\u00bb alignment=\u00bbcenter\u00bb onclick=\u00bblink_image\u00bb mkd_css_animation=\u00bb\u00bb set_shader=\u00bbno\u00bb set_popup=\u00bbno\u00bb animate_image_on_hover=\u00bbno\u00bb][vc_separator type=\u00bbtransparent\u00bb up_style=\u00bbpx\u00bb down=\u00bb0&#8243; down_style=\u00bbpx\u00bb][vc_separator type=\u00bbtransparent\u00bb up_style=\u00bbpx\u00bb down=\u00bb0&#8243; down_style=\u00bbpx\u00bb][\/vc_column][\/vc_row][vc_row row_type=\u00bbrow\u00bb use_row_as_full_screen_section=\u00bbno\u00bb type=\u00bbgrid\u00bb oblique_section=\u00bbno\u00bb text_align=\u00bbleft\u00bb Overflow=\u00bb\u00bb triangle_shape=\u00bbno\u00bb css_animation=\u00bb\u00bb overflow=\u00bb\u00bb el_id=\u00bbmetadatos_formula_1&#8243;][vc_column width=\u00bb1\/2&#8243;][no_accordion active_tab=\u00bbfalse\u00bb collapsible=\u00bbyes\u00bb style=\u00bbboxed_accordion\u00bb hide_icon=\u00bbyes\u00bb title_alignment=\u00bbcenter\u00bb][no_accordion_section title=\u00bbMetadatos\u00bb title_color=\u00bb#651420&#8243; mark_icon_color_hover=\u00bb#ffffff\u00bb background_color=\u00bb#d9a3a1&#8243; title_tag=\u00bbh2&#8243;][vc_column_text]<\/p>\n<p style=\"text-align: left\"><span style=\"color: #000000\"><strong>Fuente:<\/strong> Direcci\u00f3n de Estad\u00edstica de la Presidencia, con informaci\u00f3n de juzgados penales y de delitos no graves, todos del TSJCDMX.<\/span><br \/>\n<span style=\"color: #000000\"><strong>Periodicidad:<\/strong> Mensual.<\/span><br \/>\n<span style=\"color: #000000\"><strong>Cobertura:<\/strong> Ciudad de M\u00e9xico.<\/span><br \/>\n<span style=\"color: #000000\"><strong>Unidad de observaci\u00f3n:<\/strong> Presuntas v\u00edctimas en procesos penales y de delitos no graves.<\/span><br \/>\n<span style=\"color: #000000\"><strong>Periodo de reporte:<\/strong> 2019-2023.<\/span><br \/>\n<span style=\"color: #000000\"><strong>Notas:<\/strong> Para la construcci\u00f3n de este indicador, en 2019 se consider\u00f3 el 99% de los casos en los que se cont\u00f3 con la informaci\u00f3n, 78% para 2020; el 59% para 2021; para 2022 hubo 16 casos no incluidos: 10 donde la v\u00edctima fue la sociedad, 3 personas morales y 3 en los que no se cont\u00f3 con el dato del sexo de la v\u00edctima. Para 2023 se cont\u00f3 con el 80.4% de la informaci\u00f3n.<\/span><\/p>\n<p>[\/vc_column_text][vc_separator type=\u00bbtransparent\u00bb up_style=\u00bbpx\u00bb down_style=\u00bbpx\u00bb][vc_column_text]<\/p>\n<p style=\"text-align: left\"><span style=\"color: #000000\"><a style=\"color: #000000\" href=\"https:\/\/www.poderjudicialcdmx.gob.mx\/estadistica\/wp-content\/uploads\/5.1_VPP_24.xlsx\" target=\"_blank\" rel=\"noopener noreferrer\"><strong>Ver documento Excel<\/strong><\/a><\/span><\/p>\n<p>[\/vc_column_text][\/no_accordion_section][\/no_accordion][\/vc_column][vc_column width=\u00bb1\/2&#8243;][no_accordion active_tab=\u00bbfalse\u00bb collapsible=\u00bbyes\u00bb style=\u00bbboxed_accordion\u00bb hide_icon=\u00bbyes\u00bb title_alignment=\u00bbcenter\u00bb][no_accordion_section title=\u00bbF\u00d3RMULA\u00bb title_color=\u00bb#651420&#8243; mark_icon_color_hover=\u00bb#ffffff\u00bb background_color=\u00bb#d9a3a1&#8243; title_tag=\u00bbh2&#8243;][vc_column_text]<\/p>\n<p style=\"text-align: left\"><span style=\"color: #000000\"><strong><img loading=\"lazy\" decoding=\"async\" class=\"size-full wp-image-19145 aligncenter\" src=\"https:\/\/www.poderjudicialcdmx.gob.mx\/estadistica\/wp-content\/uploads\/HMTV-e1583434939525.png\" alt=\"\" width=\"185\" height=\"74\" \/><\/strong><\/span><\/p>\n<p style=\"text-align: left\"><span style=\"color: #000000\"><strong>Donde:<br \/>\n%V = <\/strong>Porcentaje de personas presuntas v\u00edctimas de delitos, por sexo. <strong><br \/>\nHM = <\/strong>N\u00famero de hombres y mujeres presuntas v\u00edctimas de delitos. <strong><br \/>\nTV = <\/strong>N\u00famero total de personas presuntas v\u00edctimas.<\/span><strong><br \/>\n<\/strong><\/p>\n<p>[\/vc_column_text][\/no_accordion_section][\/no_accordion][\/vc_column][\/vc_row][vc_row row_type=\u00bbrow\u00bb use_row_as_full_screen_section=\u00bbno\u00bb type=\u00bbgrid\u00bb oblique_section=\u00bbno\u00bb text_align=\u00bbcenter\u00bb Overflow=\u00bb\u00bb triangle_shape=\u00bbno\u00bb padding_top=\u00bb50&#8243; padding_bottom=\u00bb25&#8243; css_animation=\u00bb\u00bb overflow=\u00bb\u00bb box_shadow_on_row=\u00bbno\u00bb][vc_column][vc_separator type=\u00bbtransparent\u00bb up=\u00bb18&#8243; up_style=\u00bbpx\u00bb down=\u00bb0&#8243; down_style=\u00bbpx\u00bb][\/vc_column][\/vc_row][vc_row row_type=\u00bbrow\u00bb use_row_as_full_screen_section=\u00bbno\u00bb type=\u00bbgrid\u00bb oblique_section=\u00bbno\u00bb text_align=\u00bbcenter\u00bb Overflow=\u00bb\u00bb triangle_shape=\u00bbno\u00bb padding_top=\u00bb50&#8243; padding_bottom=\u00bb25&#8243; css_animation=\u00bb\u00bb overflow=\u00bb\u00bb box_shadow_on_row=\u00bbno\u00bb][vc_column][vc_column_text]<\/p>\n<h3 style=\"text-align: center\"><span style=\"color: #923844\">N\u00famero y distribuci\u00f3n porcentual de las personas presuntas v\u00edctimas u ofendidas en procesos del Sistema Procesal Penal Acusatorio, seg\u00fan sexo, 2019-2023<\/span><\/h3>\n<p>[\/vc_column_text][vc_separator type=\u00bbtransparent\u00bb up_style=\u00bbpx\u00bb down=\u00bb0&#8243; down_style=\u00bbpx\u00bb][\/vc_column][\/vc_row][vc_row row_type=\u00bbrow\u00bb use_row_as_full_screen_section=\u00bbno\u00bb type=\u00bbfull_width\u00bb oblique_section=\u00bbno\u00bb text_align=\u00bbleft\u00bb Overflow=\u00bb\u00bb triangle_shape=\u00bbno\u00bb css_animation=\u00bb\u00bb overflow=\u00bb\u00bb][vc_column][vc_single_image image=\u00bb22383&#8243; img_size=\u00bbfull\u00bb alignment=\u00bbcenter\u00bb onclick=\u00bblink_image\u00bb mkd_css_animation=\u00bb\u00bb set_shader=\u00bbno\u00bb set_popup=\u00bbno\u00bb animate_image_on_hover=\u00bbno\u00bb][vc_separator type=\u00bbtransparent\u00bb up_style=\u00bbpx\u00bb down=\u00bb0&#8243; down_style=\u00bbpx\u00bb][vc_separator type=\u00bbtransparent\u00bb up_style=\u00bbpx\u00bb down=\u00bb0&#8243; down_style=\u00bbpx\u00bb][\/vc_column][\/vc_row][vc_row row_type=\u00bbrow\u00bb use_row_as_full_screen_section=\u00bbno\u00bb type=\u00bbgrid\u00bb oblique_section=\u00bbno\u00bb text_align=\u00bbleft\u00bb Overflow=\u00bb\u00bb triangle_shape=\u00bbno\u00bb css_animation=\u00bb\u00bb overflow=\u00bb\u00bb][vc_column width=\u00bb1\/2&#8243;][no_accordion active_tab=\u00bbfalse\u00bb collapsible=\u00bbyes\u00bb style=\u00bbboxed_accordion\u00bb hide_icon=\u00bbyes\u00bb title_alignment=\u00bbcenter\u00bb][no_accordion_section title=\u00bbMetadatos\u00bb title_color=\u00bb#651420&#8243; mark_icon_color_hover=\u00bb#ffffff\u00bb background_color=\u00bb#d9a3a1&#8243; title_tag=\u00bbh2&#8243;][vc_column_text]<\/p>\n<p style=\"text-align: left\"><span style=\"color: #000000\"><strong>Fuente:<\/strong> Direcci\u00f3n de Estad\u00edstica de la Presidencia, con informaci\u00f3n de las Unidades de Gesti\u00f3n Judicial [materia Penal Oral], todas del TSJCDMX.<\/span><br \/>\n<span style=\"color: #000000\"><strong>Periodicidad:<\/strong> Mensual.<\/span><br \/>\n<span style=\"color: #000000\"><strong>Cobertura:<\/strong> Ciudad de M\u00e9xico.<\/span><br \/>\n<span style=\"color: #000000\"><strong>Unidad de observaci\u00f3n:<\/strong> Presuntas v\u00edctimas u ofendidos en procesos penales orales.<\/span><br \/>\n<span style=\"color: #000000\"><strong>Periodo de reporte:<\/strong> 2019-2023.<\/span><br \/>\n<span style=\"color: #000000\"><strong>Notas:<\/strong> Para la construcci\u00f3n de este indicador, en 2019, se consider\u00f3 el 94% de los casos en los que se cont\u00f3 con la informaci\u00f3n, dicho porcentaje para 2020 fue de 95%, en 2021 y 2022 fue de 97% y para 2023 el porcentaje fue de 83.2%.<\/span><\/p>\n<p>[\/vc_column_text][vc_separator type=\u00bbtransparent\u00bb up_style=\u00bbpx\u00bb down_style=\u00bbpx\u00bb][vc_column_text]<\/p>\n<p style=\"text-align: left\"><span style=\"color: #000000\"><a style=\"color: #000000\" href=\"https:\/\/www.poderjudicialcdmx.gob.mx\/estadistica\/wp-content\/uploads\/5.2_VPP_24.xlsx\" target=\"_blank\" rel=\"noopener noreferrer\"><strong>Ver documento Excel<\/strong><\/a><\/span><\/p>\n<p>[\/vc_column_text][\/no_accordion_section][\/no_accordion][\/vc_column][vc_column width=\u00bb1\/2&#8243;][no_accordion active_tab=\u00bbfalse\u00bb collapsible=\u00bbyes\u00bb style=\u00bbboxed_accordion\u00bb hide_icon=\u00bbyes\u00bb title_alignment=\u00bbcenter\u00bb][no_accordion_section title=\u00bbF\u00d3RMULA\u00bb title_color=\u00bb#651420&#8243; mark_icon_color_hover=\u00bb#ffffff\u00bb background_color=\u00bb#d9a3a1&#8243; title_tag=\u00bbh2&#8243;][vc_column_text]<\/p>\n<p style=\"text-align: left\"><span style=\"color: #000000\"><strong><img loading=\"lazy\" decoding=\"async\" class=\"size-full wp-image-19145 aligncenter\" src=\"https:\/\/www.poderjudicialcdmx.gob.mx\/estadistica\/wp-content\/uploads\/HMTV-e1583434939525.png\" alt=\"\" width=\"185\" height=\"74\" \/><\/strong><\/span><\/p>\n<p style=\"text-align: left\"><span style=\"color: #000000\"><strong>Donde:<br \/>\n<\/strong><strong>%V =<\/strong> Porcentaje de personas presuntas v\u00edctimas u ofendidos de delitos, por sexo. <strong><br \/>\nHM = <\/strong>N\u00famero de hombres y mujeres presuntas v\u00edctimas u ofendidos de delitos. <strong><br \/>\nTV = <\/strong>N\u00famero total de personas presuntas v\u00edctimas u ofendidos.<\/span><\/p>\n<p>[\/vc_column_text][\/no_accordion_section][\/no_accordion][\/vc_column][\/vc_row][vc_row row_type=\u00bbrow\u00bb use_row_as_full_screen_section=\u00bbno\u00bb type=\u00bbgrid\u00bb oblique_section=\u00bbno\u00bb text_align=\u00bbcenter\u00bb Overflow=\u00bb\u00bb triangle_shape=\u00bbno\u00bb padding_top=\u00bb50&#8243; padding_bottom=\u00bb25&#8243; css_animation=\u00bb\u00bb overflow=\u00bb\u00bb box_shadow_on_row=\u00bbno\u00bb][vc_column][vc_separator type=\u00bbtransparent\u00bb up=\u00bb18&#8243; up_style=\u00bbpx\u00bb down=\u00bb0&#8243; down_style=\u00bbpx\u00bb][\/vc_column][\/vc_row][vc_row row_type=\u00bbrow\u00bb use_row_as_full_screen_section=\u00bbno\u00bb type=\u00bbgrid\u00bb oblique_section=\u00bbno\u00bb text_align=\u00bbcenter\u00bb Overflow=\u00bb\u00bb triangle_shape=\u00bbno\u00bb padding_top=\u00bb50&#8243; padding_bottom=\u00bb25&#8243; css_animation=\u00bb\u00bb overflow=\u00bb\u00bb box_shadow_on_row=\u00bbno\u00bb][vc_column][vc_column_text]<\/p>\n<h3 style=\"text-align: center\"><span style=\"color: #923844\">N\u00famero y distribuci\u00f3n porcentual de presuntos delitos en procesos de la materia Penal y de Delitos no Graves, en los que estuvieron involucradas mujeres y hombres como v\u00edctimas, 2019-2023<\/span><\/h3>\n<p>[\/vc_column_text][vc_separator type=\u00bbtransparent\u00bb up_style=\u00bbpx\u00bb down=\u00bb0&#8243; down_style=\u00bbpx\u00bb][\/vc_column][\/vc_row][vc_row row_type=\u00bbrow\u00bb use_row_as_full_screen_section=\u00bbno\u00bb type=\u00bbfull_width\u00bb oblique_section=\u00bbno\u00bb text_align=\u00bbleft\u00bb Overflow=\u00bb\u00bb triangle_shape=\u00bbno\u00bb css_animation=\u00bb\u00bb overflow=\u00bb\u00bb][vc_column][vc_single_image image=\u00bb22384&#8243; img_size=\u00bbfull\u00bb alignment=\u00bbcenter\u00bb onclick=\u00bblink_image\u00bb mkd_css_animation=\u00bb\u00bb set_shader=\u00bbno\u00bb set_popup=\u00bbno\u00bb animate_image_on_hover=\u00bbno\u00bb][vc_separator type=\u00bbtransparent\u00bb up_style=\u00bbpx\u00bb down=\u00bb0&#8243; down_style=\u00bbpx\u00bb][vc_separator type=\u00bbtransparent\u00bb up_style=\u00bbpx\u00bb down=\u00bb0&#8243; down_style=\u00bbpx\u00bb][\/vc_column][\/vc_row][vc_row row_type=\u00bbrow\u00bb use_row_as_full_screen_section=\u00bbno\u00bb type=\u00bbgrid\u00bb oblique_section=\u00bbno\u00bb text_align=\u00bbleft\u00bb Overflow=\u00bb\u00bb triangle_shape=\u00bbno\u00bb css_animation=\u00bb\u00bb overflow=\u00bb\u00bb][vc_column width=\u00bb1\/2&#8243;][no_accordion active_tab=\u00bbfalse\u00bb collapsible=\u00bbyes\u00bb style=\u00bbboxed_accordion\u00bb hide_icon=\u00bbyes\u00bb title_alignment=\u00bbcenter\u00bb][no_accordion_section title=\u00bbMetadatos\u00bb title_color=\u00bb#651420&#8243; mark_icon_color_hover=\u00bb#ffffff\u00bb background_color=\u00bb#d9a3a1&#8243; title_tag=\u00bbh2&#8243;][vc_column_text]<\/p>\n<p style=\"text-align: left\"><span style=\"color: #000000\"><strong>Fuente:<\/strong> Direcci\u00f3n de Estad\u00edstica de la Presidencia, con informaci\u00f3n de juzgados penales y de delitos no graves, todos del TSJCDMX.<\/span><br \/>\n<span style=\"color: #000000\"><strong>Periodicidad:<\/strong> Mensual.<\/span><br \/>\n<span style=\"color: #000000\"><strong>Cobertura:<\/strong> Ciudad de M\u00e9xico.<\/span><br \/>\n<span style=\"color: #000000\"><strong>Unidad de observaci\u00f3n:<\/strong> Presuntos delitos en los que estuvieron involucradas\/os mujeres y hombres como v\u00edctimas.<\/span><br \/>\n<span style=\"color: #000000\"><strong>Periodo de reporte:<\/strong> 2019-2023.<\/span><br \/>\n<span style=\"color: #000000\"><strong>Notas:<\/strong> Una persona pudo ser v\u00edctima de uno o m\u00e1s delitos. El delito de robo en transporte p\u00fablico incluye: microb\u00fas, cami\u00f3n, taxi y metro.<\/span><\/p>\n<p>[\/vc_column_text][vc_separator type=\u00bbtransparent\u00bb up_style=\u00bbpx\u00bb down_style=\u00bbpx\u00bb][vc_column_text]<\/p>\n<p style=\"text-align: left\"><span style=\"color: #000000\"><a style=\"color: #000000\" href=\"https:\/\/www.poderjudicialcdmx.gob.mx\/estadistica\/wp-content\/uploads\/5.3_VPP_24.xlsx\" target=\"_blank\" rel=\"noopener noreferrer\"><strong>Ver documento Excel<\/strong><\/a><\/span><\/p>\n<p>[\/vc_column_text][\/no_accordion_section][\/no_accordion][\/vc_column][vc_column width=\u00bb1\/2&#8243;][no_accordion active_tab=\u00bbfalse\u00bb collapsible=\u00bbyes\u00bb style=\u00bbboxed_accordion\u00bb hide_icon=\u00bbyes\u00bb title_alignment=\u00bbcenter\u00bb][no_accordion_section title=\u00bbF\u00d3RMULA\u00bb title_color=\u00bb#651420&#8243; mark_icon_color_hover=\u00bb#ffffff\u00bb background_color=\u00bb#d9a3a1&#8243; title_tag=\u00bbh2&#8243;][vc_column_text]<\/p>\n<p style=\"text-align: left\"><strong><img loading=\"lazy\" decoding=\"async\" class=\" wp-image-19147 aligncenter\" src=\"https:\/\/www.poderjudicialcdmx.gob.mx\/estadistica\/wp-content\/uploads\/HMTD-300x120.png\" alt=\"\" width=\"183\" height=\"73\" \/><\/strong><\/p>\n<p style=\"text-align: left\"><span style=\"color: #000000\"><strong>Donde:<br \/>\n<\/strong><strong>%VD = <\/strong>Porcentaje de delitos cometidos en los que estuvieron involucrados como v\u00edctimas hombres y mujeres.<strong><br \/>\nHM = <\/strong>N\u00famero de delitos por tipo, en los que estuvieron involucrados como v\u00edctimas, hombres o mujeres.<strong><br \/>\nTD = <\/strong>Total de delitos cometidos por tipo. <\/span><strong><br \/>\n<\/strong><\/p>\n<p>[\/vc_column_text][\/no_accordion_section][\/no_accordion][\/vc_column][\/vc_row][vc_row row_type=\u00bbrow\u00bb use_row_as_full_screen_section=\u00bbno\u00bb type=\u00bbgrid\u00bb oblique_section=\u00bbno\u00bb text_align=\u00bbcenter\u00bb Overflow=\u00bb\u00bb triangle_shape=\u00bbno\u00bb padding_top=\u00bb50&#8243; padding_bottom=\u00bb25&#8243; css_animation=\u00bb\u00bb overflow=\u00bb\u00bb box_shadow_on_row=\u00bbno\u00bb][vc_column][vc_separator type=\u00bbtransparent\u00bb up=\u00bb18&#8243; up_style=\u00bbpx\u00bb down=\u00bb0&#8243; down_style=\u00bbpx\u00bb][\/vc_column][\/vc_row][vc_row row_type=\u00bbrow\u00bb use_row_as_full_screen_section=\u00bbno\u00bb type=\u00bbgrid\u00bb oblique_section=\u00bbno\u00bb text_align=\u00bbcenter\u00bb Overflow=\u00bb\u00bb triangle_shape=\u00bbno\u00bb padding_top=\u00bb50&#8243; padding_bottom=\u00bb25&#8243; css_animation=\u00bb\u00bb overflow=\u00bb\u00bb box_shadow_on_row=\u00bbno\u00bb][vc_column][vc_column_text]<\/p>\n<h3 style=\"text-align: center\"><span style=\"color: #923844\">N\u00famero y distribuci\u00f3n porcentual de presuntos delitos en procesos del Sistema Procesal Penal Acusatorio, en los que estuvieron involucradas mujeres y hombres como v\u00edctimas, 2019-2023<\/span><\/h3>\n<p>[\/vc_column_text][vc_separator type=\u00bbtransparent\u00bb up_style=\u00bbpx\u00bb down=\u00bb0&#8243; down_style=\u00bbpx\u00bb][\/vc_column][\/vc_row][vc_row row_type=\u00bbrow\u00bb use_row_as_full_screen_section=\u00bbno\u00bb type=\u00bbfull_width\u00bb oblique_section=\u00bbno\u00bb text_align=\u00bbleft\u00bb Overflow=\u00bb\u00bb triangle_shape=\u00bbno\u00bb css_animation=\u00bb\u00bb overflow=\u00bb\u00bb][vc_column][vc_single_image image=\u00bb22385&#8243; img_size=\u00bbfull\u00bb alignment=\u00bbcenter\u00bb onclick=\u00bblink_image\u00bb mkd_css_animation=\u00bb\u00bb set_shader=\u00bbno\u00bb set_popup=\u00bbno\u00bb animate_image_on_hover=\u00bbno\u00bb][vc_separator type=\u00bbtransparent\u00bb up_style=\u00bbpx\u00bb down=\u00bb0&#8243; down_style=\u00bbpx\u00bb][vc_separator type=\u00bbtransparent\u00bb up_style=\u00bbpx\u00bb down=\u00bb0&#8243; down_style=\u00bbpx\u00bb][\/vc_column][\/vc_row][vc_row row_type=\u00bbrow\u00bb use_row_as_full_screen_section=\u00bbno\u00bb type=\u00bbgrid\u00bb oblique_section=\u00bbno\u00bb text_align=\u00bbleft\u00bb Overflow=\u00bb\u00bb triangle_shape=\u00bbno\u00bb css_animation=\u00bb\u00bb overflow=\u00bb\u00bb][vc_column width=\u00bb1\/2&#8243;][no_accordion active_tab=\u00bbfalse\u00bb collapsible=\u00bbyes\u00bb style=\u00bbboxed_accordion\u00bb hide_icon=\u00bbyes\u00bb title_alignment=\u00bbcenter\u00bb][no_accordion_section title=\u00bbMetadatos\u00bb title_color=\u00bb#651420&#8243; mark_icon_color_hover=\u00bb#ffffff\u00bb background_color=\u00bb#d9a3a1&#8243; title_tag=\u00bbh2&#8243;][vc_column_text]<\/p>\n<p style=\"text-align: left\"><span style=\"color: #000000\"><strong>Fuente:<\/strong> Direcci\u00f3n de Estad\u00edstica de la Presidencia, con informaci\u00f3n de las Unidades de Gesti\u00f3n Judicial [materia Penal Oral], todas del TSJCDMX.<\/span><br \/>\n<span style=\"color: #000000\"><strong>Periodicidad:<\/strong> Mensual.<\/span><br \/>\n<span style=\"color: #000000\"><strong>Cobertura:<\/strong> Ciudad de M\u00e9xico.<\/span><br \/>\n<span style=\"color: #000000\"><strong>Unidad de observaci\u00f3n:<\/strong> Presuntos delitos en los que estuvieron involucradas\/os mujeres y hombres como v\u00edctimas.<\/span><br \/>\n<span style=\"color: #000000\"><strong>Periodo de reporte:<\/strong> 2019-2023<\/span><span style=\"color: #000000\">.<br \/>\n<strong>Notas: <\/strong>Para este indicador solo se tomaron en cuenta los presuntos delitos en los que estuvieron involucrados como v\u00edctimas, hombres y mujeres [personas f\u00edsicas] y que est\u00e1n relacionados con un solo delito. Para 2023, este universo represent\u00f3 el 62.8% del total de presuntos delitos en asuntos de nuevo ingreso en las Unidades de Gesti\u00f3n Judicial.<\/span><\/p>\n<p>[\/vc_column_text][vc_separator type=\u00bbtransparent\u00bb up_style=\u00bbpx\u00bb down_style=\u00bbpx\u00bb][vc_column_text]<\/p>\n<p style=\"text-align: left\"><span style=\"color: #000000\"><a style=\"color: #000000\" href=\"https:\/\/www.poderjudicialcdmx.gob.mx\/estadistica\/wp-content\/uploads\/5.4_VPP_24.xlsx\" target=\"_blank\" rel=\"noopener noreferrer\"><strong>Ver documento Excel<\/strong><\/a><\/span><\/p>\n<p>[\/vc_column_text][\/no_accordion_section][\/no_accordion][\/vc_column][vc_column width=\u00bb1\/2&#8243;][no_accordion active_tab=\u00bbfalse\u00bb collapsible=\u00bbyes\u00bb style=\u00bbboxed_accordion\u00bb hide_icon=\u00bbyes\u00bb title_alignment=\u00bbcenter\u00bb][no_accordion_section title=\u00bbF\u00d3RMULA\u00bb title_color=\u00bb#651420&#8243; mark_icon_color_hover=\u00bb#ffffff\u00bb background_color=\u00bb#d9a3a1&#8243; title_tag=\u00bbh2&#8243;][vc_column_text]<\/p>\n<p style=\"text-align: left\"><strong><img loading=\"lazy\" decoding=\"async\" class=\"size-full wp-image-19147 aligncenter\" src=\"https:\/\/www.poderjudicialcdmx.gob.mx\/estadistica\/wp-content\/uploads\/HMTD-e1583434896415.png\" alt=\"\" width=\"185\" height=\"74\" \/><\/strong><\/p>\n<p style=\"text-align: left\"><span style=\"color: #000000\"><strong>Donde:<br \/>\n%VD = <\/strong>Porcentaje de delitos cometidos en los que estuvieron involucrados como v\u00edctimas hombres y mujeres.<strong><br \/>\nHM = <\/strong>N\u00famero de delitos por tipo, en los que estuvieron involucrados como v\u00edctimas, hombres o mujeres. <strong><br \/>\nTD = <\/strong>Total de delitos cometidos por tipo.<\/span><strong><br \/>\n<\/strong><\/p>\n<p>[\/vc_column_text][\/no_accordion_section][\/no_accordion][\/vc_column][\/vc_row][vc_row row_type=\u00bbrow\u00bb use_row_as_full_screen_section=\u00bbno\u00bb type=\u00bbgrid\u00bb oblique_section=\u00bbno\u00bb text_align=\u00bbcenter\u00bb Overflow=\u00bb\u00bb triangle_shape=\u00bbno\u00bb padding_top=\u00bb50&#8243; padding_bottom=\u00bb25&#8243; css_animation=\u00bb\u00bb overflow=\u00bb\u00bb box_shadow_on_row=\u00bbno\u00bb][vc_column][vc_separator type=\u00bbtransparent\u00bb up=\u00bb18&#8243; up_style=\u00bbpx\u00bb down=\u00bb0&#8243; down_style=\u00bbpx\u00bb][\/vc_column][\/vc_row][vc_row row_type=\u00bbrow\u00bb use_row_as_full_screen_section=\u00bbno\u00bb type=\u00bbgrid\u00bb oblique_section=\u00bbno\u00bb text_align=\u00bbcenter\u00bb Overflow=\u00bb\u00bb triangle_shape=\u00bbno\u00bb padding_top=\u00bb50&#8243; padding_bottom=\u00bb25&#8243; css_animation=\u00bb\u00bb overflow=\u00bb\u00bb box_shadow_on_row=\u00bbno\u00bb][vc_column width=\u00bb1\/4&#8243;][\/vc_column][vc_column width=\u00bb1\/2&#8243;]<a href=\"http:\/\/www.poderjudicialcdmx.gob.mx\/estadistica\/\" target=\"_self\" data-hover-background-color=#d9a3a1 data-hover-border-color=#651420 data-hover-color=#651420  class=\"qbutton  icon_right\" style=\"color: #651420; border-color: #ffffff; background-color: #d9a3a1;\">Regresar al Micrositio de Estad\u00edstica<\/a>[\/vc_column][vc_column width=\u00bb1\/4&#8243;][\/vc_column][\/vc_row][vc_row row_type=\u00bbrow\u00bb use_row_as_full_screen_section=\u00bbno\u00bb type=\u00bbgrid\u00bb oblique_section=\u00bbno\u00bb text_align=\u00bbcenter\u00bb Overflow=\u00bb\u00bb triangle_shape=\u00bbno\u00bb padding_top=\u00bb50&#8243; padding_bottom=\u00bb25&#8243; css_animation=\u00bb\u00bb overflow=\u00bb\u00bb box_shadow_on_row=\u00bbno\u00bb][vc_column][vc_separator type=\u00bbtransparent\u00bb up=\u00bb18&#8243; up_style=\u00bbpx\u00bb down=\u00bb0&#8243; down_style=\u00bbpx\u00bb][\/vc_column][\/vc_row][vc_row row_type=\u00bbrow\u00bb use_row_as_full_screen_section=\u00bbno\u00bb type=\u00bbfull_width\u00bb oblique_section=\u00bbno\u00bb text_align=\u00bbleft\u00bb Overflow=\u00bb\u00bb triangle_shape=\u00bbno\u00bb css_animation=\u00bb\u00bb overflow=\u00bb\u00bb][vc_column][vc_empty_space height=\u00bb20px\u00bb image_repeat=\u00bbno-repeat\u00bb][\/vc_column][\/vc_row][vc_row row_type=\u00bbrow\u00bb use_row_as_full_screen_section=\u00bbno\u00bb type=\u00bbfull_width\u00bb oblique_section=\u00bbno\u00bb text_align=\u00bbleft\u00bb Overflow=\u00bb\u00bb triangle_shape=\u00bbno\u00bb css_animation=\u00bb\u00bb overflow=\u00bb\u00bb][vc_column][vc_column_text]<\/p>\n<p style=\"text-align: right\">\u00daltima fecha de actualizaci\u00f3n: marzo 2020.<\/p>\n<p>[\/vc_column_text][\/vc_column][\/vc_row][vc_row row_type=\u00bbrow\u00bb use_row_as_full_screen_section=\u00bbno\u00bb type=\u00bbfull_width\u00bb oblique_section=\u00bbno\u00bb text_align=\u00bbleft\u00bb Overflow=\u00bb\u00bb triangle_shape=\u00bbno\u00bb css_animation=\u00bb\u00bb overflow=\u00bb\u00bb][vc_column][vc_empty_space height=\u00bb20px\u00bb image_repeat=\u00bbno-repeat\u00bb][\/vc_column][\/vc_row]<\/p>\n","protected":false},"excerpt":{"rendered":"<p>[vc_row row_type=\u00bbrow\u00bb use_row_as_full_screen_section=\u00bbno\u00bb type=\u00bbfull_width\u00bb oblique_section=\u00bbno\u00bb text_align=\u00bbcenter\u00bb Overflow=\u00bb\u00bb triangle_shape=\u00bbno\u00bb background_image=\u00bb18845&#8243; padding_top=\u00bb150&#8243; padding_bottom=\u00bb50&#8243; css_animation=\u00bb\u00bb overflow=\u00bb\u00bb box_shadow_on_row=\u00bbno\u00bb el_id=\u00bbimagen_cabeza\u00bb][vc_column][vc_separator type=\u00bbtransparent\u00bb up=\u00bb100&#8243; up_style=\u00bbpx\u00bb down=\u00bb0&#8243; down_style=\u00bbpx\u00bb][\/vc_column][\/vc_row][vc_row row_type=\u00bbrow\u00bb use_row_as_full_screen_section=\u00bbno\u00bb type=\u00bbgrid\u00bb oblique_section=\u00bbno\u00bb text_align=\u00bbcenter\u00bb Overflow=\u00bb\u00bb triangle_shape=\u00bbno\u00bb padding_top=\u00bb50&#8243; padding_bottom=\u00bb25&#8243; css_animation=\u00bb\u00bb overflow=\u00bb\u00bb box_shadow_on_row=\u00bbno\u00bb el_id=\u00bbnombre_indicador\u00bb][vc_column][vc_column_text] V\u00edctimas en procesos penales [\/vc_column_text][\/vc_column][\/vc_row][vc_row row_type=\u00bbrow\u00bb use_row_as_full_screen_section=\u00bbno\u00bb type=\u00bbgrid\u00bb oblique_section=\u00bbno\u00bb text_align=\u00bbcenter\u00bb Overflow=\u00bb\u00bb triangle_shape=\u00bbno\u00bb&#8230;<\/p>\n","protected":false},"author":15,"featured_media":0,"parent":0,"menu_order":0,"comment_status":"closed","ping_status":"closed","template":"","meta":{"footnotes":""},"class_list":["post-18696","page","type-page","status-publish","hentry"],"_links":{"self":[{"href":"https:\/\/www.poderjudicialcdmx.gob.mx\/estadistica\/wp-json\/wp\/v2\/pages\/18696"}],"collection":[{"href":"https:\/\/www.poderjudicialcdmx.gob.mx\/estadistica\/wp-json\/wp\/v2\/pages"}],"about":[{"href":"https:\/\/www.poderjudicialcdmx.gob.mx\/estadistica\/wp-json\/wp\/v2\/types\/page"}],"author":[{"embeddable":true,"href":"https:\/\/www.poderjudicialcdmx.gob.mx\/estadistica\/wp-json\/wp\/v2\/users\/15"}],"replies":[{"embeddable":true,"href":"https:\/\/www.poderjudicialcdmx.gob.mx\/estadistica\/wp-json\/wp\/v2\/comments?post=18696"}],"version-history":[{"count":15,"href":"https:\/\/www.poderjudicialcdmx.gob.mx\/estadistica\/wp-json\/wp\/v2\/pages\/18696\/revisions"}],"predecessor-version":[{"id":22154,"href":"https:\/\/www.poderjudicialcdmx.gob.mx\/estadistica\/wp-json\/wp\/v2\/pages\/18696\/revisions\/22154"}],"wp:attachment":[{"href":"https:\/\/www.poderjudicialcdmx.gob.mx\/estadistica\/wp-json\/wp\/v2\/media?parent=18696"}],"curies":[{"name":"wp","href":"https:\/\/api.w.org\/{rel}","templated":true}]}}