{"id":18744,"date":"2025-03-13T20:02:26","date_gmt":"2025-03-13T20:02:26","guid":{"rendered":"https:\/\/www.poderjudicialcdmx.gob.mx\/estadistica\/?page_id=18744"},"modified":"2025-03-13T20:02:26","modified_gmt":"2025-03-13T20:02:26","slug":"indicadores_resultados","status":"publish","type":"page","link":"https:\/\/www.poderjudicialcdmx.gob.mx\/estadistica\/indicadores_resultados\/","title":{"rendered":"Indicadores de resultados"},"content":{"rendered":"<p>[vc_row row_type=\u00bbrow\u00bb use_row_as_full_screen_section=\u00bbno\u00bb type=\u00bbfull_width\u00bb oblique_section=\u00bbno\u00bb text_align=\u00bbcenter\u00bb Overflow=\u00bb\u00bb triangle_shape=\u00bbno\u00bb background_image=\u00bb18845&#8243; padding_top=\u00bb150&#8243; padding_bottom=\u00bb50&#8243; css_animation=\u00bb\u00bb overflow=\u00bb\u00bb box_shadow_on_row=\u00bbno\u00bb el_id=\u00bbimagen_cabeza\u00bb][vc_column][vc_separator type=\u00bbtransparent\u00bb up=\u00bb100&#8243; up_style=\u00bbpx\u00bb down=\u00bb0&#8243; down_style=\u00bbpx\u00bb][\/vc_column][\/vc_row][vc_row row_type=\u00bbrow\u00bb use_row_as_full_screen_section=\u00bbno\u00bb type=\u00bbgrid\u00bb oblique_section=\u00bbno\u00bb text_align=\u00bbcenter\u00bb Overflow=\u00bb\u00bb triangle_shape=\u00bbno\u00bb padding_top=\u00bb50&#8243; padding_bottom=\u00bb25&#8243; css_animation=\u00bbelement_from_fade\u00bb overflow=\u00bb\u00bb box_shadow_on_row=\u00bbno\u00bb el_id=\u00bbtexto_titulo\u00bb][vc_column][vc_separator type=\u00bbtransparent\u00bb up=\u00bb18&#8243; up_style=\u00bbpx\u00bb down=\u00bb0&#8243; down_style=\u00bbpx\u00bb][vc_column_text]<\/p>\n<h1 style=\"text-align: center\"><span style=\"color: #923844\">Indicadores de resultados<\/span><\/h1>\n<p>[\/vc_column_text][\/vc_column][\/vc_row][vc_row row_type=\u00bbrow\u00bb use_row_as_full_screen_section=\u00bbno\u00bb type=\u00bbgrid\u00bb oblique_section=\u00bbno\u00bb text_align=\u00bbcenter\u00bb Overflow=\u00bb\u00bb triangle_shape=\u00bbno\u00bb padding_top=\u00bb50&#8243; padding_bottom=\u00bb25&#8243; css_animation=\u00bb\u00bb overflow=\u00bb\u00bb box_shadow_on_row=\u00bbno\u00bb][vc_column][vc_column_text]<\/p>\n<h3 style=\"text-align: center\"><span style=\"color: #923844\">Distribuci\u00f3n porcentual por sexo de las personas sentenciadas, 2019-2023<\/span><\/h3>\n<p>[\/vc_column_text][vc_separator type=\u00bbtransparent\u00bb up_style=\u00bbpx\u00bb down=\u00bb0&#8243; down_style=\u00bbpx\u00bb][\/vc_column][\/vc_row][vc_row row_type=\u00bbrow\u00bb use_row_as_full_screen_section=\u00bbno\u00bb type=\u00bbfull_width\u00bb oblique_section=\u00bbno\u00bb text_align=\u00bbleft\u00bb Overflow=\u00bb\u00bb triangle_shape=\u00bbno\u00bb css_animation=\u00bb\u00bb overflow=\u00bb\u00bb][vc_column][vc_single_image image=\u00bb22392&#8243; img_size=\u00bbfull\u00bb alignment=\u00bbcenter\u00bb onclick=\u00bblink_image\u00bb mkd_css_animation=\u00bb\u00bb set_shader=\u00bbno\u00bb set_popup=\u00bbno\u00bb animate_image_on_hover=\u00bbno\u00bb][\/vc_column][\/vc_row][vc_row row_type=\u00bbrow\u00bb use_row_as_full_screen_section=\u00bbno\u00bb type=\u00bbgrid\u00bb oblique_section=\u00bbno\u00bb text_align=\u00bbleft\u00bb Overflow=\u00bb\u00bb triangle_shape=\u00bbno\u00bb css_animation=\u00bb\u00bb overflow=\u00bb\u00bb][vc_column width=\u00bb1\/2&#8243;][no_accordion active_tab=\u00bbfalse\u00bb collapsible=\u00bbyes\u00bb style=\u00bbboxed_accordion\u00bb hide_icon=\u00bbyes\u00bb title_alignment=\u00bbcenter\u00bb][no_accordion_section title=\u00bbMetadatos\u00bb title_color=\u00bb#651420&#8243; mark_icon_color_hover=\u00bb#ffffff\u00bb background_color=\u00bb#d9a3a1&#8243; title_tag=\u00bbh2&#8243;][vc_column_text el_class=\u00bbFuente:\u00bb]<\/p>\n<p style=\"text-align: left\"><span style=\"color: #000000\"><strong>Fuente:<\/strong> Direcci\u00f3n de Estad\u00edstica de la Presidencia, con informaci\u00f3n de los juzgados penales, juzgados penales de delitos no graves y unidades de gesti\u00f3n judicial [materia Penal Oral], todos del TSJCDMX.<\/span><br \/>\n<span style=\"color: #000000\"><strong>Periodicidad:<\/strong> Mensual.<\/span><br \/>\n<span style=\"color: #000000\"><strong>Cobertura:<\/strong> Ciudad de M\u00e9xico.<\/span><br \/>\n<span style=\"color: #000000\"><strong>Unidad de observaci\u00f3n:<\/strong> Personas sentenciadas.<\/span><br \/>\n<span style=\"color: #000000\"><strong>Desagregaci\u00f3n:<\/strong> Sexo<\/span><br \/>\n<span style=\"color: #000000\"><strong>Periodo de reporte:<\/strong> 2019-2023.<\/span><br \/>\n<span style=\"color: #000000\"><strong>Notas:<\/strong> Para 2019 y 2020, no se consideraron siete casos en los que no se identific\u00f3 el sexo de la persona sentenciada, mientras que para 2022 fue 1 caso y para 2023 fueron 5.<\/span><\/p>\n<p>[\/vc_column_text][vc_separator type=\u00bbtransparent\u00bb up_style=\u00bbpx\u00bb down_style=\u00bbpx\u00bb][vc_column_text]<\/p>\n<p style=\"text-align: left\"><span style=\"color: #000000\"><a style=\"color: #000000\" href=\"https:\/\/www.poderjudicialcdmx.gob.mx\/estadistica\/wp-content\/uploads\/7.1_IR_24.xlsx\" target=\"_blank\" rel=\"noopener noreferrer\"><strong>Ver documento Excel<\/strong><\/a><\/span><\/p>\n<p>[\/vc_column_text][\/no_accordion_section][\/no_accordion][\/vc_column][vc_column width=\u00bb1\/2&#8243;][no_accordion active_tab=\u00bbfalse\u00bb collapsible=\u00bbyes\u00bb style=\u00bbboxed_accordion\u00bb hide_icon=\u00bbyes\u00bb title_alignment=\u00bbcenter\u00bb][no_accordion_section title=\u00bbF\u00d3RMULA\u00bb title_color=\u00bb#651420&#8243; mark_icon_color_hover=\u00bb#ffffff\u00bb background_color=\u00bb#d9a3a1&#8243; title_tag=\u00bbh2&#8243;][vc_column_text]<\/p>\n<p style=\"text-align: left\"><span style=\"color: #000000\"><img loading=\"lazy\" decoding=\"async\" class=\"wp-image-19000 aligncenter\" src=\"https:\/\/www.poderjudicialcdmx.gob.mx\/estadistica\/wp-content\/uploads\/7.1-01-300x120.png\" alt=\"\" width=\"161\" height=\"64\" srcset=\"https:\/\/www.poderjudicialcdmx.gob.mx\/estadistica\/wp-content\/uploads\/7.1-01-300x120.png 300w, https:\/\/www.poderjudicialcdmx.gob.mx\/estadistica\/wp-content\/uploads\/7.1-01-700x280.png 700w, https:\/\/www.poderjudicialcdmx.gob.mx\/estadistica\/wp-content\/uploads\/7.1-01.png 750w\" sizes=\"(max-width: 161px) 100vw, 161px\" \/><\/span><\/p>\n<p style=\"text-align: left\"><strong><span style=\"color: #000000\">Donde:<\/span><\/strong><br \/>\n<span style=\"color: #000000\"><strong>%P<\/strong>= Porcentaje de personas sentenciadas por sexo.<\/span><br \/>\n<span style=\"color: #000000\"><strong>Ps <\/strong>= N\u00famero de hombres o mujeres sentenciados\/as.<\/span><br \/>\n<span style=\"color: #000000\"><strong>TP <\/strong>= N\u00famero total de personas sentenciadas.<\/span><\/p>\n<p>[\/vc_column_text][\/no_accordion_section][\/no_accordion][\/vc_column][\/vc_row][vc_row row_type=\u00bbrow\u00bb use_row_as_full_screen_section=\u00bbno\u00bb type=\u00bbgrid\u00bb oblique_section=\u00bbno\u00bb text_align=\u00bbcenter\u00bb Overflow=\u00bb\u00bb triangle_shape=\u00bbno\u00bb padding_top=\u00bb50&#8243; padding_bottom=\u00bb25&#8243; css_animation=\u00bb\u00bb overflow=\u00bb\u00bb box_shadow_on_row=\u00bbno\u00bb el_id=\u00bbsubtitulo_1&#8243;][vc_column][vc_column_text]<\/p>\n<h3 style=\"text-align: center\"><span style=\"color: #923844\">N\u00famero y distribuci\u00f3n porcentual de las personas sentenciadas en materia Penal del sistema de justicia tradicional, seg\u00fan grupo de edad y sexo, 2023<\/span><\/h3>\n<p>[\/vc_column_text][vc_separator type=\u00bbtransparent\u00bb up_style=\u00bbpx\u00bb down=\u00bb0&#8243; down_style=\u00bbpx\u00bb][\/vc_column][\/vc_row][vc_row row_type=\u00bbrow\u00bb use_row_as_full_screen_section=\u00bbno\u00bb type=\u00bbfull_width\u00bb oblique_section=\u00bbno\u00bb text_align=\u00bbleft\u00bb Overflow=\u00bb\u00bb triangle_shape=\u00bbno\u00bb css_animation=\u00bb\u00bb overflow=\u00bb\u00bb el_id=\u00bbgrafica_1&#8243;][vc_column][vc_single_image image=\u00bb22393&#8243; img_size=\u00bbfull\u00bb alignment=\u00bbcenter\u00bb onclick=\u00bblink_image\u00bb mkd_css_animation=\u00bb\u00bb set_shader=\u00bbno\u00bb set_popup=\u00bbno\u00bb animate_image_on_hover=\u00bbno\u00bb][\/vc_column][\/vc_row][vc_row row_type=\u00bbrow\u00bb use_row_as_full_screen_section=\u00bbno\u00bb type=\u00bbgrid\u00bb oblique_section=\u00bbno\u00bb text_align=\u00bbleft\u00bb Overflow=\u00bb\u00bb triangle_shape=\u00bbno\u00bb css_animation=\u00bb\u00bb overflow=\u00bb\u00bb el_id=\u00bbmetadatos_formula_1&#8243;][vc_column width=\u00bb1\/2&#8243;][no_accordion active_tab=\u00bbfalse\u00bb collapsible=\u00bbyes\u00bb style=\u00bbboxed_accordion\u00bb hide_icon=\u00bbyes\u00bb title_alignment=\u00bbcenter\u00bb][no_accordion_section title=\u00bbMetadatos\u00bb title_color=\u00bb#651420&#8243; mark_icon_color_hover=\u00bb#ffffff\u00bb background_color=\u00bb#d9a3a1&#8243; title_tag=\u00bbh2&#8243;][vc_column_text]<\/p>\n<p style=\"text-align: left\"><span style=\"color: #000000\"><strong>Fuente:<\/strong> Direcci\u00f3n de Estad\u00edstica de la Presidencia, con informaci\u00f3n de los juzgados penales y juzgados penales de delitos no graves, todos del TSJCDMX.<\/span><br \/>\n<span style=\"color: #000000\"><strong>Periodicidad:<\/strong> Mensual.<\/span><br \/>\n<span style=\"color: #000000\"><strong>Cobertura:<\/strong> Ciudad de M\u00e9xico.<\/span><br \/>\n<span style=\"color: #000000\"><strong>Unidad de observaci\u00f3n:<\/strong> Personas sentenciadas.<\/span><br \/>\n<span style=\"color: #000000\"><strong>Desagregaci\u00f3n:<\/strong> Grupo de edad y sexo.<\/span><br \/>\n<span style=\"color: #000000\"><strong>Periodo de reporte:<\/strong> 2023.<\/span><\/p>\n<p>[\/vc_column_text][vc_separator type=\u00bbtransparent\u00bb up_style=\u00bbpx\u00bb down_style=\u00bbpx\u00bb][vc_column_text]<\/p>\n<p style=\"text-align: left\"><span style=\"color: #000000\"><strong><a style=\"color: #000000\" href=\"https:\/\/www.poderjudicialcdmx.gob.mx\/estadistica\/wp-content\/uploads\/7.2_IR_24.xlsx\" target=\"_blank\" rel=\"noopener noreferrer\">Ver documento Excel<\/a><\/strong><\/span><\/p>\n<p>[\/vc_column_text][\/no_accordion_section][\/no_accordion][\/vc_column][vc_column width=\u00bb1\/2&#8243;][no_accordion active_tab=\u00bbfalse\u00bb collapsible=\u00bbyes\u00bb style=\u00bbboxed_accordion\u00bb hide_icon=\u00bbyes\u00bb title_alignment=\u00bbcenter\u00bb][no_accordion_section title=\u00bbF\u00d3RMULA\u00bb title_color=\u00bb#651420&#8243; mark_icon_color_hover=\u00bb#ffffff\u00bb background_color=\u00bb#d9a3a1&#8243; title_tag=\u00bbh2&#8243;][vc_column_text]<\/p>\n<p style=\"text-align: left\"><strong><img loading=\"lazy\" decoding=\"async\" class=\"size-full wp-image-17707 aligncenter\" src=\"http:\/\/www.poderjudicialcdmx.gob.mx\/estadistica\/wp-content\/uploads\/1.Personassentenciadas.png\" alt=\"\" width=\"194\" height=\"72\" \/><\/strong><\/p>\n<p style=\"text-align: left\"><span style=\"color: #000000\"><strong>Donde:<br \/>\n%Re = <\/strong>Porcentaje de personas sentenciadas por rango de edad.<strong><br \/>\nPe = <\/strong>N\u00famero de personas sentenciadas por rango de edad.<strong><br \/>\nTs = <\/strong>Total de personas sentenciadas.<\/span><\/p>\n<p>[\/vc_column_text][\/no_accordion_section][\/no_accordion][\/vc_column][\/vc_row][vc_row row_type=\u00bbrow\u00bb use_row_as_full_screen_section=\u00bbno\u00bb type=\u00bbgrid\u00bb oblique_section=\u00bbno\u00bb text_align=\u00bbleft\u00bb Overflow=\u00bb\u00bb triangle_shape=\u00bbno\u00bb css_animation=\u00bb\u00bb overflow=\u00bb\u00bb el_id=\u00bbsubtitulo_2&#8243;][vc_column][vc_separator type=\u00bbtransparent\u00bb thickness=\u00bb100&#8243; up_style=\u00bbpx\u00bb down_style=\u00bbpx\u00bb][vc_column_text]<\/p>\n<h3 style=\"text-align: center\"><span style=\"color: #923844\">N\u00famero y distribuci\u00f3n porcentual de las personas sentenciadas en la materia Penal del sistema de justicia tradicional, seg\u00fan estado civil y sexo, 2023<\/span><\/h3>\n<p>[\/vc_column_text][vc_separator type=\u00bbtransparent\u00bb up_style=\u00bbpx\u00bb down=\u00bb0&#8243; down_style=\u00bbpx\u00bb][\/vc_column][\/vc_row][vc_row row_type=\u00bbrow\u00bb use_row_as_full_screen_section=\u00bbno\u00bb type=\u00bbfull_width\u00bb oblique_section=\u00bbno\u00bb text_align=\u00bbleft\u00bb Overflow=\u00bb\u00bb triangle_shape=\u00bbno\u00bb css_animation=\u00bb\u00bb overflow=\u00bb\u00bb el_id=\u00bbgrafica_2&#8243;][vc_column][vc_single_image image=\u00bb22394&#8243; img_size=\u00bbfull\u00bb alignment=\u00bbcenter\u00bb onclick=\u00bblink_image\u00bb mkd_css_animation=\u00bb\u00bb set_shader=\u00bbno\u00bb set_popup=\u00bbno\u00bb animate_image_on_hover=\u00bbno\u00bb][vc_separator type=\u00bbtransparent\u00bb thickness=\u00bb50&#8243; up_style=\u00bbpx\u00bb down=\u00bb0&#8243; down_style=\u00bbpx\u00bb][\/vc_column][\/vc_row][vc_row row_type=\u00bbrow\u00bb use_row_as_full_screen_section=\u00bbno\u00bb type=\u00bbgrid\u00bb oblique_section=\u00bbno\u00bb text_align=\u00bbleft\u00bb Overflow=\u00bb\u00bb triangle_shape=\u00bbno\u00bb css_animation=\u00bb\u00bb overflow=\u00bb\u00bb el_id=\u00bbmetadatos_formula_2&#8243;][vc_column width=\u00bb1\/2&#8243;][no_accordion active_tab=\u00bbfalse\u00bb collapsible=\u00bbyes\u00bb style=\u00bbboxed_accordion\u00bb hide_icon=\u00bbyes\u00bb title_alignment=\u00bbcenter\u00bb][no_accordion_section title=\u00bbMetadatos\u00bb title_color=\u00bb#651420&#8243; mark_icon_color_hover=\u00bb#ffffff\u00bb background_color=\u00bb#d9a3a1&#8243; title_tag=\u00bbh2&#8243;][vc_column_text]<\/p>\n<p style=\"text-align: left\"><span style=\"color: #000000\"><strong>Fuente:<\/strong> Direcci\u00f3n de Estad\u00edstica de la Presidencia, con informaci\u00f3n de los juzgados penales y juzgados penales de delitos no graves, todos del TSJCDMX.<\/span><br \/>\n<span style=\"color: #000000\"><strong>Periodicidad:<\/strong> Mensual.<\/span><br \/>\n<span style=\"color: #000000\"><strong>Cobertura:<\/strong> Ciudad de M\u00e9xico.<\/span><br \/>\n<span style=\"color: #000000\"><strong>Unidad de observaci\u00f3n:<\/strong> Personas sentenciadas.<\/span><br \/>\n<span style=\"color: #000000\"><strong>Desagregaci\u00f3n:<\/strong> Estado civil y sexo.<\/span><br \/>\n<span style=\"color: #000000\"><strong>Periodo de reporte:<\/strong> 2023.<\/span><br \/>\n<span style=\"color: #000000\"><strong>Nota:<\/strong> El universo para el c\u00e1lculo de este indicador, represent\u00f3 el 98.3% del total de sentencias dictadas en los juzgados penales y de delitos no graves.<\/span><\/p>\n<p>[\/vc_column_text][vc_separator type=\u00bbtransparent\u00bb up_style=\u00bbpx\u00bb down_style=\u00bbpx\u00bb][vc_column_text]<\/p>\n<p style=\"text-align: left\"><span style=\"color: #000000\"><a style=\"color: #000000\" href=\"https:\/\/www.poderjudicialcdmx.gob.mx\/estadistica\/wp-content\/uploads\/7.3_IR_24.xlsx\" target=\"_blank\" rel=\"noopener noreferrer\"><strong>Ver documento Excel<\/strong><\/a><\/span><\/p>\n<p>[\/vc_column_text][\/no_accordion_section][\/no_accordion][\/vc_column][vc_column width=\u00bb1\/2&#8243;][no_accordion active_tab=\u00bbfalse\u00bb collapsible=\u00bbyes\u00bb style=\u00bbboxed_accordion\u00bb hide_icon=\u00bbyes\u00bb title_alignment=\u00bbcenter\u00bb][no_accordion_section title=\u00bbF\u00d3RMULA\u00bb title_color=\u00bb#651420&#8243; mark_icon_color_hover=\u00bb#ffffff\u00bb background_color=\u00bb#d9a3a1&#8243; title_tag=\u00bbh2&#8243;][vc_column_text]<span style=\"color: #000000\"><img loading=\"lazy\" decoding=\"async\" class=\"size-full wp-image-17708 aligncenter\" src=\"http:\/\/www.poderjudicialcdmx.gob.mx\/estadistica\/wp-content\/uploads\/2.Personasedociv.png\" alt=\"\" width=\"197\" height=\"84\" \/><\/span><\/p>\n<p style=\"text-align: left\"><span style=\"color: #000000\"><strong>Donde:<\/strong><\/span><\/p>\n<p style=\"text-align: left\"><span style=\"color: #000000\"><strong>%Pc = <\/strong>Porcentaje de personas sentenciadas por estado civil y sexo.<\/span><\/p>\n<p style=\"text-align: left\"><span style=\"color: #000000\"><img loading=\"lazy\" decoding=\"async\" class=\"alignnone wp-image-17733\" src=\"http:\/\/www.poderjudicialcdmx.gob.mx\/estadistica\/wp-content\/uploads\/2.N\u00fampersedociv.png\" alt=\"\" width=\"32\" height=\"40\" \/><strong>=\u00a0<\/strong>N\u00famero de personas sentenciadas por estado civil y sexo.<\/span><\/p>\n<p style=\"text-align: left\"><span style=\"color: #000000\"><strong>Te = <\/strong>N\u00famero total de personas sentenciadas por estado civil.<\/span><\/p>\n<p>[\/vc_column_text][\/no_accordion_section][\/no_accordion][\/vc_column][\/vc_row][vc_row row_type=\u00bbrow\u00bb use_row_as_full_screen_section=\u00bbno\u00bb type=\u00bbgrid\u00bb oblique_section=\u00bbno\u00bb text_align=\u00bbleft\u00bb Overflow=\u00bb\u00bb triangle_shape=\u00bbno\u00bb css_animation=\u00bb\u00bb overflow=\u00bb\u00bb el_id=\u00bbsubtitulo_3&#8243;][vc_column][vc_separator type=\u00bbtransparent\u00bb thickness=\u00bb100&#8243; up_style=\u00bbpx\u00bb down_style=\u00bbpx\u00bb][vc_column_text]<\/p>\n<h3 style=\"text-align: center\"><span style=\"color: #923844\">N\u00famero y distribuci\u00f3n porcentual de las personas sentenciadas en la materia Penal del sistema de justicia tradicional, seg\u00fan escolaridad y sexo, 2023<\/span><\/h3>\n<p>[\/vc_column_text][vc_separator type=\u00bbtransparent\u00bb up_style=\u00bbpx\u00bb down=\u00bb0&#8243; down_style=\u00bbpx\u00bb][\/vc_column][\/vc_row][vc_row row_type=\u00bbrow\u00bb use_row_as_full_screen_section=\u00bbno\u00bb type=\u00bbfull_width\u00bb oblique_section=\u00bbno\u00bb text_align=\u00bbleft\u00bb Overflow=\u00bb\u00bb triangle_shape=\u00bbno\u00bb css_animation=\u00bb\u00bb overflow=\u00bb\u00bb el_id=\u00bbgrafica_3&#8243;][vc_column][vc_single_image image=\u00bb22395&#8243; img_size=\u00bbfull\u00bb alignment=\u00bbcenter\u00bb onclick=\u00bblink_image\u00bb mkd_css_animation=\u00bb\u00bb set_shader=\u00bbno\u00bb set_popup=\u00bbno\u00bb animate_image_on_hover=\u00bbno\u00bb][vc_separator type=\u00bbtransparent\u00bb thickness=\u00bb50&#8243; up_style=\u00bbpx\u00bb down=\u00bb0&#8243; down_style=\u00bbpx\u00bb][\/vc_column][\/vc_row][vc_row row_type=\u00bbrow\u00bb use_row_as_full_screen_section=\u00bbno\u00bb type=\u00bbgrid\u00bb oblique_section=\u00bbno\u00bb text_align=\u00bbleft\u00bb Overflow=\u00bb\u00bb triangle_shape=\u00bbno\u00bb css_animation=\u00bb\u00bb overflow=\u00bb\u00bb el_id=\u00bbmetadatos_formula_3&#8243;][vc_column width=\u00bb1\/2&#8243;][no_accordion active_tab=\u00bbfalse\u00bb collapsible=\u00bbyes\u00bb style=\u00bbboxed_accordion\u00bb hide_icon=\u00bbyes\u00bb title_alignment=\u00bbcenter\u00bb][no_accordion_section title=\u00bbMetadatos\u00bb title_color=\u00bb#651420&#8243; mark_icon_color_hover=\u00bb#ffffff\u00bb background_color=\u00bb#d9a3a1&#8243; title_tag=\u00bbh2&#8243;][vc_column_text]<\/p>\n<p style=\"text-align: left\"><span style=\"color: #000000\"><strong>Fuente:<\/strong> Direcci\u00f3n de Estad\u00edstica de la Presidencia, con informaci\u00f3n de los juzgados penales y juzgados penales de delitos no graves, todos del TSJCDMX.<\/span><br \/>\n<span style=\"color: #000000\"><strong>Periodicidad:<\/strong> Mensual.<\/span><br \/>\n<span style=\"color: #000000\"><strong>Cobertura:<\/strong> Ciudad de M\u00e9xico.<\/span><br \/>\n<span style=\"color: #000000\"><strong>Unidad de observaci\u00f3n:<\/strong> Personas sentenciadas.<\/span><br \/>\n<span style=\"color: #000000\"><strong>Desagregaci\u00f3n:<\/strong> Escolaridad y sexo.<\/span><br \/>\n<span style=\"color: #000000\"><strong>Periodo de reporte:<\/strong> 2023.<\/span><br \/>\n<span style=\"color: #000000\"><strong>Nota:<\/strong> El universo para el c\u00e1lculo de este indicador, represent\u00f3 el 96.6% del total de sentencias dictadas en los juzgados penales y de delitos no graves.<\/span><\/p>\n<p>[\/vc_column_text][vc_separator type=\u00bbtransparent\u00bb up_style=\u00bbpx\u00bb down_style=\u00bbpx\u00bb][vc_column_text]<\/p>\n<p style=\"text-align: left\"><span style=\"color: #000000\"><a style=\"color: #000000\" href=\"https:\/\/www.poderjudicialcdmx.gob.mx\/estadistica\/wp-content\/uploads\/7.4_IR_24.xlsx\" target=\"_blank\" rel=\"noopener noreferrer\"><strong>Ver documento Excel<\/strong><\/a><\/span><\/p>\n<p>[\/vc_column_text][\/no_accordion_section][\/no_accordion][\/vc_column][vc_column width=\u00bb1\/2&#8243;][no_accordion active_tab=\u00bbfalse\u00bb collapsible=\u00bbyes\u00bb style=\u00bbboxed_accordion\u00bb hide_icon=\u00bbyes\u00bb title_alignment=\u00bbcenter\u00bb][no_accordion_section title=\u00bbF\u00d3RMULA\u00bb title_color=\u00bb#651420&#8243; mark_icon_color_hover=\u00bb#ffffff\u00bb background_color=\u00bb#d9a3a1&#8243; title_tag=\u00bbh2&#8243;][vc_column_text]<img loading=\"lazy\" decoding=\"async\" class=\"size-full wp-image-17709 aligncenter\" src=\"http:\/\/www.poderjudicialcdmx.gob.mx\/estadistica\/wp-content\/uploads\/3.Personasesc.png\" alt=\"\" width=\"182\" height=\"77\" \/><\/p>\n<p style=\"text-align: left\"><span style=\"color: #000000\"><strong>Donde:<br \/>\n%Pe = <\/strong>Porcentaje de personas sentenciadas por escolaridad y sexo.<\/span><br \/>\n<span style=\"color: #000000\"><img loading=\"lazy\" decoding=\"async\" class=\"alignnone wp-image-17733\" src=\"http:\/\/www.poderjudicialcdmx.gob.mx\/estadistica\/wp-content\/uploads\/2.N\u00fampersedociv.png\" alt=\"\" width=\"33\" height=\"42\" \/><strong>=<\/strong>\u00a0N\u00famero de personas sentenciadas por escolaridad y sexo.<\/span><\/p>\n<p style=\"text-align: left\"><span style=\"color: #000000\"><strong>Tg = <\/strong>N\u00famero total de personas sentenciadas por grado de escolaridad.<\/span><\/p>\n<p>[\/vc_column_text][\/no_accordion_section][\/no_accordion][\/vc_column][\/vc_row][vc_row row_type=\u00bbrow\u00bb use_row_as_full_screen_section=\u00bbno\u00bb type=\u00bbgrid\u00bb oblique_section=\u00bbno\u00bb text_align=\u00bbleft\u00bb Overflow=\u00bb\u00bb triangle_shape=\u00bbno\u00bb css_animation=\u00bb\u00bb overflow=\u00bb\u00bb el_id=\u00bbsubtitulo_4&#8243;][vc_column][vc_separator type=\u00bbtransparent\u00bb thickness=\u00bb100&#8243; up_style=\u00bbpx\u00bb down_style=\u00bbpx\u00bb][vc_column_text]<\/p>\n<h3 style=\"text-align: center\"><span style=\"color: #923844\">N\u00famero y distribuci\u00f3n porcentual de las personas sentenciadas en la materia Penal del sistema de justicia tradicional, seg\u00fan nacionalidad y sexo, 2023<\/span><\/h3>\n<p>[\/vc_column_text][vc_separator type=\u00bbtransparent\u00bb up_style=\u00bbpx\u00bb down=\u00bb0&#8243; down_style=\u00bbpx\u00bb][\/vc_column][\/vc_row][vc_row row_type=\u00bbrow\u00bb use_row_as_full_screen_section=\u00bbno\u00bb type=\u00bbfull_width\u00bb oblique_section=\u00bbno\u00bb text_align=\u00bbleft\u00bb Overflow=\u00bb\u00bb triangle_shape=\u00bbno\u00bb css_animation=\u00bb\u00bb overflow=\u00bb\u00bb el_id=\u00bbgrafica_4&#8243;][vc_column][vc_single_image image=\u00bb22396&#8243; img_size=\u00bbfull\u00bb alignment=\u00bbcenter\u00bb onclick=\u00bblink_image\u00bb mkd_css_animation=\u00bb\u00bb set_shader=\u00bbno\u00bb set_popup=\u00bbno\u00bb animate_image_on_hover=\u00bbno\u00bb][vc_separator type=\u00bbtransparent\u00bb thickness=\u00bb50&#8243; up_style=\u00bbpx\u00bb down=\u00bb0&#8243; down_style=\u00bbpx\u00bb][\/vc_column][\/vc_row][vc_row row_type=\u00bbrow\u00bb use_row_as_full_screen_section=\u00bbno\u00bb type=\u00bbgrid\u00bb oblique_section=\u00bbno\u00bb text_align=\u00bbleft\u00bb Overflow=\u00bb\u00bb triangle_shape=\u00bbno\u00bb css_animation=\u00bb\u00bb overflow=\u00bb\u00bb el_id=\u00bbmetadatos_formula_4&#8243;][vc_column width=\u00bb1\/2&#8243;][no_accordion active_tab=\u00bbfalse\u00bb collapsible=\u00bbyes\u00bb style=\u00bbboxed_accordion\u00bb hide_icon=\u00bbyes\u00bb title_alignment=\u00bbcenter\u00bb][no_accordion_section title=\u00bbMetadatos\u00bb title_color=\u00bb#651420&#8243; mark_icon_color_hover=\u00bb#ffffff\u00bb background_color=\u00bb#d9a3a1&#8243; title_tag=\u00bbh2&#8243;][vc_column_text]<\/p>\n<p style=\"text-align: left\"><span style=\"color: #000000\"><strong>Fuente:<\/strong> Direcci\u00f3n de Estad\u00edstica de la Presidencia, con informaci\u00f3n de los juzgados penales y juzgados penales de delitos no graves, todos del TSJCDMX.<\/span><br \/>\n<span style=\"color: #000000\"><strong>Periodicidad:<\/strong> Mensual.<\/span><br \/>\n<span style=\"color: #000000\"><strong>Cobertura:<\/strong> Ciudad de M\u00e9xico.<\/span><br \/>\n<span style=\"color: #000000\"><strong>Unidad de observaci\u00f3n:<\/strong> Personas sentenciadas.<\/span><br \/>\n<span style=\"color: #000000\"><strong>Desagregaci\u00f3n:<\/strong> Nacionalidad y sexo.<\/span><br \/>\n<span style=\"color: #000000\"><strong>Periodo de reporte:<\/strong> 2023.<\/span><br \/>\n<span style=\"color: #000000\"><strong>Nota:<\/strong> El universo para el c\u00e1lculo de este indicador, represent\u00f3 el 100% del total de sentencias condenatorias con pena privativa de la libertad dictadas en los juzgados penales y de delitos no graves.<\/span><\/p>\n<p>[\/vc_column_text][vc_separator type=\u00bbtransparent\u00bb up_style=\u00bbpx\u00bb down_style=\u00bbpx\u00bb][vc_column_text]<\/p>\n<p style=\"text-align: left\"><span style=\"color: #000000\"><a style=\"color: #000000\" href=\"https:\/\/www.poderjudicialcdmx.gob.mx\/estadistica\/wp-content\/uploads\/7.5_IR_24.xlsx\" target=\"_blank\" rel=\"noopener noreferrer\"><strong>Ver documento Excel<\/strong><\/a><\/span><\/p>\n<p>[\/vc_column_text][\/no_accordion_section][\/no_accordion][\/vc_column][vc_column width=\u00bb1\/2&#8243;][no_accordion active_tab=\u00bbfalse\u00bb collapsible=\u00bbyes\u00bb style=\u00bbboxed_accordion\u00bb hide_icon=\u00bbyes\u00bb title_alignment=\u00bbcenter\u00bb][no_accordion_section title=\u00bbF\u00d3RMULA\u00bb title_color=\u00bb#651420&#8243; mark_icon_color_hover=\u00bb#ffffff\u00bb background_color=\u00bb#d9a3a1&#8243; title_tag=\u00bbh2&#8243;][vc_column_text]<img loading=\"lazy\" decoding=\"async\" class=\"size-full wp-image-17710 aligncenter\" src=\"http:\/\/www.poderjudicialcdmx.gob.mx\/estadistica\/wp-content\/uploads\/4.Personasnac.png\" alt=\"\" width=\"182\" height=\"77\" \/><\/p>\n<p style=\"text-align: left\"><strong><span style=\"color: #000000\">Donde:<\/span><br \/>\n<span style=\"color: #000000\">%Pe = <\/span><\/strong><span style=\"color: #000000\">Porcentaje de personas sentenciadas por nacionalidad y sexo.<\/span><\/p>\n<p style=\"text-align: left\"><span style=\"color: #000000\"><img loading=\"lazy\" decoding=\"async\" class=\"alignnone size-full wp-image-17734\" src=\"http:\/\/www.poderjudicialcdmx.gob.mx\/estadistica\/wp-content\/uploads\/4.Numpersnac.png\" alt=\"\" width=\"34\" height=\"44\" \/><strong>=\u00a0<\/strong>N\u00famero de personas sentenciadas por nacionalidad y sexo.<\/span><\/p>\n<p style=\"text-align: left\"><span style=\"color: #000000\"><strong>Tn = <\/strong>N\u00famero total de personas sentenciadas por nacionalidad.<\/span><\/p>\n<p>[\/vc_column_text][\/no_accordion_section][\/no_accordion][\/vc_column][\/vc_row][vc_row row_type=\u00bbrow\u00bb use_row_as_full_screen_section=\u00bbno\u00bb type=\u00bbgrid\u00bb oblique_section=\u00bbno\u00bb text_align=\u00bbleft\u00bb Overflow=\u00bb\u00bb triangle_shape=\u00bbno\u00bb css_animation=\u00bb\u00bb overflow=\u00bb\u00bb el_id=\u00bbsubtitulo_5&#8243;][vc_column][vc_separator type=\u00bbtransparent\u00bb thickness=\u00bb100&#8243; up_style=\u00bbpx\u00bb down_style=\u00bbpx\u00bb][vc_column_text]<\/p>\n<h3 style=\"text-align: center\"><span style=\"color: #923844\">N\u00famero y distribuci\u00f3n porcentual de las personas sentenciadas en la materia Penal del sistema de justicia tradicional, por sexo seg\u00fan condici\u00f3n de reincidencia o primodelincuencia, 2023<\/span><\/h3>\n<p>[\/vc_column_text][vc_separator type=\u00bbtransparent\u00bb up_style=\u00bbpx\u00bb down=\u00bb0&#8243; down_style=\u00bbpx\u00bb][\/vc_column][\/vc_row][vc_row row_type=\u00bbrow\u00bb use_row_as_full_screen_section=\u00bbno\u00bb type=\u00bbfull_width\u00bb oblique_section=\u00bbno\u00bb text_align=\u00bbleft\u00bb Overflow=\u00bb\u00bb triangle_shape=\u00bbno\u00bb css_animation=\u00bb\u00bb overflow=\u00bb\u00bb el_id=\u00bbgrafica_5&#8243;][vc_column][vc_single_image image=\u00bb22397&#8243; img_size=\u00bbfull\u00bb alignment=\u00bbcenter\u00bb onclick=\u00bblink_image\u00bb mkd_css_animation=\u00bb\u00bb set_shader=\u00bbno\u00bb set_popup=\u00bbno\u00bb animate_image_on_hover=\u00bbno\u00bb][vc_separator type=\u00bbtransparent\u00bb thickness=\u00bb50&#8243; up_style=\u00bbpx\u00bb down=\u00bb0&#8243; down_style=\u00bbpx\u00bb][\/vc_column][\/vc_row][vc_row row_type=\u00bbrow\u00bb use_row_as_full_screen_section=\u00bbno\u00bb type=\u00bbgrid\u00bb oblique_section=\u00bbno\u00bb text_align=\u00bbleft\u00bb Overflow=\u00bb\u00bb triangle_shape=\u00bbno\u00bb css_animation=\u00bb\u00bb overflow=\u00bb\u00bb el_id=\u00bbmetadatos_formula_5&#8243;][vc_column width=\u00bb1\/2&#8243;][no_accordion active_tab=\u00bbfalse\u00bb collapsible=\u00bbyes\u00bb style=\u00bbboxed_accordion\u00bb hide_icon=\u00bbyes\u00bb title_alignment=\u00bbcenter\u00bb][no_accordion_section title=\u00bbMetadatos\u00bb title_color=\u00bb#651420&#8243; mark_icon_color_hover=\u00bb#ffffff\u00bb background_color=\u00bb#d9a3a1&#8243; title_tag=\u00bbh2&#8243;][vc_column_text]<\/p>\n<p style=\"text-align: left\"><span style=\"color: #000000\"><strong>Fuente:<\/strong> Direcci\u00f3n de Estad\u00edstica de la Presidencia, con informaci\u00f3n de los juzgados penales y de delitos no graves, todos del TSJCDMX.<\/span><br \/>\n<span style=\"color: #000000\"><strong>Periodicidad:<\/strong> Mensual.<\/span><br \/>\n<span style=\"color: #000000\"><strong>Cobertura:<\/strong> Ciudad de M\u00e9xico.<\/span><br \/>\n<span style=\"color: #000000\"><strong>Unidad de observaci\u00f3n:<\/strong> Personas sentenciadas.<\/span><br \/>\n<span style=\"color: #000000\"><strong>Desagregaci\u00f3n:<\/strong> Condici\u00f3n de reincidencia o primodelincuencia y sexo.<\/span><br \/>\n<span style=\"color: #000000\"><strong>Periodo de reporte:<\/strong> 2023.<\/span><\/p>\n<p>[\/vc_column_text][vc_separator type=\u00bbtransparent\u00bb up_style=\u00bbpx\u00bb down_style=\u00bbpx\u00bb][vc_column_text]<\/p>\n<p style=\"text-align: left\"><span style=\"color: #000000\"><a style=\"color: #000000\" href=\"https:\/\/www.poderjudicialcdmx.gob.mx\/estadistica\/wp-content\/uploads\/7.6_IR_24.xlsx\" target=\"_blank\" rel=\"noopener noreferrer\"><strong>Ver documento Excel<\/strong><\/a><\/span><\/p>\n<p>[\/vc_column_text][\/no_accordion_section][\/no_accordion][\/vc_column][vc_column width=\u00bb1\/2&#8243;][no_accordion active_tab=\u00bbfalse\u00bb collapsible=\u00bbyes\u00bb style=\u00bbboxed_accordion\u00bb hide_icon=\u00bbyes\u00bb title_alignment=\u00bbcenter\u00bb][no_accordion_section title=\u00bbF\u00d3RMULA\u00bb title_color=\u00bb#651420&#8243; mark_icon_color_hover=\u00bb#ffffff\u00bb background_color=\u00bb#d9a3a1&#8243; title_tag=\u00bbh2&#8243;][vc_column_text]<img loading=\"lazy\" decoding=\"async\" class=\"size-full wp-image-17711 aligncenter\" src=\"http:\/\/www.poderjudicialcdmx.gob.mx\/estadistica\/wp-content\/uploads\/5.Personasreincid.png\" alt=\"\" width=\"182\" height=\"72\" \/><\/p>\n<p style=\"text-align: left\"><strong><span style=\"color: #000000\">Donde:<\/span><br \/>\n<span style=\"color: #000000\">%RP = <\/span><\/strong><span style=\"color: #000000\">Porcentaje de las personas sentenciadas por condici\u00f3n de reincidentes o primodelincuentes, por sexo.<strong><br \/>\nR= <\/strong>N\u00famero de hombres o mujeres sentenciados\/as por condici\u00f3n de reincidentes o primodelincuentes.<strong><br \/>\nTp = <\/strong>Total de personas sentenciadas por condici\u00f3n de reincidentes o primodelincuentes.<\/span><\/p>\n<p>[\/vc_column_text][\/no_accordion_section][\/no_accordion][\/vc_column][\/vc_row][vc_row row_type=\u00bbrow\u00bb use_row_as_full_screen_section=\u00bbno\u00bb type=\u00bbgrid\u00bb oblique_section=\u00bbno\u00bb text_align=\u00bbleft\u00bb Overflow=\u00bb\u00bb triangle_shape=\u00bbno\u00bb css_animation=\u00bb\u00bb overflow=\u00bb\u00bb el_id=\u00bbsubtitulo_7&#8243;][vc_column][vc_separator type=\u00bbtransparent\u00bb thickness=\u00bb100&#8243; up_style=\u00bbpx\u00bb down_style=\u00bbpx\u00bb][vc_column_text]<\/p>\n<h3 style=\"text-align: center\"><span style=\"color: #923844\">N\u00famero y distribuci\u00f3n porcentual de las personas sentenciadas en la materia Penal del sistema de justicia tradicional, por ocupaci\u00f3n y sexo, 2023<\/span><\/h3>\n<p>[\/vc_column_text][vc_separator type=\u00bbtransparent\u00bb up_style=\u00bbpx\u00bb down=\u00bb0&#8243; down_style=\u00bbpx\u00bb][\/vc_column][\/vc_row][vc_row row_type=\u00bbrow\u00bb use_row_as_full_screen_section=\u00bbno\u00bb type=\u00bbfull_width\u00bb oblique_section=\u00bbno\u00bb text_align=\u00bbleft\u00bb Overflow=\u00bb\u00bb triangle_shape=\u00bbno\u00bb css_animation=\u00bb\u00bb overflow=\u00bb\u00bb el_id=\u00bbgrafica_7&#8243;][vc_column][vc_single_image image=\u00bb22398&#8243; img_size=\u00bbfull\u00bb alignment=\u00bbcenter\u00bb onclick=\u00bblink_image\u00bb mkd_css_animation=\u00bb\u00bb set_shader=\u00bbno\u00bb set_popup=\u00bbno\u00bb animate_image_on_hover=\u00bbno\u00bb][vc_separator type=\u00bbtransparent\u00bb thickness=\u00bb50&#8243; up_style=\u00bbpx\u00bb down=\u00bb0&#8243; down_style=\u00bbpx\u00bb][\/vc_column][\/vc_row][vc_row row_type=\u00bbrow\u00bb use_row_as_full_screen_section=\u00bbno\u00bb type=\u00bbgrid\u00bb oblique_section=\u00bbno\u00bb text_align=\u00bbleft\u00bb Overflow=\u00bb\u00bb triangle_shape=\u00bbno\u00bb css_animation=\u00bb\u00bb overflow=\u00bb\u00bb el_id=\u00bbmetadatos_formula_7&#8243;][vc_column width=\u00bb1\/2&#8243;][no_accordion active_tab=\u00bbfalse\u00bb collapsible=\u00bbyes\u00bb style=\u00bbboxed_accordion\u00bb hide_icon=\u00bbyes\u00bb title_alignment=\u00bbcenter\u00bb][no_accordion_section title=\u00bbMetadatos\u00bb title_color=\u00bb#651420&#8243; mark_icon_color_hover=\u00bb#ffffff\u00bb background_color=\u00bb#d9a3a1&#8243; title_tag=\u00bbh2&#8243;][vc_column_text]<\/p>\n<p style=\"text-align: left\"><span style=\"color: #000000\"><strong>Fuente:<\/strong> Direcci\u00f3n de Estad\u00edstica de la Presidencia, con informaci\u00f3n de los juzgados penales y de delitos no graves, todos del TSJCDMX.<\/span><br \/>\n<span style=\"color: #000000\"><strong>Periodicidad:<\/strong> Mensual.<\/span><br \/>\n<span style=\"color: #000000\"><strong>Cobertura:<\/strong> Ciudad de M\u00e9xico.<\/span><br \/>\n<span style=\"color: #000000\"><strong>Unidad de observaci\u00f3n:<\/strong> Personas sentenciadas.<\/span><br \/>\n<span style=\"color: #000000\"><strong>Desagregaci\u00f3n:<\/strong> Ocupaci\u00f3n y sexo.<\/span><br \/>\n<span style=\"color: #000000\"><strong>Periodo de reporte:<\/strong> 2023.<\/span><br \/>\n<span style=\"color: #000000\"><strong>Nota:<\/strong> Este indicador se construy\u00f3 con base en la clasificaci\u00f3n de ocupantes de personas procesadas del Censo Nacional de Impartici\u00f3n de Justicia Estatal del INEGI.<\/span><\/p>\n<p>[\/vc_column_text][vc_separator type=\u00bbtransparent\u00bb up_style=\u00bbpx\u00bb down_style=\u00bbpx\u00bb][vc_column_text]<\/p>\n<p style=\"text-align: left\"><span style=\"color: #000000\"><a style=\"color: #000000\" href=\"https:\/\/www.poderjudicialcdmx.gob.mx\/estadistica\/wp-content\/uploads\/7.7_IR_24_1.xlsx\" target=\"_blank\" rel=\"noopener noreferrer\"><strong>Ver documento Excel<\/strong><\/a><\/span><\/p>\n<p>[\/vc_column_text][\/no_accordion_section][\/no_accordion][\/vc_column][vc_column width=\u00bb1\/2&#8243;][no_accordion active_tab=\u00bbfalse\u00bb collapsible=\u00bbyes\u00bb style=\u00bbboxed_accordion\u00bb hide_icon=\u00bbyes\u00bb title_alignment=\u00bbcenter\u00bb][no_accordion_section title=\u00bbF\u00d3RMULA\u00bb title_color=\u00bb#651420&#8243; mark_icon_color_hover=\u00bb#ffffff\u00bb background_color=\u00bb#d9a3a1&#8243; title_tag=\u00bbh2&#8243;][vc_column_text]<span style=\"color: #000000\"><img decoding=\"async\" class=\"aligncenter\" src=\"https:\/\/www.poderjudicialcdmx.gob.mx\/estadistica\/wp-content\/uploads\/6.Personasocu.png\" \/><\/span><\/p>\n<p style=\"text-align: left\"><span style=\"color: #000000\"><strong>Donde:<br \/>\n%So =<\/strong>Porcentaje de personas sentenciadas por ocupaci\u00f3n.<\/span><br \/>\n<span style=\"color: #000000\"><strong>O= <\/strong>N\u00famero de personas sentenciadas por ocupaci\u00f3n.<\/span><\/p>\n<p style=\"text-align: left\"><span style=\"color: #000000\"><strong>To<\/strong>\u00a0<strong>=<\/strong> Total de personas sentenciadas.<\/span><\/p>\n<p>[\/vc_column_text][\/no_accordion_section][\/no_accordion][\/vc_column][\/vc_row][vc_row row_type=\u00bbrow\u00bb use_row_as_full_screen_section=\u00bbno\u00bb type=\u00bbgrid\u00bb oblique_section=\u00bbno\u00bb text_align=\u00bbleft\u00bb Overflow=\u00bb\u00bb triangle_shape=\u00bbno\u00bb css_animation=\u00bb\u00bb overflow=\u00bb\u00bb el_id=\u00bbsubtitulo_6&#8243;][vc_column][vc_separator type=\u00bbtransparent\u00bb thickness=\u00bb100&#8243; up_style=\u00bbpx\u00bb down_style=\u00bbpx\u00bb][vc_column_text]<\/p>\n<h3 style=\"text-align: center\"><span style=\"color: #923844\"><strong>\u00a0<\/strong><strong>Distribuci\u00f3n porcentual del estado psicof\u00edsico en que se encontraban las personas sentenciadas en la materia Penal del sistema de justicia tradicional al momento en el que cometieron conductas delictivas seg\u00fan sexo, 2023<\/strong><\/span><\/h3>\n<p>[\/vc_column_text][vc_separator type=\u00bbtransparent\u00bb up_style=\u00bbpx\u00bb down=\u00bb0&#8243; down_style=\u00bbpx\u00bb][\/vc_column][\/vc_row][vc_row row_type=\u00bbrow\u00bb use_row_as_full_screen_section=\u00bbno\u00bb type=\u00bbfull_width\u00bb oblique_section=\u00bbno\u00bb text_align=\u00bbleft\u00bb Overflow=\u00bb\u00bb triangle_shape=\u00bbno\u00bb css_animation=\u00bb\u00bb overflow=\u00bb\u00bb el_id=\u00bbgrafica_6&#8243;][vc_column][vc_single_image image=\u00bb22399&#8243; img_size=\u00bbfull\u00bb alignment=\u00bbcenter\u00bb onclick=\u00bblink_image\u00bb mkd_css_animation=\u00bb\u00bb set_shader=\u00bbno\u00bb set_popup=\u00bbno\u00bb animate_image_on_hover=\u00bbno\u00bb][vc_separator type=\u00bbtransparent\u00bb thickness=\u00bb50&#8243; up_style=\u00bbpx\u00bb down=\u00bb0&#8243; down_style=\u00bbpx\u00bb][\/vc_column][\/vc_row][vc_row row_type=\u00bbrow\u00bb use_row_as_full_screen_section=\u00bbno\u00bb type=\u00bbgrid\u00bb oblique_section=\u00bbno\u00bb text_align=\u00bbleft\u00bb Overflow=\u00bb\u00bb triangle_shape=\u00bbno\u00bb css_animation=\u00bb\u00bb overflow=\u00bb\u00bb el_id=\u00bbmetadatos_formula_6&#8243;][vc_column width=\u00bb1\/2&#8243;][no_accordion active_tab=\u00bbfalse\u00bb collapsible=\u00bbyes\u00bb style=\u00bbboxed_accordion\u00bb hide_icon=\u00bbyes\u00bb title_alignment=\u00bbcenter\u00bb][no_accordion_section title=\u00bbMetadatos\u00bb title_color=\u00bb#651420&#8243; mark_icon_color_hover=\u00bb#ffffff\u00bb background_color=\u00bb#d9a3a1&#8243; title_tag=\u00bbh2&#8243;][vc_column_text]<\/p>\n<p style=\"text-align: left\"><span style=\"color: #000000\"><strong>Fuente:<\/strong> Direcci\u00f3n de Estad\u00edstica de la Presidencia, con informaci\u00f3n de los juzgados penales y de delitos no graves, todos del TSJCDMX.<\/span><br \/>\n<span style=\"color: #000000\"><strong>Periodicidad:<\/strong> Mensual.<\/span><br \/>\n<span style=\"color: #000000\"><strong>Cobertura:<\/strong> Ciudad de M\u00e9xico.<\/span><br \/>\n<span style=\"color: #000000\"><strong>Unidad de observaci\u00f3n:<\/strong> Estados psicof\u00edsicos de las personas sentenciadas.<\/span><br \/>\n<span style=\"color: #000000\"><strong>Desagregaci\u00f3n:<\/strong> Estado psicof\u00edsico y sexo.<\/span><br \/>\n<span style=\"color: #000000\"><strong>Periodo de reporte:<\/strong> 2023.<\/span><\/p>\n<p>[\/vc_column_text][vc_separator type=\u00bbtransparent\u00bb up_style=\u00bbpx\u00bb down_style=\u00bbpx\u00bb][vc_column_text]<\/p>\n<p style=\"text-align: left\"><span style=\"color: #000000\"><a style=\"color: #000000\" href=\"https:\/\/www.poderjudicialcdmx.gob.mx\/estadistica\/wp-content\/uploads\/7.8_IR_24.xlsx\" target=\"_blank\" rel=\"noopener noreferrer\"><strong>Ver documento Excel\u00a0<\/strong><\/a><\/span><\/p>\n<p>[\/vc_column_text][\/no_accordion_section][\/no_accordion][\/vc_column][vc_column width=\u00bb1\/2&#8243;][no_accordion active_tab=\u00bbfalse\u00bb collapsible=\u00bbyes\u00bb style=\u00bbboxed_accordion\u00bb hide_icon=\u00bbyes\u00bb title_alignment=\u00bbcenter\u00bb][no_accordion_section title=\u00bbF\u00d3RMULA\u00bb title_color=\u00bb#651420&#8243; mark_icon_color_hover=\u00bb#ffffff\u00bb background_color=\u00bb#d9a3a1&#8243; title_tag=\u00bbh2&#8243;][vc_column_text]<span style=\"color: #000000\"><img loading=\"lazy\" decoding=\"async\" class=\"size-full wp-image-17713 aligncenter\" src=\"http:\/\/www.poderjudicialcdmx.gob.mx\/estadistica\/wp-content\/uploads\/8.Personasedopsico.png\" alt=\"\" width=\"180\" height=\"77\" \/><\/span><\/p>\n<p style=\"text-align: left\"><span style=\"color: #000000\"><strong>Donde:<br \/>\n%Sf = <\/strong>Porcentaje de personas sentenciadas por sexo, seg\u00fan el estado psicof\u00edsico en que se encontraban al cometer un delito.<\/span><br \/>\n<span style=\"color: #000000\"><img loading=\"lazy\" decoding=\"async\" class=\"alignnone wp-image-17630\" src=\"http:\/\/www.poderjudicialcdmx.gob.mx\/estadistica\/wp-content\/uploads\/Porcentaje-edopsico.png\" alt=\"\" width=\"33\" height=\"41\" \/><strong>=\u00a0\u00a0<\/strong>N\u00famero de personas sentenciadas por estado psicof\u00edsico y sexo.<\/span><\/p>\n<p style=\"text-align: left\"><span style=\"color: #000000\"><strong>Te<\/strong> <strong>=<\/strong> N\u00famero total de personas sentenciadas por estado psicof\u00edsico.<\/span><\/p>\n<p>[\/vc_column_text][\/no_accordion_section][\/no_accordion][\/vc_column][\/vc_row][vc_row row_type=\u00bbrow\u00bb use_row_as_full_screen_section=\u00bbno\u00bb type=\u00bbgrid\u00bb oblique_section=\u00bbno\u00bb text_align=\u00bbleft\u00bb Overflow=\u00bb\u00bb triangle_shape=\u00bbno\u00bb css_animation=\u00bb\u00bb overflow=\u00bb\u00bb el_id=\u00bbsubtitulo_8&#8243;][vc_column][vc_separator type=\u00bbtransparent\u00bb thickness=\u00bb100&#8243; up_style=\u00bbpx\u00bb down_style=\u00bbpx\u00bb][vc_column_text]<\/p>\n<h3 style=\"text-align: center\"><span style=\"color: #923844\"><strong>Distribuci\u00f3n porcentual del estado psicof\u00edsico en que se encontraban las personas sentenciadas<\/strong><strong>\u00a0<\/strong><strong>al momento en el que cometieron conductas delictivas seg\u00fan sexo, <\/strong><strong>en el SPPA, <\/strong><strong>2023<\/strong><\/span><\/h3>\n<p>[\/vc_column_text][vc_separator type=\u00bbtransparent\u00bb up_style=\u00bbpx\u00bb down=\u00bb0&#8243; down_style=\u00bbpx\u00bb][\/vc_column][\/vc_row][vc_row row_type=\u00bbrow\u00bb use_row_as_full_screen_section=\u00bbno\u00bb type=\u00bbfull_width\u00bb oblique_section=\u00bbno\u00bb text_align=\u00bbleft\u00bb Overflow=\u00bb\u00bb triangle_shape=\u00bbno\u00bb css_animation=\u00bb\u00bb overflow=\u00bb\u00bb el_id=\u00bbgrafica_8&#8243;][vc_column][vc_single_image image=\u00bb22400&#8243; img_size=\u00bbfull\u00bb alignment=\u00bbcenter\u00bb onclick=\u00bblink_image\u00bb mkd_css_animation=\u00bb\u00bb set_shader=\u00bbno\u00bb set_popup=\u00bbno\u00bb animate_image_on_hover=\u00bbno\u00bb][vc_separator type=\u00bbtransparent\u00bb thickness=\u00bb50&#8243; up_style=\u00bbpx\u00bb down=\u00bb0&#8243; down_style=\u00bbpx\u00bb][\/vc_column][\/vc_row][vc_row row_type=\u00bbrow\u00bb use_row_as_full_screen_section=\u00bbno\u00bb type=\u00bbgrid\u00bb oblique_section=\u00bbno\u00bb text_align=\u00bbleft\u00bb Overflow=\u00bb\u00bb triangle_shape=\u00bbno\u00bb css_animation=\u00bb\u00bb overflow=\u00bb\u00bb el_id=\u00bbmetadatos_formula_8&#8243;][vc_column width=\u00bb1\/2&#8243;][no_accordion active_tab=\u00bbfalse\u00bb collapsible=\u00bbyes\u00bb style=\u00bbboxed_accordion\u00bb hide_icon=\u00bbyes\u00bb title_alignment=\u00bbcenter\u00bb][no_accordion_section title=\u00bbMetadatos\u00bb title_color=\u00bb#651420&#8243; mark_icon_color_hover=\u00bb#ffffff\u00bb background_color=\u00bb#d9a3a1&#8243; title_tag=\u00bbh2&#8243;][vc_column_text]<\/p>\n<p style=\"text-align: left\"><span style=\"color: #000000\"><strong>Fuente:<\/strong> Direcci\u00f3n de Estad\u00edstica de la Presidencia, con informaci\u00f3n de las Unidades de Gesti\u00f3n Judicial [materia Penal Oral], todas del TSJCDMX.<\/span><br \/>\n<span style=\"color: #000000\"><strong>Periodicidad:<\/strong> Mensual.<\/span><br \/>\n<span style=\"color: #000000\"><strong>Cobertura:<\/strong> Ciudad de M\u00e9xico.<\/span><br \/>\n<span style=\"color: #000000\"><strong>Unidad de observaci\u00f3n:<\/strong> Estados psicof\u00edsicos de las personas sentenciadas.<\/span><br \/>\n<span style=\"color: #000000\"><strong>Desagregaci\u00f3n:<\/strong> Estado psicof\u00edsico y sexo.<\/span><br \/>\n<span style=\"color: #000000\"><strong>Periodo de reporte:<\/strong> 2023.<\/span><br \/>\n<span style=\"color: #000000\"><strong>Notas:<\/strong> Se consideran las personas con sentencia en juicio oral y procedimiento abreviado. Para la construcci\u00f3n de este indicador se consider\u00f3 el 19.5% de los casos en los que se cont\u00f3 con informaci\u00f3n. No se incluyen 5 personas sentenciadas de las que no se especific\u00f3 el sexo.<\/span><\/p>\n<p>[\/vc_column_text][vc_separator type=\u00bbtransparent\u00bb up_style=\u00bbpx\u00bb down_style=\u00bbpx\u00bb][vc_column_text]<\/p>\n<p style=\"text-align: left\"><span style=\"color: #000000\"><a style=\"color: #000000\" href=\"https:\/\/www.poderjudicialcdmx.gob.mx\/estadistica\/wp-content\/uploads\/7.9_IR_24.xlsx\" target=\"_blank\" rel=\"noopener noreferrer\"><strong>Ver documento Excel<\/strong><\/a><\/span><\/p>\n<p>[\/vc_column_text][\/no_accordion_section][\/no_accordion][\/vc_column][vc_column width=\u00bb1\/2&#8243;][no_accordion active_tab=\u00bbfalse\u00bb collapsible=\u00bbyes\u00bb style=\u00bbboxed_accordion\u00bb hide_icon=\u00bbyes\u00bb title_alignment=\u00bbcenter\u00bb][no_accordion_section title=\u00bbF\u00d3RMULA\u00bb title_color=\u00bb#651420&#8243; mark_icon_color_hover=\u00bb#ffffff\u00bb background_color=\u00bb#d9a3a1&#8243; title_tag=\u00bbh2&#8243;][vc_column_text]<img loading=\"lazy\" decoding=\"async\" class=\"size-full wp-image-17713 aligncenter\" src=\"http:\/\/www.poderjudicialcdmx.gob.mx\/estadistica\/wp-content\/uploads\/8.Personasedopsico.png\" alt=\"\" width=\"180\" height=\"77\" \/><\/p>\n<p style=\"text-align: left\"><span style=\"color: #000000\"><strong>Donde:<br \/>\n%Sf = <\/strong>Porcentaje de personas sentenciadas por sexo, seg\u00fan el estado psicof\u00edsico en que se encontraban al cometer un delito.<\/span><br \/>\n<span style=\"color: #000000\"><img loading=\"lazy\" decoding=\"async\" class=\"alignnone wp-image-17630\" src=\"http:\/\/www.poderjudicialcdmx.gob.mx\/estadistica\/wp-content\/uploads\/Porcentaje-edopsico.png\" alt=\"\" width=\"33\" height=\"41\" \/><strong>=\u00a0\u00a0<\/strong>N\u00famero de personas sentenciadas por estado psicof\u00edsico y sexo.<\/span><\/p>\n<p style=\"text-align: left\"><span style=\"color: #000000\"><strong>Te<\/strong> <strong>=<\/strong> N\u00famero total de personas sentenciadas por estado psicof\u00edsico.<\/span><\/p>\n<p>[\/vc_column_text][\/no_accordion_section][\/no_accordion][\/vc_column][\/vc_row][vc_row row_type=\u00bbrow\u00bb use_row_as_full_screen_section=\u00bbno\u00bb type=\u00bbfull_width\u00bb oblique_section=\u00bbno\u00bb text_align=\u00bbleft\u00bb Overflow=\u00bb\u00bb triangle_shape=\u00bbno\u00bb css_animation=\u00bb\u00bb overflow=\u00bb\u00bb][vc_column][vc_separator type=\u00bbtransparent\u00bb up=\u00bb18&#8243; up_style=\u00bbpx\u00bb down_style=\u00bbpx\u00bb][\/vc_column][\/vc_row][vc_row row_type=\u00bbrow\u00bb use_row_as_full_screen_section=\u00bbno\u00bb type=\u00bbgrid\u00bb oblique_section=\u00bbno\u00bb text_align=\u00bbcenter\u00bb Overflow=\u00bb\u00bb triangle_shape=\u00bbno\u00bb padding_top=\u00bb50&#8243; padding_bottom=\u00bb25&#8243; css_animation=\u00bb\u00bb overflow=\u00bb\u00bb][vc_column width=\u00bb1\/4&#8243;][\/vc_column][vc_column width=\u00bb1\/2&#8243;]<a href=\"http:\/\/www.poderjudicialcdmx.gob.mx\/estadistica\/\" target=\"_self\" data-hover-background-color=#d9a3a1 data-hover-border-color=#651420 data-hover-color=#651420  class=\"qbutton  icon_right\" style=\"color: #651420; border-color: #ffffff; background-color: #d9a3a1;\">Regresar al Micrositio de Estad\u00edstica<\/a>[\/vc_column][vc_column width=\u00bb1\/4&#8243;][\/vc_column][\/vc_row][vc_row row_type=\u00bbrow\u00bb use_row_as_full_screen_section=\u00bbno\u00bb type=\u00bbfull_width\u00bb oblique_section=\u00bbno\u00bb text_align=\u00bbleft\u00bb Overflow=\u00bb\u00bb triangle_shape=\u00bbno\u00bb css_animation=\u00bb\u00bb overflow=\u00bb\u00bb][vc_column][vc_separator type=\u00bbtransparent\u00bb up=\u00bb18&#8243; up_style=\u00bbpx\u00bb down_style=\u00bbpx\u00bb][\/vc_column][\/vc_row][vc_row row_type=\u00bbrow\u00bb use_row_as_full_screen_section=\u00bbno\u00bb type=\u00bbfull_width\u00bb oblique_section=\u00bbno\u00bb text_align=\u00bbleft\u00bb Overflow=\u00bb\u00bb triangle_shape=\u00bbno\u00bb css_animation=\u00bb\u00bb overflow=\u00bb\u00bb][vc_column][vc_empty_space height=\u00bb20px\u00bb image_repeat=\u00bbno-repeat\u00bb][\/vc_column][\/vc_row][vc_row row_type=\u00bbrow\u00bb use_row_as_full_screen_section=\u00bbno\u00bb type=\u00bbfull_width\u00bb oblique_section=\u00bbno\u00bb text_align=\u00bbleft\u00bb Overflow=\u00bb\u00bb triangle_shape=\u00bbno\u00bb css_animation=\u00bb\u00bb overflow=\u00bb\u00bb][vc_column][vc_column_text]<\/p>\n<p style=\"text-align: right\">\u00daltima fecha de actualizaci\u00f3n: marzo 2020.<\/p>\n<p>[\/vc_column_text][\/vc_column][\/vc_row][vc_row row_type=\u00bbrow\u00bb use_row_as_full_screen_section=\u00bbno\u00bb type=\u00bbfull_width\u00bb oblique_section=\u00bbno\u00bb text_align=\u00bbleft\u00bb Overflow=\u00bb\u00bb triangle_shape=\u00bbno\u00bb css_animation=\u00bb\u00bb overflow=\u00bb\u00bb][vc_column][vc_empty_space height=\u00bb20px\u00bb image_repeat=\u00bbno-repeat\u00bb][\/vc_column][\/vc_row]<\/p>\n","protected":false},"excerpt":{"rendered":"<p>[vc_row row_type=\u00bbrow\u00bb use_row_as_full_screen_section=\u00bbno\u00bb type=\u00bbfull_width\u00bb oblique_section=\u00bbno\u00bb text_align=\u00bbcenter\u00bb Overflow=\u00bb\u00bb triangle_shape=\u00bbno\u00bb background_image=\u00bb18845&#8243; padding_top=\u00bb150&#8243; padding_bottom=\u00bb50&#8243; css_animation=\u00bb\u00bb overflow=\u00bb\u00bb box_shadow_on_row=\u00bbno\u00bb el_id=\u00bbimagen_cabeza\u00bb][vc_column][vc_separator type=\u00bbtransparent\u00bb up=\u00bb100&#8243; up_style=\u00bbpx\u00bb down=\u00bb0&#8243; down_style=\u00bbpx\u00bb][\/vc_column][\/vc_row][vc_row row_type=\u00bbrow\u00bb use_row_as_full_screen_section=\u00bbno\u00bb type=\u00bbgrid\u00bb oblique_section=\u00bbno\u00bb text_align=\u00bbcenter\u00bb Overflow=\u00bb\u00bb triangle_shape=\u00bbno\u00bb padding_top=\u00bb50&#8243; padding_bottom=\u00bb25&#8243; css_animation=\u00bbelement_from_fade\u00bb overflow=\u00bb\u00bb box_shadow_on_row=\u00bbno\u00bb el_id=\u00bbtexto_titulo\u00bb][vc_column][vc_separator type=\u00bbtransparent\u00bb up=\u00bb18&#8243; up_style=\u00bbpx\u00bb down=\u00bb0&#8243; down_style=\u00bbpx\u00bb][vc_column_text] Indicadores de resultados [\/vc_column_text][\/vc_column][\/vc_row][vc_row row_type=\u00bbrow\u00bb use_row_as_full_screen_section=\u00bbno\u00bb type=\u00bbgrid\u00bb&#8230;<\/p>\n","protected":false},"author":15,"featured_media":0,"parent":0,"menu_order":0,"comment_status":"closed","ping_status":"closed","template":"","meta":{"footnotes":""},"class_list":["post-18744","page","type-page","status-publish","hentry"],"_links":{"self":[{"href":"https:\/\/www.poderjudicialcdmx.gob.mx\/estadistica\/wp-json\/wp\/v2\/pages\/18744"}],"collection":[{"href":"https:\/\/www.poderjudicialcdmx.gob.mx\/estadistica\/wp-json\/wp\/v2\/pages"}],"about":[{"href":"https:\/\/www.poderjudicialcdmx.gob.mx\/estadistica\/wp-json\/wp\/v2\/types\/page"}],"author":[{"embeddable":true,"href":"https:\/\/www.poderjudicialcdmx.gob.mx\/estadistica\/wp-json\/wp\/v2\/users\/15"}],"replies":[{"embeddable":true,"href":"https:\/\/www.poderjudicialcdmx.gob.mx\/estadistica\/wp-json\/wp\/v2\/comments?post=18744"}],"version-history":[{"count":27,"href":"https:\/\/www.poderjudicialcdmx.gob.mx\/estadistica\/wp-json\/wp\/v2\/pages\/18744\/revisions"}],"predecessor-version":[{"id":22163,"href":"https:\/\/www.poderjudicialcdmx.gob.mx\/estadistica\/wp-json\/wp\/v2\/pages\/18744\/revisions\/22163"}],"wp:attachment":[{"href":"https:\/\/www.poderjudicialcdmx.gob.mx\/estadistica\/wp-json\/wp\/v2\/media?parent=18744"}],"curies":[{"name":"wp","href":"https:\/\/api.w.org\/{rel}","templated":true}]}}