{"id":23366,"date":"2026-04-08T23:17:40","date_gmt":"2026-04-08T23:17:40","guid":{"rendered":"https:\/\/www.poderjudicialcdmx.gob.mx\/estadistica\/?page_id=23366"},"modified":"2026-04-08T23:17:40","modified_gmt":"2026-04-08T23:17:40","slug":"banco-informacion-estadistica","status":"publish","type":"page","link":"https:\/\/www.poderjudicialcdmx.gob.mx\/estadistica\/banco-informacion-estadistica\/","title":{"rendered":"Banco de Informaci\u00f3n Estad\u00edstica"},"content":{"rendered":"<p>[vc_row row_type=\u00bbrow\u00bb use_row_as_full_screen_section=\u00bbyes\u00bb type=\u00bbfull_width\u00bb oblique_section=\u00bbno\u00bb text_align=\u00bbcenter\u00bb Overflow=\u00bb\u00bb triangle_shape=\u00bbno\u00bb background_image=\u00bb21487&#8243; background_color=\u00bb#ffffff\u00bb padding_top=\u00bb10%\u00bb css_animation=\u00bb\u00bb overflow=\u00bb\u00bb el_id=\u00bbimagen_cabeza\u00bb][vc_column][vc_empty_space height=\u00bb300px\u00bb background_image=\u00bb21487&#8243; image_repeat=\u00bbno-repeat\u00bb][\/vc_column][\/vc_row][vc_row row_type=\u00bbrow\u00bb use_row_as_full_screen_section=\u00bbno\u00bb type=\u00bbfull_width\u00bb oblique_section=\u00bbno\u00bb text_align=\u00bbcenter\u00bb Overflow=\u00bb\u00bb triangle_shape=\u00bbno\u00bb css_animation=\u00bb\u00bb overflow=\u00bb\u00bb el_id=\u00bbtexto_titulo\u00bb][vc_column][vc_separator type=\u00bbtransparent\u00bb up=\u00bb60&#8243; up_style=\u00bbpx\u00bb down=\u00bb0&#8243; down_style=\u00bbpx\u00bb][vc_column_text]<\/p>\n<p id=\"pic\" style=\"text-align: center;font-size: 46px;color: #f8b329;font-weight: 600;line-height: 55px\"><span style=\"color: #651429\">BANCO DE INFORMACI\u00d3N ESTAD\u00cdSTICA<\/span><\/p>\n<p>[\/vc_column_text][vc_separator type=\u00bbtransparent\u00bb up=\u00bb60&#8243; up_style=\u00bbpx\u00bb down=\u00bb0&#8243; down_style=\u00bbpx\u00bb][\/vc_column][\/vc_row][vc_row row_type=\u00bbrow\u00bb use_row_as_full_screen_section=\u00bbno\u00bb type=\u00bbfull_width\u00bb oblique_section=\u00bbno\u00bb text_align=\u00bbleft\u00bb Overflow=\u00bb\u00bb triangle_shape=\u00bbno\u00bb side_padding=\u00bb17%\u00bb padding_top=\u00bb50&#8243; padding_bottom=\u00bb50&#8243; css_animation=\u00bb\u00bb overflow=\u00bb\u00bb][vc_column][vc_column_text css=\u00bb.vc_custom_1746634932360{margin-right: 50px !important;margin-left: 50px !important;}\u00bb]<\/p>\n<h3 style=\"text-align: center\"><span style=\"color: #651429\"><strong>PRESIDENCIA DEL TRIBUNAL SUPERIOR DE JUSTICIA DE LA CIUDAD DE M\u00c9XICO<\/strong><\/span><\/h3>\n<p>[\/vc_column_text][no_accordion active_tab=\u00bbfalse\u00bb collapsible=\u00bbyes\u00bb style=\u00bbboxed_accordion\u00bb hide_icon=\u00bbno\u00bb title_icon_alignment=\u00bbicon_left_text_left\u00bb][no_accordion_section title=\u00bbAbrir\u00bb title_color=\u00bb#8f2829&#8243; title_hover_color=\u00bb#ffffff\u00bb mark_icon_color=\u00bb#923844&#8243; mark_icon_color_hover=\u00bb#ffffff\u00bb background_color=\u00bb#d9a3a1&#8243; background_hover_color=\u00bb#8f2829&#8243;]<div class=\"custom_font_holder  \" style=\"font-family: Lato; font-size: 15px; line-height: 20px; font-style: normal; font-weight: 400; color: #000000; text-decoration: none; text-transform: none; text-align: left\" data-font-size=15 data-line-height=20 ><div  ><div class=\"vc_row wpb_row section grid_section\">\n<div class=\" section_inner clearfix\">\n<div class=\"section_inner_margin clearfix\">\n<div class=\"wpb_column vc_column_container vc_col-sm-12\">\n<div class=\"vc_column-inner\">\n<div class=\"wpb_wrapper\">\n<div class=\"wpb_text_column wpb_content_element \">\n<div class=\"wpb_wrapper\">\n<ul>\n<li class=\"p1\"><span style=\"color: #000000\">DIRECCI\u00d3N DE RELACIONES INTERINSTITUCIONALES, DIFUSI\u00d3N, PROTOCOLO Y EVENTOS \/ INFORME MENSUAL DE RELACIONES INTERINSTITUCIONALES, DIFUSI\u00d3N, PROTOCOLO Y EVENTOS\u00a0<strong><a style=\"color: #000000\" href=\"https:\/\/www.poderjudicialcdmx.gob.mx\/estadistica\/wp-content\/uploads\/01_DirRelInterDifProtyEventos_InfoMensual_FEBRERO_2026.xlsx\"><em>Ver archivo\u2026<\/em><\/a><\/strong><\/span><\/li>\n<\/ul>\n<\/div>\n<\/div>\n<div class=\"wpb_text_column wpb_content_element \">\n<div class=\"wpb_wrapper\">\n<ul>\n<li class=\"p1\"><span style=\"color: #000000\">COORDINACI\u00d3N DE COMUNICACI\u00d3N SOCIAL \/ COORDINACI\u00d3N DE COMUNICACI\u00d3N SOCIAL\u00a0<strong><a style=\"color: #000000\" href=\"https:\/\/www.poderjudicialcdmx.gob.mx\/estadistica\/wp-content\/uploads\/02_CoordComSoc_CoordComSoc_FEBRERO_2026.xlsx\"><em>Ver archivo\u2026<\/em><\/a><\/strong><\/span><\/li>\n<\/ul>\n<\/div>\n<\/div>\n<div class=\"wpb_text_column wpb_content_element \">\n<div class=\"wpb_wrapper\">\n<ul>\n<li class=\"p1\"><span style=\"color: #000000\">PRIMERA SECRETAR\u00cdA DE ACUERDOS DE LA PRESIDENCIA DEL TRIBUNAL SUPERIOR DE JUSTICIA DE LA CDMX \/ PRIMERA SECRETAR\u00cdA DE ACUERDOS\u00a0<strong><em><a style=\"color: #000000\" href=\"https:\/\/www.poderjudicialcdmx.gob.mx\/estadistica\/wp-content\/uploads\/03_PrimSecretAcuerPres_PrimSecretAcuerd_FEBRERO_2026.xlsx\">Ver archivo\u2026\u00a0\u00a0<\/a>\u00a0<\/em><\/strong><u><\/u><\/span><\/li>\n<\/ul>\n<\/div>\n<\/div>\n<div class=\"wpb_text_column wpb_content_element \">\n<div class=\"wpb_wrapper\">\n<ul>\n<li class=\"p1\"><span style=\"color: #000000\">PRIMERA SECRETAR\u00cdA DE ACUERDOS DE LA PRESIDENCIA DEL TRIBUNAL DE JUSTICIA DE LA CDMX \/ ACUERDOS Y RESOLUCIONES\u00a0<strong><a style=\"color: #000000\" href=\"https:\/\/www.poderjudicialcdmx.gob.mx\/estadistica\/wp-content\/uploads\/04_PrimSecretAcuerPres_AcuerdResol_FEBRERO_2026.xlsx\"><em>Ver archivo\u2026<\/em><\/a><\/strong><u><\/u><\/span><\/li>\n<\/ul>\n<\/div>\n<\/div>\n<div class=\"wpb_text_column wpb_content_element \">\n<div class=\"wpb_wrapper\">\n<ul>\n<li class=\"p1\"><span style=\"color: #000000\">SEGUNDA SECRETAR\u00cdA DE ACUERDOS DE LA PRESIDENCIA DEL TSJCDMX \/ SEGUNDA SECRETAR\u00cdA DE ACUERDOS DE LA PRESIDENCIA DEL TSJCDMX\u00a0<strong><a style=\"color: #000000\" href=\"https:\/\/www.poderjudicialcdmx.gob.mx\/estadistica\/wp-content\/uploads\/05_SegSecretAcuerPres_SegSecretAcuerdPres_FEBRERO_2026.xlsx\"><em>Ver archivo\u2026<\/em><\/a><\/strong><\/span><\/li>\n<\/ul>\n<\/div>\n<\/div>\n<div class=\"wpb_text_column wpb_content_element \">\n<div class=\"wpb_wrapper\">\n<ul>\n<li class=\"p1\"><span style=\"color: #000000\">DIRECCI\u00d3N GENERAL JUR\u00cdDICA \/ DIRECCI\u00d3N DE AMPAROS\u00a0<strong><a style=\"color: #000000\" href=\"https:\/\/www.poderjudicialcdmx.gob.mx\/estadistica\/wp-content\/uploads\/06_DirGralJurid_DirAmparos_FEBRERO_2026.xlsx\"><em>Ver archivo\u2026<\/em><\/a><\/strong><\/span><\/li>\n<\/ul>\n<\/div>\n<\/div>\n<div class=\"wpb_text_column wpb_content_element \">\n<div class=\"wpb_wrapper\">\n<ul>\n<li class=\"p1\"><span style=\"color: #000000\">DIRECCI\u00d3N GENERAL JUR\u00cdDICA \/ DIRECCI\u00d3N PENAL\u00a0<strong><a style=\"color: #000000\" href=\"https:\/\/www.poderjudicialcdmx.gob.mx\/estadistica\/wp-content\/uploads\/07_DirGralJurid_DirPenal_FEBRERO_2026.xlsx\"><em>Ver archivo\u2026<\/em><\/a><\/strong><\/span><\/li>\n<\/ul>\n<\/div>\n<\/div>\n<div class=\"wpb_text_column wpb_content_element \">\n<div class=\"wpb_wrapper\">\n<ul>\n<li class=\"p1\"><span style=\"color: #000000\">DIRECCI\u00d3N GENERAL JUR\u00cdDICA \/ DIRECCI\u00d3N LABORAL O LITIGIOSA<a style=\"color: #000000\" href=\"https:\/\/www.poderjudicialcdmx.gob.mx\/estadistica\/wp-content\/uploads\/08_DirGralJurid_DirLaboralLitigosa_FEBRERO_2026.xlsx\"><em> Ver archivo\u2026<\/em><\/a><\/span><\/li>\n<\/ul>\n<\/div>\n<\/div>\n<div class=\"wpb_text_column wpb_content_element \">\n<div class=\"wpb_wrapper\">\n<ul>\n<li class=\"p1\"><span style=\"color: #000000\">DIRECCI\u00d3N GENERAL JUR\u00cdDICA \/ DIRECCI\u00d3N CIVIL\u00a0<a style=\"color: #000000\" href=\"https:\/\/www.poderjudicialcdmx.gob.mx\/estadistica\/wp-content\/uploads\/09_DirGralJurid_DirCivil_FEBRERO_2026.xlsx\"><em>Ver archivo\u2026<\/em><\/a><\/span><\/li>\n<\/ul>\n<\/div>\n<\/div>\n<div class=\"wpb_text_column wpb_content_element \">\n<div class=\"wpb_wrapper\">\n<ul>\n<li class=\"p1\"><span style=\"color: #000000\">DIRECCI\u00d3N DE INFORMACI\u00d3N P\u00daBLICA DEL TRIBUNAL SUPERIOR DE JUSTICIA \/ PERSONAS ATENDIDAS\u00a0<a style=\"color: #000000\" href=\"https:\/\/www.poderjudicialcdmx.gob.mx\/estadistica\/wp-content\/uploads\/10_DirInfPub_PersonasAtendTrib_FEBRERO_2026.xlsx\"><em>Ver archivo\u2026<\/em><\/a><\/span><\/li>\n<\/ul>\n<\/div>\n<\/div>\n<div class=\"wpb_text_column wpb_content_element \">\n<div class=\"wpb_wrapper\">\n<ul>\n<li class=\"p1\"><span style=\"color: #000000\">DIRECCI\u00d3N DE INFORMACI\u00d3N P\u00daBLICA DEL TRIBUNAL SUPERIOR DE JUSTICIA \/ DATOS PERSONALES <a style=\"color: #000000\" href=\"https:\/\/www.poderjudicialcdmx.gob.mx\/estadistica\/wp-content\/uploads\/11_DirInfPub_DatosPersonalesTrib_FEBRERO_2026.xlsx\"><em>Ver archivo\u2026<\/em><\/a><\/span><\/li>\n<\/ul>\n<\/div>\n<\/div>\n<div class=\"wpb_text_column wpb_content_element \">\n<div class=\"wpb_wrapper\">\n<ul>\n<li class=\"p1\"><span style=\"color: #000000\">DIRECCI\u00d3N DE INFORMACI\u00d3N P\u00daBLICA DEL TRIBUNAL SUPERIOR DE JUSTICIA \/ CURSOS\u00a0<a style=\"color: #000000\" href=\"https:\/\/www.poderjudicialcdmx.gob.mx\/estadistica\/wp-content\/uploads\/12_DirInfPub_CursosTrib_FEBRERO_2026.xlsx\"><em>V<\/em><em>er archivo\u2026<\/em><\/a><\/span><\/li>\n<\/ul>\n<\/div>\n<\/div>\n<div class=\"wpb_text_column wpb_content_element \">\n<div class=\"wpb_wrapper\">\n<ul>\n<li class=\"p1\"><span style=\"color: #000000\">DIRECCI\u00d3N DE INFORMACI\u00d3N P\u00daBLICA DEL TRIBUNAL SUPERIOR DE JUSTICIA \/ VERSIONES P\u00daBLICAS DE SENTENCIAS\u00a0<a style=\"color: #000000\" href=\"https:\/\/www.poderjudicialcdmx.gob.mx\/estadistica\/wp-content\/uploads\/13_DirInfPub_VersionesPublicasSentenciasTrib_FEBRERO_2026.xlsx\"><em>V<\/em><em>er archivo\u2026<\/em><\/a><\/span><\/li>\n<\/ul>\n<\/div>\n<\/div>\n<div class=\"wpb_text_column wpb_content_element \">\n<div class=\"wpb_wrapper\">\n<ul>\n<li class=\"p1\"><span style=\"color: #000000\">DIRECCI\u00d3N DE SEGURIDAD DEL TRIBUNAL SUPERIOR DE JUSTICIA \/ SEGURIDAD\u00a0<a style=\"color: #000000\" href=\"https:\/\/www.poderjudicialcdmx.gob.mx\/estadistica\/wp-content\/uploads\/14_DirSeg_Seguridad_FEBRERO_2026.xlsx\"><em>Ver archivo\u2026<\/em><\/a><\/span><\/li>\n<\/ul>\n<\/div>\n<\/div>\n<div class=\"wpb_text_column wpb_content_element \">\n<div class=\"wpb_wrapper\">\n<ul>\n<li class=\"p1\"><span style=\"color: #000000\">COORDINACION DE CENTROS DE DESARROLLO INFANTIL \/ C E N D I S\u00a0<a style=\"color: #000000\" href=\"https:\/\/www.poderjudicialcdmx.gob.mx\/estadistica\/wp-content\/uploads\/15_CoordCentDesInf_CENDIS_FEBRERO_2026.xlsx\"><em>Ver archivo\u2026<\/em><\/a><\/span><\/li>\n<\/ul>\n<\/div>\n<\/div>\n<div class=\"wpb_text_column wpb_content_element \">\n<div class=\"wpb_wrapper\">\n<ul>\n<li class=\"p1\"><span style=\"color: #000000\">OFICIAL\u00cdA DE PARTES DE LA PRESIDENCIA DEL TRIBUNAL SUPERIOR DE JUSTICIA DE LA CDMX \/ INGRESOS POR MEDIOS ELECTR\u00d3NICOS.\u00a0<a style=\"color: #000000\" href=\"https:\/\/www.poderjudicialcdmx.gob.mx\/estadistica\/wp-content\/uploads\/16_OficPartPres_IngresosMediosElect_FEBRERO_2026.xlsx\"><em>Ver archivo\u2026<\/em><\/a><\/span><\/li>\n<\/ul>\n<\/div>\n<\/div>\n<div class=\"wpb_text_column wpb_content_element \">\n<div class=\"wpb_wrapper\">\n<ul>\n<li class=\"p1\"><span style=\"color: #000000\">DIRECCI\u00d3N DE ORIENTACI\u00d3N CIUDADANA Y DERECHOS HUMANOS \/ ORIENTACI\u00d3N CIUDADANA Y DERECHOS HUMANOS\u00a0<a style=\"color: #000000\" href=\"https:\/\/www.poderjudicialcdmx.gob.mx\/estadistica\/wp-content\/uploads\/17_DirOriCiuDerHum_OriCiuDerHum_FEBRERO_2026.xlsx\"><em>Ver archivo\u2026<\/em><\/a><\/span><\/li>\n<\/ul>\n<\/div>\n<\/div>\n<\/div>\n<\/div>\n<\/div>\n<\/div>\n<\/div>\n<\/div>\n<\/div><\/div>[\/no_accordion_section][\/no_accordion][\/vc_column][\/vc_row][vc_row row_type=\u00bbrow\u00bb use_row_as_full_screen_section=\u00bbno\u00bb type=\u00bbfull_width\u00bb oblique_section=\u00bbno\u00bb text_align=\u00bbleft\u00bb Overflow=\u00bb\u00bb triangle_shape=\u00bbno\u00bb side_padding=\u00bb17%\u00bb padding_top=\u00bb50&#8243; padding_bottom=\u00bb50&#8243; css_animation=\u00bb\u00bb overflow=\u00bb\u00bb][vc_column][vc_column_text css=\u00bb.vc_custom_1746634955271{margin-right: 50px !important;margin-left: 50px !important;}\u00bb]<\/p>\n<h3 style=\"text-align: center\"><span style=\"color: #651429\"><strong>APOYO JUDICIAL<\/strong><\/span><\/h3>\n<p>[\/vc_column_text][no_accordion active_tab=\u00bbfalse\u00bb collapsible=\u00bbyes\u00bb style=\u00bbboxed_accordion\u00bb hide_icon=\u00bbno\u00bb title_icon_alignment=\u00bbicon_left_text_left\u00bb][no_accordion_section title=\u00bbAbrir\u00bb title_color=\u00bb#8f2829&#8243; title_hover_color=\u00bb#ffffff\u00bb mark_icon_color=\u00bb#923844&#8243; mark_icon_color_hover=\u00bb#ffffff\u00bb background_color=\u00bb#d9a3a1&#8243; background_hover_color=\u00bb#8f2829&#8243;]<div class=\"custom_font_holder  \" style=\"font-family: Lato; font-size: 15px; line-height: 20px; font-style: normal; font-weight: 400; color: #000000; text-decoration: none; text-transform: none; text-align: left\" data-font-size=15 data-line-height=20 ><div  ><div class=\"vc_row wpb_row section grid_section\">\n<div class=\" section_inner clearfix\">\n<div class=\"section_inner_margin clearfix\">\n<div class=\"wpb_column vc_column_container vc_col-sm-12\">\n<div class=\"vc_column-inner\">\n<div class=\"wpb_wrapper\">\n<div class=\"wpb_text_column wpb_content_element \">\n<div class=\"wpb_wrapper\">\n<ul>\n<li class=\"p1\"><strong>DIRECCI\u00d3N GENERAL DE ANALES DE JURISPRUDENCIA Y BOLET\u00cdN JUDICIAL \/ ANALES DE JURISPRUDENCIA Y BOLET\u00cdN JUDICIAL\u00a0<\/strong><a href=\"https:\/\/www.poderjudicialcdmx.gob.mx\/estadistica\/wp-content\/uploads\/01_DirGralAnalesJurisyBoletinJud_FEBRERO_2026.xlsx\"><em>Ver archivo\u2026<\/em><\/a><\/li>\n<\/ul>\n<\/div>\n<\/div>\n<div class=\"wpb_text_column wpb_content_element \">\n<div class=\"wpb_wrapper\">\n<ul>\n<li class=\"p1\"><strong>DIRECCI\u00d3N GENERAL DEL INSTITUTO DE ESTUDIOS JUDICIALES \/ INSTITUTO DE ESTUDIOS JUDICIALES CARRERA JUDICIAL\u00a0<\/strong><a href=\"https:\/\/www.poderjudicialcdmx.gob.mx\/estadistica\/wp-content\/uploads\/02_DirGralInstEstJud_InstEstudiosJudCarreraJud_FEBRERO_2026.xlsx\"><em>Ver archivo\u2026<\/em><\/a><\/li>\n<\/ul>\n<\/div>\n<\/div>\n<div class=\"wpb_text_column wpb_content_element \">\n<div class=\"wpb_wrapper\">\n<ul>\n<li class=\"p1\"><strong>DIRECCI\u00d3N GENERAL DEL INSTITUTO DE ESTUDIOS JUDICIALES \/ CURSOS DE CAPACITACI\u00d3N Y DESARROLLO HUMANO\u00a0<\/strong><em><a href=\"https:\/\/www.poderjudicialcdmx.gob.mx\/estadistica\/wp-content\/uploads\/03_DirGralInstEstJud_CursosCapacitacionDH_FEBRERO_2026.xlsx\">Ver archivo\u2026<\/a><u><\/u><\/em><\/li>\n<\/ul>\n<\/div>\n<\/div>\n<div class=\"wpb_text_column wpb_content_element \">\n<div class=\"wpb_wrapper\">\n<ul>\n<li class=\"p1\"><strong>DIRECCI\u00d3N GENERAL DEL INSTITUTO DE ESTUDIOS JUDICIALES \/ INSTITUTO DE ESTUDIOS JUDICIALES DIFUSI\u00d3N\u00a0<\/strong><a href=\"https:\/\/www.poderjudicialcdmx.gob.mx\/estadistica\/wp-content\/uploads\/04_DirGrallnstEstJud_InstEstJuEditoria_FEBRERO_2026.xlsx\"><em>Ver archivo\u2026<\/em><\/a><\/li>\n<\/ul>\n<\/div>\n<\/div>\n<div class=\"wpb_text_column wpb_content_element \">\n<div class=\"wpb_wrapper\">\n<ul>\n<li class=\"p1\"><strong>DIRECCI\u00d3N GENERAL DEL INSTITUTO DE ESTUDIOS JUDICIALES \/ BIBLIOTECAS\u00a0<\/strong><em><a href=\"https:\/\/www.poderjudicialcdmx.gob.mx\/estadistica\/wp-content\/uploads\/05_DirGrallnstEstJud_Bibliotecas_FEBRERO_2026.xlsx\">Ver archivo\u2026<\/a><u><\/u><\/em><\/li>\n<\/ul>\n<\/div>\n<\/div>\n<div class=\"wpb_text_column wpb_content_element \">\n<div class=\"wpb_wrapper\">\n<ul>\n<li class=\"p1\"><strong>CENTRO DE JUSTICIA ALTERNATIVA \/ PRINCIPALES ASUNTOS ATENDIDOS EN MATERIA CIVIL-MERCANTIL\u00a0<\/strong><a href=\"https:\/\/www.poderjudicialcdmx.gob.mx\/estadistica\/wp-content\/uploads\/06_CJA_PrincipAsuntAten_MatCivilMercantil_FEBRERO_2026.xlsx\"><em>Ver arch<\/em><em>i<\/em><em>vo\u2026<\/em><\/a><\/li>\n<\/ul>\n<\/div>\n<\/div>\n<div class=\"wpb_text_column wpb_content_element \">\n<div class=\"wpb_wrapper\">\n<ul>\n<li class=\"p1\"><strong>CENTRO DE JUSTICIA ALTERNATIVA \/ PRINCIPALES ASUNTOS ATENDIDOS EN MATERIA FAMILIAR\u00a0<\/strong><a href=\"https:\/\/www.poderjudicialcdmx.gob.mx\/estadistica\/wp-content\/uploads\/07_CJA_PrincipAsuntAten_MatFamiliar_FEBRERO_2026.xlsx\"><em>Ver archivo\u2026<\/em><\/a><\/li>\n<\/ul>\n<\/div>\n<\/div>\n<div class=\"wpb_text_column wpb_content_element \">\n<div class=\"wpb_wrapper\">\n<ul>\n<li class=\"p1\"><strong>CENTRO DE JUSTICIA ALTERNATIVA \/ INFORME OPERATIVO DE MEDIACI\u00d3N PRIVADA.\u00a0<\/strong><a href=\"https:\/\/www.poderjudicialcdmx.gob.mx\/estadistica\/wp-content\/uploads\/08_CJA_InformeOperativoMedPriv_FEBRERO_2026.xlsx\"><em>Ver archivo\u2026<\/em><\/a><\/li>\n<\/ul>\n<\/div>\n<\/div>\n<div class=\"wpb_text_column wpb_content_element \">\n<div class=\"wpb_wrapper\">\n<ul>\n<li class=\"p1\"><strong>CENTRO DE JUSTICIA ALTERNATIVA \/ CUOTAS DE RECUPERACI\u00d3N DE MEDIACI\u00d3N PRIVADA.\u00a0<\/strong><a href=\"https:\/\/www.poderjudicialcdmx.gob.mx\/estadistica\/wp-content\/uploads\/09_CJA_CuotasRecuperacionMedPriv_FEBRERO_2026.xlsx\"><em>Ver archivo\u2026<\/em><\/a><\/li>\n<\/ul>\n<\/div>\n<\/div>\n<div class=\"wpb_text_column wpb_content_element \">\n<div class=\"wpb_wrapper\">\n<ul>\n<li class=\"p1\"><strong>CENTRO DE JUSTICIA ALTERNATIVA \/ PRINCIPALES ASUNTOS ATENDIDOS EN MECANISMOS ALTERNATIVOS EN MATERIA PENAL.<\/strong>\u00a0<a href=\"https:\/\/www.poderjudicialcdmx.gob.mx\/estadistica\/wp-content\/uploads\/10_CJA_PrincipAsuntAtenMecanismoAlter_MatPenal_FEBRERO_2026.xlsx\"><em>Ver archivo\u2026<\/em><\/a><\/li>\n<\/ul>\n<\/div>\n<\/div>\n<div class=\"wpb_text_column wpb_content_element \">\n<div class=\"wpb_wrapper\">\n<ul>\n<li class=\"p1\"><strong>CENTRO DE JUSTICIA ALTERNATIVA \/ EXPEDIENTES, MEDIACIONES Y MECANISMOS ALTERNATIVOS.<\/strong>\u00a0<a href=\"https:\/\/www.poderjudicialcdmx.gob.mx\/estadistica\/wp-content\/uploads\/11_CJA_Expedient_y_Mediacion_FEBRERO_2026.xlsx\"><em>Ver archivo\u2026<\/em><\/a><\/li>\n<\/ul>\n<\/div>\n<\/div>\n<div class=\"wpb_text_column wpb_content_element \">\n<div class=\"wpb_wrapper\">\n<ul>\n<li class=\"p1\"><strong>CENTRO DE JUSTICIA ALTERNATIVA \/ CONDUCTAS TIPIFICADAS COMO DELITOS.\u00a0<\/strong><a href=\"https:\/\/www.poderjudicialcdmx.gob.mx\/estadistica\/wp-content\/uploads\/12_CJA_ConductasTipificadasDelito_FEBRERO_2026.xlsx\"><em>Ver archivo\u2026<\/em><\/a><\/li>\n<\/ul>\n<\/div>\n<\/div>\n<div class=\"wpb_text_column wpb_content_element \">\n<div class=\"wpb_wrapper\">\n<ul>\n<li class=\"p1\"><strong>CENTRO DE JUSTICIA ALTERNATIVA \/ SERVICIO DE MEDIACI\u00d3N Y FACILITACI\u00d3N VIRTUAL O TELEPRESENCIA\u00a0<\/strong><a href=\"https:\/\/www.poderjudicialcdmx.gob.mx\/estadistica\/wp-content\/uploads\/13_CJA_MedIacionFacilitacionVirtual_FEBRERO_2026.xlsx\"><em>Ver archivo\u2026<\/em><\/a><\/li>\n<\/ul>\n<\/div>\n<\/div>\n<div class=\"wpb_text_column wpb_content_element \">\n<div class=\"wpb_wrapper\">\n<ul>\n<li class=\"p1\"><strong>DIRECCI\u00d3N DEL INSTITUTO DE CIENCIAS FORENSES \/ INFORME DEL INSTITUTO DE CIENCIAS FORENSES.\u00a0<\/strong><a href=\"https:\/\/www.poderjudicialcdmx.gob.mx\/estadistica\/wp-content\/uploads\/14_DirInstCienciasFor_InfoInstCienForenses_FEBRERO_2026.xlsx\"><em>Ver archivo\u2026<\/em><\/a><\/li>\n<\/ul>\n<\/div>\n<\/div>\n<div class=\"wpb_text_column wpb_content_element \">\n<div class=\"wpb_wrapper\">\n<ul>\n<li class=\"p1\"><strong>COORDINACI\u00d3N DE INTERVENCI\u00d3N ESPECIALIZADA PARA APOYO JUDICIAL \/ EVALUACI\u00d3N E INTERVENCI\u00d3N PSICOL\u00d3GICA.\u00a0<\/strong><a href=\"https:\/\/www.poderjudicialcdmx.gob.mx\/estadistica\/wp-content\/uploads\/15_CoordIntervEspecApoyoJud_EvaIntervPsicologica_FEBRERO_2026.xls\"><em>Ver archivo\u2026<\/em><\/a><\/li>\n<\/ul>\n<\/div>\n<\/div>\n<div class=\"wpb_text_column wpb_content_element \">\n<div class=\"wpb_wrapper\">\n<ul>\n<li class=\"p1\"><strong>COORDINACI\u00d3N DE INTERVENCI\u00d3N ESPECIALIZADA PARA APOYO JUDICIAL \/ SUBDIRECCI\u00d3N DE TRABAJO SOCIAL\u00a0<\/strong><a href=\"https:\/\/www.poderjudicialcdmx.gob.mx\/estadistica\/wp-content\/uploads\/16_CoordIntervEspecApoyoJud_SubTrabajoSocial_FEBRERO_2026.xlsx\"><em>Ver archivo\u2026<\/em><\/a><\/li>\n<\/ul>\n<\/div>\n<\/div>\n<div class=\"wpb_text_column wpb_content_element \">\n<div class=\"wpb_wrapper\">\n<ul>\n<li class=\"p1\"><strong>COORDINACI\u00d3N DE INTERVENCI\u00d3N ESPECIALIZADA PARA APOYO JUDICIAL \/ CENTRO DE CONVIVENCIA FAMILIAR SUPERVISADA\u00a0<\/strong><a href=\"https:\/\/www.poderjudicialcdmx.gob.mx\/estadistica\/wp-content\/uploads\/17_CoordIntervEspecApoyoJud_CentroConvFamSuperv_FEBRERO_2026.xlsx\"><em>Ver archivo\u2026<\/em><\/a><\/li>\n<\/ul>\n<\/div>\n<\/div>\n<div class=\"wpb_text_column wpb_content_element \">\n<div class=\"wpb_wrapper\">\n<ul>\n<li class=\"p1\"><strong>COORDINACI\u00d3N DE INTERVENCI\u00d3N ESPECIALIZADA PARA APOYO JUDICIAL \/ SOLICITUDES RECIBIDAS EN LA COORDINACI\u00d3N\u00a0<\/strong><a href=\"https:\/\/www.poderjudicialcdmx.gob.mx\/estadistica\/wp-content\/uploads\/18_CoordIntervEspecApoyoJud_SolicitudesCoord_FEBRERO_2026.xlsx\"><em>Ver archivo\u2026<\/em><\/a><\/li>\n<\/ul>\n<\/div>\n<\/div>\n<div class=\"wpb_text_column wpb_content_element \">\n<div class=\"wpb_wrapper\">\n<ul>\n<li class=\"p1\"><strong>OFICIALIA DE PARTES COM\u00daN CIVIL, CUANT\u00cdA MENOR, ORALIDAD, FAMILIAR Y SECCI\u00d3N DE SALAS DEL TSJCDMX \/ OFICIAL\u00cdA DE PARTES COM\u00daN PARA SALAS RECURSOS, SUBSTANCIACIONES Y ESCRITOS INICIALES <\/strong><a href=\"https:\/\/www.poderjudicialcdmx.gob.mx\/estadistica\/wp-content\/uploads\/19_OficParComCivFamySeccSal_SalasRecurMedioDefEscritTerm_FEBRERO_2026.xlsx\"><i>Ver archivo\u2026<\/i><\/a><\/li>\n<\/ul>\n<\/div>\n<\/div>\n<div class=\"wpb_text_column wpb_content_element \">\n<div class=\"wpb_wrapper\">\n<ul>\n<li class=\"p1\"><strong>DIRECCI\u00d3N DE CONSIGNACIONES CIVILES \/ CONSIGNACIONES CIVILES\u00a0<\/strong><a href=\"https:\/\/www.poderjudicialcdmx.gob.mx\/estadistica\/wp-content\/uploads\/20_DirConsigCiv_ConsigCiviles_FEBRERO_2026.xlsx\"><em>Ver archivo\u2026<\/em><\/a><\/li>\n<\/ul>\n<\/div>\n<\/div>\n<div class=\"wpb_text_column wpb_content_element \">\n<div class=\"wpb_wrapper\">\n<ul>\n<li class=\"p1\"><strong>DIRECCI\u00d3N DE TURNO DE CONSIGNACIONES PENALES Y DE JUSTICIA PARA ADOLESCENTES \/ CONSIGNACIONES PENALES\u00a0<\/strong><a href=\"https:\/\/www.poderjudicialcdmx.gob.mx\/estadistica\/wp-content\/uploads\/21_DirTurConsigPenyJustAdol_ConsigPen_FEBRERO_2026.xlsx\"><em>Ver archivo\u2026<\/em><\/a><\/li>\n<\/ul>\n<\/div>\n<\/div>\n<div class=\"wpb_text_column wpb_content_element \">\n<div class=\"wpb_wrapper\">\n<ul>\n<li class=\"p1\"><strong>DIRECCI\u00d3N DE TURNO DE CONSIGNACIONES PENALES Y DE JUSTICIA PARA ADOLESCENTES \/ PROMEDIO ANUAL DE CONSIGNACIONES CON Y SIN DETENIDO POR JUZGADO\u00a0<\/strong><a href=\"https:\/\/www.poderjudicialcdmx.gob.mx\/estadistica\/wp-content\/uploads\/22_DirTurConsigPenyJustAdol_PromAnualConsignaciones_FEBRERO_2026.xlsx\"><em>Ver archivo\u2026<\/em><\/a><\/li>\n<\/ul>\n<\/div>\n<\/div>\n<div class=\"wpb_text_column wpb_content_element \">\n<div class=\"wpb_wrapper\">\n<ul>\n<li class=\"p1\"><strong>DIRECCI\u00d3N DE TURNO DE CONSIGNACIONES PENALES Y DE JUSTICIA PARA ADOLESCENTES \/ LEY DE ACCESO A LAS MUJERES A UNA VIDA LIBRE DE VIOLENCIA.\u00a0<\/strong><a href=\"https:\/\/www.poderjudicialcdmx.gob.mx\/estadistica\/wp-content\/uploads\/23_DirTurConsigPenyJustAdol_LeyAccesoVidaLibreViolencia_FEBRERO_2026.xlsx\"><em>Ver archivo\u2026<\/em><\/a><\/li>\n<\/ul>\n<\/div>\n<\/div>\n<div class=\"wpb_text_column wpb_content_element \">\n<div class=\"wpb_wrapper\">\n<ul>\n<li class=\"p1\"><strong>DIRECCI\u00d3N DE ARCHIVO JUDICIAL Y REGISTRO P\u00daBLICO DE AVISOS JUDICIALES \/ ARCHIVO JUDICIAL DE LA CIUDAD DE M\u00c9XICO\u00a0<\/strong><a href=\"https:\/\/www.poderjudicialcdmx.gob.mx\/estadistica\/wp-content\/uploads\/24_DirArcJudyRegPubAviJud_ArchJudCDMX_FEBRERO_2026.xlsx\"><em>Ver archivo\u2026<\/em><\/a><\/li>\n<\/ul>\n<\/div>\n<\/div>\n<div class=\"wpb_text_column wpb_content_element \">\n<div class=\"wpb_wrapper\">\n<ul>\n<li class=\"p1\"><strong>DIRECCI\u00d3N PARA EL COBRO DE MULTAS \/ MULTAS EN EL PERIODO\u00a0<\/strong><a href=\"https:\/\/www.poderjudicialcdmx.gob.mx\/estadistica\/wp-content\/uploads\/25_DirCobroMultas_MultasPeriodo_FEBRERO_2026.xlsx\"><em>Ver archivo\u2026<\/em><\/a><\/li>\n<\/ul>\n<\/div>\n<\/div>\n<div class=\"wpb_text_column wpb_content_element \">\n<div class=\"wpb_wrapper\">\n<ul>\n<li class=\"p1\"><strong>DIRECCI\u00d3N PARA EL COBRO DE MULTAS \/ MONTO DE LOS CR\u00c9DITOS EN EL PERIODO\u00a0<\/strong><a href=\"https:\/\/www.poderjudicialcdmx.gob.mx\/estadistica\/wp-content\/uploads\/26_DirCobroMultas_MontoCreditosPeriodo_FEBRERO_2026.xlsx\"><em>Ver archivo\u2026<\/em><\/a><\/li>\n<\/ul>\n<\/div>\n<\/div>\n<div class=\"wpb_text_column wpb_content_element \">\n<div class=\"wpb_wrapper\">\n<ul>\n<li class=\"p1\"><strong>UNIDAD DE SUPERVISI\u00d3N DE MEDIDAS CAUTELARES Y SUSPENSI\u00d3N CONDICIONAL DEL PROCESO \/ INFORME DE UNIDAD DE SUPERVISI\u00d3N DE MEDIDAS CAUTELARES Y SUSPENSI\u00d3N CONDICIONAL DEL PROCESO\u00a0<\/strong><a href=\"https:\/\/www.poderjudicialcdmx.gob.mx\/estadistica\/wp-content\/uploads\/27_UnidMedidCautelar_UnidMedidCautelar_FEBRERO_2026.xlsx\"><em>Ver archivo\u2026<\/em><\/a><\/li>\n<\/ul>\n<\/div>\n<\/div>\n<div class=\"wpb_text_column wpb_content_element \">\n<div class=\"wpb_wrapper\">\n<ul>\n<li class=\"p1\"><strong>UNIDAD DE SUPERVISI\u00d3N DE MEDIDAS CAUTELARES Y SUSPENSI\u00d3N CONDICIONAL DEL PROCESO \/ INFORME ESTAD\u00cdSTICO PARA PERSONAS ADOLESCENTES\u00a0<\/strong><a href=\"https:\/\/www.poderjudicialcdmx.gob.mx\/estadistica\/wp-content\/uploads\/28_UnidMedidCautelar_UnidMedidCautelarAdolescentes_FEBRERO_2026.xlsx\"><em>Ver archivo\u2026<\/em><\/a><\/li>\n<\/ul>\n<\/div>\n<\/div>\n<div class=\"wpb_text_column wpb_content_element \">\n<div class=\"wpb_wrapper\">\n<ul>\n<li class=\"p1\"><strong>EXPEDIENTES INGRESADOS POR TIPO DE JUICIO OFICIAL\u00cdA DE PARTES COM\u00daN \u2013 MATERIA CIVIL\u00a0<\/strong><a href=\"https:\/\/www.poderjudicialcdmx.gob.mx\/estadistica\/wp-content\/uploads\/29_OPC_MateriaCivil_FEBRERO_2026.xlsx\"><em>Ver archivo\u2026<\/em><\/a><\/li>\n<\/ul>\n<\/div>\n<\/div>\n<div class=\"wpb_text_column wpb_content_element \">\n<div class=\"wpb_wrapper\">\n<ul>\n<li class=\"p1\"><strong>EXPEDIENTES INGRESADOS POR TIPO DE JUICIO OFICIAL\u00cdA DE PARTES COM\u00daN \u2013 MATERIA CIVIL DE PROCESO ORAL\u00a0<\/strong><a href=\"https:\/\/www.poderjudicialcdmx.gob.mx\/estadistica\/wp-content\/uploads\/30_OPC_MateriaCivilProcesoOral_FEBRERO_2026.xlsx\"><em>Ver archivo\u2026<\/em><\/a><\/li>\n<\/ul>\n<\/div>\n<\/div>\n<div class=\"wpb_text_column wpb_content_element \">\n<div class=\"wpb_wrapper\">\n<ul>\n<li class=\"p1\"><strong>EXPEDIENTES INGRESADOS POR TIPO DE JUICIO OFICIAL\u00cdA DE PARTES COM\u00daN \u2013 MATERIA FAMILIAR DE PROCESO ORAL\u00a0<\/strong><a href=\"https:\/\/www.poderjudicialcdmx.gob.mx\/estadistica\/wp-content\/uploads\/32_OPC_MateriaFamiliarOral_FEBRERO_2026.xlsx\"><em>Ver archivo\u2026<\/em><\/a><\/li>\n<\/ul>\n<\/div>\n<\/div>\n<div class=\"wpb_text_column wpb_content_element \">\n<div class=\"wpb_wrapper\">\n<ul>\n<li class=\"p1\"><strong>EXPEDIENTES INGRESADOS POR TIPO DE JUICIO OFICIAL\u00cdA DE PARTES COM\u00daN \u2013 MATERIA FAMILIAR\u00a0<\/strong><a href=\"https:\/\/www.poderjudicialcdmx.gob.mx\/estadistica\/wp-content\/uploads\/31_OPC_MateriaFamiliarEscrito_FEBRERO_2026.xlsx\"><em>Ver archivo\u2026<\/em><\/a><\/li>\n<\/ul>\n<\/div>\n<\/div>\n<div class=\"wpb_text_column wpb_content_element \">\n<div class=\"wpb_wrapper\">\n<ul>\n<li class=\"p1\"><strong>EXPEDIENTES INGRESADOS POR TIPO DE JUICIO OFICIAL\u00cdA DE PARTES COM\u00daN \u2013 TRIBUNAL LABORAL EN ASUNTOS INDIVIDUALES\u00a0<\/strong><a href=\"https:\/\/www.poderjudicialcdmx.gob.mx\/estadistica\/wp-content\/uploads\/33_OPC_MateriaLaboral_FEBRERO_2026.xlsx\"><em>Ver archivo\u2026<\/em><\/a><\/li>\n<\/ul>\n<\/div>\n<\/div>\n<div class=\"wpb_text_column wpb_content_element \">\n<div class=\"wpb_wrapper\">\n<ul>\n<li class=\"p1\"><strong>EXPEDIENTES INGRESADOS POR TIPO DE JUICIO OFICIAL\u00cdA DE PARTES COM\u00daN \u2013 MATERIA TUTELA DE DERECHOS HUMANOS\u00a0<\/strong><a href=\"https:\/\/www.poderjudicialcdmx.gob.mx\/estadistica\/wp-content\/uploads\/34_OPC_MateriaTutelaDerechosHumanos_FEBRERO_2026.xlsx\"><em>Ver archivo\u2026<\/em><\/a><\/li>\n<\/ul>\n<\/div>\n<\/div>\n<\/div>\n<\/div>\n<\/div>\n<\/div>\n<\/div>\n<\/div>\n<\/div><\/div>[\/no_accordion_section][\/no_accordion][\/vc_column][\/vc_row][vc_row row_type=\u00bbrow\u00bb use_row_as_full_screen_section=\u00bbno\u00bb type=\u00bbfull_width\u00bb oblique_section=\u00bbno\u00bb text_align=\u00bbleft\u00bb Overflow=\u00bb\u00bb triangle_shape=\u00bbno\u00bb side_padding=\u00bb17%\u00bb padding_top=\u00bb50&#8243; padding_bottom=\u00bb50&#8243; css_animation=\u00bb\u00bb overflow=\u00bb\u00bb el_id=\u00bbtexto_desplegable2&#8243;][vc_column][vc_column_text css=\u00bb.vc_custom_1746634967566{margin-right: 50px !important;margin-left: 50px !important;}\u00bb]<\/p>\n<h3 style=\"text-align: center\"><span style=\"color: #651429\"><strong>\u00c1REAS ADMINISTRATIVAS<\/strong><\/span><\/h3>\n<p>[\/vc_column_text][no_accordion active_tab=\u00bbfalse\u00bb collapsible=\u00bbyes\u00bb style=\u00bbboxed_accordion\u00bb hide_icon=\u00bbno\u00bb title_icon_alignment=\u00bbicon_left_text_left\u00bb][no_accordion_section title=\u00bbAbrir\u00bb title_color=\u00bb#8f2829&#8243; title_hover_color=\u00bb#ffffff\u00bb mark_icon_color=\u00bb#923844&#8243; mark_icon_color_hover=\u00bb#ffffff\u00bb background_color=\u00bb#d9a3a1&#8243; background_hover_color=\u00bb#8f2829&#8243;]<div class=\"custom_font_holder  \" style=\"font-family: Lato; font-size: 15px; line-height: 20px; font-style: normal; font-weight: 400; color: #000000; text-decoration: none; text-transform: none; text-align: left\" data-font-size=15 data-line-height=20 ><div  ><div class=\"vc_row wpb_row section grid_section\">\n<div class=\" section_inner clearfix\">\n<div class=\"section_inner_margin clearfix\">\n<div class=\"wpb_column vc_column_container vc_col-sm-12\">\n<div class=\"vc_column-inner\">\n<div class=\"wpb_wrapper\">\n<div class=\"wpb_text_column wpb_content_element \">\n<div class=\"wpb_wrapper\">\n<ul>\n<li class=\"p1\"><strong>DIRECCI\u00d3N EJECUTIVA DE PLANEACI\u00d3N \/ INFORME MENSUAL DE LA DIRECCI\u00d3N EJECUTIVA DE PLANEACI\u00d3N.\u00a0<\/strong><a href=\"https:\/\/www.poderjudicialcdmx.gob.mx\/estadistica\/wp-content\/uploads\/01_DirEjecPlaneacion_InfoMensual_FEBRERO_2026.xlsx\"><em>Ver archivo\u2026<\/em><\/a><\/li>\n<\/ul>\n<\/div>\n<\/div>\n<div class=\"wpb_text_column wpb_content_element \">\n<div class=\"wpb_wrapper\">\n<ul>\n<li class=\"p1\"><strong>DIRECCI\u00d3N EJECUTIVA DE RECURSOS FINANCIEROS DEL TRIBUNAL SUPERIOR DE JUSTICIA \/ ASIGNACI\u00d3N POR RUBRO.\u00a0<\/strong><a href=\"https:\/\/www.poderjudicialcdmx.gob.mx\/estadistica\/wp-content\/uploads\/02_DirEjecRecFin_AsigporRubro_FEBRERO_2026.xlsx\"><em>Ver archivo\u2026<\/em><\/a><\/li>\n<\/ul>\n<\/div>\n<\/div>\n<div class=\"wpb_text_column wpb_content_element \">\n<div class=\"wpb_wrapper\">\n<ul>\n<li class=\"p1\"><strong>DIRECCI\u00d3N EJECUTIVA DE RECURSOS HUMANOS DEL TRIBUNAL SUPERIOR DE JUSTICIA \/ N\u00daMERO DE SERVIDORES P\u00daBLICOS POR SEXO.\u00a0<\/strong><a href=\"https:\/\/www.poderjudicialcdmx.gob.mx\/estadistica\/wp-content\/uploads\/03_DirEjecRecHum_NumServPubporSexo_FEBRERO_2026.xlsx\"><em>Ver archivo\u2026<\/em><\/a><\/li>\n<\/ul>\n<\/div>\n<\/div>\n<div class=\"wpb_text_column wpb_content_element \">\n<div class=\"wpb_wrapper\">\n<ul>\n<li class=\"p1\"><strong>DIRECCI\u00d3N EJECUTIVA DE RECURSOS HUMANOS DEL TRIBUNAL SUPERIOR DE JUSTICIA \/ N\u00daMERO DE MAGISTRADOS Y JUECES POR SEXO.\u00a0<\/strong><a href=\"https:\/\/www.poderjudicialcdmx.gob.mx\/estadistica\/wp-content\/uploads\/04_DirEjecRecHum_NumMagisJuecporSexo_FEBRERO_2026.xlsx\"><em>Ver archivo\u2026<\/em><\/a><\/li>\n<\/ul>\n<\/div>\n<\/div>\n<div class=\"wpb_text_column wpb_content_element \">\n<div class=\"wpb_wrapper\">\n<ul>\n<li class=\"p1\"><strong>DIRECCI\u00d3N EJECUTIVA DE RECURSOS HUMANOS DEL TRIBUNAL SUPERIOR DE JUSTICIA \/ PLAZAS OCUPADAS POR GRUPOS DE PUESTOS DEL TRIBUNAL POR SEXO.\u00a0<\/strong><a href=\"https:\/\/www.poderjudicialcdmx.gob.mx\/estadistica\/wp-content\/uploads\/05_DirEjecRecHum_PlazOcuGrupoPuesto_FEBRERO_2026.xlsx\"><em>V<\/em><em>er archivo\u2026<\/em><\/a><\/li>\n<\/ul>\n<\/div>\n<\/div>\n<div class=\"wpb_text_column wpb_content_element \">\n<div class=\"wpb_wrapper\">\n<ul>\n<li class=\"p1\"><strong>DIRECCI\u00d3N EJECUTIVA DE RECURSOS HUMANOS DEL TRIBUNAL SUPERIOR DE JUSTICIA \/ N\u00daMERO DE SERVIDORES P\u00daBLICOS POR \u00c1REAS DE ADSCRIPCI\u00d3N DEL TRIBUNAL POR SEXO.\u00a0<\/strong><a href=\"https:\/\/www.poderjudicialcdmx.gob.mx\/estadistica\/wp-content\/uploads\/06_DirEjecRecHum_NumServPubAreaAdscripcion_FEBRERO_2026.xlsx\"><em>Ver archivo\u2026<\/em><\/a><\/li>\n<\/ul>\n<\/div>\n<\/div>\n<div class=\"wpb_text_column wpb_content_element \">\n<div class=\"wpb_wrapper\">\n<ul>\n<li class=\"p1\"><strong>DIRECCI\u00d3N EJECUTIVA DE RECURSOS MATERIALES DEL TRIBUNAL SUPERIOR DE JUSTICIA \/ RECURSOS MATERIALES.\u00a0<\/strong><a href=\"https:\/\/www.poderjudicialcdmx.gob.mx\/estadistica\/wp-content\/uploads\/07_DirEjecRecMat_RecurMateriales_FEBRERO_2026.xlsx\"><em>Ver archivo\u2026<\/em><\/a><\/li>\n<\/ul>\n<\/div>\n<\/div>\n<div class=\"wpb_text_column wpb_content_element \">\n<div class=\"wpb_wrapper\">\n<ul>\n<li class=\"p1\"><strong>DIRECCI\u00d3N DE MANTENIMIENTO Y SERVICIOS DEL TRIBUNAL SUPERIOR \/ RECURSOS MATERIALES.\u00a0<\/strong><a href=\"https:\/\/www.poderjudicialcdmx.gob.mx\/estadistica\/wp-content\/uploads\/08_DirMantServ_RecurMateriales_FEBRERO_2026.xlsx\"><em>Ver archivo\u2026<\/em><\/a><\/li>\n<\/ul>\n<\/div>\n<\/div>\n<div class=\"wpb_text_column wpb_content_element \">\n<div class=\"wpb_wrapper\">\n<ul>\n<li class=\"p1\"><strong>DIRECCI\u00d3N DE MANTENIMIENTO Y SERVICIOS DEL TRIBUNAL SUPERIOR \/ CONTROL Y MANTENIMIENTO VEHICULAR.\u00a0<\/strong><a href=\"https:\/\/www.poderjudicialcdmx.gob.mx\/estadistica\/wp-content\/uploads\/09_DirMantServ_ContrlMantVehicular_FEBRERO_2026.xlsx\"><em>Ver archivo\u2026<\/em><\/a><\/li>\n<\/ul>\n<\/div>\n<\/div>\n<div class=\"wpb_text_column wpb_content_element \">\n<div class=\"wpb_wrapper\">\n<ul>\n<li class=\"p1\"><strong>DIRECCI\u00d3N DE MANTENIMIENTO Y SERVICIOS DEL TRIBUNAL SUPERIOR \/ MANTENIMIENTO Y SERVICIOS (SERVICIO DE FOTOCOPIADO).\u00a0<\/strong><a href=\"https:\/\/www.poderjudicialcdmx.gob.mx\/estadistica\/wp-content\/uploads\/10_DirMantServ_MantServ_ServFotocopiado_FEBRERO_2026.xlsx\"><em>V<\/em><em>er archivo\u2026<\/em><\/a><\/li>\n<\/ul>\n<\/div>\n<\/div>\n<div class=\"wpb_text_column wpb_content_element \">\n<div class=\"wpb_wrapper\">\n<ul>\n<li class=\"p1\"><strong>DIRECCI\u00d3N DE OBRAS\/ OBRAS Y SERVICIOS. <\/strong><a href=\"https:\/\/www.poderjudicialcdmx.gob.mx\/estadistica\/wp-content\/uploads\/11_DirObrasServ_ObrasServ_FEBRERO_2026.xlsx\"><em>Ver archivo\u2026<\/em><\/a><\/li>\n<\/ul>\n<\/div>\n<\/div>\n<div class=\"wpb_text_column wpb_content_element \">\n<div class=\"wpb_wrapper\">\n<ul>\n<li class=\"p1\"><strong>DIRECCI\u00d3N EJECUTIVA DE GESTI\u00d3N TECNOL\u00d3GICA DEL TSJCDMX \/ DIRECCION GESTI\u00d3N TECNOL\u00d3GICA.\u00a0<\/strong><a href=\"https:\/\/www.poderjudicialcdmx.gob.mx\/estadistica\/wp-content\/uploads\/12_DirEjecGestTec_DirGestTec_FEBRERO_2026.xlsx\"><em>Ver archivo\u2026<\/em><\/a><\/li>\n<\/ul>\n<\/div>\n<\/div>\n<div class=\"wpb_text_column wpb_content_element \">\n<div class=\"wpb_wrapper\">\n<ul>\n<li class=\"p1\"><strong>DIRECCI\u00d3N DE LA UNIDAD DE GESTI\u00d3N ADMINISTRATIVA \u2013 JUZGADOS DE PROCESO ORAL FAMILIAR \/ N\u00daMERO DE DESPACHOS, AUDIENCIAS Y DISCOS GRABADOS.\u00a0<\/strong><a href=\"https:\/\/www.poderjudicialcdmx.gob.mx\/estadistica\/wp-content\/uploads\/13_GestAdminOralFam_NumDespach_FEBRERO_2026.xlsx\"><em>Ver archivo\u2026<\/em><\/a><\/li>\n<\/ul>\n<\/div>\n<\/div>\n<\/div>\n<\/div>\n<\/div>\n<\/div>\n<\/div>\n<\/div>\n<\/div><\/div>[\/no_accordion_section][\/no_accordion][\/vc_column][\/vc_row][vc_row row_type=\u00bbrow\u00bb use_row_as_full_screen_section=\u00bbno\u00bb type=\u00bbfull_width\u00bb oblique_section=\u00bbno\u00bb text_align=\u00bbleft\u00bb Overflow=\u00bb\u00bb triangle_shape=\u00bbno\u00bb side_padding=\u00bb17%\u00bb padding_top=\u00bb50&#8243; padding_bottom=\u00bb50&#8243; css_animation=\u00bb\u00bb overflow=\u00bb\u00bb][vc_column][vc_column_text css=\u00bb.vc_custom_1746634978495{margin-right: 50px !important;margin-left: 50px !important;}\u00bb]<\/p>\n<h3 style=\"text-align: center\"><span style=\"color: #651429\"><strong>\u00d3RGANOS JURISDICCIONALES<\/strong><\/span><\/h3>\n<p>[\/vc_column_text][no_accordion active_tab=\u00bbfalse\u00bb collapsible=\u00bbyes\u00bb style=\u00bbboxed_accordion\u00bb hide_icon=\u00bbno\u00bb title_icon_alignment=\u00bbicon_left_text_left\u00bb][no_accordion_section title=\u00bbAbrir\u00bb title_color=\u00bb#8f2829&#8243; title_hover_color=\u00bb#ffffff\u00bb mark_icon_color=\u00bb#923844&#8243; mark_icon_color_hover=\u00bb#ffffff\u00bb background_color=\u00bb#d9a3a1&#8243; background_hover_color=\u00bb#8f2829&#8243;]<div class=\"custom_font_holder  \" style=\"font-family: Lato; font-size: 15px; line-height: 20px; font-style: normal; font-weight: 400; color: #000000; text-decoration: none; text-transform: none; text-align: left\" data-font-size=15 data-line-height=20 ><div  ><div class=\"wpb_text_column wpb_content_element \">\n<div class=\"wpb_wrapper\">\n<ul>\n<li class=\"p1\"><strong>JUZGADOS CIVILES \/ INFORME MENSUAL DE LOS JUZGADOS CIVILES. <\/strong><a href=\"https:\/\/www.poderjudicialcdmx.gob.mx\/estadistica\/wp-content\/uploads\/01_Civil_InfoMensual_FEBRERO_2026.xlsx\"><em>Ver archivo\u2026<\/em><\/a><\/li>\n<\/ul>\n<\/div>\n<\/div>\n<div class=\"wpb_text_column wpb_content_element \">\n<div class=\"wpb_wrapper\">\n<ul>\n<li class=\"p1\"><strong>JUZGADOS CIVILES DE PROCESO ORAL \/ INFORME MENSUAL DE LOS JUZGADOS CIVILES DE PROCESO ORAL. <\/strong><a href=\"https:\/\/www.poderjudicialcdmx.gob.mx\/estadistica\/wp-content\/uploads\/02_CivProOral_InfoMensual_FEBRERO_2026.xlsx\"><em>Ver archivo\u2026<\/em><\/a><\/li>\n<\/ul>\n<\/div>\n<\/div>\n<div class=\"wpb_text_column wpb_content_element \">\n<div class=\"wpb_wrapper\">\n<ul>\n<li class=\"p1\">JUZGADOS FAMILIARES \/ INFORME MENSUAL DE LOS JUZGADOS FAMILIARES. <a href=\"https:\/\/www.poderjudicialcdmx.gob.mx\/estadistica\/wp-content\/uploads\/03_Fam_InfoMensual_FEBRERO_2026.xlsx\"><em>Ver archivo\u2026<\/em><\/a><\/li>\n<\/ul>\n<\/div>\n<\/div>\n<div class=\"wpb_text_column wpb_content_element \">\n<div class=\"wpb_wrapper\">\n<ul>\n<li class=\"p1\"><strong>JUZGADOS FAMILIARES \/ INFORME DE ADOPCI\u00d3N INTERNACIONAL. <\/strong><a href=\"https:\/\/www.poderjudicialcdmx.gob.mx\/estadistica\/wp-content\/uploads\/04_Fam_AdopInter_FEBRERO_2026.xlsx\"><em>Ver archivo\u2026<\/em><\/a><\/li>\n<\/ul>\n<\/div>\n<\/div>\n<div class=\"wpb_text_column wpb_content_element \">\n<div class=\"wpb_wrapper\">\n<ul>\n<li class=\"p1\"><strong>JUZGADOS FAMILIARES \/ INFORME DE RESTITUCI\u00d3N INTERNACIONAL DE MENORES. <\/strong><a href=\"https:\/\/www.poderjudicialcdmx.gob.mx\/estadistica\/wp-content\/uploads\/05_Fam_RestiInter_FEBRERO_2026.xlsx\"><em>Ver archivo\u2026<\/em><\/a><\/li>\n<\/ul>\n<\/div>\n<\/div>\n<div class=\"wpb_text_column wpb_content_element \">\n<div class=\"wpb_wrapper\">\n<ul>\n<li class=\"p1\"><strong>JUSTICIA PARA ADOLESCENTES ESPECIALIZADOS EN EJECUCI\u00d3N DE MEDIDAS SANCIONADORAS EN TRANSICI\u00d3N \/ INFORME MENSUAL DE JUSTICIA PARA ADOLESCENTES ESPECIALIZADOS EN EJECUCI\u00d3N DE MEDIDAS SANCIONADORAS EN TRANSICI\u00d3N. <\/strong><a href=\"https:\/\/www.poderjudicialcdmx.gob.mx\/estadistica\/wp-content\/uploads\/06_JPA_EspEjecMediSanciTransInfoMen_FEBRERO_2026.xlsx\"><em>Ver archivo\u2026<\/em><\/a><\/li>\n<\/ul>\n<\/div>\n<\/div>\n<div class=\"wpb_text_column wpb_content_element \">\n<div class=\"wpb_wrapper\">\n<ul>\n<li class=\"p1\"><strong>JUZGADOS FAMILIARES DE PROCESO ORAL. <\/strong><a href=\"https:\/\/www.poderjudicialcdmx.gob.mx\/estadistica\/wp-content\/uploads\/07_FamOral_InfoMensual_FEBRERO_2026.xlsx\"><em>Ver archivo\u2026<\/em><\/a><\/li>\n<\/ul>\n<\/div>\n<\/div>\n<div class=\"wpb_text_column wpb_content_element \">\n<div class=\"wpb_wrapper\">\n<ul>\n<li class=\"p1\"><strong>JUZGADOS DE TUTELA DE DERECHOS HUMANOS \/ INFORME MENSUAL DE LOS JUZGADOS DE TUTELA DE DERECHOS HUMANOS. <\/strong><a href=\"https:\/\/www.poderjudicialcdmx.gob.mx\/estadistica\/wp-content\/uploads\/08_TutelaDerechosHumanos_InfoMensual_FEBRERO_2026.xlsx\"><em>Ver archivo\u2026<\/em><\/a><\/li>\n<\/ul>\n<\/div>\n<\/div>\n<div class=\"wpb_text_column wpb_content_element \">\n<div class=\"wpb_wrapper\">\n<ul>\n<li class=\"p1\"><strong>TRIBUNALES LABORALES EN ASUNTOS INDIVIDUALES \/ INFORME MENSUAL DE TRIBUNALES LABORALES EN ASUNTOS INDIVIDUALES. <\/strong><a href=\"https:\/\/www.poderjudicialcdmx.gob.mx\/estadistica\/wp-content\/uploads\/09_LaboralIndividual_InfoMensual_FEBRERO_2026.xlsx\"><em>Ver archivo\u2026<\/em><\/a><\/li>\n<\/ul>\n<\/div>\n<\/div>\n<div class=\"wpb_text_column wpb_content_element \">\n<div class=\"wpb_wrapper\">\n<ul>\n<li class=\"p1\"><strong>PRIMER TRIBUNAL LABORAL EN ASUNTOS COLECTIVOS \/ INFORME MENSUAL DEL TRIBUNAL LABORAL EN ASUNTOS COLECTIVOS. <\/strong><a href=\"https:\/\/www.poderjudicialcdmx.gob.mx\/estadistica\/wp-content\/uploads\/10_LaboralColectivo_InfoMensual_FEBRERO_2026.xlsx\"><em>Ver archivo\u2026<\/em><\/a><\/li>\n<\/ul>\n<\/div>\n<\/div>\n<div class=\"wpb_text_column wpb_content_element \">\n<div class=\"wpb_wrapper\">\n<ul>\n<li class=\"p1\"><strong>SALAS CIVILES \/ INFORME DE ASUNTOS INGRESADOS Y RESOLUCIONES DICTADAS EN SALAS CIVILES. <\/strong><a href=\"https:\/\/www.poderjudicialcdmx.gob.mx\/estadistica\/wp-content\/uploads\/11_SalaCivil_-InfoAsuntIngresResolDictadas_FEBRERO_2026.xlsx\"><em>Ver archivo\u2026<\/em><\/a><\/li>\n<\/ul>\n<\/div>\n<\/div>\n<div class=\"wpb_text_column wpb_content_element \">\n<div class=\"wpb_wrapper\">\n<ul>\n<li class=\"p1\"><strong>SALAS CIVILES \/ INFORME DE ASUNTOS MERCANTILES INGRESADOS POR APELACI\u00d3N A LAS SALAS CIVILES. <\/strong><a href=\"https:\/\/www.poderjudicialcdmx.gob.mx\/estadistica\/wp-content\/uploads\/12_SalaCivil_InforAsuntMercantIngresApel_FEBRERO_2026.xlsx\"><em>Ver archivo\u2026<\/em><\/a><\/li>\n<\/ul>\n<\/div>\n<\/div>\n<div class=\"wpb_text_column wpb_content_element \">\n<div class=\"wpb_wrapper\">\n<ul>\n<li class=\"p1\"><strong>PRIMERA SALA CIVIL \/ INFORME DE ASUTOS INGRESADOS Y RESOLUCIONES DICTADAS DE EXTINCI\u00d3N DE DOMINIO. <\/strong><a href=\"https:\/\/www.poderjudicialcdmx.gob.mx\/estadistica\/wp-content\/uploads\/13_SalaCivil_InfoAsuntIngresResolDictadasExtincionDominio_FEBRERO_2026.xlsx\"><em>Ver archivo\u2026<\/em><\/a><\/li>\n<\/ul>\n<\/div>\n<\/div>\n<div class=\"wpb_text_column wpb_content_element \">\n<div class=\"wpb_wrapper\">\n<ul>\n<li class=\"p1\"><strong>SALAS FAMILIARES \/ INFORME DE ASUNTOS INGRESADOS Y RESOLUCIONES DICTADAS EN SALAS FAMILIARES.<\/strong><a href=\"https:\/\/www.poderjudicialcdmx.gob.mx\/estadistica\/wp-content\/uploads\/14SalasFamil_InfoAsuntIngreResolDict_FEBRERO_2026.xlsx\"><em>\u00a0Ver archivo\u2026<\/em><\/a><\/li>\n<\/ul>\n<\/div>\n<\/div>\n<div class=\"wpb_text_column wpb_content_element \">\n<div class=\"wpb_wrapper\">\n<ul>\n<li class=\"p1\"><strong>SALAS DE JUSTICIA PARA ADOLESCENTES \/ INFORME DE ASUNTOS INGRESADOS Y RESOLUCIONES DICTADAS EN SALAS DE JUSTICIA PARA ADOLESCENTES. <\/strong><a href=\"https:\/\/www.poderjudicialcdmx.gob.mx\/estadistica\/wp-content\/uploads\/15_SalasJusticiaAdol_InfoAsuntIngrResolDict_FEBRERO_2026.xlsx\"><em>Ver archivo\u2026<\/em><\/a><\/li>\n<\/ul>\n<\/div>\n<\/div>\n<div class=\"wpb_text_column wpb_content_element \">\n<div class=\"wpb_wrapper\">\n<ul>\n<li class=\"p1\">SALAS PENALES \/ INFORME DE ASUNTOS INGRESADOS Y RESOLUCIONES DICTADAS EN SALAS PENALES. <a href=\"https:\/\/www.poderjudicialcdmx.gob.mx\/estadistica\/wp-content\/uploads\/16_SalasPenal_InfAsuntIngResolDict__FEBRERO_2026.xlsx\"><em>Ver archivo\u2026<\/em><\/a><\/li>\n<\/ul>\n<\/div>\n<\/div>\n<div class=\"wpb_text_column wpb_content_element \">\n<div class=\"wpb_wrapper\">\n<ul>\n<li class=\"p1\"><strong>SALAS DE EJECUCI\u00d3N DE SANCIONES PENALES \/ INFORME DE ASUNTOS INGRESADOS Y RESOLUCIONES DICTADAS EN SALAS DE EJECUCI\u00d3N DE SANCIONES PENALES. <\/strong><a href=\"https:\/\/www.poderjudicialcdmx.gob.mx\/estadistica\/wp-content\/uploads\/17_SalasEjecSancPen_InfAsuntIngResolDict__FEBRERO_2026.xlsx\"><em>Ver archivo\u2026<\/em><\/a><\/li>\n<\/ul>\n<\/div>\n<\/div>\n<div class=\"wpb_text_column wpb_content_element \">\n<div class=\"wpb_wrapper\">\n<ul>\n<li class=\"p1\"><strong>INFORME ESTAD\u00cdSTICO MENSUAL DE LA SALA CONSTITUCIONAL DEL PODER JUDICIAL DE LA CIUDAD DE M\u00c9XICO \/ SALA CONSTITUCIONAL.\u00a0<\/strong><a href=\"https:\/\/www.poderjudicialcdmx.gob.mx\/estadistica\/wp-content\/uploads\/18_SalaConstitucional_InfMensual_FEBRERO_2026.xlsx\"><em>Ver archivo\u2026<\/em><\/a><\/li>\n<\/ul>\n<\/div>\n<\/div>\n<\/div><\/div>[\/no_accordion_section][\/no_accordion][\/vc_column][\/vc_row][vc_row row_type=\u00bbrow\u00bb use_row_as_full_screen_section=\u00bbno\u00bb type=\u00bbfull_width\u00bb oblique_section=\u00bbno\u00bb text_align=\u00bbleft\u00bb Overflow=\u00bb\u00bb triangle_shape=\u00bbno\u00bb css_animation=\u00bb\u00bb overflow=\u00bb\u00bb][vc_column][vc_separator type=\u00bbtransparent\u00bb up_style=\u00bbpx\u00bb down_style=\u00bbpx\u00bb][vc_empty_space image_repeat=\u00bbno-repeat\u00bb][vc_empty_space image_repeat=\u00bbno-repeat\u00bb][vc_separator type=\u00bbtransparent\u00bb up_style=\u00bbpx\u00bb down_style=\u00bbpx\u00bb][\/vc_column][\/vc_row]<\/p>\n","protected":false},"excerpt":{"rendered":"<p>[vc_row row_type=\u00bbrow\u00bb use_row_as_full_screen_section=\u00bbyes\u00bb type=\u00bbfull_width\u00bb oblique_section=\u00bbno\u00bb text_align=\u00bbcenter\u00bb Overflow=\u00bb\u00bb triangle_shape=\u00bbno\u00bb background_image=\u00bb21487&#8243; background_color=\u00bb#ffffff\u00bb padding_top=\u00bb10%\u00bb css_animation=\u00bb\u00bb overflow=\u00bb\u00bb el_id=\u00bbimagen_cabeza\u00bb][vc_column][vc_empty_space height=\u00bb300px\u00bb background_image=\u00bb21487&#8243; image_repeat=\u00bbno-repeat\u00bb][\/vc_column][\/vc_row][vc_row row_type=\u00bbrow\u00bb use_row_as_full_screen_section=\u00bbno\u00bb type=\u00bbfull_width\u00bb oblique_section=\u00bbno\u00bb text_align=\u00bbcenter\u00bb Overflow=\u00bb\u00bb triangle_shape=\u00bbno\u00bb css_animation=\u00bb\u00bb overflow=\u00bb\u00bb el_id=\u00bbtexto_titulo\u00bb][vc_column][vc_separator type=\u00bbtransparent\u00bb up=\u00bb60&#8243; up_style=\u00bbpx\u00bb down=\u00bb0&#8243; down_style=\u00bbpx\u00bb][vc_column_text] BANCO DE INFORMACI\u00d3N ESTAD\u00cdSTICA [\/vc_column_text][vc_separator type=\u00bbtransparent\u00bb up=\u00bb60&#8243; up_style=\u00bbpx\u00bb down=\u00bb0&#8243; down_style=\u00bbpx\u00bb][\/vc_column][\/vc_row][vc_row row_type=\u00bbrow\u00bb use_row_as_full_screen_section=\u00bbno\u00bb type=\u00bbfull_width\u00bb&#8230;<\/p>\n","protected":false},"author":15,"featured_media":0,"parent":0,"menu_order":0,"comment_status":"closed","ping_status":"closed","template":"full_width.php","meta":{"footnotes":""},"class_list":["post-23366","page","type-page","status-publish","hentry"],"_links":{"self":[{"href":"https:\/\/www.poderjudicialcdmx.gob.mx\/estadistica\/wp-json\/wp\/v2\/pages\/23366"}],"collection":[{"href":"https:\/\/www.poderjudicialcdmx.gob.mx\/estadistica\/wp-json\/wp\/v2\/pages"}],"about":[{"href":"https:\/\/www.poderjudicialcdmx.gob.mx\/estadistica\/wp-json\/wp\/v2\/types\/page"}],"author":[{"embeddable":true,"href":"https:\/\/www.poderjudicialcdmx.gob.mx\/estadistica\/wp-json\/wp\/v2\/users\/15"}],"replies":[{"embeddable":true,"href":"https:\/\/www.poderjudicialcdmx.gob.mx\/estadistica\/wp-json\/wp\/v2\/comments?post=23366"}],"version-history":[{"count":7,"href":"https:\/\/www.poderjudicialcdmx.gob.mx\/estadistica\/wp-json\/wp\/v2\/pages\/23366\/revisions"}],"predecessor-version":[{"id":23503,"href":"https:\/\/www.poderjudicialcdmx.gob.mx\/estadistica\/wp-json\/wp\/v2\/pages\/23366\/revisions\/23503"}],"wp:attachment":[{"href":"https:\/\/www.poderjudicialcdmx.gob.mx\/estadistica\/wp-json\/wp\/v2\/media?parent=23366"}],"curies":[{"name":"wp","href":"https:\/\/api.w.org\/{rel}","templated":true}]}}