{"id":15671,"date":"2025-08-07T22:08:38","date_gmt":"2025-08-07T22:08:38","guid":{"rendered":"http:\/\/www.poderjudicialcdmx.gob.mx\/medidas_cautelares\/?page_id=16269"},"modified":"2025-08-07T22:08:38","modified_gmt":"2025-08-07T22:08:38","slug":"preguntas-frecuentes","status":"publish","type":"page","link":"https:\/\/www.poderjudicialcdmx.gob.mx\/medidas_cautelares\/preguntas-frecuentes\/","title":{"rendered":"PREGUNTAS FRECUENTES AGOSTO 2025"},"content":{"rendered":"<p>[vc_row row_type=\u00bbrow\u00bb use_row_as_full_screen_section=\u00bbno\u00bb type=\u00bbfull_width\u00bb oblique_section=\u00bbno\u00bb text_align=\u00bbcenter\u00bb Overflow=\u00bb\u00bb triangle_shape=\u00bbno\u00bb background_image=\u00bb17167&#8243; background_color=\u00bb#ffffff\u00bb padding_top=\u00bb10%\u00bb css_animation=\u00bb\u00bb overflow=\u00bb\u00bb el_id=\u00bbimagen_cabeza\u00bb][vc_column][vc_separator type=\u00bbtransparent\u00bb up=\u00bb100&#8243; up_style=\u00bbpx\u00bb down_style=\u00bbpx\u00bb][vc_separator type=\u00bbtransparent\u00bb up=\u00bb100&#8243; up_style=\u00bbpx\u00bb down_style=\u00bbpx\u00bb][vc_separator type=\u00bbtransparent\u00bb up=\u00bb100&#8243; up_style=\u00bbpx\u00bb down_style=\u00bbpx\u00bb][vc_separator type=\u00bbtransparent\u00bb up=\u00bb100&#8243; up_style=\u00bbpx\u00bb down_style=\u00bbpx\u00bb][vc_separator type=\u00bbtransparent\u00bb up=\u00bb100&#8243; up_style=\u00bbpx\u00bb down_style=\u00bbpx\u00bb][vc_separator type=\u00bbtransparent\u00bb up=\u00bb100&#8243; up_style=\u00bbpx\u00bb down_style=\u00bbpx\u00bb]<div class=\"custom_font_holder  \" style=\"font-family: Lato; font-size: 65px; line-height: 70px; font-style: normal; font-weight: 800; color: #ffffff; text-decoration: none; text-shadow: 1px 1px 2px rgba(0, 0, 0, 0.4);; text-transform: none; text-align: center\" data-font-size=65 data-line-height=70 ><div  ><\/div><\/div>[vc_separator type=\u00bbtransparent\u00bb up_style=\u00bbpx\u00bb down=\u00bb100&#8243; down_style=\u00bbpx\u00bb][\/vc_column][\/vc_row][vc_row row_type=\u00bbrow\u00bb use_row_as_full_screen_section=\u00bbno\u00bb type=\u00bbfull_width\u00bb oblique_section=\u00bbno\u00bb text_align=\u00bbcenter\u00bb Overflow=\u00bb\u00bb triangle_shape=\u00bbno\u00bb background_color=\u00bb#ffffff\u00bb padding_top=\u00bb10%\u00bb css_animation=\u00bb\u00bb overflow=\u00bb\u00bb][vc_column][vc_empty_space height=\u00bb60px\u00bb image_repeat=\u00bbno-repeat\u00bb][\/vc_column][\/vc_row][vc_row row_type=\u00bbrow\u00bb use_row_as_full_screen_section=\u00bbno\u00bb type=\u00bbfull_width\u00bb oblique_section=\u00bbno\u00bb text_align=\u00bbleft\u00bb Overflow=\u00bb\u00bb triangle_shape=\u00bbno\u00bb css_animation=\u00bb\u00bb overflow=\u00bb\u00bb][vc_column][vc_empty_space height=\u00bb40px\u00bb image_repeat=\u00bbno-repeat\u00bb][\/vc_column][\/vc_row][vc_row row_type=\u00bbrow\u00bb use_row_as_full_screen_section=\u00bbno\u00bb type=\u00bbgrid\u00bb oblique_section=\u00bbno\u00bb text_align=\u00bbleft\u00bb Overflow=\u00bb\u00bb triangle_shape=\u00bbno\u00bb css_animation=\u00bbelement_from_right\u00bb transition_delay=\u00bb1&#8243; overflow=\u00bb\u00bb][vc_column css_animation=\u00bbbounceInDown\u00bb width=\u00bb1\/6&#8243;][vc_empty_space height=\u00bb40px\u00bb image_repeat=\u00bbno-repeat\u00bb][vc_single_image image=\u00bb16283&#8243; mkd_css_animation=\u00bb\u00bb set_shader=\u00bbno\u00bb set_popup=\u00bbno\u00bb animate_image_on_hover=\u00bbno\u00bb][vc_empty_space height=\u00bb10px\u00bb image_repeat=\u00bbno-repeat\u00bb][\/vc_column][vc_column css_animation=\u00bbfadeInRight\u00bb width=\u00bb2\/3&#8243; css=\u00bb.vc_custom_1530215592417{padding-right: 40px !important;padding-left: 40px !important;background-color: #f7f7f7 !important;}\u00bb]<div class=\"custom_font_holder  \" style=\"font-family: Lato; font-size: 20px; line-height: 24px; font-style: normal; font-weight: 600; color: #8f5941; text-decoration: none; text-transform: none; text-align: left\" data-font-size=20 data-line-height=24 ><div  ><p style=\"text-align: left\"><strong>1.- \u00bfCu\u00e1les son las funciones de la Unidad de Supervisi\u00f3n de Medidas Cautelares y Suspensi\u00f3n Condicional del Proceso del TSJCDMX?<\/strong><\/p>\n<\/div><\/div>[vc_separator type=\u00bbnormal\u00bb color=\u00bb#c07558&#8243; up_style=\u00bbpx\u00bb down_style=\u00bbpx\u00bb]<div class=\"custom_font_holder  \" style=\"font-family: Lato; font-size: 20px; line-height: 22px; font-style: normal; font-weight: 400; text-decoration: none; text-transform: none; text-align: left\" data-font-size=20 data-line-height=22 ><div  ><h5 style=\"text-align: justify;font-weight: 400\"><span style=\"color: #003300\">Realizar evaluaciones de riesgo, previo a las audiencias, que ser\u00e1n entregadas a las partes, as\u00ed como supervisar las medidas cautelares y condiciones derivadas de la suspensi\u00f3n condicional del proceso impuestas por el Juez de Control.<\/span><\/h5>\n<\/div><\/div>[vc_empty_space image_repeat=\u00bbno-repeat\u00bb][\/vc_column][vc_column width=\u00bb1\/6&#8243;][\/vc_column][\/vc_row][vc_row row_type=\u00bbrow\u00bb use_row_as_full_screen_section=\u00bbno\u00bb type=\u00bbfull_width\u00bb oblique_section=\u00bbno\u00bb text_align=\u00bbleft\u00bb Overflow=\u00bb\u00bb triangle_shape=\u00bbno\u00bb css_animation=\u00bb\u00bb overflow=\u00bb\u00bb][vc_column][vc_empty_space height=\u00bb40px\u00bb image_repeat=\u00bbno-repeat\u00bb][\/vc_column][\/vc_row][vc_row row_type=\u00bbrow\u00bb use_row_as_full_screen_section=\u00bbno\u00bb type=\u00bbfull_width\u00bb oblique_section=\u00bbno\u00bb text_align=\u00bbleft\u00bb Overflow=\u00bb\u00bb triangle_shape=\u00bbno\u00bb css_animation=\u00bb\u00bb overflow=\u00bb\u00bb][vc_column][vc_empty_space height=\u00bb40px\u00bb image_repeat=\u00bbno-repeat\u00bb][\/vc_column][\/vc_row][vc_row row_type=\u00bbrow\u00bb use_row_as_full_screen_section=\u00bbno\u00bb type=\u00bbgrid\u00bb oblique_section=\u00bbno\u00bb text_align=\u00bbleft\u00bb Overflow=\u00bb\u00bb triangle_shape=\u00bbno\u00bb css_animation=\u00bbelement_from_fade\u00bb transition_delay=\u00bb2&#8243; overflow=\u00bb\u00bb][vc_column css_animation=\u00bbbounceInDown\u00bb width=\u00bb1\/6&#8243;][vc_empty_space height=\u00bb60px\u00bb image_repeat=\u00bbno-repeat\u00bb][vc_single_image image=\u00bb16282&#8243; mkd_css_animation=\u00bb\u00bb set_shader=\u00bbno\u00bb set_popup=\u00bbno\u00bb animate_image_on_hover=\u00bbno\u00bb][vc_empty_space height=\u00bb10px\u00bb image_repeat=\u00bbno-repeat\u00bb][\/vc_column][vc_column css_animation=\u00bbfadeInRight\u00bb width=\u00bb2\/3&#8243; css=\u00bb.vc_custom_1530214877040{padding-right: 40px !important;padding-left: 40px !important;background-color: #f7f7f7 !important;}\u00bb]<div class=\"custom_font_holder  \" style=\"font-family: Lato; font-size: 20px; line-height: 24px; font-style: normal; font-weight: 600; color: #8f5941; text-decoration: none; text-transform: none; text-align: left\" data-font-size=20 data-line-height=24 ><div  ><p style=\"text-align: left\"><strong>2.- \u00bfEn qu\u00e9 consiste la evaluaci\u00f3n de riesgos procesales?<\/strong><\/p>\n<\/div><\/div>[vc_separator type=\u00bbnormal\u00bb color=\u00bb#c07558&#8243; up_style=\u00bbpx\u00bb down_style=\u00bbpx\u00bb]<div class=\"custom_font_holder  \" style=\"font-family: Lato; font-size: 20px; line-height: 22px; font-style: normal; font-weight: 400; text-decoration: none; text-transform: none; text-align: left\" data-font-size=20 data-line-height=22 ><div  ><h5 style=\"text-align: justify;font-weight: 400\"><span style=\"color: #003300\">Es un procedimiento administrativo en el cual se recaban datos de car\u00e1cter socioambiental de aquellas personas susceptibles de ser sujetas a un proceso penal, para ser entregada a las partes del procedimiento y, en su caso, con base en dicha informaci\u00f3n se determine y se imponga la medida cautelar id\u00f3nea para evitar la sustracci\u00f3n de esa persona a la acci\u00f3n de la justicia, garantizar la seguridad de la v\u00edctima y garantizar la no obstaculizaci\u00f3n de la investigaci\u00f3n.<\/span><\/h5>\n<\/div><\/div>[vc_empty_space image_repeat=\u00bbno-repeat\u00bb][\/vc_column][vc_column width=\u00bb1\/6&#8243;][\/vc_column][\/vc_row][vc_row row_type=\u00bbrow\u00bb use_row_as_full_screen_section=\u00bbno\u00bb type=\u00bbfull_width\u00bb oblique_section=\u00bbno\u00bb text_align=\u00bbleft\u00bb Overflow=\u00bb\u00bb triangle_shape=\u00bbno\u00bb css_animation=\u00bb\u00bb overflow=\u00bb\u00bb][vc_column][vc_empty_space height=\u00bb40px\u00bb image_repeat=\u00bbno-repeat\u00bb][\/vc_column][\/vc_row][vc_row row_type=\u00bbrow\u00bb use_row_as_full_screen_section=\u00bbno\u00bb type=\u00bbfull_width\u00bb oblique_section=\u00bbno\u00bb text_align=\u00bbleft\u00bb Overflow=\u00bb\u00bb triangle_shape=\u00bbno\u00bb css_animation=\u00bb\u00bb overflow=\u00bb\u00bb][vc_column][vc_empty_space height=\u00bb40px\u00bb image_repeat=\u00bbno-repeat\u00bb][\/vc_column][\/vc_row][vc_row row_type=\u00bbrow\u00bb use_row_as_full_screen_section=\u00bbno\u00bb type=\u00bbgrid\u00bb oblique_section=\u00bbno\u00bb text_align=\u00bbleft\u00bb Overflow=\u00bb\u00bb triangle_shape=\u00bbno\u00bb css_animation=\u00bbelement_from_fade\u00bb transition_delay=\u00bb3&#8243; overflow=\u00bb\u00bb][vc_column css_animation=\u00bbbounceInDown\u00bb width=\u00bb1\/6&#8243;][vc_empty_space height=\u00bb5px\u00bb image_repeat=\u00bbno-repeat\u00bb][vc_single_image image=\u00bb16281&#8243; mkd_css_animation=\u00bb\u00bb set_shader=\u00bbno\u00bb set_popup=\u00bbno\u00bb animate_image_on_hover=\u00bbno\u00bb][vc_empty_space height=\u00bb10px\u00bb image_repeat=\u00bbno-repeat\u00bb][\/vc_column][vc_column css_animation=\u00bbfadeInRight\u00bb width=\u00bb2\/3&#8243; css=\u00bb.vc_custom_1530215687318{padding-right: 40px !important;padding-left: 40px !important;background-color: #f7f7f7 !important;}\u00bb][vc_empty_space height=\u00bb5px\u00bb image_repeat=\u00bbno-repeat\u00bb]<div class=\"custom_font_holder  \" style=\"font-family: Lato; font-size: 20px; line-height: 24px; font-style: normal; font-weight: 600; color: #8f5941; text-decoration: none; text-transform: none; text-align: left\" data-font-size=20 data-line-height=24 ><div  ><p style=\"text-align: left\"><strong>3.- \u00bfQui\u00e9n puede solicitar la Evaluaci\u00f3n de Riesgos Procesales?<\/strong><\/p>\n<\/div><\/div>[vc_separator type=\u00bbnormal\u00bb color=\u00bb#c07558&#8243; up_style=\u00bbpx\u00bb down_style=\u00bbpx\u00bb]<div class=\"custom_font_holder  \" style=\"font-family: Lato; font-size: 20px; line-height: 22px; font-style: normal; font-weight: 400; text-decoration: none; text-transform: none; text-align: left\" data-font-size=20 data-line-height=22 ><div  ><h5 style=\"text-align: justify;font-weight: 400\"><span style=\"color: #003300\">Las partes del procedimiento, es decir el imputado y su Defensor, el Ministerio P\u00fablico, la v\u00edctima u ofendido y el Asesor Jur\u00eddico.<\/span><\/h5>\n<\/div><\/div>[vc_empty_space image_repeat=\u00bbno-repeat\u00bb][\/vc_column][vc_column width=\u00bb1\/6&#8243;][\/vc_column][\/vc_row][vc_row row_type=\u00bbrow\u00bb use_row_as_full_screen_section=\u00bbno\u00bb type=\u00bbfull_width\u00bb oblique_section=\u00bbno\u00bb text_align=\u00bbleft\u00bb Overflow=\u00bb\u00bb triangle_shape=\u00bbno\u00bb css_animation=\u00bb\u00bb overflow=\u00bb\u00bb][vc_column][vc_empty_space height=\u00bb40px\u00bb image_repeat=\u00bbno-repeat\u00bb][\/vc_column][\/vc_row][vc_row row_type=\u00bbrow\u00bb use_row_as_full_screen_section=\u00bbno\u00bb type=\u00bbfull_width\u00bb oblique_section=\u00bbno\u00bb text_align=\u00bbleft\u00bb Overflow=\u00bb\u00bb triangle_shape=\u00bbno\u00bb css_animation=\u00bb\u00bb overflow=\u00bb\u00bb][vc_column][vc_empty_space height=\u00bb40px\u00bb image_repeat=\u00bbno-repeat\u00bb][\/vc_column][\/vc_row][vc_row row_type=\u00bbrow\u00bb use_row_as_full_screen_section=\u00bbno\u00bb type=\u00bbgrid\u00bb oblique_section=\u00bbno\u00bb text_align=\u00bbleft\u00bb Overflow=\u00bb\u00bb triangle_shape=\u00bbno\u00bb css_animation=\u00bbelement_from_fade\u00bb transition_delay=\u00bb3&#8243; overflow=\u00bb\u00bb][vc_column css_animation=\u00bbbounceInDown\u00bb width=\u00bb1\/6&#8243;][vc_empty_space height=\u00bb25px\u00bb image_repeat=\u00bbno-repeat\u00bb][vc_single_image image=\u00bb16280&#8243; mkd_css_animation=\u00bb\u00bb set_shader=\u00bbno\u00bb set_popup=\u00bbno\u00bb animate_image_on_hover=\u00bbno\u00bb][vc_empty_space height=\u00bb15px\u00bb image_repeat=\u00bbno-repeat\u00bb][\/vc_column][vc_column css_animation=\u00bbfadeInRight\u00bb width=\u00bb2\/3&#8243; css=\u00bb.vc_custom_1530215687318{padding-right: 40px !important;padding-left: 40px !important;background-color: #f7f7f7 !important;}\u00bb]<div class=\"custom_font_holder  \" style=\"font-family: Lato; font-size: 20px; line-height: 24px; font-style: normal; font-weight: 600; color: #8f5941; text-decoration: none; text-transform: none; text-align: left\" data-font-size=20 data-line-height=24 ><div  ><p style=\"text-align: left\"><strong>4.- \u00bfEn qu\u00e9 consiste una medida cautelar?<\/strong><\/p>\n<\/div><\/div>[vc_separator type=\u00bbnormal\u00bb color=\u00bb#dd9933&#8243; up_style=\u00bbpx\u00bb down_style=\u00bbpx\u00bb]<div class=\"custom_font_holder  \" style=\"font-family: Lato; font-size: 20px; line-height: 22px; font-style: normal; font-weight: 400; text-decoration: none; text-transform: none; text-align: left\" data-font-size=20 data-line-height=22 ><div  ><h5 style=\"text-align: justify;font-weight: 400\"><span style=\"color: #003300\">Una medida cautelar es una restricci\u00f3n impuesta por el Juez de Control, para asegurar la presencia del imputado en el procedimiento, garantizar la seguridad de la v\u00edctima u ofendido, del testigo y comunidad, o evitar la obstaculizaci\u00f3n del procedimiento.<\/span><\/h5>\n<\/div><\/div>[vc_empty_space image_repeat=\u00bbno-repeat\u00bb][\/vc_column][vc_column width=\u00bb1\/6&#8243;][\/vc_column][\/vc_row][vc_row row_type=\u00bbrow\u00bb use_row_as_full_screen_section=\u00bbno\u00bb type=\u00bbfull_width\u00bb oblique_section=\u00bbno\u00bb text_align=\u00bbleft\u00bb Overflow=\u00bb\u00bb triangle_shape=\u00bbno\u00bb css_animation=\u00bb\u00bb overflow=\u00bb\u00bb][vc_column][vc_empty_space height=\u00bb40px\u00bb image_repeat=\u00bbno-repeat\u00bb][\/vc_column][\/vc_row][vc_row row_type=\u00bbrow\u00bb use_row_as_full_screen_section=\u00bbno\u00bb type=\u00bbfull_width\u00bb oblique_section=\u00bbno\u00bb text_align=\u00bbleft\u00bb Overflow=\u00bb\u00bb triangle_shape=\u00bbno\u00bb css_animation=\u00bb\u00bb overflow=\u00bb\u00bb][vc_column][vc_empty_space height=\u00bb40px\u00bb image_repeat=\u00bbno-repeat\u00bb][\/vc_column][\/vc_row][vc_row row_type=\u00bbrow\u00bb use_row_as_full_screen_section=\u00bbno\u00bb type=\u00bbgrid\u00bb oblique_section=\u00bbno\u00bb text_align=\u00bbleft\u00bb Overflow=\u00bb\u00bb triangle_shape=\u00bbno\u00bb css_animation=\u00bbelement_from_fade\u00bb transition_delay=\u00bb3&#8243; overflow=\u00bb\u00bb][vc_column css_animation=\u00bbbounceInDown\u00bb width=\u00bb1\/6&#8243;][vc_empty_space height=\u00bb25px\u00bb image_repeat=\u00bbno-repeat\u00bb][vc_single_image image=\u00bb16279&#8243; mkd_css_animation=\u00bb\u00bb set_shader=\u00bbno\u00bb set_popup=\u00bbno\u00bb animate_image_on_hover=\u00bbno\u00bb][vc_empty_space height=\u00bb10px\u00bb image_repeat=\u00bbno-repeat\u00bb][\/vc_column][vc_column css_animation=\u00bbfadeInRight\u00bb width=\u00bb2\/3&#8243; css=\u00bb.vc_custom_1530215687318{padding-right: 40px !important;padding-left: 40px !important;background-color: #f7f7f7 !important;}\u00bb]<div class=\"custom_font_holder  \" style=\"font-family: Lato; font-size: 20px; line-height: 24px; font-style: normal; font-weight: 600; color: #8f5941; text-decoration: none; text-transform: none; text-align: left\" data-font-size=20 data-line-height=24 ><div  ><p style=\"text-align: left\"><strong>5.- \u00bf<\/strong><strong>En qu\u00e9 consiste la suspensi\u00f3n condicional del proceso?<\/strong><\/p>\n<\/div><\/div>[vc_separator type=\u00bbnormal\u00bb color=\u00bb#dd9933&#8243; up_style=\u00bbpx\u00bb down_style=\u00bbpx\u00bb]<div class=\"custom_font_holder  \" style=\"font-family: Lato; font-size: 20px; line-height: 22px; font-style: normal; font-weight: 400; text-decoration: none; text-transform: none; text-align: left\" data-font-size=20 data-line-height=22 ><div  ><h5 style=\"text-align: justify;font-weight: 400\">Es una soluci\u00f3n alterna al procedimiento penal, mediante la cual el imputado se compromete a reparar el da\u00f1o ocasionado por el delito que se le imputa, as\u00ed como a cumplir con diversas condiciones por un plazo determinado, al final del cual si se cumpli\u00f3 con ellas se tendr\u00e1 por concluido el procedimiento.<\/h5>\n<\/div><\/div>[vc_empty_space image_repeat=\u00bbno-repeat\u00bb][\/vc_column][vc_column width=\u00bb1\/6&#8243;][\/vc_column][\/vc_row][vc_row row_type=\u00bbrow\u00bb use_row_as_full_screen_section=\u00bbno\u00bb type=\u00bbfull_width\u00bb oblique_section=\u00bbno\u00bb text_align=\u00bbleft\u00bb Overflow=\u00bb\u00bb triangle_shape=\u00bbno\u00bb css_animation=\u00bb\u00bb overflow=\u00bb\u00bb][vc_column][vc_empty_space height=\u00bb40px\u00bb image_repeat=\u00bbno-repeat\u00bb][\/vc_column][\/vc_row][vc_row row_type=\u00bbrow\u00bb use_row_as_full_screen_section=\u00bbno\u00bb type=\u00bbfull_width\u00bb oblique_section=\u00bbno\u00bb text_align=\u00bbleft\u00bb Overflow=\u00bb\u00bb triangle_shape=\u00bbno\u00bb css_animation=\u00bb\u00bb overflow=\u00bb\u00bb][vc_column][vc_empty_space height=\u00bb40px\u00bb image_repeat=\u00bbno-repeat\u00bb][\/vc_column][\/vc_row][vc_row row_type=\u00bbrow\u00bb use_row_as_full_screen_section=\u00bbno\u00bb type=\u00bbgrid\u00bb oblique_section=\u00bbno\u00bb text_align=\u00bbleft\u00bb Overflow=\u00bb\u00bb triangle_shape=\u00bbno\u00bb css_animation=\u00bbelement_from_fade\u00bb transition_delay=\u00bb3&#8243; overflow=\u00bb\u00bb][vc_column css_animation=\u00bbbounceInDown\u00bb width=\u00bb1\/6&#8243;][vc_single_image image=\u00bb16277&#8243; mkd_css_animation=\u00bb\u00bb set_shader=\u00bbno\u00bb set_popup=\u00bbno\u00bb animate_image_on_hover=\u00bbno\u00bb][vc_empty_space height=\u00bb5px\u00bb image_repeat=\u00bbno-repeat\u00bb][\/vc_column][vc_column css_animation=\u00bbfadeInRight\u00bb width=\u00bb2\/3&#8243; css=\u00bb.vc_custom_1530215687318{padding-right: 40px !important;padding-left: 40px !important;background-color: #f7f7f7 !important;}\u00bb]<div class=\"custom_font_holder  \" style=\"font-family: Lato; font-size: 20px; line-height: 24px; font-style: normal; font-weight: 600; color: #8f5941; text-decoration: none; text-transform: none; text-align: left\" data-font-size=20 data-line-height=24 ><div  ><p style=\"text-align: left\"><strong>6.- \u00bfQu\u00e9 sucede ante el incumplimiento de una medida cautelar o condici\u00f3n?<\/strong><\/p>\n<\/div><\/div>[vc_separator type=\u00bbnormal\u00bb color=\u00bb#dd9933&#8243; up_style=\u00bbpx\u00bb down_style=\u00bbpx\u00bb]<div class=\"custom_font_holder  \" style=\"font-family: Lato; font-size: 20px; line-height: 22px; font-style: normal; font-weight: 400; text-decoration: none; text-transform: none; text-align: left\" data-font-size=20 data-line-height=22 ><div  ><h5 style=\"text-align: justify;font-weight: 400\">Puede traer como consecuencia la imposici\u00f3n de una medida cautelar m\u00e1s restrictiva o la revocaci\u00f3n de la suspensi\u00f3n.<\/h5>\n<\/div><\/div>[vc_empty_space height=\u00bb28px\u00bb image_repeat=\u00bbno-repeat\u00bb][\/vc_column][vc_column width=\u00bb1\/6&#8243;][\/vc_column][\/vc_row][vc_row row_type=\u00bbrow\u00bb use_row_as_full_screen_section=\u00bbno\u00bb type=\u00bbfull_width\u00bb oblique_section=\u00bbno\u00bb text_align=\u00bbleft\u00bb Overflow=\u00bb\u00bb triangle_shape=\u00bbno\u00bb css_animation=\u00bb\u00bb overflow=\u00bb\u00bb][vc_column][vc_empty_space height=\u00bb40px\u00bb image_repeat=\u00bbno-repeat\u00bb][\/vc_column][\/vc_row][vc_row row_type=\u00bbrow\u00bb use_row_as_full_screen_section=\u00bbno\u00bb type=\u00bbfull_width\u00bb oblique_section=\u00bbno\u00bb text_align=\u00bbleft\u00bb Overflow=\u00bb\u00bb triangle_shape=\u00bbno\u00bb css_animation=\u00bb\u00bb overflow=\u00bb\u00bb][vc_column][vc_empty_space height=\u00bb40px\u00bb image_repeat=\u00bbno-repeat\u00bb][\/vc_column][\/vc_row][vc_row row_type=\u00bbrow\u00bb use_row_as_full_screen_section=\u00bbno\u00bb type=\u00bbgrid\u00bb oblique_section=\u00bbno\u00bb text_align=\u00bbleft\u00bb Overflow=\u00bb\u00bb triangle_shape=\u00bbno\u00bb css_animation=\u00bbelement_from_fade\u00bb transition_delay=\u00bb3&#8243; overflow=\u00bb\u00bb][vc_column css_animation=\u00bbbounceInDown\u00bb width=\u00bb1\/6&#8243;][vc_single_image image=\u00bb16124&#8243; mkd_css_animation=\u00bb\u00bb set_shader=\u00bbno\u00bb set_popup=\u00bbno\u00bb animate_image_on_hover=\u00bbno\u00bb][vc_empty_space height=\u00bb40px\u00bb image_repeat=\u00bbno-repeat\u00bb][\/vc_column][vc_column css_animation=\u00bbfadeInRight\u00bb width=\u00bb2\/3&#8243;]<div class=\"custom_font_holder  \" style=\"font-family: Lato; font-size: 20px; line-height: 24px; font-style: normal; font-weight: 600; color: #8f5941; text-decoration: none; text-transform: none; text-align: left\" data-font-size=20 data-line-height=24 ><div  ><p style=\"text-align: left\"><strong>7.-<\/strong><strong>\u00bfQu\u00e9 funciones realiza la Subdirecci\u00f3n de Justicia para Adolescentes de la Unidad de Supervisi\u00f3n de Medidas Cautelares y Suspensi\u00f3n condicional del proceso?<\/strong><\/p>\n<p style=\"text-align: left\"><strong>\u00a0<\/strong><\/p>\n<\/div><\/div>[vc_separator type=\u00bbnormal\u00bb color=\u00bb#dd9933&#8243; up_style=\u00bbpx\u00bb down_style=\u00bbpx\u00bb]<div class=\"custom_font_holder  \" style=\"font-family: Lato; font-size: 20px; line-height: 22px; font-style: normal; font-weight: 400; text-decoration: none; text-transform: none; text-align: left\" data-font-size=20 data-line-height=22 ><div  ><h5>Esta subdirecci\u00f3n cuenta con dos \u00e1reas que son Evaluaci\u00f3n y supervisi\u00f3n.En el \u00e1rea de evaluaci\u00f3n se lleva a cabo la evaluaci\u00f3n de riesgos que busca obtener datos socio ambientales del adolescente para determinar la medida cautelar o condici\u00f3n m\u00e1s id\u00f3nea para el adolescente.\u00a0\u00a0En cuanto al \u00e1rea de supervisi\u00f3n tiene como objetivo dar seguimiento a las medidas cautelares distintas a la prisi\u00f3n preventiva y de suspensi\u00f3n condicional del proceso.<\/h5>\n<\/div><\/div>[vc_empty_space height=\u00bb28px\u00bb image_repeat=\u00bbno-repeat\u00bb][\/vc_column][vc_column width=\u00bb1\/6&#8243;][\/vc_column][\/vc_row][vc_row row_type=\u00bbrow\u00bb use_row_as_full_screen_section=\u00bbno\u00bb type=\u00bbfull_width\u00bb oblique_section=\u00bbno\u00bb text_align=\u00bbleft\u00bb Overflow=\u00bb\u00bb triangle_shape=\u00bbno\u00bb css_animation=\u00bb\u00bb overflow=\u00bb\u00bb][vc_column][vc_empty_space height=\u00bb40px\u00bb image_repeat=\u00bbno-repeat\u00bb][\/vc_column][\/vc_row][vc_row row_type=\u00bbrow\u00bb use_row_as_full_screen_section=\u00bbno\u00bb type=\u00bbfull_width\u00bb oblique_section=\u00bbno\u00bb text_align=\u00bbleft\u00bb Overflow=\u00bb\u00bb triangle_shape=\u00bbno\u00bb css_animation=\u00bb\u00bb overflow=\u00bb\u00bb][vc_column][vc_empty_space height=\u00bb40px\u00bb image_repeat=\u00bbno-repeat\u00bb][\/vc_column][\/vc_row][vc_row row_type=\u00bbrow\u00bb use_row_as_full_screen_section=\u00bbno\u00bb type=\u00bbgrid\u00bb oblique_section=\u00bbno\u00bb text_align=\u00bbleft\u00bb Overflow=\u00bb\u00bb triangle_shape=\u00bbno\u00bb css_animation=\u00bbelement_from_fade\u00bb transition_delay=\u00bb3&#8243; overflow=\u00bb\u00bb][vc_column css_animation=\u00bbbounceInDown\u00bb width=\u00bb1\/6&#8243;][vc_single_image image=\u00bb16119&#8243; mkd_css_animation=\u00bb\u00bb set_shader=\u00bbno\u00bb set_popup=\u00bbno\u00bb animate_image_on_hover=\u00bbno\u00bb][vc_empty_space height=\u00bb40px\u00bb image_repeat=\u00bbno-repeat\u00bb][\/vc_column][vc_column css_animation=\u00bbfadeInRight\u00bb width=\u00bb2\/3&#8243;]<div class=\"custom_font_holder  \" style=\"font-family: Lato; font-size: 20px; line-height: 24px; font-style: normal; font-weight: 600; color: #8f5941; text-decoration: none; text-transform: none; text-align: left\" data-font-size=20 data-line-height=24 ><div  ><p style=\"text-align: left\"><strong>8.-<\/strong><strong>\u00bfC\u00f3mo se efect\u00faa el procedimiento de supervisi\u00f3n de una medida cautelar o condici\u00f3n que le fue impuesta por el juez de control a un adolescente? <\/strong><\/p>\n<p style=\"text-align: left\"><strong>\u00a0<\/strong><\/p>\n<\/div><\/div>[vc_separator type=\u00bbnormal\u00bb color=\u00bb#dd9933&#8243; up_style=\u00bbpx\u00bb down_style=\u00bbpx\u00bb]<div class=\"custom_font_holder  \" style=\"font-family: Lato; font-size: 20px; line-height: 22px; font-style: normal; font-weight: 400; text-decoration: none; text-transform: none; text-align: left\" data-font-size=20 data-line-height=22 ><div  ><h5>Al salir de tu audiencia con el Juez, te esperamos en nuestras instalaciones acompa\u00f1ado de tu madre, padre o tutor, para llevar a cabo los siguientes pasos:<\/h5>\n<ol>\n<li>Presentaci\u00f3n del oficio en el que se se\u00f1alan las medidas cautelares o condiciones que te fueron impuestas por el Juez.<\/li>\n<li>Asignaci\u00f3n de SUPERVISOR.<\/li>\n<li>Explicaci\u00f3n a detalle las Medidas Cautelares o Condiciones que se te impusieron.<\/li>\n<li>El supervisor realizar\u00e1 una entrevista de car\u00e1cter socio ambiental.<\/li>\n<li>El supervisor elaborar\u00e1 una estrategia a seguir para dar cumplimento a las Medidas Cautelares o Condiciones impuestas por el juez.<\/li>\n<li>El supervisor que te sea asignado estar\u00e1 siempre al pendiente de ti y de tus actividades.<\/li>\n<\/ol>\n<\/div><\/div>[\/vc_column][vc_column width=\u00bb1\/6&#8243;][\/vc_column][\/vc_row][vc_row row_type=\u00bbrow\u00bb use_row_as_full_screen_section=\u00bbno\u00bb type=\u00bbfull_width\u00bb oblique_section=\u00bbno\u00bb text_align=\u00bbleft\u00bb Overflow=\u00bb\u00bb triangle_shape=\u00bbno\u00bb css_animation=\u00bb\u00bb overflow=\u00bb\u00bb][vc_column][vc_empty_space height=\u00bb40px\u00bb image_repeat=\u00bbno-repeat\u00bb][\/vc_column][\/vc_row][vc_row row_type=\u00bbrow\u00bb use_row_as_full_screen_section=\u00bbno\u00bb type=\u00bbfull_width\u00bb oblique_section=\u00bbno\u00bb text_align=\u00bbleft\u00bb Overflow=\u00bb\u00bb triangle_shape=\u00bbno\u00bb css_animation=\u00bb\u00bb overflow=\u00bb\u00bb][vc_column][vc_empty_space height=\u00bb40px\u00bb image_repeat=\u00bbno-repeat\u00bb][\/vc_column][\/vc_row][vc_row row_type=\u00bbrow\u00bb use_row_as_full_screen_section=\u00bbno\u00bb type=\u00bbgrid\u00bb oblique_section=\u00bbno\u00bb text_align=\u00bbleft\u00bb Overflow=\u00bb\u00bb triangle_shape=\u00bbno\u00bb css_animation=\u00bbelement_from_fade\u00bb transition_delay=\u00bb3&#8243; overflow=\u00bb\u00bb][vc_column css_animation=\u00bbbounceInDown\u00bb width=\u00bb1\/6&#8243;][vc_single_image image=\u00bb16115&#8243; mkd_css_animation=\u00bb\u00bb set_shader=\u00bbno\u00bb set_popup=\u00bbno\u00bb animate_image_on_hover=\u00bbno\u00bb][vc_empty_space height=\u00bb40px\u00bb image_repeat=\u00bbno-repeat\u00bb][\/vc_column][vc_column css_animation=\u00bbbounceInRight\u00bb width=\u00bb2\/3&#8243;]<div class=\"custom_font_holder  \" style=\"font-family: Lato; font-size: 20px; line-height: 24px; font-style: normal; font-weight: 600; color: #8f5941; text-decoration: none; text-transform: none; text-align: left\" data-font-size=20 data-line-height=24 ><div  ><p style=\"text-align: left\"><strong>9.-<\/strong><strong>\u00bfCu\u00e1l es la figura del supervisor en el caso de adolescentes?<\/strong><\/p>\n<p style=\"text-align: left\"><strong>\u00a0<\/strong><\/p>\n<\/div><\/div>[vc_separator type=\u00bbnormal\u00bb color=\u00bb#dd9933&#8243; up_style=\u00bbpx\u00bb down_style=\u00bbpx\u00bb]<div class=\"custom_font_holder  \" style=\"font-family: Lato; font-size: 20px; line-height: 22px; font-style: normal; font-weight: 400; text-decoration: none; text-transform: none; text-align: left\" data-font-size=20 data-line-height=22 ><div  ><p>Es una persona profesional y especializada que te acompa\u00f1ara y vigilara el cumplimiento de las medidas cautelares o condiciones que te fueron impuestas por el Juez en la audiencia.<\/p>\n<\/div><\/div>[\/vc_column][vc_column width=\u00bb1\/6&#8243;][\/vc_column][\/vc_row][vc_row row_type=\u00bbrow\u00bb use_row_as_full_screen_section=\u00bbno\u00bb type=\u00bbfull_width\u00bb oblique_section=\u00bbno\u00bb text_align=\u00bbleft\u00bb Overflow=\u00bb\u00bb triangle_shape=\u00bbno\u00bb css_animation=\u00bb\u00bb overflow=\u00bb\u00bb][vc_column][vc_empty_space height=\u00bb40px\u00bb image_repeat=\u00bbno-repeat\u00bb][\/vc_column][\/vc_row][vc_row row_type=\u00bbrow\u00bb use_row_as_full_screen_section=\u00bbno\u00bb type=\u00bbfull_width\u00bb oblique_section=\u00bbno\u00bb text_align=\u00bbleft\u00bb Overflow=\u00bb\u00bb triangle_shape=\u00bbno\u00bb css_animation=\u00bb\u00bb overflow=\u00bb\u00bb][vc_column][vc_empty_space height=\u00bb40px\u00bb image_repeat=\u00bbno-repeat\u00bb][\/vc_column][\/vc_row][vc_row row_type=\u00bbrow\u00bb use_row_as_full_screen_section=\u00bbno\u00bb type=\u00bbgrid\u00bb oblique_section=\u00bbno\u00bb text_align=\u00bbleft\u00bb Overflow=\u00bb\u00bb triangle_shape=\u00bbno\u00bb css_animation=\u00bbelement_from_fade\u00bb transition_delay=\u00bb3&#8243; overflow=\u00bb\u00bb][vc_column css_animation=\u00bbbounceInDown\u00bb width=\u00bb1\/6&#8243;][vc_single_image image=\u00bb16175&#8243; mkd_css_animation=\u00bb\u00bb set_shader=\u00bbno\u00bb set_popup=\u00bbno\u00bb animate_image_on_hover=\u00bbno\u00bb][vc_empty_space height=\u00bb40px\u00bb image_repeat=\u00bbno-repeat\u00bb][\/vc_column][vc_column width=\u00bb2\/3&#8243;]<div class=\"custom_font_holder  \" style=\"font-family: Lato; font-size: 20px; line-height: 24px; font-style: normal; font-weight: 600; color: #8f5941; text-decoration: none; text-transform: none; text-align: left\" data-font-size=20 data-line-height=24 ><div  ><p style=\"text-align: left\"><strong>10.-<\/strong><strong>En todas las funciones que realiza la Unidad de Supervisi\u00f3n de Medidas Cautelares y Suspensi\u00f3n Condicional del Proceso, se respetan tus derechos: <\/strong><\/p>\n<p style=\"text-align: left\"><strong>\u00a0<\/strong><\/p>\n<\/div><\/div>[vc_separator type=\u00bbnormal\u00bb color=\u00bb#dd9933&#8243; up_style=\u00bbpx\u00bb down_style=\u00bbpx\u00bb]<div class=\"custom_font_holder  \" style=\"font-family: Lato; font-size: 20px; line-height: 22px; font-style: normal; font-weight: 400; text-decoration: none; text-transform: none; text-align: left\" data-font-size=20 data-line-height=22 ><div  ><ul>\n<li>A ser tratado con respeto y dignidad.<\/li>\n<li>La presencia de su defensor durante la entrevista de evaluaci\u00f3n de riesgo.<\/li>\n<li>La entrevista es voluntaria y gratuita.<\/li>\n<li>La informaci\u00f3n proporcionada, no podr\u00e1 ser utilizada para demostrar tu culpabilidad.<\/li>\n<li>Los datos obtenidos son confidenciales.<\/li>\n<li>No se pregunta nada relativo a c\u00f3mo sucedieron los hechos que se te atribuyen.<\/li>\n<li>A ser tratado como inocente.<\/li>\n<li>Proporcionar la asistencia por un traductor o int\u00e9rprete, en caso de que no comprenda o\u00a0\u00a0 hable el idioma espa\u00f1ol<\/li>\n<\/ul>\n<\/div><\/div>[\/vc_column][vc_column width=\u00bb1\/6&#8243;][\/vc_column][\/vc_row][vc_row row_type=\u00bbrow\u00bb use_row_as_full_screen_section=\u00bbno\u00bb type=\u00bbfull_width\u00bb oblique_section=\u00bbno\u00bb text_align=\u00bbleft\u00bb Overflow=\u00bb\u00bb triangle_shape=\u00bbno\u00bb css_animation=\u00bb\u00bb overflow=\u00bb\u00bb][vc_column][vc_empty_space height=\u00bb40px\u00bb image_repeat=\u00bbno-repeat\u00bb][\/vc_column][\/vc_row][vc_row row_type=\u00bbrow\u00bb use_row_as_full_screen_section=\u00bbno\u00bb type=\u00bbgrid\u00bb oblique_section=\u00bbno\u00bb text_align=\u00bbleft\u00bb Overflow=\u00bb\u00bb triangle_shape=\u00bbno\u00bb css_animation=\u00bbelement_from_fade\u00bb transition_delay=\u00bb3&#8243; overflow=\u00bb\u00bb][vc_column css_animation=\u00bbbounceInDown\u00bb width=\u00bb1\/6&#8243;][vc_single_image image=\u00bb16094&#8243; mkd_css_animation=\u00bb\u00bb set_shader=\u00bbno\u00bb set_popup=\u00bbno\u00bb animate_image_on_hover=\u00bbno\u00bb][vc_empty_space height=\u00bb40px\u00bb image_repeat=\u00bbno-repeat\u00bb][\/vc_column][vc_column width=\u00bb2\/3&#8243;]<div class=\"custom_font_holder  \" style=\"font-family: Lato; font-size: 20px; line-height: 24px; font-style: normal; font-weight: 600; color: #8f5941; text-decoration: none; text-transform: none; text-align: left\" data-font-size=20 data-line-height=24 ><div  ><p style=\"text-align: left\"><strong>11.- \u00bfCu\u00e1l es la relevancia de los convenios que celebra la Unidad con instituciones p\u00fablicas y privadas?<\/strong><\/p>\n<p style=\"text-align: left\"><strong>\u00a0<\/strong><\/p>\n<\/div><\/div>[vc_separator type=\u00bbnormal\u00bb color=\u00bb#dd9933&#8243; up_style=\u00bbpx\u00bb down_style=\u00bbpx\u00bb]<div class=\"custom_font_holder  \" style=\"font-family: Lato; font-size: 20px; line-height: 22px; font-style: normal; font-weight: 400; text-decoration: none; text-transform: none; text-align: left\" data-font-size=20 data-line-height=22 ><div  ><p>Los convenios que celebra la Unidad tienen por objetivo auxiliar en las funciones de supervisi\u00f3n de medidas cautelares y suspensi\u00f3n condicional del proceso, para adultos y adolescentes.<\/p>\n<\/div><\/div>[\/vc_column][vc_column width=\u00bb1\/6&#8243;][\/vc_column][\/vc_row][vc_row row_type=\u00bbrow\u00bb use_row_as_full_screen_section=\u00bbno\u00bb type=\u00bbgrid\u00bb oblique_section=\u00bbno\u00bb text_align=\u00bbleft\u00bb Overflow=\u00bb\u00bb triangle_shape=\u00bbno\u00bb css_animation=\u00bbelement_from_fade\u00bb transition_delay=\u00bb3&#8243; overflow=\u00bb\u00bb][\/vc_row][vc_row row_type=\u00bbrow\u00bb use_row_as_full_screen_section=\u00bbno\u00bb type=\u00bbfull_width\u00bb oblique_section=\u00bbno\u00bb text_align=\u00bbleft\u00bb Overflow=\u00bb\u00bb triangle_shape=\u00bbno\u00bb css_animation=\u00bb\u00bb overflow=\u00bb\u00bb][vc_column][vc_empty_space height=\u00bb40px\u00bb image_repeat=\u00bbno-repeat\u00bb][\/vc_column][\/vc_row][vc_row row_type=\u00bbrow\u00bb use_row_as_full_screen_section=\u00bbno\u00bb type=\u00bbgrid\u00bb oblique_section=\u00bbno\u00bb text_align=\u00bbleft\u00bb Overflow=\u00bb\u00bb triangle_shape=\u00bbno\u00bb css_animation=\u00bbelement_from_fade\u00bb transition_delay=\u00bb3&#8243; overflow=\u00bb\u00bb][vc_column css_animation=\u00bbbounceInDown\u00bb width=\u00bb1\/6&#8243;][vc_single_image image=\u00bb16168&#8243; mkd_css_animation=\u00bb\u00bb set_shader=\u00bbno\u00bb set_popup=\u00bbno\u00bb animate_image_on_hover=\u00bbno\u00bb][vc_empty_space height=\u00bb40px\u00bb image_repeat=\u00bbno-repeat\u00bb][\/vc_column][vc_column width=\u00bb2\/3&#8243;]<div class=\"custom_font_holder  \" style=\"font-family: Lato; font-size: 20px; line-height: 24px; font-style: normal; font-weight: 600; color: #8f5941; text-decoration: none; text-transform: none; text-align: left\" data-font-size=20 data-line-height=24 ><div  ><p style=\"text-align: left\"><strong>12.- \u00bfEn qu\u00e9 materias se busca el apoyo de las instituciones?<\/strong><\/p>\n<p style=\"text-align: left\"><strong>\u00a0<\/strong><\/p>\n<\/div><\/div>[vc_separator type=\u00bbnormal\u00bb color=\u00bb#dd9933&#8243; up_style=\u00bbpx\u00bb down_style=\u00bbpx\u00bb]<div class=\"custom_font_holder  \" style=\"font-family: Lato; font-size: 20px; line-height: 22px; font-style: normal; font-weight: 400; text-decoration: none; text-transform: none; text-align: left\" data-font-size=20 data-line-height=22 ><div  ><p>En materia de salud, educaci\u00f3n, empleo, y servicio social a favor del Estado<\/p>\n<\/div><\/div>[\/vc_column][vc_column width=\u00bb1\/6&#8243;][\/vc_column][\/vc_row][vc_row row_type=\u00bbrow\u00bb use_row_as_full_screen_section=\u00bbno\u00bb type=\u00bbfull_width\u00bb oblique_section=\u00bbno\u00bb text_align=\u00bbleft\u00bb Overflow=\u00bb\u00bb triangle_shape=\u00bbno\u00bb css_animation=\u00bb\u00bb overflow=\u00bb\u00bb][vc_column][vc_empty_space height=\u00bb40px\u00bb image_repeat=\u00bbno-repeat\u00bb][\/vc_column][\/vc_row][vc_row row_type=\u00bbrow\u00bb use_row_as_full_screen_section=\u00bbno\u00bb type=\u00bbgrid\u00bb oblique_section=\u00bbno\u00bb text_align=\u00bbleft\u00bb Overflow=\u00bb\u00bb triangle_shape=\u00bbno\u00bb css_animation=\u00bbelement_from_fade\u00bb transition_delay=\u00bb3&#8243; overflow=\u00bb\u00bb][vc_column css_animation=\u00bbbounceInDown\u00bb width=\u00bb1\/6&#8243;][vc_single_image image=\u00bb16124&#8243; mkd_css_animation=\u00bb\u00bb set_shader=\u00bbno\u00bb set_popup=\u00bbno\u00bb animate_image_on_hover=\u00bbno\u00bb][vc_empty_space height=\u00bb40px\u00bb image_repeat=\u00bbno-repeat\u00bb][\/vc_column][vc_column width=\u00bb2\/3&#8243;]<div class=\"custom_font_holder  \" style=\"font-family: Lato; font-size: 20px; line-height: 24px; font-style: normal; font-weight: 600; color: #8f5941; text-decoration: none; text-transform: none; text-align: left\" data-font-size=20 data-line-height=24 ><div  ><p style=\"text-align: left\"><strong>13.- \u00bfExisten otras Unidades hom\u00f3logas a esta?<\/strong><\/p>\n<p style=\"text-align: left\"><strong>\u00a0<\/strong><\/p>\n<\/div><\/div>[vc_separator type=\u00bbnormal\u00bb color=\u00bb#dd9933&#8243; up_style=\u00bbpx\u00bb down_style=\u00bbpx\u00bb]<div class=\"custom_font_holder  \" style=\"font-family: Lato; font-size: 20px; line-height: 22px; font-style: normal; font-weight: 400; text-decoration: none; text-transform: none; text-align: left\" data-font-size=20 data-line-height=22 ><div  ><p>En cada estado de la rep\u00fablica mexicana existe una Unidad con funciones hom\u00f3logas a esta, aunque en algunos casos se encuentran adscritas a diferentes instituciones distintas al poder judicial.<\/p>\n<\/div><\/div>[\/vc_column][vc_column width=\u00bb1\/6&#8243;][\/vc_column][\/vc_row][vc_row row_type=\u00bbrow\u00bb use_row_as_full_screen_section=\u00bbno\u00bb type=\u00bbgrid\u00bb oblique_section=\u00bbno\u00bb text_align=\u00bbleft\u00bb Overflow=\u00bb\u00bb triangle_shape=\u00bbno\u00bb css_animation=\u00bbelement_from_fade\u00bb transition_delay=\u00bb3&#8243; overflow=\u00bb\u00bb][\/vc_row][vc_row row_type=\u00bbrow\u00bb use_row_as_full_screen_section=\u00bbno\u00bb type=\u00bbfull_width\u00bb oblique_section=\u00bbno\u00bb text_align=\u00bbleft\u00bb Overflow=\u00bb\u00bb triangle_shape=\u00bbno\u00bb css_animation=\u00bb\u00bb overflow=\u00bb\u00bb][vc_column][vc_empty_space height=\u00bb40px\u00bb image_repeat=\u00bbno-repeat\u00bb][\/vc_column][\/vc_row][vc_row row_type=\u00bbrow\u00bb use_row_as_full_screen_section=\u00bbno\u00bb type=\u00bbgrid\u00bb oblique_section=\u00bbno\u00bb text_align=\u00bbleft\u00bb Overflow=\u00bb\u00bb triangle_shape=\u00bbno\u00bb css_animation=\u00bbelement_from_fade\u00bb transition_delay=\u00bb3&#8243; overflow=\u00bb\u00bb][vc_column css_animation=\u00bbbounceInDown\u00bb width=\u00bb1\/6&#8243;][vc_single_image image=\u00bb16175&#8243; mkd_css_animation=\u00bb\u00bb set_shader=\u00bbno\u00bb set_popup=\u00bbno\u00bb animate_image_on_hover=\u00bbno\u00bb][vc_empty_space height=\u00bb40px\u00bb image_repeat=\u00bbno-repeat\u00bb][\/vc_column][vc_column width=\u00bb2\/3&#8243;]<div class=\"custom_font_holder  \" style=\"font-family: Lato; font-size: 20px; line-height: 24px; font-style: normal; font-weight: 600; color: #8f5941; text-decoration: none; text-transform: none; text-align: left\" data-font-size=20 data-line-height=24 ><div  ><p style=\"text-align: left\"><strong>14.- \u00bfQui\u00e9n resuelve la procedencia de medidas cautelares?<\/strong><\/p>\n<p style=\"text-align: left\"><strong>\u00a0<\/strong><\/p>\n<\/div><\/div>[vc_separator type=\u00bbnormal\u00bb color=\u00bb#dd9933&#8243; up_style=\u00bbpx\u00bb down_style=\u00bbpx\u00bb]<div class=\"custom_font_holder  \" style=\"font-family: Lato; font-size: 20px; line-height: 22px; font-style: normal; font-weight: 400; text-decoration: none; text-transform: none; text-align: left\" data-font-size=20 data-line-height=22 ><div  ><p>El \u00d3rgano Jurisdiccional, podr\u00e1 imponer medidas cautelares a petici\u00f3n del Ministerio P\u00fablico o de la v\u00edctima u ofendido (art\u00edculo 154 del C\u00f3digo Nacional de Procedimientos Penales \u00abde la procedencia\u00bb). Las partes podr\u00e1n ofrecer pruebas para analizar la procedencia de la medida solicitada.<\/p>\n<\/div><\/div>[\/vc_column][vc_column width=\u00bb1\/6&#8243;][\/vc_column][\/vc_row][vc_row row_type=\u00bbrow\u00bb use_row_as_full_screen_section=\u00bbno\u00bb type=\u00bbfull_width\u00bb oblique_section=\u00bbno\u00bb text_align=\u00bbleft\u00bb Overflow=\u00bb\u00bb triangle_shape=\u00bbno\u00bb css_animation=\u00bb\u00bb overflow=\u00bb\u00bb][vc_column][vc_empty_space height=\u00bb40px\u00bb image_repeat=\u00bbno-repeat\u00bb][\/vc_column][\/vc_row][vc_row row_type=\u00bbrow\u00bb use_row_as_full_screen_section=\u00bbno\u00bb type=\u00bbgrid\u00bb oblique_section=\u00bbno\u00bb text_align=\u00bbleft\u00bb Overflow=\u00bb\u00bb triangle_shape=\u00bbno\u00bb css_animation=\u00bbelement_from_fade\u00bb transition_delay=\u00bb3&#8243; overflow=\u00bb\u00bb][vc_column css_animation=\u00bbbounceInDown\u00bb width=\u00bb1\/6&#8243;][vc_single_image image=\u00bb16115&#8243; mkd_css_animation=\u00bb\u00bb set_shader=\u00bbno\u00bb set_popup=\u00bbno\u00bb animate_image_on_hover=\u00bbno\u00bb][vc_empty_space height=\u00bb40px\u00bb image_repeat=\u00bbno-repeat\u00bb][\/vc_column][vc_column width=\u00bb2\/3&#8243;]<div class=\"custom_font_holder  \" style=\"font-family: Lato; font-size: 20px; line-height: 24px; font-style: normal; font-weight: 600; color: #8f5941; text-decoration: none; text-transform: none; text-align: left\" data-font-size=20 data-line-height=24 ><div  ><p style=\"text-align: left\"><strong>15.- \u00bfCu\u00e1ntos tipos de medidas cautelares hay?<\/strong><\/p>\n<p style=\"text-align: left\"><strong>\u00a0<\/strong><\/p>\n<\/div><\/div>[vc_separator type=\u00bbnormal\u00bb color=\u00bb#dd9933&#8243; up_style=\u00bbpx\u00bb down_style=\u00bbpx\u00bb]<div class=\"custom_font_holder  \" style=\"font-family: Lato; font-size: 20px; line-height: 22px; font-style: normal; font-weight: 400; text-decoration: none; text-transform: none; text-align: left\" data-font-size=20 data-line-height=22 ><div  ><p>Hay 15 tipos de medidas cautelares y las mismas se observan en el art\u00edculo 155 del C\u00f3digo Nacional de Procedimientos Penales.<\/p>\n<p>&nbsp;<\/p>\n<p>Como todo sistema, el que nos rige, exige cambios y mejoras, no hay sistemas puros, por ello, las constantes reformas a nuestras legislaciones, obligan a esta autoridad administrativa a realizar los cambios necesarios en la operatividad, es el caso, que la Subdirecci\u00f3n de Evaluaci\u00f3n de Adultos de la Unidad de Medidas Cautelares y Suspensi\u00f3n Condicional del Proceso implemento nuevos Formatos para ofrecer una mejor calidad en la Evaluaci\u00f3n de Riesgos Procesales.<\/p>\n<\/div><\/div>[\/vc_column][vc_column width=\u00bb1\/6&#8243;][\/vc_column][\/vc_row][vc_row row_type=\u00bbrow\u00bb use_row_as_full_screen_section=\u00bbno\u00bb type=\u00bbfull_width\u00bb oblique_section=\u00bbno\u00bb text_align=\u00bbleft\u00bb Overflow=\u00bb\u00bb triangle_shape=\u00bbno\u00bb css_animation=\u00bb\u00bb overflow=\u00bb\u00bb][vc_column][vc_empty_space height=\u00bb40px\u00bb image_repeat=\u00bbno-repeat\u00bb][\/vc_column][\/vc_row]<\/p>\n","protected":false},"excerpt":{"rendered":"<p>[vc_row row_type=\u00bbrow\u00bb use_row_as_full_screen_section=\u00bbno\u00bb type=\u00bbfull_width\u00bb oblique_section=\u00bbno\u00bb text_align=\u00bbcenter\u00bb Overflow=\u00bb\u00bb triangle_shape=\u00bbno\u00bb background_image=\u00bb17167&#8243; background_color=\u00bb#ffffff\u00bb padding_top=\u00bb10%\u00bb css_animation=\u00bb\u00bb overflow=\u00bb\u00bb el_id=\u00bbimagen_cabeza\u00bb][vc_column][vc_separator type=\u00bbtransparent\u00bb up=\u00bb100&#8243; up_style=\u00bbpx\u00bb down_style=\u00bbpx\u00bb][vc_separator type=\u00bbtransparent\u00bb up=\u00bb100&#8243; up_style=\u00bbpx\u00bb down_style=\u00bbpx\u00bb][vc_separator type=\u00bbtransparent\u00bb up=\u00bb100&#8243; up_style=\u00bbpx\u00bb down_style=\u00bbpx\u00bb][vc_separator type=\u00bbtransparent\u00bb up=\u00bb100&#8243; up_style=\u00bbpx\u00bb down_style=\u00bbpx\u00bb][vc_separator type=\u00bbtransparent\u00bb up=\u00bb100&#8243; up_style=\u00bbpx\u00bb down_style=\u00bbpx\u00bb][vc_separator type=\u00bbtransparent\u00bb up=\u00bb100&#8243; up_style=\u00bbpx\u00bb down_style=\u00bbpx\u00bb][vc_separator type=\u00bbtransparent\u00bb up_style=\u00bbpx\u00bb down=\u00bb100&#8243; down_style=\u00bbpx\u00bb][\/vc_column][\/vc_row][vc_row row_type=\u00bbrow\u00bb use_row_as_full_screen_section=\u00bbno\u00bb type=\u00bbfull_width\u00bb&#8230;<\/p>\n","protected":false},"author":12,"featured_media":0,"parent":0,"menu_order":0,"comment_status":"closed","ping_status":"closed","template":"full_width.php","meta":{"footnotes":""},"class_list":["post-15671","page","type-page","status-publish","hentry"],"_links":{"self":[{"href":"https:\/\/www.poderjudicialcdmx.gob.mx\/medidas_cautelares\/wp-json\/wp\/v2\/pages\/15671"}],"collection":[{"href":"https:\/\/www.poderjudicialcdmx.gob.mx\/medidas_cautelares\/wp-json\/wp\/v2\/pages"}],"about":[{"href":"https:\/\/www.poderjudicialcdmx.gob.mx\/medidas_cautelares\/wp-json\/wp\/v2\/types\/page"}],"author":[{"embeddable":true,"href":"https:\/\/www.poderjudicialcdmx.gob.mx\/medidas_cautelares\/wp-json\/wp\/v2\/users\/12"}],"replies":[{"embeddable":true,"href":"https:\/\/www.poderjudicialcdmx.gob.mx\/medidas_cautelares\/wp-json\/wp\/v2\/comments?post=15671"}],"version-history":[{"count":8,"href":"https:\/\/www.poderjudicialcdmx.gob.mx\/medidas_cautelares\/wp-json\/wp\/v2\/pages\/15671\/revisions"}],"predecessor-version":[{"id":15829,"href":"https:\/\/www.poderjudicialcdmx.gob.mx\/medidas_cautelares\/wp-json\/wp\/v2\/pages\/15671\/revisions\/15829"}],"wp:attachment":[{"href":"https:\/\/www.poderjudicialcdmx.gob.mx\/medidas_cautelares\/wp-json\/wp\/v2\/media?parent=15671"}],"curies":[{"name":"wp","href":"https:\/\/api.w.org\/{rel}","templated":true}]}}