{"id":15921,"date":"2019-10-03T17:48:21","date_gmt":"2019-10-03T17:48:21","guid":{"rendered":"http:\/\/www.poderjudicialcdmx.gob.mx\/medidas_cautelares\/?page_id=16000"},"modified":"2019-10-03T17:48:21","modified_gmt":"2019-10-03T17:48:21","slug":"convenios","status":"publish","type":"page","link":"https:\/\/www.poderjudicialcdmx.gob.mx\/medidas_cautelares\/convenios\/","title":{"rendered":"Convenios"},"content":{"rendered":"<p>[vc_row row_type=\u00bbrow\u00bb use_row_as_full_screen_section=\u00bbno\u00bb type=\u00bbgrid\u00bb oblique_section=\u00bbno\u00bb text_align=\u00bbleft\u00bb Overflow=\u00bb\u00bb triangle_shape=\u00bbno\u00bb css_animation=\u00bb\u00bb overflow=\u00bb\u00bb][vc_column]<div class=\"custom_font_holder  \" style=\"font-family: Lato; font-size: 55px; line-height: 60px; font-style: normal; font-weight: 300; color: #d66f59; text-decoration: none; text-transform: none; text-align: center\" data-font-size=55 data-line-height=60 ><div  ><p>Instrumentos de colaboraci\u00f3n<\/p>\n<p>Interinstitucional<\/p>\n<\/div><\/div>[vc_empty_space height=\u00bb45px\u00bb image_repeat=\u00bbno-repeat\u00bb]<div class=\"custom_font_holder  \" style=\"font-family: Lato; font-size: 23px; font-style: normal; font-weight: 400; color: #898989; text-decoration: none; text-transform: none; text-align: center\" data-font-size=23 ><div  ><p>Para la supervisi\u00f3n\u00a0 del cumplimiento de las medidas cautelares y de las condiciones derivadas de la suspensi\u00f3n condicional del proceso impuestas por un Juez, esta Unidad busca el apoyo de instituciones p\u00fablicas y privadas, por medio de instrumentos de colaboraci\u00f3n, creando redes interinstitucionales.<\/p>\n<\/div><\/div>[vc_empty_space height=\u00bb80px\u00bb image_repeat=\u00bbno-repeat\u00bb][\/vc_column][\/vc_row][vc_row row_type=\u00bbrow\u00bb use_row_as_full_screen_section=\u00bbno\u00bb type=\u00bbgrid\u00bb oblique_section=\u00bbno\u00bb text_align=\u00bbleft\u00bb Overflow=\u00bb\u00bb triangle_shape=\u00bbno\u00bb css_animation=\u00bb\u00bb overflow=\u00bb\u00bb][vc_column css_animation=\u00bbfadeInLeft\u00bb width=\u00bb1\/2&#8243;]<div class=\"custom_font_holder  \" style=\"font-family: Lato; font-size: 50px; font-style: normal; font-weight: 300; color: #898989; text-decoration: none; text-transform: none; text-align: center\" data-font-size=50 ><div  ><p>SALUD<\/p>\n<\/div><\/div>[vc_empty_space image_repeat=\u00bbno-repeat\u00bb][vc_separator type=\u00bbnormal\u00bb color=\u00bb#999999&#8243; border_style=\u00bbsolid\u00bb thickness=\u00bb2&#8243; up_style=\u00bbpx\u00bb down_style=\u00bbpx\u00bb][vc_tta_pageable no_fill_content_area=\u00bb1&#8243; autoplay=\u00bb10&#8243; active_section=\u00bb1&#8243; pagination_color=\u00bbmulled-wine\u00bb css_animation=\u00bbnone\u00bb][vc_tta_section title=\u00bbSecci\u00f3n 1&#8243; tab_id=\u00bb1520018704685-5bd89c00-58e1&#8243;][vc_single_image image=\u00bb15905&#8243; img_size=\u00bb60&#215;96&#8243; alignment=\u00bbcenter\u00bb mkd_css_animation=\u00bb\u00bb set_shader=\u00bbno\u00bb set_popup=\u00bbno\u00bb animate_image_on_hover=\u00bbno\u00bb][vc_empty_space height=\u00bb20px\u00bb image_repeat=\u00bbno-repeat\u00bb]<div class=\"custom_font_holder  \" style=\"font-family: Lato; font-size: 35px; font-style: normal; font-weight: 800; color: #5caf49; text-decoration: none; text-transform: none; text-align: center\" data-font-size=35 ><div  ><p>Yulini<\/p>\n<\/div><\/div>[vc_empty_space height=\u00bb25px\u00bb image_repeat=\u00bbno-repeat\u00bb]<div class=\"custom_font_holder  \" style=\"font-family: Lato; font-size: 22px; font-style: normal; font-weight: 600; color: #ffffff; text-decoration: none; background-color: #a5a5a5;; padding: 7px 5px 7px 5px; text-transform: none; text-align: center\" data-font-size=22 ><div  ><p>\u00bfQu\u00e9 servicio brindan?<\/p>\n<\/div><\/div>[vc_empty_space height=\u00bb8px\u00bb image_repeat=\u00bbno-repeat\u00bb]<div class=\"custom_font_holder  \" style=\"font-family: Lato; font-size: 20px; font-style: normal; font-weight: 400; color: #515151; text-decoration: none; background-color: #ededed;; padding: 20px 5px 20px 5px; text-transform: none; text-align: center\" data-font-size=20 ><div  ><p>Hogar Integral de la Juventud, brinda atenci\u00f3n ambulatoria contra adicciones con terapias grupales e individuales<\/p>\n<\/div><\/div>[vc_empty_space height=\u00bb8px\u00bb image_repeat=\u00bbno-repeat\u00bb]<div class=\"custom_font_holder  \" style=\"font-family: Lato; font-size: 22px; font-style: normal; font-weight: 600; color: #ffffff; text-decoration: none; background-color: #a5a5a5;; padding: 7px 5px 7px 5px; text-transform: none; text-align: center\" data-font-size=22 ><div  ><p>Contacto<\/p>\n<\/div><\/div>[vc_empty_space height=\u00bb8px\u00bb image_repeat=\u00bbno-repeat\u00bb]<div class=\"custom_font_holder  \" style=\"font-family: Lato; font-size: 20px; font-style: normal; font-weight: 600; color: #5caf49; text-decoration: none; background-color: #ededed;; padding: 20px 5px 10px 5px; text-transform: none; text-align: center\" data-font-size=20 ><div  ><p><a href=\"http:\/\/www.hogarij.org\" target=\"_blank\" rel=\"noopener noreferrer\">www.hogarij.org<\/a><\/p>\n<\/div><\/div><div class=\"custom_font_holder  \" style=\"font-family: Lato; font-size: 20px; font-style: normal; font-weight: 400; color: #515151; text-decoration: none; background-color: #ededed;; padding: 10px 5px 20px 5px; text-transform: none; text-align: center\" data-font-size=20 ><div  ><p>Direcci\u00f3n: Invierno #17, Col. Merced G\u00f3mez, Alc. Alvaro Obreg\u00f3n, C.P. 01600, CDMX<\/p>\n<\/div><\/div>[\/vc_tta_section][vc_tta_section title=\u00bbSecci\u00f3n 2&#8243; tab_id=\u00bb1520269269840-1afde4e4-19b1&#8243;][vc_single_image image=\u00bb15918&#8243; img_size=\u00bb75&#215;95&#8243; alignment=\u00bbcenter\u00bb mkd_css_animation=\u00bb\u00bb set_shader=\u00bbno\u00bb set_popup=\u00bbno\u00bb animate_image_on_hover=\u00bbno\u00bb][vc_empty_space height=\u00bb20px\u00bb image_repeat=\u00bbno-repeat\u00bb]<div class=\"custom_font_holder  \" style=\"font-family: Lato; font-size: 35px; font-style: normal; font-weight: 800; color: #e27f1b; text-decoration: none; text-transform: none; text-align: center\" data-font-size=35 ><div  ><p>SEDESA<\/p>\n<\/div><\/div>[vc_empty_space height=\u00bb25px\u00bb image_repeat=\u00bbno-repeat\u00bb]<div class=\"custom_font_holder  \" style=\"font-family: Lato; font-size: 22px; font-style: normal; font-weight: 600; color: #ffffff; text-decoration: none; background-color: #a5a5a5;; padding: 7px 5px 7px 5px; text-transform: none; text-align: center\" data-font-size=22 ><div  ><p>\u00bfQu\u00e9 servicio brindan?<\/p>\n<\/div><\/div>[vc_empty_space height=\u00bb8px\u00bb image_repeat=\u00bbno-repeat\u00bb]<div class=\"custom_font_holder  \" style=\"font-family: Lato; font-size: 20px; font-style: normal; font-weight: 400; color: #515151; text-decoration: none; background-color: #ededed;; padding: 20px 5px 20px 5px; text-transform: none; text-align: center\" data-font-size=20 ><div  ><p>Apoyo en el tratamiento de las adicciones con: Centros de Salud, Unidades m\u00e9dico toxicol\u00f3gica y Centros de Atenci\u00f3n Primaria en adicciones<\/p>\n<\/div><\/div>[vc_empty_space height=\u00bb8px\u00bb image_repeat=\u00bbno-repeat\u00bb]<div class=\"custom_font_holder  \" style=\"font-family: Lato; font-size: 22px; font-style: normal; font-weight: 600; color: #ffffff; text-decoration: none; background-color: #a5a5a5;; padding: 7px 5px 7px 5px; text-transform: none; text-align: center\" data-font-size=22 ><div  ><p>Contacto<\/p>\n<\/div><\/div>[vc_empty_space height=\u00bb8px\u00bb image_repeat=\u00bbno-repeat\u00bb]<div class=\"custom_font_holder  \" style=\"font-family: Lato; font-size: 20px; font-style: normal; font-weight: 600; color: #e27f1b; text-decoration: none; background-color: #ededed;; padding: 20px 5px 10px 5px; text-transform: none; text-align: center\" data-font-size=20 ><div  ><p><a href=\"http:\/\/www.salud.cdmx.gob.mx\/\" target=\"_blank\" rel=\"noopener noreferrer\">www.salud.cdmx.gob.mx<\/a><\/p>\n<\/div><\/div><div class=\"custom_font_holder  \" style=\"font-family: Lato; font-size: 20px; font-style: normal; font-weight: 400; color: #515151; text-decoration: none; background-color: #ededed;; padding: 10px 5px 20px 5px; text-transform: none; text-align: center\" data-font-size=20 ><div  ><p>Direcci\u00f3n: Calle Altadena 23, Colonia N\u00e1poles, Alcald\u00eda Benito Ju\u00e1rez C.P. 03810, CDMX<\/p>\n<\/div><\/div>[\/vc_tta_section][vc_tta_section title=\u00bbSecci\u00f3n 3&#8243; tab_id=\u00bb1520270026467-c968f83d-131c\u00bb][vc_empty_space height=\u00bb25px\u00bb image_repeat=\u00bbno-repeat\u00bb][vc_single_image image=\u00bb15912&#8243; img_size=\u00bb160&#215;53&#8243; alignment=\u00bbcenter\u00bb mkd_css_animation=\u00bb\u00bb set_shader=\u00bbno\u00bb set_popup=\u00bbno\u00bb animate_image_on_hover=\u00bbno\u00bb][vc_empty_space height=\u00bb43px\u00bb image_repeat=\u00bbno-repeat\u00bb]<div class=\"custom_font_holder  \" style=\"font-family: Lato; font-size: 35px; font-style: normal; font-weight: 800; color: #002777; text-decoration: none; text-transform: none; text-align: center\" data-font-size=35 ><div  ><p>Centro Initziare A.C.<\/p>\n<\/div><\/div>[vc_empty_space height=\u00bb25px\u00bb image_repeat=\u00bbno-repeat\u00bb]<div class=\"custom_font_holder  \" style=\"font-family: Lato; font-size: 22px; font-style: normal; font-weight: 600; color: #ffffff; text-decoration: none; background-color: #a5a5a5;; padding: 7px 5px 7px 5px; text-transform: none; text-align: center\" data-font-size=22 ><div  ><p>\u00bfQu\u00e9 servicio brindan?<\/p>\n<\/div><\/div>[vc_empty_space height=\u00bb8px\u00bb image_repeat=\u00bbno-repeat\u00bb]<div class=\"custom_font_holder  \" style=\"font-family: Lato; font-size: 20px; font-style: normal; font-weight: 400; color: #515151; text-decoration: none; background-color: #ededed;; padding: 20px 5px 20px 5px; text-transform: none; text-align: center\" data-font-size=20 ><div  ><p>Atenci\u00f3n ambulatoria contra adicciones, con terapias grupales e individuales<\/p>\n<\/div><\/div>[vc_empty_space height=\u00bb8px\u00bb image_repeat=\u00bbno-repeat\u00bb]<div class=\"custom_font_holder  \" style=\"font-family: Lato; font-size: 22px; font-style: normal; font-weight: 600; color: #ffffff; text-decoration: none; background-color: #a5a5a5;; padding: 7px 5px 7px 5px; text-transform: none; text-align: center\" data-font-size=22 ><div  ><p>Contacto<\/p>\n<\/div><\/div>[vc_empty_space height=\u00bb8px\u00bb image_repeat=\u00bbno-repeat\u00bb]<div class=\"custom_font_holder  \" style=\"font-family: Lato; font-size: 20px; font-style: normal; font-weight: 600; color: #002777; text-decoration: none; background-color: #ededed;; padding: 20px 5px 10px 5px; text-transform: none; text-align: center\" data-font-size=20 ><div  ><p><a href=\"https:\/\/initziare.webnode.es\" target=\"_blank\" rel=\"noopener noreferrer\">www.initziare.webnode.es<\/a><\/p>\n<\/div><\/div><div class=\"custom_font_holder  \" style=\"font-family: Lato; font-size: 20px; font-style: normal; font-weight: 400; color: #515151; text-decoration: none; background-color: #ededed;; padding: 10px 5px 20px 5px; text-transform: none; text-align: center\" data-font-size=20 ><div  ><p>Direcci\u00f3n: Odesa # 715 Esq. con Emiliano Zapata, Col. Portales, C.P.\u00a003300, CDMX<\/p>\n<\/div><\/div>[\/vc_tta_section][vc_tta_section title=\u00bbSecci\u00f3n 4&#8243; tab_id=\u00bb1520271437807-257d676c-b01c\u00bb][vc_empty_space height=\u00bb15px\u00bb image_repeat=\u00bbno-repeat\u00bb][vc_single_image image=\u00bb15911&#8243; img_size=\u00bb290&#215;110&#8243; alignment=\u00bbcenter\u00bb mkd_css_animation=\u00bb\u00bb set_shader=\u00bbno\u00bb set_popup=\u00bbno\u00bb animate_image_on_hover=\u00bbno\u00bb][vc_empty_space image_repeat=\u00bbno-repeat\u00bb]<div class=\"custom_font_holder  \" style=\"font-family: Lato; font-size: 35px; font-style: normal; font-weight: 800; color: #5b5b5b; text-decoration: none; text-transform: none; text-align: center\" data-font-size=35 ><div  ><p>IAPA<\/p>\n<\/div><\/div>[vc_empty_space height=\u00bb25px\u00bb image_repeat=\u00bbno-repeat\u00bb]<div class=\"custom_font_holder  \" style=\"font-family: Lato; font-size: 22px; font-style: normal; font-weight: 600; color: #ffffff; text-decoration: none; background-color: #a5a5a5;; padding: 7px 5px 7px 5px; text-transform: none; text-align: center\" data-font-size=22 ><div  ><p>\u00bfQu\u00e9 servicio brindan?<\/p>\n<\/div><\/div>[vc_empty_space height=\u00bb8px\u00bb image_repeat=\u00bbno-repeat\u00bb]<div class=\"custom_font_holder  \" style=\"font-family: Lato; font-size: 20px; font-style: normal; font-weight: 400; color: #515151; text-decoration: none; background-color: #ededed;; padding: 20px 5px 20px 5px; text-transform: none; text-align: center\" data-font-size=20 ><div  ><p>Instituci\u00f3n que contribuye a reducir el consumo de sustancias psicoactivas, brinda atenci\u00f3n ambulatoria y residencial contra adicciones<\/p>\n<\/div><\/div>[vc_empty_space height=\u00bb8px\u00bb image_repeat=\u00bbno-repeat\u00bb]<div class=\"custom_font_holder  \" style=\"font-family: Lato; font-size: 22px; font-style: normal; font-weight: 600; color: #ffffff; text-decoration: none; background-color: #a5a5a5;; padding: 7px 5px 7px 5px; text-transform: none; text-align: center\" data-font-size=22 ><div  ><p>Contacto<\/p>\n<\/div><\/div>[vc_empty_space height=\u00bb8px\u00bb image_repeat=\u00bbno-repeat\u00bb]<div class=\"custom_font_holder  \" style=\"font-family: Lato; font-size: 20px; font-style: normal; font-weight: 600; color: #5b5b5b; text-decoration: none; background-color: #ededed;; padding: 20px 5px 10px 5px; text-transform: none; text-align: center\" data-font-size=20 ><div  ><p><a href=\"http:\/\/www.iapa.cdmx.gob.mx\/\" target=\"_blank\" rel=\"noopener noreferrer\">www.iapa.cdmx.gob.mx<\/a><\/p>\n<\/div><\/div><div class=\"custom_font_holder  \" style=\"font-family: Lato; font-size: 20px; font-style: normal; font-weight: 400; color: #5b5b5b; text-decoration: none; background-color: #ededed;; padding: 20px 5px 10px 5px; text-transform: none; text-align: center\" data-font-size=20 ><div  ><p>Direcci\u00f3n: Avenida Rio Mixcoac 234, Colonia Acacias, Alcald\u00eda Benito Ju\u00e1rez C.P. 03240, CDMX<\/p>\n<\/div><\/div>[\/vc_tta_section][vc_tta_section title=\u00bbSecci\u00f3n 5&#8243; tab_id=\u00bb1541436624104-3b0835d1-92a4&#8243;][vc_empty_space height=\u00bb15px\u00bb image_repeat=\u00bbno-repeat\u00bb][vc_single_image image=\u00bb16382&#8243; img_size=\u00bb290&#215;110&#8243; alignment=\u00bbcenter\u00bb mkd_css_animation=\u00bb\u00bb set_shader=\u00bbno\u00bb set_popup=\u00bbno\u00bb animate_image_on_hover=\u00bbno\u00bb][vc_empty_space image_repeat=\u00bbno-repeat\u00bb]<div class=\"custom_font_holder  \" style=\"font-family: Lato; font-size: 35px; font-style: normal; font-weight: 800; color: #002777; text-decoration: none; text-transform: none; text-align: center\" data-font-size=35 ><div  ><p>Reto a la Esperanza, A.C.<\/p>\n<\/div><\/div>[vc_empty_space height=\u00bb25px\u00bb image_repeat=\u00bbno-repeat\u00bb]<div class=\"custom_font_holder  \" style=\"font-family: Lato; font-size: 22px; font-style: normal; font-weight: 600; color: #ffffff; text-decoration: none; background-color: #a5a5a5;; padding: 7px 5px 7px 5px; text-transform: none; text-align: center\" data-font-size=22 ><div  ><p>\u00bfQu\u00e9 servicio brindan?<\/p>\n<\/div><\/div>[vc_empty_space height=\u00bb8px\u00bb image_repeat=\u00bbno-repeat\u00bb]<div class=\"custom_font_holder  \" style=\"font-family: Lato; font-size: 20px; font-style: normal; font-weight: 400; color: #515151; text-decoration: none; background-color: #ededed;; padding: 20px 5px 20px 5px; text-transform: none; text-align: center\" data-font-size=20 ><div  ><p>Atenci\u00f3n residencial contra adicciones, con terapias grupales e individuales, con duraci\u00f3n de 8 meses.<\/p>\n<\/div><\/div>[vc_empty_space height=\u00bb8px\u00bb image_repeat=\u00bbno-repeat\u00bb]<div class=\"custom_font_holder  \" style=\"font-family: Lato; font-size: 22px; font-style: normal; font-weight: 600; color: #ffffff; text-decoration: none; background-color: #a5a5a5;; padding: 7px 5px 7px 5px; text-transform: none; text-align: center\" data-font-size=22 ><div  ><p>Contacto<\/p>\n<\/div><\/div>[vc_empty_space height=\u00bb8px\u00bb image_repeat=\u00bbno-repeat\u00bb]<div class=\"custom_font_holder  \" style=\"font-family: Lato; font-size: 20px; font-style: normal; font-weight: 600; color: #5b5b5b; text-decoration: none; background-color: #ededed;; padding: 20px 5px 10px 5px; text-transform: none; text-align: center\" data-font-size=20 ><div  ><p><a href=\"http:\/\/www.asociacionreto.com\/mexico.html\" target=\"_blank\" rel=\"noopener noreferrer\">www.asociacionreto.com\/mexico.html<\/a><\/p>\n<\/div><\/div><div class=\"custom_font_holder  \" style=\"font-family: Lato; font-size: 20px; font-style: normal; font-weight: 400; color: #5b5b5b; text-decoration: none; background-color: #ededed;; padding: 20px 5px 10px 5px; text-transform: none; text-align: center\" data-font-size=20 ><div  ><p>C\/ Odesa, 402 Esq. Municipio Libre. Col. Portales 03300 Ciudad de Mexico<\/p>\n<\/div><\/div>[\/vc_tta_section][vc_tta_section title=\u00bbSecci\u00f3n 6&#8243; tab_id=\u00bb1541447013832-ca32e18b-1278&#8243;][vc_empty_space height=\u00bb25px\u00bb image_repeat=\u00bbno-repeat\u00bb][vc_single_image image=\u00bb16413&#8243; img_size=\u00bb230&#215;180&#8243; alignment=\u00bbcenter\u00bb mkd_css_animation=\u00bb\u00bb set_shader=\u00bbno\u00bb set_popup=\u00bbno\u00bb animate_image_on_hover=\u00bbno\u00bb][vc_empty_space height=\u00bb43px\u00bb image_repeat=\u00bbno-repeat\u00bb]<div class=\"custom_font_holder  \" style=\"font-family: Lato; font-size: 35px; font-style: normal; font-weight: 800; color: #002777; text-decoration: none; text-transform: none; text-align: center\" data-font-size=35 ><div  ><p>Juventud, Luz y Esperanza, I.A.P.<\/p>\n<\/div><\/div>[vc_empty_space height=\u00bb25px\u00bb image_repeat=\u00bbno-repeat\u00bb]<div class=\"custom_font_holder  \" style=\"font-family: Lato; font-size: 22px; font-style: normal; font-weight: 600; color: #ffffff; text-decoration: none; background-color: #a5a5a5;; padding: 7px 5px 7px 5px; text-transform: none; text-align: center\" data-font-size=22 ><div  ><p>\u00bfQu\u00e9 servicio brindan?<\/p>\n<\/div><\/div>[vc_empty_space height=\u00bb8px\u00bb image_repeat=\u00bbno-repeat\u00bb]<div class=\"custom_font_holder  \" style=\"font-family: Lato; font-size: 20px; font-style: normal; font-weight: 400; color: #515151; text-decoration: none; background-color: #ededed;; padding: 20px 5px 20px 5px; text-transform: none; text-align: center\" data-font-size=20 ><div  ><p>Atenci\u00f3n ambulatoria y semiresidencial contra adicciones, para adolescentes y j\u00f3venes.<\/p>\n<\/div><\/div>[vc_empty_space height=\u00bb8px\u00bb image_repeat=\u00bbno-repeat\u00bb]<div class=\"custom_font_holder  \" style=\"font-family: Lato; font-size: 22px; font-style: normal; font-weight: 600; color: #ffffff; text-decoration: none; background-color: #a5a5a5;; padding: 7px 5px 7px 5px; text-transform: none; text-align: center\" data-font-size=22 ><div  ><p>Contacto<\/p>\n<\/div><\/div>[vc_empty_space height=\u00bb8px\u00bb image_repeat=\u00bbno-repeat\u00bb]<div class=\"custom_font_holder  \" style=\"font-family: Lato; font-size: 20px; font-style: normal; font-weight: 600; color: #002777; text-decoration: none; background-color: #ededed;; padding: 20px 5px 10px 5px; text-transform: none; text-align: center\" data-font-size=20 ><div  ><p><a href=\"http:\/\/www.jleadicciones.org\/\">http:\/\/www.jleadicciones.org\/<\/a><\/p>\n<\/div><\/div><div class=\"custom_font_holder  \" style=\"font-family: Lato; font-size: 20px; font-style: normal; font-weight: 400; color: #515151; text-decoration: none; background-color: #ededed;; padding: 10px 5px 20px 5px; text-transform: none; text-align: center\" data-font-size=20 ><div  ><p>Direcci\u00f3n: Lago Ginebra, #28, colonia Cuahut\u00e9moc Pensil, Alcald\u00eda Miguel Hidalgo, C.P. 11490<\/p>\n<p>Tel\u00e9fono: 52 03 89 25<\/p>\n<\/div><\/div>[\/vc_tta_section][vc_tta_section title=\u00bbSecci\u00f3n 7&#8243; tab_id=\u00bb1554826382291-c4809add-522d\u00bb][vc_empty_space height=\u00bb25px\u00bb image_repeat=\u00bbno-repeat\u00bb][vc_single_image image=\u00bb16493&#8243; img_size=\u00bb150&#215;150&#8243; alignment=\u00bbcenter\u00bb mkd_css_animation=\u00bb\u00bb set_shader=\u00bbno\u00bb set_popup=\u00bbno\u00bb animate_image_on_hover=\u00bbno\u00bb][vc_empty_space height=\u00bb43px\u00bb image_repeat=\u00bbno-repeat\u00bb]<div class=\"custom_font_holder  \" style=\"font-family: Lato; font-size: 35px; font-style: normal; font-weight: 800; color: #002777; text-decoration: none; text-transform: none; text-align: center\" data-font-size=35 ><div  ><p>Central Mexicana de Servicios Generales de Alcoh\u00f3licos An\u00f3nimos, A.C.<\/p>\n<\/div><\/div>[vc_empty_space height=\u00bb25px\u00bb image_repeat=\u00bbno-repeat\u00bb]<div class=\"custom_font_holder  \" style=\"font-family: Lato; font-size: 22px; font-style: normal; font-weight: 600; color: #ffffff; text-decoration: none; background-color: #a5a5a5;; padding: 7px 5px 7px 5px; text-transform: none; text-align: center\" data-font-size=22 ><div  ><p>\u00bfQu\u00e9 servicio brindan?<\/p>\n<\/div><\/div>[vc_empty_space height=\u00bb8px\u00bb image_repeat=\u00bbno-repeat\u00bb]<div class=\"custom_font_holder  \" style=\"font-family: Lato; font-size: 20px; font-style: normal; font-weight: 400; color: #515151; text-decoration: none; background-color: #ededed;; padding: 20px 5px 20px 5px; text-transform: none; text-align: center\" data-font-size=20 ><div  ><p>Cuentan con grupos de auto ayuda en toda la Ciudad de M\u00e9xico, en donde se facilitan los medios para que cada miembro de A.A. permanezca sin beber y facilitar su reintegraci\u00f3n a la sociedad.<\/p>\n<\/div><\/div>[vc_empty_space height=\u00bb8px\u00bb image_repeat=\u00bbno-repeat\u00bb]<div class=\"custom_font_holder  \" style=\"font-family: Lato; font-size: 22px; font-style: normal; font-weight: 600; color: #ffffff; text-decoration: none; background-color: #a5a5a5;; padding: 7px 5px 7px 5px; text-transform: none; text-align: center\" data-font-size=22 ><div  ><p>Contacto<\/p>\n<\/div><\/div>[vc_empty_space height=\u00bb8px\u00bb image_repeat=\u00bbno-repeat\u00bb]<div class=\"custom_font_holder  \" style=\"font-family: Lato; font-size: 20px; font-style: normal; font-weight: 600; color: #002777; text-decoration: none; background-color: #ededed;; padding: 20px 5px 10px 5px; text-transform: none; text-align: center\" data-font-size=20 ><div  ><p><a href=\"http:\/\/aamexico.org.mx\/\">http:\/\/aamexico.org.mx\/<\/a><\/p>\n<\/div><\/div><div class=\"custom_font_holder  \" style=\"font-family: Lato; font-size: 20px; font-style: normal; font-weight: 400; color: #515151; text-decoration: none; background-color: #ededed;; padding: 10px 5px 20px 5px; text-transform: none; text-align: center\" data-font-size=20 ><div  ><p>Tel\u00e9fono: 55 5264-2588<\/p>\n<\/div><\/div>[\/vc_tta_section][\/vc_tta_pageable][\/vc_column][vc_column css_animation=\u00bbfadeInRight\u00bb width=\u00bb1\/2&#8243;]<div class=\"custom_font_holder  \" style=\"font-family: Lato; font-size: 50px; font-style: normal; font-weight: 300; color: #898989; text-decoration: none; text-transform: none; text-align: center\" data-font-size=50 ><div  ><p>TRABAJO<\/p>\n<\/div><\/div>[vc_empty_space image_repeat=\u00bbno-repeat\u00bb][vc_separator type=\u00bbnormal\u00bb color=\u00bb#999999&#8243; border_style=\u00bbsolid\u00bb thickness=\u00bb2&#8243; up_style=\u00bbpx\u00bb down_style=\u00bbpx\u00bb][vc_tta_pageable no_fill_content_area=\u00bb1&#8243; autoplay=\u00bb10&#8243; active_section=\u00bb1&#8243; pagination_color=\u00bbmulled-wine\u00bb css_animation=\u00bbnone\u00bb][vc_tta_section title=\u00bbSecci\u00f3n 1&#8243; tab_id=\u00bb1520015825982-b71cbf55-f01b\u00bb][vc_empty_space height=\u00bb10px\u00bb image_repeat=\u00bbno-repeat\u00bb][vc_single_image image=\u00bb15917&#8243; img_size=\u00bb180&#215;80&#8243; alignment=\u00bbcenter\u00bb mkd_css_animation=\u00bb\u00bb set_shader=\u00bbno\u00bb set_popup=\u00bbno\u00bb animate_image_on_hover=\u00bbno\u00bb][vc_empty_space height=\u00bb25px\u00bb image_repeat=\u00bbno-repeat\u00bb]<div class=\"custom_font_holder  \" style=\"font-family: Lato; font-size: 35px; font-style: normal; font-weight: 800; color: #ef6e0b; text-decoration: none; text-transform: none; text-align: center\" data-font-size=35 ><div  ><p>Fundaci\u00f3n ProEmpleo<\/p>\n<\/div><\/div>[vc_empty_space height=\u00bb25px\u00bb image_repeat=\u00bbno-repeat\u00bb]<div class=\"custom_font_holder  \" style=\"font-family: Lato; font-size: 22px; font-style: normal; font-weight: 600; color: #ffffff; text-decoration: none; background-color: #a5a5a5;; padding: 7px 5px 7px 5px; text-transform: none; text-align: center\" data-font-size=22 ><div  ><p>\u00bfQu\u00e9 servicio brindan?<\/p>\n<\/div><\/div>[vc_empty_space height=\u00bb8px\u00bb image_repeat=\u00bbno-repeat\u00bb]<div class=\"custom_font_holder  \" style=\"font-family: Lato; font-size: 20px; font-style: normal; font-weight: 400; color: #515151; text-decoration: none; background-color: #ededed;; padding: 20px 5px 20px 5px; text-transform: none; text-align: center\" data-font-size=20 ><div  ><p>Brinda las herramientas necesarias para el auto empleo, por medio de un curso de capacitaci\u00f3n y material did\u00e1ctico<\/p>\n<\/div><\/div>[vc_empty_space height=\u00bb8px\u00bb image_repeat=\u00bbno-repeat\u00bb]<div class=\"custom_font_holder  \" style=\"font-family: Lato; font-size: 22px; font-style: normal; font-weight: 600; color: #ffffff; text-decoration: none; background-color: #a5a5a5;; padding: 7px 5px 7px 5px; text-transform: none; text-align: center\" data-font-size=22 ><div  ><p>Contacto<\/p>\n<\/div><\/div>[vc_empty_space height=\u00bb8px\u00bb image_repeat=\u00bbno-repeat\u00bb]<div class=\"custom_font_holder  \" style=\"font-family: Lato; font-size: 20px; font-style: normal; font-weight: 600; color: #ef6e0b; text-decoration: none; background-color: #ededed;; padding: 20px 5px 10px 5px; text-transform: none; text-align: center\" data-font-size=20 ><div  ><p><span style=\"text-decoration: underline\"><a href=\"http:\/\/www.proempleo.org.mx\/\" target=\"_blank\" rel=\"noopener noreferrer\">www.proempleo.org.mx<\/a><\/span><\/p>\n<\/div><\/div><div class=\"custom_font_holder  \" style=\"font-family: Lato; font-size: 20px; font-style: normal; font-weight: 400; color: #515151; text-decoration: none; background-color: #ededed;; padding: 10px 5px 20px 5px; text-transform: none; text-align: center\" data-font-size=20 ><div  ><p>Direcci\u00f3n: Herschel 131, Colonia Anzures, Alcald\u00eda Miguel Hidalgo, C.P. 11590, CDMX<\/p>\n<\/div><\/div>[\/vc_tta_section][vc_tta_section title=\u00bbSecci\u00f3n 2&#8243; tab_id=\u00bb1520272508265-d8be3954-fe38&#8243;][vc_empty_space height=\u00bb10px\u00bb image_repeat=\u00bbno-repeat\u00bb][vc_single_image image=\u00bb15907&#8243; img_size=\u00bb120&#215;85&#8243; alignment=\u00bbcenter\u00bb mkd_css_animation=\u00bb\u00bb set_shader=\u00bbno\u00bb set_popup=\u00bbno\u00bb animate_image_on_hover=\u00bbno\u00bb][vc_empty_space height=\u00bb20px\u00bb image_repeat=\u00bbno-repeat\u00bb]<div class=\"custom_font_holder  \" style=\"font-family: Lato; font-size: 35px; font-style: normal; font-weight: 800; color: #f9b70e; text-decoration: none; text-transform: none; text-align: center\" data-font-size=35 ><div  ><p>Cauce Ciudadano A.C.<\/p>\n<\/div><\/div>[vc_empty_space height=\u00bb25px\u00bb image_repeat=\u00bbno-repeat\u00bb]<div class=\"custom_font_holder  \" style=\"font-family: Lato; font-size: 22px; font-style: normal; font-weight: 600; color: #ffffff; text-decoration: none; background-color: #a5a5a5;; padding: 7px 5px 7px 5px; text-transform: none; text-align: center\" data-font-size=22 ><div  ><p>\u00bfQu\u00e9 servicio brindan?<\/p>\n<\/div><\/div>[vc_empty_space height=\u00bb8px\u00bb image_repeat=\u00bbno-repeat\u00bb]<div class=\"custom_font_holder  \" style=\"font-family: Lato; font-size: 20px; font-style: normal; font-weight: 400; color: #515151; text-decoration: none; background-color: #ededed;; padding: 20px 5px 20px 5px; text-transform: none; text-align: center\" data-font-size=20 ><div  ><p>Mediante Talleres de capacitaci\u00f3n semestrales, se busca contribuir en la formaci\u00f3n de la poblaci\u00f3n joven permiti\u00e9ndoles desarrollar habilidades y destrezas<\/p>\n<\/div><\/div>[vc_empty_space height=\u00bb8px\u00bb image_repeat=\u00bbno-repeat\u00bb]<div class=\"custom_font_holder  \" style=\"font-family: Lato; font-size: 22px; font-style: normal; font-weight: 600; color: #ffffff; text-decoration: none; background-color: #a5a5a5;; padding: 7px 5px 7px 5px; text-transform: none; text-align: center\" data-font-size=22 ><div  ><p>Contacto<\/p>\n<\/div><\/div>[vc_empty_space height=\u00bb8px\u00bb image_repeat=\u00bbno-repeat\u00bb]<div class=\"custom_font_holder  \" style=\"font-family: Lato; font-size: 20px; font-style: normal; font-weight: 600; color: #f9b70e; text-decoration: none; background-color: #ededed;; padding: 20px 5px 10px 5px; text-transform: none; text-align: center\" data-font-size=20 ><div  ><p><a href=\"http:\/\/cauceciudadano.org.mx\" target=\"_blank\" rel=\"noopener noreferrer\">www.cauceciudadano.org.mx<\/a><\/p>\n<\/div><\/div><div class=\"custom_font_holder  \" style=\"font-family: Lato; font-size: 20px; font-style: normal; font-weight: 400; color: #515151; text-decoration: none; background-color: #ededed;; padding: 10px 5px 20px 5px; text-transform: none; text-align: center\" data-font-size=20 ><div  ><p>Direcci\u00f3n: Oriente 85 No. 2822, Col. Siete de Noviembre, Alcald\u00eda, C.P. 07840, CDMX<\/p>\n<\/div><\/div>[\/vc_tta_section][vc_tta_section title=\u00bbSecci\u00f3n 3&#8243; tab_id=\u00bb1520274343318-6251f9c0-3abd\u00bb][vc_single_image image=\u00bb15913&#8243; img_size=\u00bb110&#215;110&#8243; alignment=\u00bbcenter\u00bb mkd_css_animation=\u00bb\u00bb set_shader=\u00bbno\u00bb set_popup=\u00bbno\u00bb animate_image_on_hover=\u00bbno\u00bb][vc_empty_space height=\u00bb10px\u00bb image_repeat=\u00bbno-repeat\u00bb]<div class=\"custom_font_holder  \" style=\"font-family: Lato; font-size: 29px; font-style: normal; font-weight: 800; color: #db320d; text-decoration: none; text-transform: none; text-align: center\" data-font-size=29 ><div  ><p>J\u00f3venes Constructores de la Comunidad<\/p>\n<\/div><\/div>[vc_empty_space height=\u00bb20px\u00bb image_repeat=\u00bbno-repeat\u00bb]<div class=\"custom_font_holder  \" style=\"font-family: Lato; font-size: 22px; font-style: normal; font-weight: 600; color: #ffffff; text-decoration: none; background-color: #a5a5a5;; padding: 7px 5px 7px 5px; text-transform: none; text-align: center\" data-font-size=22 ><div  ><p>\u00bfQu\u00e9 servicio brindan?<\/p>\n<\/div><\/div>[vc_empty_space height=\u00bb8px\u00bb image_repeat=\u00bbno-repeat\u00bb]<div class=\"custom_font_holder  \" style=\"font-family: Lato; font-size: 20px; font-style: normal; font-weight: 400; color: #515151; text-decoration: none; background-color: #ededed;; padding: 20px 5px 20px 5px; text-transform: none; text-align: center\" data-font-size=20 ><div  ><p>Fomenta el aprendizaje de habilidades para la vida, permitiendo a los j\u00f3venes aprender un oficio (alba\u00f1iler\u00eda), participando en proyectos de construcci\u00f3n comunitaria<\/p>\n<\/div><\/div>[vc_empty_space height=\u00bb8px\u00bb image_repeat=\u00bbno-repeat\u00bb]<div class=\"custom_font_holder  \" style=\"font-family: Lato; font-size: 22px; font-style: normal; font-weight: 600; color: #ffffff; text-decoration: none; background-color: #a5a5a5;; padding: 7px 5px 7px 5px; text-transform: none; text-align: center\" data-font-size=22 ><div  ><p>Contacto<\/p>\n<\/div><\/div>[vc_empty_space height=\u00bb8px\u00bb image_repeat=\u00bbno-repeat\u00bb]<div class=\"custom_font_holder  \" style=\"font-family: Lato; font-size: 20px; font-style: normal; font-weight: 600; color: #db320d; text-decoration: none; background-color: #ededed;; padding: 30px 5px 30px 5px; text-transform: none; text-align: center\" data-font-size=20 ><div  ><p><a href=\"http:\/\/www.jovenesconstructores.org\/\" target=\"_blank\" rel=\"noopener noreferrer\">www.jovenesconstructores.org<\/a><\/p>\n<\/div><\/div>[\/vc_tta_section][vc_tta_section title=\u00bbSecci\u00f3n 4&#8243; tab_id=\u00bb1520275533723-8487bee4-cfcb\u00bb][vc_single_image image=\u00bb15910&#8243; img_size=\u00bb100X100&#8243; alignment=\u00bbcenter\u00bb mkd_css_animation=\u00bb\u00bb set_shader=\u00bbno\u00bb set_popup=\u00bbno\u00bb animate_image_on_hover=\u00bbno\u00bb][vc_empty_space height=\u00bb15px\u00bb image_repeat=\u00bbno-repeat\u00bb]<div class=\"custom_font_holder  \" style=\"font-family: Lato; font-size: 35px; font-style: normal; font-weight: 800; color: #515151; text-decoration: none; text-transform: none; text-align: center\" data-font-size=35 ><div  ><p>Reinserta<\/p>\n<\/div><\/div>[vc_empty_space height=\u00bb25px\u00bb image_repeat=\u00bbno-repeat\u00bb]<div class=\"custom_font_holder  \" style=\"font-family: Lato; font-size: 22px; font-style: normal; font-weight: 600; color: #ffffff; text-decoration: none; background-color: #a5a5a5;; padding: 7px 5px 7px 5px; text-transform: none; text-align: center\" data-font-size=22 ><div  ><p>\u00bfQu\u00e9 servicio brindan?<\/p>\n<\/div><\/div>[vc_empty_space height=\u00bb8px\u00bb image_repeat=\u00bbno-repeat\u00bb]<div class=\"custom_font_holder  \" style=\"font-family: Lato; font-size: 20px; font-style: normal; font-weight: 400; color: #515151; text-decoration: none; background-color: #ededed;; padding: 20px 5px 20px 5px; text-transform: none; text-align: center\" data-font-size=20 ><div  ><p>Busca fortalecer por medio de talleres recreativos art\u00edsticos y culturales cinco \u00e1reas de vida: salud, mental, educaci\u00f3n, empleo y justicia restaurativa<\/p>\n<\/div><\/div>[vc_empty_space height=\u00bb8px\u00bb image_repeat=\u00bbno-repeat\u00bb]<div class=\"custom_font_holder  \" style=\"font-family: Lato; font-size: 22px; font-style: normal; font-weight: 600; color: #ffffff; text-decoration: none; background-color: #a5a5a5;; padding: 7px 5px 7px 5px; text-transform: none; text-align: center\" data-font-size=22 ><div  ><p>Contacto<\/p>\n<\/div><\/div>[vc_empty_space height=\u00bb8px\u00bb image_repeat=\u00bbno-repeat\u00bb]<div class=\"custom_font_holder  \" style=\"font-family: Lato; font-size: 20px; font-style: normal; font-weight: 600; color: #515151; text-decoration: none; background-color: #ededed;; padding: 30px 5px 30px 5px; text-transform: none; text-align: center\" data-font-size=20 ><div  ><p><a href=\"https:\/\/reinserta.org\/\" target=\"_blank\" rel=\"noopener noreferrer\">www.reinserta.org<\/a><\/p>\n<\/div><\/div>[\/vc_tta_section][\/vc_tta_pageable][\/vc_column][\/vc_row][vc_row row_type=\u00bbrow\u00bb use_row_as_full_screen_section=\u00bbno\u00bb type=\u00bbfull_width\u00bb oblique_section=\u00bbno\u00bb text_align=\u00bbleft\u00bb Overflow=\u00bb\u00bb triangle_shape=\u00bbno\u00bb css_animation=\u00bb\u00bb overflow=\u00bb\u00bb][vc_column][vc_empty_space height=\u00bb40px\u00bb image_repeat=\u00bbno-repeat\u00bb][\/vc_column][\/vc_row][vc_row row_type=\u00bbrow\u00bb use_row_as_full_screen_section=\u00bbno\u00bb type=\u00bbgrid\u00bb oblique_section=\u00bbno\u00bb text_align=\u00bbleft\u00bb Overflow=\u00bb\u00bb triangle_shape=\u00bbno\u00bb css_animation=\u00bb\u00bb overflow=\u00bb\u00bb][vc_column css_animation=\u00bbfadeInLeft\u00bb width=\u00bb1\/2&#8243;]<div class=\"custom_font_holder  \" style=\"font-family: Lato; font-size: 50px; font-style: normal; font-weight: 300; color: #898989; text-decoration: none; text-transform: none; text-align: center\" data-font-size=50 ><div  ><p>EDUCACI\u00d3N<\/p>\n<\/div><\/div>[vc_empty_space image_repeat=\u00bbno-repeat\u00bb][vc_separator type=\u00bbnormal\u00bb color=\u00bb#999999&#8243; border_style=\u00bbsolid\u00bb thickness=\u00bb2&#8243; up_style=\u00bbpx\u00bb down_style=\u00bbpx\u00bb][vc_tta_pageable no_fill_content_area=\u00bb1&#8243; autoplay=\u00bb10&#8243; active_section=\u00bb1&#8243; pagination_color=\u00bbmulled-wine\u00bb css_animation=\u00bbnone\u00bb][vc_tta_section title=\u00bbSecci\u00f3n 1&#8243; tab_id=\u00bb1520276385534-a14eb7c7-6e3a\u00bb][vc_empty_space height=\u00bb10px\u00bb image_repeat=\u00bbno-repeat\u00bb][vc_single_image image=\u00bb15914&#8243; img_size=\u00bb233&#215;86&#8243; alignment=\u00bbcenter\u00bb mkd_css_animation=\u00bb\u00bb set_shader=\u00bbno\u00bb set_popup=\u00bbno\u00bb animate_image_on_hover=\u00bbno\u00bb][vc_empty_space height=\u00bb25px\u00bb image_repeat=\u00bbno-repeat\u00bb]<div class=\"custom_font_holder  \" style=\"font-family: Lato; font-size: 35px; font-style: normal; font-weight: 800; color: #007bba; text-decoration: none; text-transform: none; text-align: center\" data-font-size=35 ><div  ><p>Casa Alianza<\/p>\n<\/div><\/div>[vc_empty_space height=\u00bb25px\u00bb image_repeat=\u00bbno-repeat\u00bb]<div class=\"custom_font_holder  \" style=\"font-family: Lato; font-size: 22px; font-style: normal; font-weight: 600; color: #ffffff; text-decoration: none; background-color: #a5a5a5;; padding: 7px 5px 7px 5px; text-transform: none; text-align: center\" data-font-size=22 ><div  ><p>\u00bfQu\u00e9 servicio brindan?<\/p>\n<\/div><\/div>[vc_empty_space height=\u00bb8px\u00bb image_repeat=\u00bbno-repeat\u00bb]<div class=\"custom_font_holder  \" style=\"font-family: Lato; font-size: 20px; font-style: normal; font-weight: 400; color: #515151; text-decoration: none; background-color: #ededed;; padding: 20px 5px 20px 5px; text-transform: none; text-align: center\" data-font-size=20 ><div  ><p>Apoyo integral en cuanto a vivienda, educaci\u00f3n y apoyo emocional, para adolescentes que por alg\u00fan motivo deben ser separados del domicilio<\/p>\n<\/div><\/div>[vc_empty_space height=\u00bb8px\u00bb image_repeat=\u00bbno-repeat\u00bb]<div class=\"custom_font_holder  \" style=\"font-family: Lato; font-size: 22px; font-style: normal; font-weight: 600; color: #ffffff; text-decoration: none; background-color: #a5a5a5;; padding: 7px 5px 7px 5px; text-transform: none; text-align: center\" data-font-size=22 ><div  ><p>Contacto<\/p>\n<\/div><\/div>[vc_empty_space height=\u00bb8px\u00bb image_repeat=\u00bbno-repeat\u00bb]<div class=\"custom_font_holder  \" style=\"font-family: Lato; font-size: 20px; font-style: normal; font-weight: 600; color: #007bba; text-decoration: none; background-color: #ededed;; padding: 20px 5px 10px 5px; text-transform: none; text-align: center\" data-font-size=20 ><div  ><p><a href=\"http:\/\/casa-alianzamexico.org\/\" target=\"_blank\" rel=\"noopener noreferrer\">www.casa-alianzamexico.org<\/a><\/p>\n<\/div><\/div><div class=\"custom_font_holder  \" style=\"font-family: Lato; font-size: 20px; font-style: normal; font-weight: 400; color: #515151; text-decoration: none; background-color: #ededed;; padding: 10px 5px 20px 5px; text-transform: none; text-align: center\" data-font-size=20 ><div  ><p>Direcci\u00f3n: Plaza de las Fuentes #116 Col. Jardines del Sur, Alc. Xochimilco, CP. 16050, CDMX<\/p>\n<\/div><\/div>[\/vc_tta_section][vc_tta_section title=\u00bbSecci\u00f3n 2&#8243; tab_id=\u00bb1520276244700-4bedf9d9-49a2&#8243;][vc_empty_space height=\u00bb10px\u00bb image_repeat=\u00bbno-repeat\u00bb][vc_single_image image=\u00bb15907&#8243; img_size=\u00bb120&#215;85&#8243; alignment=\u00bbcenter\u00bb mkd_css_animation=\u00bb\u00bb set_shader=\u00bbno\u00bb set_popup=\u00bbno\u00bb animate_image_on_hover=\u00bbno\u00bb][vc_empty_space height=\u00bb30px\u00bb image_repeat=\u00bbno-repeat\u00bb]<div class=\"custom_font_holder  \" style=\"font-family: Lato; font-size: 35px; font-style: normal; font-weight: 800; color: #f9b70e; text-decoration: none; text-transform: none; text-align: center\" data-font-size=35 ><div  ><p>Cauce Ciudadano A.C.<\/p>\n<\/div><\/div>[vc_empty_space height=\u00bb25px\u00bb image_repeat=\u00bbno-repeat\u00bb]<div class=\"custom_font_holder  \" style=\"font-family: Lato; font-size: 22px; font-style: normal; font-weight: 600; color: #ffffff; text-decoration: none; background-color: #a5a5a5;; padding: 7px 5px 7px 5px; text-transform: none; text-align: center\" data-font-size=22 ><div  ><p>\u00bfQu\u00e9 servicio brindan?<\/p>\n<\/div><\/div>[vc_empty_space height=\u00bb8px\u00bb image_repeat=\u00bbno-repeat\u00bb]<div class=\"custom_font_holder  \" style=\"font-family: Lato; font-size: 20px; font-style: normal; font-weight: 400; color: #515151; text-decoration: none; background-color: #ededed;; padding: 20px 5px 20px 5px; text-transform: none; text-align: center\" data-font-size=20 ><div  ><p>Algunos de los talleres que se brindan en esta asociaci\u00f3n, est\u00e1n enfocados al apoyo educativo<\/p>\n<\/div><\/div>[vc_empty_space height=\u00bb8px\u00bb image_repeat=\u00bbno-repeat\u00bb]<div class=\"custom_font_holder  \" style=\"font-family: Lato; font-size: 22px; font-style: normal; font-weight: 600; color: #ffffff; text-decoration: none; background-color: #a5a5a5;; padding: 7px 5px 7px 5px; text-transform: none; text-align: center\" data-font-size=22 ><div  ><p>Contacto<\/p>\n<\/div><\/div>[vc_empty_space height=\u00bb8px\u00bb image_repeat=\u00bbno-repeat\u00bb]<div class=\"custom_font_holder  \" style=\"font-family: Lato; font-size: 20px; font-style: normal; font-weight: 600; color: #f9b70e; text-decoration: none; background-color: #ededed;; padding: 20px 5px 10px 5px; text-transform: none; text-align: center\" data-font-size=20 ><div  ><p><a href=\"http:\/\/cauceciudadano.org.mx\" target=\"_blank\" rel=\"noopener noreferrer\">www.cauceciudadano.org.mx<\/a><\/p>\n<\/div><\/div><div class=\"custom_font_holder  \" style=\"font-family: Lato; font-size: 20px; font-style: normal; font-weight: 400; color: #515151; text-decoration: none; background-color: #ededed;; padding: 10px 5px 20px 5px; text-transform: none; text-align: center\" data-font-size=20 ><div  ><p>Direcci\u00f3n: Oriente 85 No. 2822, Col. Siete de Noviembre, Alc. Gustavo A. Madero, C.P. 07840, CDMX<\/p>\n<\/div><\/div>[\/vc_tta_section][vc_tta_section title=\u00bbSecci\u00f3n 3&#8243; tab_id=\u00bb1541437351917-adcc016f-ff29&#8243;][vc_empty_space height=\u00bb10px\u00bb image_repeat=\u00bbno-repeat\u00bb][vc_single_image image=\u00bb16409&#8243; img_size=\u00bb140X100&#8243; alignment=\u00bbcenter\u00bb mkd_css_animation=\u00bb\u00bb set_shader=\u00bbno\u00bb set_popup=\u00bbno\u00bb animate_image_on_hover=\u00bbno\u00bb][vc_empty_space height=\u00bb30px\u00bb image_repeat=\u00bbno-repeat\u00bb]<div class=\"custom_font_holder  \" style=\"font-family: Lato; font-size: 28px; font-style: normal; font-weight: 600; color: #000000; text-decoration: none; text-transform: none; text-align: center\" data-font-size=28 ><div  ><p>Instituto Nacional para la Educaci\u00f3n de los Adultos.<\/p>\n<\/div><\/div>[vc_empty_space height=\u00bb25px\u00bb image_repeat=\u00bbno-repeat\u00bb]<div class=\"custom_font_holder  \" style=\"font-family: Lato; font-size: 22px; font-style: normal; font-weight: 600; color: #ffffff; text-decoration: none; background-color: #a5a5a5;; padding: 7px 5px 7px 5px; text-transform: none; text-align: center\" data-font-size=22 ><div  ><p>\u00bfQu\u00e9 servicio brindan?<\/p>\n<\/div><\/div>[vc_empty_space height=\u00bb8px\u00bb image_repeat=\u00bbno-repeat\u00bb]<div class=\"custom_font_holder  \" style=\"font-family: Lato; font-size: 20px; font-style: normal; font-weight: 400; color: #515151; text-decoration: none; background-color: #ededed;; padding: 20px 5px 20px 5px; text-transform: none; text-align: center\" data-font-size=20 ><div  ><p>Apoyo para la alfabetizaci\u00f3n, as\u00ed como para concluir estudios de nivel b\u00e1sico, es decir primaria y secundaria.<\/p>\n<\/div><\/div>[vc_empty_space height=\u00bb8px\u00bb image_repeat=\u00bbno-repeat\u00bb]<div class=\"custom_font_holder  \" style=\"font-family: Lato; font-size: 22px; font-style: normal; font-weight: 600; color: #ffffff; text-decoration: none; background-color: #a5a5a5;; padding: 7px 5px 7px 5px; text-transform: none; text-align: center\" data-font-size=22 ><div  ><p>Contacto<\/p>\n<\/div><\/div>[vc_empty_space height=\u00bb8px\u00bb image_repeat=\u00bbno-repeat\u00bb]<div class=\"custom_font_holder  \" style=\"font-family: Lato; font-size: 20px; font-style: normal; font-weight: 600; color: #000000; text-decoration: none; background-color: #ededed;; padding: 20px 5px 10px 5px; text-transform: none; text-align: center\" data-font-size=20 ><div  ><p><a href=\"http:\/\/cdmx.inea.gob.mx\/\">http:\/\/cdmx.inea.gob.mx\/<\/a><\/p>\n<\/div><\/div><div class=\"custom_font_holder  \" style=\"font-family: Lato; font-size: 20px; font-style: normal; font-weight: 400; color: #515151; text-decoration: none; background-color: #ededed;; padding: 10px 5px 20px 5px; text-transform: none; text-align: center\" data-font-size=20 ><div  ><p>Francisco M\u00e1rquez 160 Planta Baja, Col. Condesa, Alc. Cuauht\u00e9moc, C.P. 06140, Ciudad de M\u00e9xico.<\/p>\n<\/div><\/div>[\/vc_tta_section][vc_tta_section title=\u00bbSecci\u00f3n 4&#8243; tab_id=\u00bb1520276245541-453020ee-ac8a\u00bb][vc_single_image image=\u00bb16595&#8243; img_size=\u00bb95&#215;115&#8243; alignment=\u00bbcenter\u00bb mkd_css_animation=\u00bb\u00bb set_shader=\u00bbno\u00bb set_popup=\u00bbno\u00bb animate_image_on_hover=\u00bbno\u00bb][vc_empty_space height=\u00bb15px\u00bb image_repeat=\u00bbno-repeat\u00bb]<div class=\"custom_font_holder  \" style=\"font-family: Lato; font-size: 35px; font-style: normal; font-weight: 800; color: #a52025; text-decoration: none; text-transform: none; text-align: center\" data-font-size=35 ><div  ><p>Alcald\u00eda Cuajimalpa<\/p>\n<\/div><\/div>[vc_empty_space height=\u00bb20px\u00bb image_repeat=\u00bbno-repeat\u00bb]<div class=\"custom_font_holder  \" style=\"font-family: Lato; font-size: 22px; font-style: normal; font-weight: 600; color: #ffffff; text-decoration: none; background-color: #a5a5a5;; padding: 7px 5px 7px 5px; text-transform: none; text-align: center\" data-font-size=22 ><div  ><p>\u00bfQu\u00e9 servicio brindan?<\/p>\n<\/div><\/div>[vc_empty_space height=\u00bb8px\u00bb image_repeat=\u00bbno-repeat\u00bb]<div class=\"custom_font_holder  \" style=\"font-family: Lato; font-size: 20px; font-style: normal; font-weight: 400; color: #515151; text-decoration: none; background-color: #ededed;; padding: 20px 5px 20px 5px; text-transform: none; text-align: center\" data-font-size=20 ><div  ><p>La Alcald\u00eda brinda su apoyo por medio de sus programas de \u201capoyo a primaria\u201d y \u201capoyo a secundaria\u201d<\/p>\n<\/div><\/div>[vc_empty_space height=\u00bb8px\u00bb image_repeat=\u00bbno-repeat\u00bb]<div class=\"custom_font_holder  \" style=\"font-family: Lato; font-size: 22px; font-style: normal; font-weight: 600; color: #ffffff; text-decoration: none; background-color: #a5a5a5;; padding: 7px 5px 7px 5px; text-transform: none; text-align: center\" data-font-size=22 ><div  ><p>Contacto<\/p>\n<\/div><\/div>[vc_empty_space height=\u00bb8px\u00bb image_repeat=\u00bbno-repeat\u00bb]<div class=\"custom_font_holder  \" style=\"font-family: Lato; font-size: 20px; font-style: normal; font-weight: 600; color: #a52025; text-decoration: none; background-color: #ededed;; padding: 20px 5px 10px 5px; text-transform: none; text-align: center\" data-font-size=20 ><div  ><p><a href=\"http:\/\/cuajimalpa.cdmx.gob.mx\" target=\"_blank\" rel=\"noopener noreferrer\">www.cuajimalpa.cdmx.gob.mx<\/a><\/p>\n<\/div><\/div><div class=\"custom_font_holder  \" style=\"font-family: Lato; font-size: 20px; font-style: normal; font-weight: 400; color: #515151; text-decoration: none; background-color: #ededed;; padding: 10px 5px 20px 5px; text-transform: none; text-align: center\" data-font-size=20 ><div  ><p>Direcci\u00f3n: Av Ju\u00e1rez S\/n, Cuajimalpa de Morelos, Cuajimalpa, 05000 Ciudad de M\u00e9xico, CDMX<\/p>\n<\/div><\/div>[\/vc_tta_section][vc_tta_section title=\u00bbSecci\u00f3n 5&#8243; tab_id=\u00bb1541449546809-632bd6c7-dd77&#8243;][vc_single_image image=\u00bb16421&#8243; img_size=\u00bb95&#215;115&#8243; alignment=\u00bbcenter\u00bb mkd_css_animation=\u00bb\u00bb set_shader=\u00bbno\u00bb set_popup=\u00bbno\u00bb animate_image_on_hover=\u00bbno\u00bb][vc_empty_space height=\u00bb15px\u00bb image_repeat=\u00bbno-repeat\u00bb]<div class=\"custom_font_holder  \" style=\"font-family: Lato; font-size: 35px; font-style: normal; font-weight: 800; color: #1e2ebf; text-decoration: none; text-transform: none; text-align: center\" data-font-size=35 ><div  ><p>Servicios a la Juventud, A.C.<\/p>\n<\/div><\/div>[vc_empty_space height=\u00bb20px\u00bb image_repeat=\u00bbno-repeat\u00bb]<div class=\"custom_font_holder  \" style=\"font-family: Lato; font-size: 22px; font-style: normal; font-weight: 600; color: #ffffff; text-decoration: none; background-color: #a5a5a5;; padding: 7px 5px 7px 5px; text-transform: none; text-align: center\" data-font-size=22 ><div  ><p>\u00bfQu\u00e9 servicio brindan?<\/p>\n<\/div><\/div>[vc_empty_space height=\u00bb8px\u00bb image_repeat=\u00bbno-repeat\u00bb]<div class=\"custom_font_holder  \" style=\"font-family: Lato; font-size: 20px; font-style: normal; font-weight: 400; color: #515151; text-decoration: none; background-color: #ededed;; padding: 20px 5px 20px 5px; text-transform: none; text-align: center\" data-font-size=20 ><div  ><p>Programa de formaci\u00f3n y capacitaci\u00f3n intensivo con modalidad escolarizada que genera modelos de acci\u00f3n social para que j\u00f3venes, participen en su propio desarrollo, en el de su comunidad y en el desarrollo del pa\u00eds.<\/p>\n<\/div><\/div>[vc_empty_space height=\u00bb8px\u00bb image_repeat=\u00bbno-repeat\u00bb]<div class=\"custom_font_holder  \" style=\"font-family: Lato; font-size: 22px; font-style: normal; font-weight: 600; color: #ffffff; text-decoration: none; background-color: #a5a5a5;; padding: 7px 5px 7px 5px; text-transform: none; text-align: center\" data-font-size=22 ><div  ><p>Contacto<\/p>\n<\/div><\/div>[vc_empty_space height=\u00bb8px\u00bb image_repeat=\u00bbno-repeat\u00bb]<div class=\"custom_font_holder  \" style=\"font-family: Lato; font-size: 20px; font-style: normal; font-weight: 600; color: #3527ce; text-decoration: none; background-color: #ededed;; padding: 20px 5px 10px 5px; text-transform: none; text-align: center\" data-font-size=20 ><div  ><p><a href=\"http:\/\/www.seraj.org.mx\/\">http:\/\/www.seraj.org.mx\/<\/a><\/p>\n<\/div><\/div><div class=\"custom_font_holder  \" style=\"font-family: Lato; font-size: 20px; font-style: normal; font-weight: 400; color: #515151; text-decoration: none; background-color: #ededed;; padding: 10px 5px 20px 5px; text-transform: none; text-align: center\" data-font-size=20 ><div  ><p>Direcci\u00f3n: Zempoala\u00a0251\u00a0Int. Piso 4 Oficina 402, Colonia Narvarte, Alcald\u00eda Benito Ju\u00e1rez,\u00a0C.P. 03020<\/p>\n<\/div><\/div>[\/vc_tta_section][vc_tta_section title=\u00bbSecci\u00f3n 6&#8243; tab_id=\u00bb1541524296844-21f00f8c-c9df\u00bb][vc_single_image image=\u00bb16303&#8243; img_size=\u00bb200&#215;180&#8243; alignment=\u00bbcenter\u00bb mkd_css_animation=\u00bb\u00bb set_shader=\u00bbno\u00bb set_popup=\u00bbno\u00bb animate_image_on_hover=\u00bbno\u00bb][vc_empty_space height=\u00bb15px\u00bb image_repeat=\u00bbno-repeat\u00bb]<div class=\"custom_font_holder  \" style=\"font-family: Lato; font-size: 28px; font-style: normal; font-weight: 800; color: #1e2ebf; text-decoration: none; text-transform: none; text-align: center\" data-font-size=28 ><div  ><p>Fundaci\u00f3n Mexicana de Reintegraci\u00f3n Social, Reintegra, A.C.<\/p>\n<\/div><\/div>[vc_empty_space height=\u00bb20px\u00bb image_repeat=\u00bbno-repeat\u00bb]<div class=\"custom_font_holder  \" style=\"font-family: Lato; font-size: 22px; font-style: normal; font-weight: 600; color: #ffffff; text-decoration: none; background-color: #a5a5a5;; padding: 7px 5px 7px 5px; text-transform: none; text-align: center\" data-font-size=22 ><div  ><p>\u00bfQu\u00e9 servicio brindan?<\/p>\n<\/div><\/div>[vc_empty_space height=\u00bb8px\u00bb image_repeat=\u00bbno-repeat\u00bb]<div class=\"custom_font_holder  \" style=\"font-family: Lato; font-size: 20px; font-style: normal; font-weight: 400; color: #515151; text-decoration: none; background-color: #ededed;; padding: 20px 5px 20px 5px; text-transform: none; text-align: center\" data-font-size=20 ><div  ><p>Programa de formaci\u00f3n personalizado donde los adolescentes desarrollan habilidades y competencias para construir su proyecto de vida.<\/p>\n<\/div><\/div>[vc_empty_space height=\u00bb8px\u00bb image_repeat=\u00bbno-repeat\u00bb]<div class=\"custom_font_holder  \" style=\"font-family: Lato; font-size: 22px; font-style: normal; font-weight: 600; color: #ffffff; text-decoration: none; background-color: #a5a5a5;; padding: 7px 5px 7px 5px; text-transform: none; text-align: center\" data-font-size=22 ><div  ><p>Contacto<\/p>\n<\/div><\/div>[vc_empty_space height=\u00bb8px\u00bb image_repeat=\u00bbno-repeat\u00bb]<div class=\"custom_font_holder  \" style=\"font-family: Lato; font-size: 20px; font-style: normal; font-weight: 600; color: #3527ce; text-decoration: none; background-color: #ededed;; padding: 20px 5px 10px 5px; text-transform: none; text-align: center\" data-font-size=20 ><div  ><p>http:\/\/reintegra.org.mx\/<\/p>\n<\/div><\/div><div class=\"custom_font_holder  \" style=\"font-family: Lato; font-size: 20px; font-style: normal; font-weight: 400; color: #515151; text-decoration: none; background-color: #ededed;; padding: 10px 5px 20px 5px; text-transform: none; text-align: center\" data-font-size=20 ><div  ><p>Direcci\u00f3n: Rio Marne 10, Col. Renacimiento, Alcald\u00eda Cuauht\u00e9moc, 05600, Ciudad de M\u00e9xico.<\/p>\n<\/div><\/div>[\/vc_tta_section][vc_tta_section title=\u00bbSecci\u00f3n 7&#8243; tab_id=\u00bb1541524796180-9eca53fb-ac3c\u00bb][vc_single_image image=\u00bb16428&#8243; img_size=\u00bb200&#215;180&#8243; alignment=\u00bbcenter\u00bb mkd_css_animation=\u00bb\u00bb set_shader=\u00bbno\u00bb set_popup=\u00bbno\u00bb animate_image_on_hover=\u00bbno\u00bb][vc_empty_space height=\u00bb15px\u00bb image_repeat=\u00bbno-repeat\u00bb]<div class=\"custom_font_holder  \" style=\"font-family: Lato; font-size: 28px; font-style: normal; font-weight: 800; color: #1e2ebf; text-decoration: none; text-transform: none; text-align: center\" data-font-size=28 ><div  ><p>Fundaci\u00f3n pro ni\u00f1os de la calle, I.A.P.<\/p>\n<\/div><\/div>[vc_empty_space height=\u00bb20px\u00bb image_repeat=\u00bbno-repeat\u00bb]<div class=\"custom_font_holder  \" style=\"font-family: Lato; font-size: 22px; font-style: normal; font-weight: 600; color: #ffffff; text-decoration: none; background-color: #a5a5a5;; padding: 7px 5px 7px 5px; text-transform: none; text-align: center\" data-font-size=22 ><div  ><p>\u00bfQu\u00e9 servicio brindan?<\/p>\n<\/div><\/div>[vc_empty_space height=\u00bb8px\u00bb image_repeat=\u00bbno-repeat\u00bb]<div class=\"custom_font_holder  \" style=\"font-family: Lato; font-size: 20px; font-style: normal; font-weight: 400; color: #515151; text-decoration: none; background-color: #ededed;; padding: 20px 5px 20px 5px; text-transform: none; text-align: center\" data-font-size=20 ><div  ><p>Trabajan a trav\u00e9s de un Modelo Educativo innovador enfocado en la restituci\u00f3n de los derechos humanos, el desarrollo de habilidades para la vida y el ejercicio de procesos de reflexi\u00f3n y participaci\u00f3n en los que los ni\u00f1os, adolescentes, j\u00f3venes y familias pueden utilizar todas sus capacidades y fortalezas para transformar sus condiciones de vida.<\/p>\n<\/div><\/div>[vc_empty_space height=\u00bb8px\u00bb image_repeat=\u00bbno-repeat\u00bb]<div class=\"custom_font_holder  \" style=\"font-family: Lato; font-size: 22px; font-style: normal; font-weight: 600; color: #ffffff; text-decoration: none; background-color: #a5a5a5;; padding: 7px 5px 7px 5px; text-transform: none; text-align: center\" data-font-size=22 ><div  ><p>Contacto<\/p>\n<\/div><\/div>[vc_empty_space height=\u00bb8px\u00bb image_repeat=\u00bbno-repeat\u00bb]<div class=\"custom_font_holder  \" style=\"font-family: Lato; font-size: 20px; font-style: normal; font-weight: 600; color: #3527ce; text-decoration: none; background-color: #ededed;; padding: 20px 5px 10px 5px; text-transform: none; text-align: center\" data-font-size=20 ><div  ><p><a href=\"http:\/\/www.proninosdelacalle.org.mx\/#1\">http:\/\/www.proninosdelacalle.org.mx\/#1<\/a><\/p>\n<\/div><\/div><div class=\"custom_font_holder  \" style=\"font-family: Lato; font-size: 20px; font-style: normal; font-weight: 400; color: #515151; text-decoration: none; background-color: #ededed;; padding: 10px 5px 20px 5px; text-transform: none; text-align: center\" data-font-size=20 ><div  ><p>Direcci\u00f3n: Zaragoza 277, Colonia Buenavista, Alcald\u00eda Cuauht\u00e9moc, 06350, Ciudad de M\u00e9xico.<\/p>\n<\/div><\/div>[\/vc_tta_section][\/vc_tta_pageable][\/vc_column][vc_column css_animation=\u00bbfadeInRight\u00bb width=\u00bb1\/2&#8243;]<div class=\"custom_font_holder  \" style=\"font-family: Lato; font-size: 50px; font-style: normal; font-weight: 300; color: #898989; text-decoration: none; text-transform: none; text-align: center\" data-font-size=50 ><div  ><p>SERVICIO SOCIAL<\/p>\n<\/div><\/div>[vc_empty_space image_repeat=\u00bbno-repeat\u00bb][vc_separator type=\u00bbnormal\u00bb color=\u00bb#999999&#8243; border_style=\u00bbsolid\u00bb thickness=\u00bb2&#8243; up_style=\u00bbpx\u00bb down_style=\u00bbpx\u00bb][vc_tta_pageable no_fill_content_area=\u00bb1&#8243; autoplay=\u00bb10&#8243; active_section=\u00bb1&#8243; pagination_color=\u00bbmulled-wine\u00bb css_animation=\u00bbnone\u00bb][vc_tta_section title=\u00bbSecci\u00f3n 1&#8243; tab_id=\u00bb1520276406101-6b2172d3-fca6&#8243;][vc_single_image image=\u00bb16595&#8243; img_size=\u00bb95&#215;115&#8243; alignment=\u00bbcenter\u00bb mkd_css_animation=\u00bb\u00bb set_shader=\u00bbno\u00bb set_popup=\u00bbno\u00bb animate_image_on_hover=\u00bbno\u00bb][vc_empty_space height=\u00bb10px\u00bb image_repeat=\u00bbno-repeat\u00bb]<div class=\"custom_font_holder  \" style=\"font-family: Lato; font-size: 35px; font-style: normal; font-weight: 800; color: #a52025; text-decoration: none; text-transform: none; text-align: center\" data-font-size=35 ><div  ><p>Alcald\u00eda Cuajimalpa<\/p>\n<\/div><\/div>[vc_empty_space height=\u00bb20px\u00bb image_repeat=\u00bbno-repeat\u00bb]<div class=\"custom_font_holder  \" style=\"font-family: Lato; font-size: 22px; font-style: normal; font-weight: 600; color: #ffffff; text-decoration: none; background-color: #a5a5a5;; padding: 7px 5px 7px 5px; text-transform: none; text-align: center\" data-font-size=22 ><div  ><p>\u00bfQu\u00e9 servicio brindan?<\/p>\n<\/div><\/div>[vc_empty_space height=\u00bb8px\u00bb image_repeat=\u00bbno-repeat\u00bb]<div class=\"custom_font_holder  \" style=\"font-family: Lato; font-size: 20px; font-style: normal; font-weight: 400; color: #515151; text-decoration: none; background-color: #ededed;; padding: 20px 5px 20px 5px; text-transform: none; text-align: center\" data-font-size=20 ><div  ><p>La Alcald\u00eda determina en que tarea puede contribuir a la sociedad, una persona adulta o adolescente imputada<\/p>\n<\/div><\/div>[vc_empty_space height=\u00bb8px\u00bb image_repeat=\u00bbno-repeat\u00bb]<div class=\"custom_font_holder  \" style=\"font-family: Lato; font-size: 22px; font-style: normal; font-weight: 600; color: #ffffff; text-decoration: none; background-color: #a5a5a5;; padding: 7px 5px 7px 5px; text-transform: none; text-align: center\" data-font-size=22 ><div  ><p>Contacto<\/p>\n<\/div><\/div>[vc_empty_space height=\u00bb8px\u00bb image_repeat=\u00bbno-repeat\u00bb]<div class=\"custom_font_holder  \" style=\"font-family: Lato; font-size: 20px; font-style: normal; font-weight: 600; color: #a52025; text-decoration: none; background-color: #ededed;; padding: 20px 5px 10px 5px; text-transform: none; text-align: center\" data-font-size=20 ><div  ><p><a href=\"http:\/\/cuajimalpa.cdmx.gob.mx\" target=\"_blank\" rel=\"noopener noreferrer\">www.cuajimalpa.cdmx.gob.mx<\/a><\/p>\n<\/div><\/div><div class=\"custom_font_holder  \" style=\"font-family: Lato; font-size: 20px; font-style: normal; font-weight: 400; color: #515151; text-decoration: none; background-color: #ededed;; padding: 10px 5px 20px 5px; text-transform: none; text-align: center\" data-font-size=20 ><div  ><p>Direcci\u00f3n: Av Ju\u00e1rez S\/n, Cuajimalpa de Morelos, Cuajimalpa, 05000 Ciudad de M\u00e9xico, CDMX<\/p>\n<\/div><\/div>[\/vc_tta_section][vc_tta_section title=\u00bbSecci\u00f3n 3&#8243; tab_id=\u00bb1520280065381-596d5fc6-73e6&#8243;][vc_single_image image=\u00bb16596&#8243; img_size=\u00bbmedium\u00bb alignment=\u00bbcenter\u00bb mkd_css_animation=\u00bb\u00bb set_shader=\u00bbno\u00bb set_popup=\u00bbno\u00bb animate_image_on_hover=\u00bbno\u00bb][vc_empty_space height=\u00bb10px\u00bb image_repeat=\u00bbno-repeat\u00bb]<div class=\"custom_font_holder  \" style=\"font-family: Lato; font-size: 35px; font-style: normal; font-weight: 800; color: #a52025; text-decoration: none; text-transform: none; text-align: center\" data-font-size=35 ><div  ><p>Alcald\u00eda Tl\u00e1huac<\/p>\n<\/div><\/div>[vc_empty_space height=\u00bb20px\u00bb image_repeat=\u00bbno-repeat\u00bb]<div class=\"custom_font_holder  \" style=\"font-family: Lato; font-size: 22px; font-style: normal; font-weight: 600; color: #ffffff; text-decoration: none; background-color: #a5a5a5;; padding: 7px 5px 7px 5px; text-transform: none; text-align: center\" data-font-size=22 ><div  ><p>\u00bfQu\u00e9 servicio brindan?<\/p>\n<\/div><\/div>[vc_empty_space height=\u00bb8px\u00bb image_repeat=\u00bbno-repeat\u00bb]<div class=\"custom_font_holder  \" style=\"font-family: Lato; font-size: 20px; font-style: normal; font-weight: 400; color: #515151; text-decoration: none; background-color: #ededed;; padding: 20px 5px 20px 5px; text-transform: none; text-align: center\" data-font-size=20 ><div  ><p>La Alcald\u00eda determina en que tarea puede contribuir a la sociedad, una persona adulta o adolescente imputada<\/p>\n<\/div><\/div>[vc_empty_space height=\u00bb8px\u00bb image_repeat=\u00bbno-repeat\u00bb]<div class=\"custom_font_holder  \" style=\"font-family: Lato; font-size: 22px; font-style: normal; font-weight: 600; color: #ffffff; text-decoration: none; background-color: #a5a5a5;; padding: 7px 5px 7px 5px; text-transform: none; text-align: center\" data-font-size=22 ><div  ><p>Contacto<\/p>\n<\/div><\/div>[vc_empty_space height=\u00bb8px\u00bb image_repeat=\u00bbno-repeat\u00bb]<div class=\"custom_font_holder  \" style=\"font-family: Lato; font-size: 20px; font-style: normal; font-weight: 600; color: #a52025; text-decoration: none; background-color: #ededed;; padding: 20px 5px 10px 5px; text-transform: none; text-align: center\" data-font-size=20 ><div  ><p><a href=\"http:\/\/www.tlahuac.cdmx.gob.mx\/\" target=\"_blank\" rel=\"noopener noreferrer\">www.tlahuac.cdmx.gob.mx<\/a><\/p>\n<\/div><\/div><div class=\"custom_font_holder  \" style=\"font-family: Lato; font-size: 20px; font-style: normal; font-weight: 400; color: #515151; text-decoration: none; background-color: #ededed;; padding: 10px 5px 20px 5px; text-transform: none; text-align: center\" data-font-size=20 ><div  ><p>Direcci\u00f3n: Av. Tl\u00e1huac s\/n, esquina Nicol\u00e1s Bravo, Bo. La Asunci\u00f3n, CP. 13000, Alc. Tl\u00e1huac, CDMX<\/p>\n<\/div><\/div>[\/vc_tta_section][vc_tta_section title=\u00bbSecci\u00f3n 4&#8243; tab_id=\u00bb1520280912392-59db7952-da9c\u00bb][vc_single_image image=\u00bb16597&#8243; img_size=\u00bbmedium\u00bb alignment=\u00bbcenter\u00bb mkd_css_animation=\u00bb\u00bb set_shader=\u00bbno\u00bb set_popup=\u00bbno\u00bb animate_image_on_hover=\u00bbno\u00bb][vc_empty_space height=\u00bb10px\u00bb image_repeat=\u00bbno-repeat\u00bb]<div class=\"custom_font_holder  \" style=\"font-family: Lato; font-size: 35px; font-style: normal; font-weight: 800; color: #a52025; text-decoration: none; text-transform: none; text-align: center\" data-font-size=35 ><div  ><p>Alcald\u00eda \u00c1lvaro Obreg\u00f3n<\/p>\n<\/div><\/div>[vc_empty_space height=\u00bb20px\u00bb image_repeat=\u00bbno-repeat\u00bb]<div class=\"custom_font_holder  \" style=\"font-family: Lato; font-size: 22px; font-style: normal; font-weight: 600; color: #ffffff; text-decoration: none; background-color: #a5a5a5;; padding: 7px 5px 7px 5px; text-transform: none; text-align: center\" data-font-size=22 ><div  ><p>\u00bfQu\u00e9 servicio brindan?<\/p>\n<\/div><\/div>[vc_empty_space height=\u00bb8px\u00bb image_repeat=\u00bbno-repeat\u00bb]<div class=\"custom_font_holder  \" style=\"font-family: Lato; font-size: 20px; font-style: normal; font-weight: 400; color: #515151; text-decoration: none; background-color: #ededed;; padding: 20px 5px 20px 5px; text-transform: none; text-align: center\" data-font-size=20 ><div  ><p>La Alcald\u00eda determina en que tarea puede contribuir a la sociedad, una persona adulta o adolescente imputada<\/p>\n<\/div><\/div>[vc_empty_space height=\u00bb8px\u00bb image_repeat=\u00bbno-repeat\u00bb]<div class=\"custom_font_holder  \" style=\"font-family: Lato; font-size: 22px; font-style: normal; font-weight: 600; color: #ffffff; text-decoration: none; background-color: #a5a5a5;; padding: 7px 5px 7px 5px; text-transform: none; text-align: center\" data-font-size=22 ><div  ><p>Contacto<\/p>\n<\/div><\/div>[vc_empty_space height=\u00bb8px\u00bb image_repeat=\u00bbno-repeat\u00bb]<div class=\"custom_font_holder  \" style=\"font-family: Lato; font-size: 20px; font-style: normal; font-weight: 600; color: #a52025; text-decoration: none; background-color: #ededed;; padding: 20px 5px 10px 5px; text-transform: none; text-align: center\" data-font-size=20 ><div  ><p><a href=\"http:\/\/www.dao.gob.mx\/\" target=\"_blank\" rel=\"noopener noreferrer\">www.dao.gob.mx<\/a><\/p>\n<\/div><\/div><div class=\"custom_font_holder  \" style=\"font-family: Lato; font-size: 20px; font-style: normal; font-weight: 400; color: #515151; text-decoration: none; background-color: #ededed;; padding: 10px 5px 20px 5px; text-transform: none; text-align: center\" data-font-size=20 ><div  ><p>Direcci\u00f3n: Canario esq. Calle 10 s\/n, Col. Tolteca, Alc. \u00c1lvaro Obreg\u00f3n, C.P.01150, CDMX<\/p>\n<\/div><\/div>[\/vc_tta_section][vc_tta_section title=\u00bbSecci\u00f3n 6&#8243; tab_id=\u00bb1541525618662-0d5c67d3-2786&#8243;][vc_single_image image=\u00bb16434&#8243; img_size=\u00bb220&#215;180&#8243; alignment=\u00bbcenter\u00bb mkd_css_animation=\u00bb\u00bb set_shader=\u00bbno\u00bb set_popup=\u00bbno\u00bb animate_image_on_hover=\u00bbno\u00bb][vc_empty_space height=\u00bb10px\u00bb image_repeat=\u00bbno-repeat\u00bb]<div class=\"custom_font_holder  \" style=\"font-family: Lato; font-size: 30px; font-style: normal; font-weight: 800; color: #db3281; text-decoration: none; text-transform: none; text-align: center\" data-font-size=30 ><div  ><p>Instituto de la Juventud de la Ciudad de M\u00e9xico.<\/p>\n<\/div><\/div>[vc_empty_space height=\u00bb20px\u00bb image_repeat=\u00bbno-repeat\u00bb]<div class=\"custom_font_holder  \" style=\"font-family: Lato; font-size: 22px; font-style: normal; font-weight: 600; color: #ffffff; text-decoration: none; background-color: #a5a5a5;; padding: 7px 5px 7px 5px; text-transform: none; text-align: center\" data-font-size=22 ><div  ><p>\u00bfQu\u00e9 servicio brindan?<\/p>\n<\/div><\/div>[vc_empty_space height=\u00bb8px\u00bb image_repeat=\u00bbno-repeat\u00bb]<div class=\"custom_font_holder  \" style=\"font-family: Lato; font-size: 20px; font-style: normal; font-weight: 400; color: #515151; text-decoration: none; background-color: #ededed;; padding: 20px 5px 20px 5px; text-transform: none; text-align: center\" data-font-size=20 ><div  ><p>Mediante sus programas los j\u00f3venes pueden cumplir con su Servicio Social a favor del Estado.<\/p>\n<\/div><\/div>[vc_empty_space height=\u00bb8px\u00bb image_repeat=\u00bbno-repeat\u00bb]<div class=\"custom_font_holder  \" style=\"font-family: Lato; font-size: 22px; font-style: normal; font-weight: 600; color: #ffffff; text-decoration: none; background-color: #a5a5a5;; padding: 7px 5px 7px 5px; text-transform: none; text-align: center\" data-font-size=22 ><div  ><p>Contacto<\/p>\n<\/div><\/div>[vc_empty_space height=\u00bb8px\u00bb image_repeat=\u00bbno-repeat\u00bb]<div class=\"custom_font_holder  \" style=\"font-family: Lato; font-size: 20px; font-style: normal; font-weight: 600; color: #db3281; text-decoration: none; background-color: #ededed;; padding: 20px 5px 10px 5px; text-transform: none; text-align: center\" data-font-size=20 ><div  ><p><a href=\"https:\/\/www.injuve.cdmx.gob.mx\/\">https:\/\/www.injuve.cdmx.gob.mx\/<\/a><\/p>\n<\/div><\/div><div class=\"custom_font_holder  \" style=\"font-family: Lato; font-size: 20px; font-style: normal; font-weight: 400; color: #515151; text-decoration: none; background-color: #ededed;; padding: 10px 5px 20px 5px; text-transform: none; text-align: center\" data-font-size=20 ><div  ><p>Direcci\u00f3n: Calzada M\u00e9xico-Tacuba 235, colonia Un hogar para nosotros, Alcald\u00eda Miguel Hidalgo C.P. 11330, Ciudad de M\u00e9xico<\/p>\n<\/div><\/div>[\/vc_tta_section][\/vc_tta_pageable][\/vc_column][\/vc_row][vc_row row_type=\u00bbrow\u00bb use_row_as_full_screen_section=\u00bbno\u00bb type=\u00bbfull_width\u00bb oblique_section=\u00bbno\u00bb text_align=\u00bbleft\u00bb Overflow=\u00bb\u00bb triangle_shape=\u00bbno\u00bb css_animation=\u00bb\u00bb overflow=\u00bb\u00bb][vc_column][vc_empty_space height=\u00bb40px\u00bb image_repeat=\u00bbno-repeat\u00bb][\/vc_column][\/vc_row][vc_row row_type=\u00bbrow\u00bb use_row_as_full_screen_section=\u00bbno\u00bb type=\u00bbgrid\u00bb oblique_section=\u00bbno\u00bb text_align=\u00bbleft\u00bb Overflow=\u00bb\u00bb triangle_shape=\u00bbno\u00bb css_animation=\u00bb\u00bb overflow=\u00bb\u00bb][vc_column]<div class=\"custom_font_holder  \" style=\"font-family: Lato; font-size: 55px; line-height: 50px; font-style: normal; font-weight: 300; color: #d66f59; text-decoration: none; text-transform: none; text-align: center\" data-font-size=55 data-line-height=50 ><div  ><p>Instituciones que auxilian en labores operativas<\/p>\n<\/div><\/div>[vc_empty_space height=\u00bb45px\u00bb image_repeat=\u00bbno-repeat\u00bb]<div class=\"custom_font_holder  \" style=\"font-family: Lato; font-size: 23px; font-style: normal; font-weight: 400; color: #898989; text-decoration: none; text-transform: none; text-align: center\" data-font-size=23 ><div  ><p>En raz\u00f3n de las actividades que realiza esta Unidad, se requiere de apoyo en las tareas operativas,<\/p>\n<p>para lo cual nos apoyamos de las siguientes instituciones<\/p>\n<\/div><\/div>[vc_empty_space height=\u00bb60px\u00bb image_repeat=\u00bbno-repeat\u00bb][\/vc_column][\/vc_row][vc_row row_type=\u00bbrow\u00bb use_row_as_full_screen_section=\u00bbno\u00bb type=\u00bbgrid\u00bb oblique_section=\u00bbno\u00bb text_align=\u00bbleft\u00bb Overflow=\u00bb\u00bb triangle_shape=\u00bbno\u00bb css_animation=\u00bb\u00bb overflow=\u00bb\u00bb][vc_column css_animation=\u00bbfadeInLeft\u00bb width=\u00bb1\/2&#8243;][vc_empty_space height=\u00bb10px\u00bb image_repeat=\u00bbno-repeat\u00bb][vc_single_image image=\u00bb16593&#8243; img_size=\u00bbmedium\u00bb alignment=\u00bbcenter\u00bb mkd_css_animation=\u00bb\u00bb set_shader=\u00bbno\u00bb set_popup=\u00bbno\u00bb animate_image_on_hover=\u00bbno\u00bb][vc_empty_space height=\u00bb10px\u00bb image_repeat=\u00bbno-repeat\u00bb][vc_separator type=\u00bbnormal\u00bb color=\u00bb#999999&#8243; border_style=\u00bbsolid\u00bb thickness=\u00bb2&#8243; up_style=\u00bbpx\u00bb down_style=\u00bbpx\u00bb][vc_empty_space height=\u00bb5px\u00bb image_repeat=\u00bbno-repeat\u00bb]<div class=\"custom_font_holder  \" style=\"font-family: Lato; font-size: 28px; line-height: 33px; font-style: normal; font-weight: 400; color: #898989; text-decoration: none; text-transform: none; text-align: center\" data-font-size=28 data-line-height=33 ><div  ><p>Secretar\u00eda de Seguridad Ciudadana<\/p>\n<p>de la Ciudad de M\u00e9xico<\/p>\n<\/div><\/div>[\/vc_column][vc_column css_animation=\u00bbfadeInRight\u00bb width=\u00bb1\/2&#8243;][vc_empty_space height=\u00bb10px\u00bb image_repeat=\u00bbno-repeat\u00bb][vc_single_image image=\u00bb16592&#8243; img_size=\u00bbmedium\u00bb alignment=\u00bbcenter\u00bb mkd_css_animation=\u00bb\u00bb set_shader=\u00bbno\u00bb set_popup=\u00bbno\u00bb animate_image_on_hover=\u00bbno\u00bb][vc_empty_space height=\u00bb10px\u00bb image_repeat=\u00bbno-repeat\u00bb][vc_separator type=\u00bbnormal\u00bb color=\u00bb#999999&#8243; border_style=\u00bbsolid\u00bb thickness=\u00bb2&#8243; up_style=\u00bbpx\u00bb down_style=\u00bbpx\u00bb][vc_empty_space height=\u00bb5px\u00bb image_repeat=\u00bbno-repeat\u00bb]<div class=\"custom_font_holder  \" style=\"font-family: Lato; font-size: 28px; line-height: 33px; font-style: normal; font-weight: 400; color: #777777; text-decoration: none; text-transform: none; text-align: center\" data-font-size=28 data-line-height=33 ><div  ><p>Procuradur\u00eda General de Justicia<\/p>\n<p>de la Ciudad de M\u00e9xico<\/p>\n<\/div><\/div>[\/vc_column][\/vc_row][vc_row row_type=\u00bbrow\u00bb use_row_as_full_screen_section=\u00bbno\u00bb type=\u00bbfull_width\u00bb oblique_section=\u00bbno\u00bb text_align=\u00bbleft\u00bb Overflow=\u00bb\u00bb triangle_shape=\u00bbno\u00bb css_animation=\u00bb\u00bb overflow=\u00bb\u00bb][vc_column][vc_empty_space height=\u00bb72px\u00bb image_repeat=\u00bbno-repeat\u00bb][\/vc_column][\/vc_row]<\/p>\n","protected":false},"excerpt":{"rendered":"<p>[vc_row row_type=\u00bbrow\u00bb use_row_as_full_screen_section=\u00bbno\u00bb type=\u00bbgrid\u00bb oblique_section=\u00bbno\u00bb text_align=\u00bbleft\u00bb Overflow=\u00bb\u00bb triangle_shape=\u00bbno\u00bb css_animation=\u00bb\u00bb overflow=\u00bb\u00bb][vc_column][vc_empty_space height=\u00bb45px\u00bb image_repeat=\u00bbno-repeat\u00bb][vc_empty_space height=\u00bb80px\u00bb image_repeat=\u00bbno-repeat\u00bb][\/vc_column][\/vc_row][vc_row row_type=\u00bbrow\u00bb use_row_as_full_screen_section=\u00bbno\u00bb type=\u00bbgrid\u00bb oblique_section=\u00bbno\u00bb text_align=\u00bbleft\u00bb Overflow=\u00bb\u00bb triangle_shape=\u00bbno\u00bb css_animation=\u00bb\u00bb overflow=\u00bb\u00bb][vc_column css_animation=\u00bbfadeInLeft\u00bb width=\u00bb1\/2&#8243;][vc_empty_space image_repeat=\u00bbno-repeat\u00bb][vc_separator type=\u00bbnormal\u00bb color=\u00bb#999999&#8243; border_style=\u00bbsolid\u00bb thickness=\u00bb2&#8243; up_style=\u00bbpx\u00bb down_style=\u00bbpx\u00bb][vc_tta_pageable no_fill_content_area=\u00bb1&#8243; autoplay=\u00bb10&#8243; active_section=\u00bb1&#8243; pagination_color=\u00bbmulled-wine\u00bb css_animation=\u00bbnone\u00bb][vc_tta_section title=\u00bbSecci\u00f3n 1&#8243; tab_id=\u00bb1520018704685-5bd89c00-58e1&#8243;][vc_single_image image=\u00bb15905&#8243; img_size=\u00bb60&#215;96&#8243; alignment=\u00bbcenter\u00bb mkd_css_animation=\u00bb\u00bb set_shader=\u00bbno\u00bb&#8230;<\/p>\n","protected":false},"author":6,"featured_media":0,"parent":0,"menu_order":0,"comment_status":"closed","ping_status":"closed","template":"","meta":{"footnotes":""},"class_list":["post-15921","page","type-page","status-publish","hentry"],"_links":{"self":[{"href":"https:\/\/www.poderjudicialcdmx.gob.mx\/medidas_cautelares\/wp-json\/wp\/v2\/pages\/15921"}],"collection":[{"href":"https:\/\/www.poderjudicialcdmx.gob.mx\/medidas_cautelares\/wp-json\/wp\/v2\/pages"}],"about":[{"href":"https:\/\/www.poderjudicialcdmx.gob.mx\/medidas_cautelares\/wp-json\/wp\/v2\/types\/page"}],"author":[{"embeddable":true,"href":"https:\/\/www.poderjudicialcdmx.gob.mx\/medidas_cautelares\/wp-json\/wp\/v2\/users\/6"}],"replies":[{"embeddable":true,"href":"https:\/\/www.poderjudicialcdmx.gob.mx\/medidas_cautelares\/wp-json\/wp\/v2\/comments?post=15921"}],"version-history":[{"count":12,"href":"https:\/\/www.poderjudicialcdmx.gob.mx\/medidas_cautelares\/wp-json\/wp\/v2\/pages\/15921\/revisions"}],"predecessor-version":[{"id":16323,"href":"https:\/\/www.poderjudicialcdmx.gob.mx\/medidas_cautelares\/wp-json\/wp\/v2\/pages\/15921\/revisions\/16323"}],"wp:attachment":[{"href":"https:\/\/www.poderjudicialcdmx.gob.mx\/medidas_cautelares\/wp-json\/wp\/v2\/media?parent=15921"}],"curies":[{"name":"wp","href":"https:\/\/api.w.org\/{rel}","templated":true}]}}