{"id":16919,"date":"2026-04-07T17:10:28","date_gmt":"2026-04-07T17:10:28","guid":{"rendered":"https:\/\/www.poderjudicialcdmx.gob.mx\/medidas_cautelares\/?page_id=16919"},"modified":"2026-04-07T17:10:28","modified_gmt":"2026-04-07T17:10:28","slug":"las-medidas-cautelares","status":"publish","type":"page","link":"https:\/\/www.poderjudicialcdmx.gob.mx\/medidas_cautelares\/las-medidas-cautelares\/","title":{"rendered":"Las Medidas Cautelares abril 26"},"content":{"rendered":"<p>[vc_row row_type=\u00bbrow\u00bb use_row_as_full_screen_section=\u00bbyes\u00bb type=\u00bbfull_width\u00bb oblique_section=\u00bbno\u00bb text_align=\u00bbcenter\u00bb Overflow=\u00bb\u00bb triangle_shape=\u00bbno\u00bb background_image=\u00bb17200&#8243; background_color=\u00bb#ffffff\u00bb padding_top=\u00bb10%\u00bb css_animation=\u00bb\u00bb overflow=\u00bb\u00bb el_id=\u00bbimagen_cabeza\u00bb][vc_column][vc_separator type=\u00bbtransparent\u00bb up=\u00bb200&#8243; up_style=\u00bbpx\u00bb down_style=\u00bbpx\u00bb][vc_separator type=\u00bbtransparent\u00bb up_style=\u00bbpx\u00bb down=\u00bb200&#8243; down_style=\u00bbpx\u00bb][\/vc_column][\/vc_row][vc_row row_type=\u00bbrow\u00bb use_row_as_full_screen_section=\u00bbno\u00bb type=\u00bbfull_width\u00bb oblique_section=\u00bbno\u00bb text_align=\u00bbleft\u00bb Overflow=\u00bb\u00bb triangle_shape=\u00bbno\u00bb css_animation=\u00bbelement_from_top\u00bb overflow=\u00bb\u00bb][vc_column][vc_separator type=\u00bbtransparent\u00bb up=\u00bb40&#8243; up_style=\u00bbpx\u00bb down=\u00bb0&#8243; down_style=\u00bbpx\u00bb]<div class=\"custom_font_holder  \" style=\"font-family: lato; font-size: 80px; line-height: 60px; font-style: normal; font-weight: 900; color: #8f5941; text-decoration: none; text-transform: none; text-align: center\" data-font-size=80 data-line-height=60 ><div  ><p>MEDIDAS CAUTELARES<\/p>\n<\/div><\/div>[vc_empty_space height=\u00bb17px\u00bb image_repeat=\u00bbno-repeat\u00bb]<div class=\"custom_font_holder  \" style=\"font-family: lato; font-size: 25px; line-height: 26px; font-style: normal; font-weight: 400; text-decoration: none; text-transform: none; text-align: center\" data-font-size=25 data-line-height=26 ><div  ><\/div><\/div>[\/vc_column][\/vc_row][vc_row row_type=\u00bbrow\u00bb use_row_as_full_screen_section=\u00bbno\u00bb type=\u00bbgrid\u00bb oblique_section=\u00bbno\u00bb text_align=\u00bbleft\u00bb Overflow=\u00bb\u00bb triangle_shape=\u00bbno\u00bb css_animation=\u00bbelement_from_right\u00bb overflow=\u00bb\u00bb][vc_column width=\u00bb1\/6&#8243;][\/vc_column][vc_column width=\u00bb2\/3&#8243;][vc_separator type=\u00bbtransparent\u00bb up=\u00bb55&#8243; up_style=\u00bbpx\u00bb down=\u00bb0&#8243; down_style=\u00bbpx\u00bb]<div class=\"custom_font_holder  \" style=\"font-family: lato; font-size: 35px; line-height: 35px; font-style: normal; font-weight: 800; color: #c07558; text-decoration: none; text-transform: none; text-align: right\" data-font-size=35 data-line-height=35 ><div  ><p>\u00bfQU\u00c9 SON?<\/p>\n<\/div><\/div>[vc_empty_space height=\u00bb17px\u00bb image_repeat=\u00bbno-repeat\u00bb]<div class=\"custom_font_holder  \" style=\"font-family: lato; font-size: 25px; line-height: 35px; font-style: normal; font-weight: 400; text-decoration: none; text-transform: none; text-align: right\" data-font-size=25 data-line-height=35 ><div  ><p>Las <strong data-start=\"187\" data-end=\"209\">medidas cautelares<\/strong> son decisiones que puede tomar un juez durante un proceso penal.<\/p>\n<\/div><\/div>[vc_separator type=\u00bbnormal\u00bb up_style=\u00bbpx\u00bb down_style=\u00bbpx\u00bb][vc_empty_space image_repeat=\u00bbno-repeat\u00bb][\/vc_column][vc_column width=\u00bb1\/6&#8243;][\/vc_column][\/vc_row][vc_row row_type=\u00bbrow\u00bb use_row_as_full_screen_section=\u00bbno\u00bb type=\u00bbgrid\u00bb oblique_section=\u00bbno\u00bb text_align=\u00bbleft\u00bb Overflow=\u00bb\u00bb triangle_shape=\u00bbno\u00bb css_animation=\u00bbelement_from_left\u00bb overflow=\u00bb\u00bb][vc_column width=\u00bb1\/6&#8243;][\/vc_column][vc_column width=\u00bb5\/6&#8243;][vc_empty_space height=\u00bb25px\u00bb image_repeat=\u00bbno-repeat\u00bb]<div class=\"custom_font_holder  \" style=\"font-family: lato; font-size: 35px; line-height: 35px; font-style: normal; font-weight: 800; color: #c07558; text-decoration: none; text-transform: none; text-align: left\" data-font-size=35 data-line-height=35 ><div  ><p>\u00bfQU\u00c9 FIN PERSIGUEN?<\/p>\n<\/div><\/div>[vc_empty_space height=\u00bb17px\u00bb image_repeat=\u00bbno-repeat\u00bb]<div class=\"custom_font_holder  \" style=\"font-family: lato; font-size: 30px; line-height: 35px; font-style: normal; font-weight: 400; text-decoration: none; text-transform: none; text-align: left\" data-font-size=30 data-line-height=35 ><div  ><p>Con su aplicaci\u00f3n, fundamentalmente, se busca:<\/p>\n<\/div><\/div>[vc_empty_space height=\u00bb45px\u00bb image_repeat=\u00bbno-repeat\u00bb][vc_empty_space height=\u00bb45px\u00bb image_repeat=\u00bbno-repeat\u00bb]<div class=\"custom_font_holder  \" style=\"font-family: lato; font-size: 30px; line-height: 35px; font-style: normal; font-weight: 400; color: #7c7c7c; text-decoration: none; text-transform: none; text-align: center\" data-font-size=30 data-line-height=35 ><div  ><p data-start=\"423\" data-end=\"490\">Estas medidas se aplican cuando el juez considera que es necesario:<\/p>\n<ul>\n<li style=\"list-style-type: none\">\n<ul data-start=\"491\" data-end=\"700\">\n<li data-start=\"491\" data-end=\"548\">\n<p data-start=\"493\" data-end=\"548\">Garantizar que la persona se presente ante la Justicia.<\/p>\n<\/li>\n<li data-start=\"549\" data-end=\"594\">\n<p data-start=\"551\" data-end=\"594\">Evitar que se obstaculice la investigaci\u00f3n.<\/p>\n<\/li>\n<li data-start=\"595\" data-end=\"640\">\n<p data-start=\"597\" data-end=\"640\">Proteger a otras personas o a la comunidad.<\/p>\n<\/li>\n<li data-start=\"641\" data-end=\"700\">\n<p data-start=\"643\" data-end=\"700\">Asegurar el cumplimiento de una futura decisi\u00f3n judicial.<\/p>\n<\/li>\n<\/ul>\n<\/li>\n<\/ul>\n<\/div><\/div>[vc_empty_space height=\u00bb45px\u00bb image_repeat=\u00bbno-repeat\u00bb][vc_single_image image=\u00bb16975&#8243; img_size=\u00bb1600&#215;600&#8243; alignment=\u00bbcenter\u00bb mkd_css_animation=\u00bbelement_from_bottom\u00bb set_shader=\u00bbno\u00bb set_popup=\u00bbno\u00bb animate_image_on_hover=\u00bbno\u00bb][vc_text_separator title=\u00bb\u00bb text_in_box=\u00bbyes\u00bb text_position=\u00bbcenter\u00bb box_border_style=\u00bbtransparent\u00bb animation=\u00bbdefault\u00bb line_border_style=\u00bbtransparent\u00bb line_dots=\u00bbno\u00bb][\/vc_column][\/vc_row][vc_row row_type=\u00bbrow\u00bb use_row_as_full_screen_section=\u00bbno\u00bb type=\u00bbgrid\u00bb oblique_section=\u00bbno\u00bb text_align=\u00bbleft\u00bb Overflow=\u00bb\u00bb triangle_shape=\u00bbno\u00bb css_animation=\u00bbelement_from_top\u00bb overflow=\u00bb\u00bb][vc_column][vc_separator type=\u00bbnormal\u00bb color=\u00bb#c07558&#8243; border_style=\u00bbdotted\u00bb thickness=\u00bb5&#8243; up_style=\u00bbpx\u00bb down_style=\u00bbpx\u00bb][vc_empty_space height=\u00bb55px\u00bb image_repeat=\u00bbno-repeat\u00bb][vc_empty_space height=\u00bb17px\u00bb image_repeat=\u00bbno-repeat\u00bb][vc_empty_space height=\u00bb17px\u00bb image_repeat=\u00bbno-repeat\u00bb]<div class=\"custom_font_holder  \" style=\"font-family: lato; font-size: 35px; line-height: 19px; font-style: normal; font-weight: 400; text-decoration: none; text-transform: none; text-align: center\" data-font-size=35 data-line-height=19 ><div  ><p>\u00bfCU\u00c1NDO SE APLICAN LAS MEDIDAS CAUTELARES?<\/p>\n<\/div><\/div>[vc_empty_space height=\u00bb17px\u00bb image_repeat=\u00bbno-repeat\u00bb][vc_empty_space height=\u00bb17px\u00bb image_repeat=\u00bbno-repeat\u00bb][vc_empty_space height=\u00bb17px\u00bb image_repeat=\u00bbno-repeat\u00bb]<div class=\"custom_font_holder  \" style=\"font-family: lato; font-size: 35px; line-height: 50px; font-style: normal; font-weight: 400; text-decoration: none; text-transform: none; text-align: center\" data-font-size=35 data-line-height=50 ><div  ><p data-start=\"731\" data-end=\"888\">Las medidas cautelares pueden dictarse <strong data-start=\"770\" data-end=\"804\">en cualquier etapa del proceso<\/strong>, siempre que existan motivos legales para hacerlo y luego de escuchar a las partes.<\/p>\n<p data-start=\"731\" data-end=\"888\">El motivo m\u00e1s com\u00fan es la existencia del se\u00f1alamiento de que un delito (no grave) fue cometido por una persona<\/p>\n<p data-start=\"890\" data-end=\"974\">Jam\u00e1s se aplican de manera autom\u00e1tica pues el juez debe analizar cada caso en particular.<\/p>\n<p>&nbsp;<\/p>\n<p>&nbsp;<\/p>\n<p>&nbsp;<\/p>\n<p>&nbsp;<\/p>\n<p>&nbsp;<\/p>\n<p>&nbsp;<\/p>\n<\/div><\/div>[vc_empty_space height=\u00bb15px\u00bb image_repeat=\u00bbno-repeat\u00bb][vc_empty_space height=\u00bb15px\u00bb image_repeat=\u00bbno-repeat\u00bb][vc_empty_space height=\u00bb15px\u00bb image_repeat=\u00bbno-repeat\u00bb][vc_empty_space height=\u00bb15px\u00bb image_repeat=\u00bbno-repeat\u00bb][vc_empty_space height=\u00bb15px\u00bb image_repeat=\u00bbno-repeat\u00bb][vc_empty_space height=\u00bb15px\u00bb image_repeat=\u00bbno-repeat\u00bb]<div class=\"custom_font_holder  \" style=\"font-family: lato; font-size: 45px; line-height: 66px; font-style: normal; font-weight: 400; color: #dd911f; text-decoration: none; text-transform: none; text-align: center\" data-font-size=45 data-line-height=66 ><div  ><p>\u00bfQU\u00c9 MEDIDAS SE PUEDEN IMPONER POR EL JUEZ DE CONTROL?<\/p>\n<\/div><\/div>[vc_empty_space height=\u00bb15px\u00bb image_repeat=\u00bbno-repeat\u00bb][vc_empty_space height=\u00bb15px\u00bb image_repeat=\u00bbno-repeat\u00bb][vc_empty_space height=\u00bb15px\u00bb image_repeat=\u00bbno-repeat\u00bb][\/vc_column][\/vc_row][vc_row row_type=\u00bbrow\u00bb use_row_as_full_screen_section=\u00bbno\u00bb type=\u00bbgrid\u00bb oblique_section=\u00bbno\u00bb text_align=\u00bbleft\u00bb Overflow=\u00bb\u00bb triangle_shape=\u00bbno\u00bb css_animation=\u00bbelement_from_right\u00bb overflow=\u00bb\u00bb][vc_column width=\u00bb1\/4&#8243;][vc_empty_space height=\u00bb35px\u00bb image_repeat=\u00bbno-repeat\u00bb][vc_single_image image=\u00bb16094&#8243; img_size=\u00bb70X70&#8243; alignment=\u00bbcenter\u00bb onclick=\u00bbcustom_link\u00bb mkd_css_animation=\u00bb\u00bb set_shader=\u00bbno\u00bb set_popup=\u00bbno\u00bb animate_image_on_hover=\u00bbzoom\u00bb link=\u00bbhttps:\/\/www.poderjudicialcdmx.gob.mx\/medidas_cautelares\/wp-content\/uploads\/PRESENTACION.png\u00bb][vc_empty_space height=\u00bb16px\u00bb image_repeat=\u00bbno-repeat\u00bb]<div class=\"custom_font_holder  \" style=\"font-family: lato; font-size: 21px; line-height: 21px; font-style: normal; font-weight: 800; color: #c07558; text-decoration: none; text-transform: none; text-align: center\" data-font-size=21 data-line-height=21 ><div  ><p>Fracci\u00f3n I<\/p>\n<\/div><\/div>[vc_empty_space height=\u00bb16px\u00bb image_repeat=\u00bbno-repeat\u00bb]<div class=\"custom_font_holder  \" style=\"font-family: lato; font-size: 18px; line-height: 20px; font-style: normal; font-weight: 400; text-decoration: none; text-transform: none; text-align: center\" data-font-size=18 data-line-height=20 ><div  ><p>La presentaci\u00f3n peri\u00f3dica ante el juez o ante autoridad distinta que aqu\u00e9l designe;<\/p>\n<\/div><\/div>[\/vc_column][vc_column width=\u00bb1\/4&#8243;][vc_empty_space height=\u00bb35px\u00bb image_repeat=\u00bbno-repeat\u00bb][vc_single_image image=\u00bb16101&#8243; img_size=\u00bb80X80&#8243; alignment=\u00bbcenter\u00bb mkd_css_animation=\u00bb\u00bb set_shader=\u00bbno\u00bb set_popup=\u00bbno\u00bb animate_image_on_hover=\u00bbno\u00bb][vc_empty_space height=\u00bb16px\u00bb image_repeat=\u00bbno-repeat\u00bb]<div class=\"custom_font_holder  \" style=\"font-family: lato; font-size: 21px; line-height: 21px; font-style: normal; font-weight: 800; color: #c07558; text-decoration: none; text-transform: none; text-align: center\" data-font-size=21 data-line-height=21 ><div  ><p>Fracci\u00f3n II<\/p>\n<\/div><\/div>[vc_empty_space height=\u00bb16px\u00bb image_repeat=\u00bbno-repeat\u00bb]<div class=\"custom_font_holder  \" style=\"font-family: lato; font-size: 18px; line-height: 20px; font-style: normal; font-weight: 400; text-decoration: none; text-transform: none; text-align: center\" data-font-size=18 data-line-height=20 ><div  ><p>La exhibici\u00f3n de una garant\u00eda econ\u00f3mica;<\/p>\n<\/div><\/div>[\/vc_column][vc_column width=\u00bb1\/4&#8243;][vc_empty_space height=\u00bb35px\u00bb image_repeat=\u00bbno-repeat\u00bb][vc_single_image image=\u00bb16110&#8243; img_size=\u00bb80X80&#8243; alignment=\u00bbcenter\u00bb mkd_css_animation=\u00bb\u00bb set_shader=\u00bbno\u00bb set_popup=\u00bbno\u00bb animate_image_on_hover=\u00bbno\u00bb][vc_empty_space height=\u00bb16px\u00bb image_repeat=\u00bbno-repeat\u00bb]<div class=\"custom_font_holder  \" style=\"font-family: lato; font-size: 21px; line-height: 21px; font-style: normal; font-weight: 800; color: #c07558; text-decoration: none; text-transform: none; text-align: center\" data-font-size=21 data-line-height=21 ><div  ><p>Fracci\u00f3n III<\/p>\n<\/div><\/div>[vc_empty_space height=\u00bb16px\u00bb image_repeat=\u00bbno-repeat\u00bb]<div class=\"custom_font_holder  \" style=\"font-family: lato; font-size: 18px; line-height: 20px; font-style: normal; font-weight: 400; text-decoration: none; text-transform: none; text-align: center\" data-font-size=18 data-line-height=20 ><div  ><p>El embargo de bienes;<\/p>\n<\/div><\/div>[\/vc_column][vc_column width=\u00bb1\/4&#8243;][vc_empty_space height=\u00bb35px\u00bb image_repeat=\u00bbno-repeat\u00bb][vc_single_image image=\u00bb16112&#8243; img_size=\u00bb80X80&#8243; alignment=\u00bbcenter\u00bb mkd_css_animation=\u00bb\u00bb set_shader=\u00bbno\u00bb set_popup=\u00bbno\u00bb animate_image_on_hover=\u00bbno\u00bb][vc_empty_space height=\u00bb16px\u00bb image_repeat=\u00bbno-repeat\u00bb]<div class=\"custom_font_holder  \" style=\"font-family: lato; font-size: 21px; line-height: 21px; font-style: normal; font-weight: 800; color: #c07558; text-decoration: none; text-transform: none; text-align: center\" data-font-size=21 data-line-height=21 ><div  ><p>Fracci\u00f3n IV<\/p>\n<\/div><\/div>[vc_empty_space height=\u00bb16px\u00bb image_repeat=\u00bbno-repeat\u00bb]<div class=\"custom_font_holder  \" style=\"font-family: lato; font-size: 18px; line-height: 20px; font-style: normal; font-weight: 400; text-decoration: none; text-transform: none; text-align: center\" data-font-size=18 data-line-height=20 ><div  ><p>La inmovilizaci\u00f3n de cuentas y dem\u00e1s valores que se encuentren dentro del sistema financiero;<\/p>\n<\/div><\/div>[\/vc_column][\/vc_row][vc_row row_type=\u00bbrow\u00bb use_row_as_full_screen_section=\u00bbno\u00bb type=\u00bbfull_width\u00bb oblique_section=\u00bbno\u00bb text_align=\u00bbleft\u00bb Overflow=\u00bb\u00bb triangle_shape=\u00bbno\u00bb css_animation=\u00bb\u00bb overflow=\u00bb\u00bb][vc_column][vc_empty_space height=\u00bb20px\u00bb image_repeat=\u00bbno-repeat\u00bb][\/vc_column][\/vc_row][vc_row row_type=\u00bbrow\u00bb use_row_as_full_screen_section=\u00bbno\u00bb type=\u00bbgrid\u00bb oblique_section=\u00bbno\u00bb text_align=\u00bbleft\u00bb Overflow=\u00bb\u00bb triangle_shape=\u00bbno\u00bb css_animation=\u00bbelement_from_right\u00bb transition_delay=\u00bb2&#8243; overflow=\u00bb\u00bb][vc_column width=\u00bb1\/4&#8243;][vc_empty_space height=\u00bb35px\u00bb image_repeat=\u00bbno-repeat\u00bb][vc_single_image image=\u00bb16114&#8243; img_size=\u00bb80X80&#8243; alignment=\u00bbcenter\u00bb mkd_css_animation=\u00bb\u00bb set_shader=\u00bbno\u00bb set_popup=\u00bbno\u00bb animate_image_on_hover=\u00bbno\u00bb][vc_empty_space height=\u00bb16px\u00bb image_repeat=\u00bbno-repeat\u00bb]<div class=\"custom_font_holder  \" style=\"font-family: lato; font-size: 21px; line-height: 21px; font-style: normal; font-weight: 800; color: #c07558; text-decoration: none; text-transform: none; text-align: center\" data-font-size=21 data-line-height=21 ><div  ><p>Fracci\u00f3n V<\/p>\n<\/div><\/div>[vc_empty_space height=\u00bb16px\u00bb image_repeat=\u00bbno-repeat\u00bb]<div class=\"custom_font_holder  \" style=\"font-family: lato; font-size: 18px; line-height: 20px; font-style: normal; font-weight: 400; text-decoration: none; text-transform: none; text-align: center\" data-font-size=18 data-line-height=20 ><div  ><p>La prohibici\u00f3n de salir sin autorizaci\u00f3n del pa\u00eds, de la localidad en la cual reside o del \u00e1mbito territorial que fije el juez;<\/p>\n<\/div><\/div>[\/vc_column][vc_column width=\u00bb1\/4&#8243;][vc_empty_space height=\u00bb35px\u00bb image_repeat=\u00bbno-repeat\u00bb][vc_single_image image=\u00bb16115&#8243; img_size=\u00bb80X80&#8243; alignment=\u00bbcenter\u00bb mkd_css_animation=\u00bb\u00bb set_shader=\u00bbno\u00bb set_popup=\u00bbno\u00bb animate_image_on_hover=\u00bbno\u00bb][vc_empty_space height=\u00bb16px\u00bb image_repeat=\u00bbno-repeat\u00bb]<div class=\"custom_font_holder  \" style=\"font-family: lato; font-size: 21px; line-height: 21px; font-style: normal; font-weight: 800; color: #c07558; text-decoration: none; text-transform: none; text-align: center\" data-font-size=21 data-line-height=21 ><div  ><p>Fracci\u00f3n VI<\/p>\n<\/div><\/div>[vc_empty_space height=\u00bb16px\u00bb image_repeat=\u00bbno-repeat\u00bb]<div class=\"custom_font_holder  \" style=\"font-family: lato; font-size: 18px; line-height: 20px; font-style: normal; font-weight: 400; text-decoration: none; text-transform: none; text-align: center\" data-font-size=18 data-line-height=20 ><div  ><p>El sometimiento al cuidado o vigilancia de una persona o instituci\u00f3n determinada o internamiento a instituci\u00f3n determinada;<\/p>\n<\/div><\/div>[\/vc_column][vc_column width=\u00bb1\/4&#8243;][vc_empty_space height=\u00bb35px\u00bb image_repeat=\u00bbno-repeat\u00bb][vc_single_image image=\u00bb16116&#8243; img_size=\u00bb80X80&#8243; alignment=\u00bbcenter\u00bb mkd_css_animation=\u00bb\u00bb set_shader=\u00bbno\u00bb set_popup=\u00bbno\u00bb animate_image_on_hover=\u00bbno\u00bb][vc_empty_space height=\u00bb16px\u00bb image_repeat=\u00bbno-repeat\u00bb]<div class=\"custom_font_holder  \" style=\"font-family: lato; font-size: 21px; line-height: 21px; font-style: normal; font-weight: 800; color: #c07558; text-decoration: none; text-transform: none; text-align: center\" data-font-size=21 data-line-height=21 ><div  ><p>Fracci\u00f3n VII<\/p>\n<\/div><\/div>[vc_empty_space height=\u00bb16px\u00bb image_repeat=\u00bbno-repeat\u00bb]<div class=\"custom_font_holder  \" style=\"font-family: lato; font-size: 18px; line-height: 20px; font-style: normal; font-weight: 400; text-decoration: none; text-transform: none; text-align: center\" data-font-size=18 data-line-height=20 ><div  ><p>La prohibici\u00f3n de concurrir a determinadas reuniones o acercarse o ciertos lugares;<\/p>\n<\/div><\/div>[\/vc_column][vc_column width=\u00bb1\/4&#8243;][vc_empty_space height=\u00bb35px\u00bb image_repeat=\u00bbno-repeat\u00bb][vc_single_image image=\u00bb16119&#8243; img_size=\u00bb80X80&#8243; alignment=\u00bbcenter\u00bb mkd_css_animation=\u00bb\u00bb set_shader=\u00bbno\u00bb set_popup=\u00bbno\u00bb animate_image_on_hover=\u00bbno\u00bb][vc_empty_space height=\u00bb16px\u00bb image_repeat=\u00bbno-repeat\u00bb]<div class=\"custom_font_holder  \" style=\"font-family: lato; font-size: 21px; line-height: 21px; font-style: normal; font-weight: 800; color: #c07558; text-decoration: none; text-transform: none; text-align: center\" data-font-size=21 data-line-height=21 ><div  ><p>Fracci\u00f3n VIII<\/p>\n<\/div><\/div>[vc_empty_space height=\u00bb16px\u00bb image_repeat=\u00bbno-repeat\u00bb]<div class=\"custom_font_holder  \" style=\"font-family: lato; font-size: 18px; line-height: 20px; font-style: normal; font-weight: 400; text-decoration: none; text-transform: none; text-align: center\" data-font-size=18 data-line-height=20 ><div  ><p>La prohibici\u00f3n de convivir, acercarse o comunicarse con determinadas personas, con las v\u00edctimas u ofendidos o testigos, siempre que no se afecte el derecho de defensa;<\/p>\n<\/div><\/div>[\/vc_column][\/vc_row][vc_row row_type=\u00bbrow\u00bb use_row_as_full_screen_section=\u00bbno\u00bb type=\u00bbfull_width\u00bb oblique_section=\u00bbno\u00bb text_align=\u00bbleft\u00bb Overflow=\u00bb\u00bb triangle_shape=\u00bbno\u00bb css_animation=\u00bb\u00bb overflow=\u00bb\u00bb][vc_column][vc_empty_space height=\u00bb20px\u00bb image_repeat=\u00bbno-repeat\u00bb][\/vc_column][\/vc_row][vc_row row_type=\u00bbrow\u00bb use_row_as_full_screen_section=\u00bbno\u00bb type=\u00bbgrid\u00bb oblique_section=\u00bbno\u00bb text_align=\u00bbleft\u00bb Overflow=\u00bb\u00bb triangle_shape=\u00bbno\u00bb css_animation=\u00bbelement_from_right\u00bb transition_delay=\u00bb2&#8243; overflow=\u00bb\u00bb][vc_column width=\u00bb1\/4&#8243;][vc_empty_space height=\u00bb35px\u00bb image_repeat=\u00bbno-repeat\u00bb][vc_single_image image=\u00bb16123&#8243; img_size=\u00bb80X80&#8243; alignment=\u00bbcenter\u00bb mkd_css_animation=\u00bb\u00bb set_shader=\u00bbno\u00bb set_popup=\u00bbno\u00bb animate_image_on_hover=\u00bbno\u00bb][vc_empty_space height=\u00bb16px\u00bb image_repeat=\u00bbno-repeat\u00bb]<div class=\"custom_font_holder  \" style=\"font-family: lato; font-size: 21px; line-height: 21px; font-style: normal; font-weight: 800; color: #c07558; text-decoration: none; text-transform: none; text-align: center\" data-font-size=21 data-line-height=21 ><div  ><p>Fracci\u00f3n IX<\/p>\n<\/div><\/div>[vc_empty_space height=\u00bb16px\u00bb image_repeat=\u00bbno-repeat\u00bb]<div class=\"custom_font_holder  \" style=\"font-family: lato; font-size: 18px; line-height: 20px; font-style: normal; font-weight: 400; text-decoration: none; text-transform: none; text-align: center\" data-font-size=18 data-line-height=20 ><div  ><p>La separaci\u00f3n inmediata del domicilio;<\/p>\n<\/div><\/div>[\/vc_column][vc_column width=\u00bb1\/4&#8243;][vc_empty_space height=\u00bb35px\u00bb image_repeat=\u00bbno-repeat\u00bb][vc_single_image image=\u00bb16124&#8243; img_size=\u00bb80X80&#8243; alignment=\u00bbcenter\u00bb mkd_css_animation=\u00bb\u00bb set_shader=\u00bbno\u00bb set_popup=\u00bbno\u00bb animate_image_on_hover=\u00bbno\u00bb][vc_empty_space height=\u00bb16px\u00bb image_repeat=\u00bbno-repeat\u00bb]<div class=\"custom_font_holder  \" style=\"font-family: lato; font-size: 21px; line-height: 21px; font-style: normal; font-weight: 800; color: #c07558; text-decoration: none; text-transform: none; text-align: center\" data-font-size=21 data-line-height=21 ><div  ><p>Fracci\u00f3n X<\/p>\n<\/div><\/div>[vc_empty_space height=\u00bb16px\u00bb image_repeat=\u00bbno-repeat\u00bb]<div class=\"custom_font_holder  \" style=\"font-family: lato; font-size: 18px; line-height: 20px; font-style: normal; font-weight: 400; text-decoration: none; text-transform: none; text-align: center\" data-font-size=18 data-line-height=20 ><div  ><p>La suspensi\u00f3n temporal en el ejercicio del cargo cuando se le atribuye un delito cometido por servidores p\u00fablicos;<\/p>\n<\/div><\/div>[\/vc_column][vc_column width=\u00bb1\/4&#8243;][vc_empty_space height=\u00bb35px\u00bb image_repeat=\u00bbno-repeat\u00bb][vc_single_image image=\u00bb16125&#8243; img_size=\u00bb80X80&#8243; alignment=\u00bbcenter\u00bb mkd_css_animation=\u00bb\u00bb set_shader=\u00bbno\u00bb set_popup=\u00bbno\u00bb animate_image_on_hover=\u00bbno\u00bb][vc_empty_space height=\u00bb16px\u00bb image_repeat=\u00bbno-repeat\u00bb]<div class=\"custom_font_holder  \" style=\"font-family: lato; font-size: 21px; line-height: 21px; font-style: normal; font-weight: 800; color: #c07558; text-decoration: none; text-transform: none; text-align: center\" data-font-size=21 data-line-height=21 ><div  ><p>Fracci\u00f3n XI<\/p>\n<\/div><\/div>[vc_empty_space height=\u00bb16px\u00bb image_repeat=\u00bbno-repeat\u00bb]<div class=\"custom_font_holder  \" style=\"font-family: lato; font-size: 18px; line-height: 20px; font-style: normal; font-weight: 400; text-decoration: none; text-transform: none; text-align: center\" data-font-size=18 data-line-height=20 ><div  ><p>La suspensi\u00f3n temporal en el ejercicio de una determinada actividad profesional o laboral;<\/p>\n<\/div><\/div>[\/vc_column][vc_column width=\u00bb1\/4&#8243;][vc_empty_space height=\u00bb35px\u00bb image_repeat=\u00bbno-repeat\u00bb][vc_single_image image=\u00bb16126&#8243; img_size=\u00bb80X80&#8243; alignment=\u00bbcenter\u00bb mkd_css_animation=\u00bb\u00bb set_shader=\u00bbno\u00bb set_popup=\u00bbno\u00bb animate_image_on_hover=\u00bbno\u00bb][vc_empty_space height=\u00bb16px\u00bb image_repeat=\u00bbno-repeat\u00bb]<div class=\"custom_font_holder  \" style=\"font-family: lato; font-size: 21px; line-height: 21px; font-style: normal; font-weight: 800; color: #c07558; text-decoration: none; text-transform: none; text-align: center\" data-font-size=21 data-line-height=21 ><div  ><p>Fracci\u00f3n XII<\/p>\n<\/div><\/div>[vc_empty_space height=\u00bb16px\u00bb image_repeat=\u00bbno-repeat\u00bb]<div class=\"custom_font_holder  \" style=\"font-family: lato; font-size: 18px; line-height: 20px; font-style: normal; font-weight: 400; text-decoration: none; text-transform: none; text-align: center\" data-font-size=18 data-line-height=20 ><div  ><p>La colocaci\u00f3n de localizadores electr\u00f3nicos;<\/p>\n<\/div><\/div>[\/vc_column][\/vc_row][vc_row row_type=\u00bbrow\u00bb use_row_as_full_screen_section=\u00bbno\u00bb type=\u00bbfull_width\u00bb oblique_section=\u00bbno\u00bb text_align=\u00bbleft\u00bb Overflow=\u00bb\u00bb triangle_shape=\u00bbno\u00bb css_animation=\u00bb\u00bb overflow=\u00bb\u00bb][vc_column][vc_empty_space height=\u00bb20px\u00bb image_repeat=\u00bbno-repeat\u00bb][\/vc_column][\/vc_row][vc_row row_type=\u00bbrow\u00bb use_row_as_full_screen_section=\u00bbno\u00bb type=\u00bbgrid\u00bb oblique_section=\u00bbno\u00bb text_align=\u00bbleft\u00bb Overflow=\u00bb\u00bb triangle_shape=\u00bbno\u00bb css_animation=\u00bbelement_from_right\u00bb transition_delay=\u00bb2&#8243; overflow=\u00bb\u00bb][vc_column width=\u00bb1\/4&#8243;][vc_empty_space height=\u00bb35px\u00bb image_repeat=\u00bbno-repeat\u00bb][vc_single_image image=\u00bb16128&#8243; img_size=\u00bb80X80&#8243; alignment=\u00bbcenter\u00bb mkd_css_animation=\u00bb\u00bb set_shader=\u00bbno\u00bb set_popup=\u00bbno\u00bb animate_image_on_hover=\u00bbno\u00bb][vc_empty_space height=\u00bb16px\u00bb image_repeat=\u00bbno-repeat\u00bb]<div class=\"custom_font_holder  \" style=\"font-family: lato; font-size: 21px; line-height: 21px; font-style: normal; font-weight: 800; color: #c07558; text-decoration: none; text-transform: none; text-align: center\" data-font-size=21 data-line-height=21 ><div  ><p>Fracci\u00f3n XIII<\/p>\n<\/div><\/div>[vc_empty_space height=\u00bb16px\u00bb image_repeat=\u00bbno-repeat\u00bb]<div class=\"custom_font_holder  \" style=\"font-family: lato; font-size: 18px; line-height: 20px; font-style: normal; font-weight: 400; text-decoration: none; text-transform: none; text-align: center\" data-font-size=18 data-line-height=20 ><div  ><p>El resguardo en su propio domicilio con las modalidades que el juez disponga, o<\/p>\n<\/div><\/div>[\/vc_column][vc_column width=\u00bb1\/4&#8243;][vc_empty_space height=\u00bb35px\u00bb image_repeat=\u00bbno-repeat\u00bb][vc_single_image image=\u00bb16129&#8243; img_size=\u00bb80X80&#8243; alignment=\u00bbcenter\u00bb mkd_css_animation=\u00bb\u00bb set_shader=\u00bbno\u00bb set_popup=\u00bbno\u00bb animate_image_on_hover=\u00bbno\u00bb][vc_empty_space height=\u00bb16px\u00bb image_repeat=\u00bbno-repeat\u00bb]<div class=\"custom_font_holder  \" style=\"font-family: lato; font-size: 21px; line-height: 21px; font-style: normal; font-weight: 800; color: #c07558; text-decoration: none; text-transform: none; text-align: center\" data-font-size=21 data-line-height=21 ><div  ><p>Fracci\u00f3n XIV<\/p>\n<\/div><\/div>[vc_empty_space height=\u00bb16px\u00bb image_repeat=\u00bbno-repeat\u00bb]<div class=\"custom_font_holder  \" style=\"font-family: lato; font-size: 18px; line-height: 20px; font-style: normal; font-weight: 400; text-decoration: none; text-transform: none; text-align: center\" data-font-size=18 data-line-height=20 ><div  ><p>La prisi\u00f3n preventiva.<\/p>\n<h6>*No supervisada por esta Unidad.<\/h6>\n<\/div><\/div>[\/vc_column][vc_column width=\u00bb1\/4&#8243;][\/vc_column][vc_column width=\u00bb1\/4&#8243;][\/vc_column][\/vc_row][vc_row row_type=\u00bbrow\u00bb use_row_as_full_screen_section=\u00bbno\u00bb type=\u00bbfull_width\u00bb oblique_section=\u00bbno\u00bb text_align=\u00bbleft\u00bb Overflow=\u00bb\u00bb triangle_shape=\u00bbno\u00bb css_animation=\u00bb\u00bb overflow=\u00bb\u00bb][vc_column][vc_empty_space image_repeat=\u00bbno-repeat\u00bb][vc_empty_space image_repeat=\u00bbno-repeat\u00bb][vc_empty_space image_repeat=\u00bbno-repeat\u00bb]<a href=\"https:\/\/www.poderjudicialcdmx.gob.mx\/medidas_cautelares\/wp-content\/uploads\/Infograf\u00eda-de-proceso-2.png\" target=\"_self\"  class=\"qbutton  big_large_full_width qbutton_with_icon icon_left\" style=\"color: #e56424; \"><span aria-hidden=\"true\" class=\"mkd_icon_font_elegant  button_icon\" style=\"font-size: 40px; width: auto\" ><\/span>Quiero saber m\u00e1s<\/a>[\/vc_column][\/vc_row][vc_row row_type=\u00bbrow\u00bb use_row_as_full_screen_section=\u00bbno\u00bb type=\u00bbfull_width\u00bb oblique_section=\u00bbno\u00bb text_align=\u00bbleft\u00bb Overflow=\u00bb\u00bb triangle_shape=\u00bbno\u00bb css_animation=\u00bb\u00bb overflow=\u00bb\u00bb][vc_column][vc_empty_space image_repeat=\u00bbno-repeat\u00bb][vc_empty_space image_repeat=\u00bbno-repeat\u00bb][vc_empty_space image_repeat=\u00bbno-repeat\u00bb][vc_empty_space image_repeat=\u00bbno-repeat\u00bb][vc_empty_space image_repeat=\u00bbno-repeat\u00bb][vc_empty_space image_repeat=\u00bbno-repeat\u00bb][\/vc_column][\/vc_row]<\/p>\n","protected":false},"excerpt":{"rendered":"<p>[vc_row row_type=\u00bbrow\u00bb use_row_as_full_screen_section=\u00bbyes\u00bb type=\u00bbfull_width\u00bb oblique_section=\u00bbno\u00bb text_align=\u00bbcenter\u00bb Overflow=\u00bb\u00bb triangle_shape=\u00bbno\u00bb background_image=\u00bb17200&#8243; background_color=\u00bb#ffffff\u00bb padding_top=\u00bb10%\u00bb css_animation=\u00bb\u00bb overflow=\u00bb\u00bb el_id=\u00bbimagen_cabeza\u00bb][vc_column][vc_separator type=\u00bbtransparent\u00bb up=\u00bb200&#8243; up_style=\u00bbpx\u00bb down_style=\u00bbpx\u00bb][vc_separator type=\u00bbtransparent\u00bb up_style=\u00bbpx\u00bb down=\u00bb200&#8243; down_style=\u00bbpx\u00bb][\/vc_column][\/vc_row][vc_row row_type=\u00bbrow\u00bb use_row_as_full_screen_section=\u00bbno\u00bb type=\u00bbfull_width\u00bb oblique_section=\u00bbno\u00bb text_align=\u00bbleft\u00bb Overflow=\u00bb\u00bb triangle_shape=\u00bbno\u00bb css_animation=\u00bbelement_from_top\u00bb overflow=\u00bb\u00bb][vc_column][vc_separator type=\u00bbtransparent\u00bb up=\u00bb40&#8243; up_style=\u00bbpx\u00bb down=\u00bb0&#8243; down_style=\u00bbpx\u00bb][vc_empty_space height=\u00bb17px\u00bb image_repeat=\u00bbno-repeat\u00bb][\/vc_column][\/vc_row][vc_row row_type=\u00bbrow\u00bb use_row_as_full_screen_section=\u00bbno\u00bb type=\u00bbgrid\u00bb oblique_section=\u00bbno\u00bb text_align=\u00bbleft\u00bb Overflow=\u00bb\u00bb triangle_shape=\u00bbno\u00bb&#8230;<\/p>\n","protected":false},"author":12,"featured_media":0,"parent":0,"menu_order":0,"comment_status":"closed","ping_status":"closed","template":"full_width.php","meta":{"footnotes":""},"class_list":["post-16919","page","type-page","status-publish","hentry"],"_links":{"self":[{"href":"https:\/\/www.poderjudicialcdmx.gob.mx\/medidas_cautelares\/wp-json\/wp\/v2\/pages\/16919"}],"collection":[{"href":"https:\/\/www.poderjudicialcdmx.gob.mx\/medidas_cautelares\/wp-json\/wp\/v2\/pages"}],"about":[{"href":"https:\/\/www.poderjudicialcdmx.gob.mx\/medidas_cautelares\/wp-json\/wp\/v2\/types\/page"}],"author":[{"embeddable":true,"href":"https:\/\/www.poderjudicialcdmx.gob.mx\/medidas_cautelares\/wp-json\/wp\/v2\/users\/12"}],"replies":[{"embeddable":true,"href":"https:\/\/www.poderjudicialcdmx.gob.mx\/medidas_cautelares\/wp-json\/wp\/v2\/comments?post=16919"}],"version-history":[{"count":18,"href":"https:\/\/www.poderjudicialcdmx.gob.mx\/medidas_cautelares\/wp-json\/wp\/v2\/pages\/16919\/revisions"}],"predecessor-version":[{"id":16996,"href":"https:\/\/www.poderjudicialcdmx.gob.mx\/medidas_cautelares\/wp-json\/wp\/v2\/pages\/16919\/revisions\/16996"}],"wp:attachment":[{"href":"https:\/\/www.poderjudicialcdmx.gob.mx\/medidas_cautelares\/wp-json\/wp\/v2\/media?parent=16919"}],"curies":[{"name":"wp","href":"https:\/\/api.w.org\/{rel}","templated":true}]}}